{"id":26910,"date":"2020-04-29T12:13:09","date_gmt":"2020-04-29T15:13:09","guid":{"rendered":"https:\/\/municipalidadpucon.cl\/?page_id=26910"},"modified":"2020-09-11T12:16:10","modified_gmt":"2020-09-11T15:16:10","slug":"faq-direccion-de-desarrollo-comunitario-dideco","status":"publish","type":"page","link":"https:\/\/municipalidadpucon.cl\/?page_id=26910","title":{"rendered":"FAQ DIRECCI\u00d3N DE DESARROLLO COMUNITARIO \u2013 DIDECO"},"content":{"rendered":"<p><div class=\"fusion-fullwidth fullwidth-box fusion-builder-row-1 nonhundred-percent-fullwidth non-hundred-percent-height-scrolling\" style=\"--awb-border-radius-top-left:0px;--awb-border-radius-top-right:0px;--awb-border-radius-bottom-right:0px;--awb-border-radius-bottom-left:0px;--awb-flex-wrap:wrap;\" ><div class=\"fusion-builder-row fusion-row\"><div class=\"fusion-layout-column fusion_builder_column fusion-builder-column-0 fusion_builder_column_1_1 1_1 fusion-one-full fusion-column-first fusion-column-last\" style=\"--awb-bg-size:cover;\"><div class=\"fusion-column-wrapper fusion-column-has-shadow fusion-flex-column-wrapper-legacy\"><div class=\"fusion-title title fusion-title-1 fusion-title-text fusion-title-size-four\"><h4 class=\"fusion-title-heading title-heading-left\" style=\"margin:0;\">PROGRAMA ORGANIZACIONES COMUNITARIAS<\/h4><span class=\"awb-title-spacer\"><\/span><div class=\"title-sep-container\"><div class=\"title-sep sep-double sep-solid\" style=\"border-color:#e2e2e2;\"><\/div><\/div><\/div><div class=\"accordian fusion-accordian\" style=\"--awb-border-size:1px;--awb-icon-size:16px;--awb-content-font-size:16px;--awb-icon-alignment:left;--awb-hover-color:#ffffff;--awb-border-color:#e2e2e2;--awb-background-color:#ffffff;--awb-divider-color:#e2e2e2;--awb-divider-hover-color:#e2e2e2;--awb-icon-color:#ffffff;--awb-title-color:#212934;--awb-content-color:#4a4e57;--awb-icon-box-color:#212934;--awb-toggle-hover-accent-color:#1a80b6;--awb-title-font-family:&quot;Zilla Slab&quot;;--awb-title-font-weight:400;--awb-title-font-style:normal;--awb-content-font-family:&quot;Open Sans&quot;;--awb-content-font-style:normal;--awb-content-font-weight:400;\"><div class=\"panel-group fusion-toggle-icon-boxed\" id=\"accordion-26910-1\"><div class=\"fusion-panel panel-default panel-5758244f913d02579 fusion-toggle-no-divider fusion-toggle-boxed-mode\"><div class=\"panel-heading\"><h4 class=\"panel-title toggle\" id=\"toggle_5758244f913d02579\"><a aria-expanded=\"false\" aria-controls=\"5758244f913d02579\" role=\"button\" data-toggle=\"collapse\" data-parent=\"#accordion-26910-1\" data-target=\"#5758244f913d02579\" href=\"#5758244f913d02579\"><span class=\"fusion-toggle-icon-wrapper\" aria-hidden=\"true\"><i class=\"fa-fusion-box active-icon awb-icon-minus\" aria-hidden=\"true\"><\/i><i class=\"fa-fusion-box inactive-icon awb-icon-plus\" aria-hidden=\"true\"><\/i><\/span><span class=\"fusion-toggle-heading\">1.- \u00bfQue son y c\u00f3mo se constituyen las juntas de vecinos?<\/span><\/a><\/h4><\/div><div id=\"5758244f913d02579\" class=\"panel-collapse collapse \" aria-labelledby=\"toggle_5758244f913d02579\"><div class=\"panel-body toggle-content fusion-clearfix\">\n<p style=\"padding-left: 40px;\">Son organizaciones comunitarias Territoriales, representativas de las personas que residen en una misma Unidad Vecinal y cuyo objetivo es promover el desarrollo de la comunidad, defender los intereses, velar por los derechos de los vecinos en general y colaborar con las autoridades del estado y de las municipalidades. Se constituyen\u00a0 con 100\u00a0 personas naturales mayores de 14 a\u00f1os,\u00a0\u00a0 en presencia de un ministro de fe, a elecci\u00f3n de la organizaci\u00f3n en formaci\u00f3n (funcionario municipal autorizado por decreto alcaldicio, secretaria municipal, Oficial del Registro Civil o Notario), que tengan residencia en la unidad vecinal respectiva. Dicho n\u00famero variar\u00e1\u00a0 seg\u00fan la cantidad de habitantes\u00a0 que tenga la comuna. Se aprueban los\u00a0 estatutos, se elige un directorio provisorio compuesto al menos por 3 miembros, Presidente, Secretario y Tesorero, mayores de 18 a\u00f1os.<\/p>\n<\/div><\/div><\/div><div class=\"fusion-panel panel-default panel-8ed9c6275ad4419e6 fusion-toggle-no-divider fusion-toggle-boxed-mode\"><div class=\"panel-heading\"><h4 class=\"panel-title toggle\" id=\"toggle_8ed9c6275ad4419e6\"><a aria-expanded=\"false\" aria-controls=\"8ed9c6275ad4419e6\" role=\"button\" data-toggle=\"collapse\" data-parent=\"#accordion-26910-1\" data-target=\"#8ed9c6275ad4419e6\" href=\"#8ed9c6275ad4419e6\"><span class=\"fusion-toggle-icon-wrapper\" aria-hidden=\"true\"><i class=\"fa-fusion-box active-icon awb-icon-minus\" aria-hidden=\"true\"><\/i><i class=\"fa-fusion-box inactive-icon awb-icon-plus\" aria-hidden=\"true\"><\/i><\/span><span class=\"fusion-toggle-heading\">2.- \u00bfQue se requiere para ser miembro del directorio de una junta de vecinos?<\/span><\/a><\/h4><\/div><div id=\"8ed9c6275ad4419e6\" class=\"panel-collapse collapse \" aria-labelledby=\"toggle_8ed9c6275ad4419e6\"><div class=\"panel-body toggle-content fusion-clearfix\">\n<p style=\"padding-left: 40px;\">Tener\u00a0 18 a\u00f1os de edad,<br \/>\nTener un a\u00f1o de antig\u00fcedad como socio, a la fecha de la elecci\u00f3n,<br \/>\nSer chileno o extranjero avecindado por m\u00e1s de tres a\u00f1os en el pa\u00eds,<br \/>\nNo estar cumpliendo condena\u00a0 por delito que merezca pena aflictiva, en los \u00faltimos tres a\u00f1os,<br \/>\nNo tener relaci\u00f3n de parentesco en primer grado ( c\u00f3nyuge, hermanos, hijos, padres),<br \/>\nNo\u00a0 pueden formar parte del directorio, los alcaldes, concejales y funcionarios municipales que ejerzan cargo de jefatura en la respectiva municipalidad, mientras dure su mandato y,<br \/>\nNo ser miembro de la\u00a0 comisi\u00f3n electoral.<\/p>\n<\/div><\/div><\/div><div class=\"fusion-panel panel-default panel-4e0d3fbaa76ae3143 fusion-toggle-no-divider fusion-toggle-boxed-mode\"><div class=\"panel-heading\"><h4 class=\"panel-title toggle\" id=\"toggle_4e0d3fbaa76ae3143\"><a aria-expanded=\"false\" aria-controls=\"4e0d3fbaa76ae3143\" role=\"button\" data-toggle=\"collapse\" data-parent=\"#accordion-26910-1\" data-target=\"#4e0d3fbaa76ae3143\" href=\"#4e0d3fbaa76ae3143\"><span class=\"fusion-toggle-icon-wrapper\" aria-hidden=\"true\"><i class=\"fa-fusion-box active-icon awb-icon-minus\" aria-hidden=\"true\"><\/i><i class=\"fa-fusion-box inactive-icon awb-icon-plus\" aria-hidden=\"true\"><\/i><\/span><span class=\"fusion-toggle-heading\">3.- \u00bfQue son las organizaciones comunitarias funcionales?<\/span><\/a><\/h4><\/div><div id=\"4e0d3fbaa76ae3143\" class=\"panel-collapse collapse \" aria-labelledby=\"toggle_4e0d3fbaa76ae3143\"><div class=\"panel-body toggle-content fusion-clearfix\">\n<p style=\"padding-left: 40px;\">Son aquellas con personalidad jur\u00eddica y sin fines de lucro, que tengan por objeto representar y promover valores e intereses espec\u00edficos\u00a0 de la comunidad<\/p>\n<\/div><\/div><\/div><div class=\"fusion-panel panel-default panel-81884eefe4a5cede6 fusion-toggle-no-divider fusion-toggle-boxed-mode\"><div class=\"panel-heading\"><h4 class=\"panel-title toggle\" id=\"toggle_81884eefe4a5cede6\"><a aria-expanded=\"false\" aria-controls=\"81884eefe4a5cede6\" role=\"button\" data-toggle=\"collapse\" data-parent=\"#accordion-26910-1\" data-target=\"#81884eefe4a5cede6\" href=\"#81884eefe4a5cede6\"><span class=\"fusion-toggle-icon-wrapper\" aria-hidden=\"true\"><i class=\"fa-fusion-box active-icon awb-icon-minus\" aria-hidden=\"true\"><\/i><i class=\"fa-fusion-box inactive-icon awb-icon-plus\" aria-hidden=\"true\"><\/i><\/span><span class=\"fusion-toggle-heading\">4.- \u00bfQue documentos se necesitan para el d\u00eda de la Constituci\u00f3n?<\/span><\/a><\/h4><\/div><div id=\"81884eefe4a5cede6\" class=\"panel-collapse collapse \" aria-labelledby=\"toggle_81884eefe4a5cede6\"><div class=\"panel-body toggle-content fusion-clearfix\">\n<p style=\"padding-left: 40px;\">C\u00e9dula de Identidad,<br \/>\nEstatutos, formato tipo que proporciona la municipalidad o estatuto propio creado por la organizaci\u00f3n en formaci\u00f3n,<br \/>\nLibro de Registro de Socios,<br \/>\nLibro de Actas<\/p>\n<\/div><\/div><\/div><div class=\"fusion-panel panel-default panel-d72dfe9f2b013f37d fusion-toggle-no-divider fusion-toggle-boxed-mode\"><div class=\"panel-heading\"><h4 class=\"panel-title toggle\" id=\"toggle_d72dfe9f2b013f37d\"><a aria-expanded=\"false\" aria-controls=\"d72dfe9f2b013f37d\" role=\"button\" data-toggle=\"collapse\" data-parent=\"#accordion-26910-1\" data-target=\"#d72dfe9f2b013f37d\" href=\"#d72dfe9f2b013f37d\"><span class=\"fusion-toggle-icon-wrapper\" aria-hidden=\"true\"><i class=\"fa-fusion-box active-icon awb-icon-minus\" aria-hidden=\"true\"><\/i><i class=\"fa-fusion-box inactive-icon awb-icon-plus\" aria-hidden=\"true\"><\/i><\/span><span class=\"fusion-toggle-heading\">5.- \u00bfCu\u00e1l es el m\u00ednimo para constituir una organizaci\u00f3n comunitaria?<\/span><\/a><\/h4><\/div><div id=\"d72dfe9f2b013f37d\" class=\"panel-collapse collapse \" aria-labelledby=\"toggle_d72dfe9f2b013f37d\"><div class=\"panel-body toggle-content fusion-clearfix\">\n<p style=\"padding-left: 40px;\">Juntas de vecinos: m\u00ednimo 100 personas.<br \/>\nOrganizaci\u00f3n Funcional Urbana: 15 personas.<br \/>\nOrganizaci\u00f3n Funcional Rural: 10 personas.<\/p>\n<\/div><\/div><\/div><div class=\"fusion-panel panel-default panel-c1cc083961aec5947 fusion-toggle-no-divider fusion-toggle-boxed-mode\"><div class=\"panel-heading\"><h4 class=\"panel-title toggle\" id=\"toggle_c1cc083961aec5947\"><a aria-expanded=\"false\" aria-controls=\"c1cc083961aec5947\" role=\"button\" data-toggle=\"collapse\" data-parent=\"#accordion-26910-1\" data-target=\"#c1cc083961aec5947\" href=\"#c1cc083961aec5947\"><span class=\"fusion-toggle-icon-wrapper\" aria-hidden=\"true\"><i class=\"fa-fusion-box active-icon awb-icon-minus\" aria-hidden=\"true\"><\/i><i class=\"fa-fusion-box inactive-icon awb-icon-plus\" aria-hidden=\"true\"><\/i><\/span><span class=\"fusion-toggle-heading\">6.- \u00bfC\u00f3mo solicito un ministro de Fe?<\/span><\/a><\/h4><\/div><div id=\"c1cc083961aec5947\" class=\"panel-collapse collapse \" aria-labelledby=\"toggle_c1cc083961aec5947\"><div class=\"panel-body toggle-content fusion-clearfix\">\n<p style=\"padding-left: 40px;\">Por carta solicitud dirigida al (Alcalde, Oficial del Registro Civil o Notario), seg\u00fan sea el caso.<\/p>\n<p style=\"padding-left: 40px;\">En formato tipo, proporcionado por la Oficina de Organizaciones Comunitarias (cuando el ministro de fe es la Secretaria Municipal o un funcionario municipal autorizado por Decreto Alcaldicio).<\/p>\n<\/div><\/div><\/div><div class=\"fusion-panel panel-default panel-903e632c547d07924 fusion-toggle-no-divider fusion-toggle-boxed-mode\"><div class=\"panel-heading\"><h4 class=\"panel-title toggle\" id=\"toggle_903e632c547d07924\"><a aria-expanded=\"false\" aria-controls=\"903e632c547d07924\" role=\"button\" data-toggle=\"collapse\" data-parent=\"#accordion-26910-1\" data-target=\"#903e632c547d07924\" href=\"#903e632c547d07924\"><span class=\"fusion-toggle-icon-wrapper\" aria-hidden=\"true\"><i class=\"fa-fusion-box active-icon awb-icon-minus\" aria-hidden=\"true\"><\/i><i class=\"fa-fusion-box inactive-icon awb-icon-plus\" aria-hidden=\"true\"><\/i><\/span><span class=\"fusion-toggle-heading\">7.- \u00bfTiene alg\u00fan costo, solicitar al funcionario municipal designado por el Alcalde, para que act\u00fae como ministro de fe en la constituci\u00f3n de una organizaci\u00f3n? Y cuanto se demora en dar respuesta a la solicitud?<\/span><\/a><\/h4><\/div><div id=\"903e632c547d07924\" class=\"panel-collapse collapse \" aria-labelledby=\"toggle_903e632c547d07924\"><div class=\"panel-body toggle-content fusion-clearfix\">\n<p style=\"padding-left: 40px;\">NO tiene costo alguno, s\u00f3lo debe solicitar y coordinar d\u00eda, hora y lugar para la constituci\u00f3n. El Plazo m\u00e1ximo de respuesta es\u00a0 20 d\u00edas h\u00e1biles.<\/p>\n<\/div><\/div><\/div><div class=\"fusion-panel panel-default panel-d6b1016b2bbe63134 fusion-toggle-no-divider fusion-toggle-boxed-mode\"><div class=\"panel-heading\"><h4 class=\"panel-title toggle\" id=\"toggle_d6b1016b2bbe63134\"><a aria-expanded=\"false\" aria-controls=\"d6b1016b2bbe63134\" role=\"button\" data-toggle=\"collapse\" data-parent=\"#accordion-26910-1\" data-target=\"#d6b1016b2bbe63134\" href=\"#d6b1016b2bbe63134\"><span class=\"fusion-toggle-icon-wrapper\" aria-hidden=\"true\"><i class=\"fa-fusion-box active-icon awb-icon-minus\" aria-hidden=\"true\"><\/i><i class=\"fa-fusion-box inactive-icon awb-icon-plus\" aria-hidden=\"true\"><\/i><\/span><span class=\"fusion-toggle-heading\">8.- \u00bfD\u00f3nde ingreso los antecedentes de cambios de directorio de una organizaci\u00f3n?<\/span><\/a><\/h4><\/div><div id=\"d6b1016b2bbe63134\" class=\"panel-collapse collapse \" aria-labelledby=\"toggle_d6b1016b2bbe63134\"><div class=\"panel-body toggle-content fusion-clearfix\">\n<p style=\"padding-left: 40px;\">En la municipalidad de Puc\u00f3n, oficina 5, Organizaciones Comunitarias.<\/p>\n<\/div><\/div><\/div><div class=\"fusion-panel panel-default panel-0358cd5de32d1230d fusion-toggle-no-divider fusion-toggle-boxed-mode\"><div class=\"panel-heading\"><h4 class=\"panel-title toggle\" id=\"toggle_0358cd5de32d1230d\"><a aria-expanded=\"false\" aria-controls=\"0358cd5de32d1230d\" role=\"button\" data-toggle=\"collapse\" data-parent=\"#accordion-26910-1\" data-target=\"#0358cd5de32d1230d\" href=\"#0358cd5de32d1230d\"><span class=\"fusion-toggle-icon-wrapper\" aria-hidden=\"true\"><i class=\"fa-fusion-box active-icon awb-icon-minus\" aria-hidden=\"true\"><\/i><i class=\"fa-fusion-box inactive-icon awb-icon-plus\" aria-hidden=\"true\"><\/i><\/span><span class=\"fusion-toggle-heading\">9.- \u00bfAnte qui\u00e9n solicito la vigencia de la personalidad jur\u00eddica y del Directorio?<\/span><\/a><\/h4><\/div><div id=\"0358cd5de32d1230d\" class=\"panel-collapse collapse \" aria-labelledby=\"toggle_0358cd5de32d1230d\"><div class=\"panel-body toggle-content fusion-clearfix\">\n<p style=\"padding-left: 40px;\">Ante la Oficina del Registro Civil de Puc\u00f3n.<\/p>\n<p style=\"padding-left: 40px;\">En la p\u00e1gina web\u00a0<a href=\"http:\/\/www.registrocivil.cl\/\" target=\"_blank\" rel=\"noopener noreferrer\">www.registrocivil.cl<\/a><\/p>\n<\/div><\/div><\/div><div class=\"fusion-panel panel-default panel-76f4eee18230dc2f7 fusion-toggle-no-divider fusion-toggle-boxed-mode\"><div class=\"panel-heading\"><h4 class=\"panel-title toggle\" id=\"toggle_76f4eee18230dc2f7\"><a aria-expanded=\"false\" aria-controls=\"76f4eee18230dc2f7\" role=\"button\" data-toggle=\"collapse\" data-parent=\"#accordion-26910-1\" data-target=\"#76f4eee18230dc2f7\" href=\"#76f4eee18230dc2f7\"><span class=\"fusion-toggle-icon-wrapper\" aria-hidden=\"true\"><i class=\"fa-fusion-box active-icon awb-icon-minus\" aria-hidden=\"true\"><\/i><i class=\"fa-fusion-box inactive-icon awb-icon-plus\" aria-hidden=\"true\"><\/i><\/span><span class=\"fusion-toggle-heading\">10.- \u00bfDesde qu\u00e9 momento se adquiere la personalidad jur\u00eddica de la organizaci\u00f3n?<\/span><\/a><\/h4><\/div><div id=\"76f4eee18230dc2f7\" class=\"panel-collapse collapse \" aria-labelledby=\"toggle_76f4eee18230dc2f7\"><div class=\"panel-body toggle-content fusion-clearfix\">\n<p style=\"padding-left: 40px;\">Una vez que se depositan los antecedentes en la municipalidad para la inscripci\u00f3n en el Registro Municipal de Personas Jur\u00eddicas.<\/p>\n<\/div><\/div><\/div><div class=\"fusion-panel panel-default panel-9ebe90128f8b8b6b9 fusion-toggle-no-divider fusion-toggle-boxed-mode\"><div class=\"panel-heading\"><h4 class=\"panel-title toggle\" id=\"toggle_9ebe90128f8b8b6b9\"><a aria-expanded=\"false\" aria-controls=\"9ebe90128f8b8b6b9\" role=\"button\" data-toggle=\"collapse\" data-parent=\"#accordion-26910-1\" data-target=\"#9ebe90128f8b8b6b9\" href=\"#9ebe90128f8b8b6b9\"><span class=\"fusion-toggle-icon-wrapper\" aria-hidden=\"true\"><i class=\"fa-fusion-box active-icon awb-icon-minus\" aria-hidden=\"true\"><\/i><i class=\"fa-fusion-box inactive-icon awb-icon-plus\" aria-hidden=\"true\"><\/i><\/span><span class=\"fusion-toggle-heading\">11.- \u00bfLas Juntas de Vecinos pueden otorgar certificados de Residencia?<\/span><\/a><\/h4><\/div><div id=\"9ebe90128f8b8b6b9\" class=\"panel-collapse collapse \" aria-labelledby=\"toggle_9ebe90128f8b8b6b9\"><div class=\"panel-body toggle-content fusion-clearfix\">\n<p style=\"padding-left: 40px;\">SI, Las juntas de Vecinos\u00a0 est\u00e1n facultadas para entregar certificados de residencia (Art. 43\u00b0 letra f), ley 19.418).<\/p>\n<\/div><\/div><\/div><div class=\"fusion-panel panel-default panel-51c5f462c70618e03 fusion-toggle-no-divider fusion-toggle-boxed-mode\"><div class=\"panel-heading\"><h4 class=\"panel-title toggle\" id=\"toggle_51c5f462c70618e03\"><a aria-expanded=\"false\" aria-controls=\"51c5f462c70618e03\" role=\"button\" data-toggle=\"collapse\" data-parent=\"#accordion-26910-1\" data-target=\"#51c5f462c70618e03\" href=\"#51c5f462c70618e03\"><span class=\"fusion-toggle-icon-wrapper\" aria-hidden=\"true\"><i class=\"fa-fusion-box active-icon awb-icon-minus\" aria-hidden=\"true\"><\/i><i class=\"fa-fusion-box inactive-icon awb-icon-plus\" aria-hidden=\"true\"><\/i><\/span><span class=\"fusion-toggle-heading\">12.- \u00bfCu\u00e1les son las normas que rigen a las organizaciones comunitarias?<\/span><\/a><\/h4><\/div><div id=\"51c5f462c70618e03\" class=\"panel-collapse collapse \" aria-labelledby=\"toggle_51c5f462c70618e03\"><div class=\"panel-body toggle-content fusion-clearfix\">\n<p style=\"padding-left: 40px;\">Ley 19.418, cuyo texto refundido, coordinado y sistematizado, sobre Juntas de Vecinos y dem\u00e1s organizaciones comunitarias, fue fijado por el Decreto Supremo N\u00b0 58 de 1997, del Ministerio del Interior, publicado en el diario oficial del 20 de marzo de 1997.<\/p>\n<\/div><\/div><\/div><\/div><\/div><div class=\"fusion-clearfix\"><\/div><\/div><\/div><\/div><\/div><div class=\"fusion-fullwidth fullwidth-box fusion-builder-row-2 nonhundred-percent-fullwidth non-hundred-percent-height-scrolling\" style=\"--awb-border-radius-top-left:0px;--awb-border-radius-top-right:0px;--awb-border-radius-bottom-right:0px;--awb-border-radius-bottom-left:0px;--awb-flex-wrap:wrap;\" ><div class=\"fusion-builder-row fusion-row\"><div class=\"fusion-layout-column fusion_builder_column fusion-builder-column-1 fusion_builder_column_1_1 1_1 fusion-one-full fusion-column-first fusion-column-last\" style=\"--awb-bg-size:cover;\"><div class=\"fusion-column-wrapper fusion-column-has-shadow fusion-flex-column-wrapper-legacy\"><div class=\"fusion-title title fusion-title-2 fusion-title-text fusion-title-size-four\"><h4 class=\"fusion-title-heading title-heading-left\" style=\"margin:0;\">PROGRAMA SUBSIDIO DE AGUA POTABLE, SERVICIOS DE ALCANTARILLADO, Y TRATAMIENTO DE AGUAS SERVIDAS<\/h4><span class=\"awb-title-spacer\"><\/span><div class=\"title-sep-container\"><div class=\"title-sep sep-double sep-solid\" style=\"border-color:#e2e2e2;\"><\/div><\/div><\/div><div class=\"accordian fusion-accordian\" style=\"--awb-border-size:1px;--awb-icon-size:16px;--awb-content-font-size:16px;--awb-icon-alignment:left;--awb-hover-color:#ffffff;--awb-border-color:#e2e2e2;--awb-background-color:#ffffff;--awb-divider-color:#e2e2e2;--awb-divider-hover-color:#e2e2e2;--awb-icon-color:#ffffff;--awb-title-color:#212934;--awb-content-color:#4a4e57;--awb-icon-box-color:#212934;--awb-toggle-hover-accent-color:#1a80b6;--awb-title-font-family:&quot;Zilla Slab&quot;;--awb-title-font-weight:400;--awb-title-font-style:normal;--awb-content-font-family:&quot;Open Sans&quot;;--awb-content-font-style:normal;--awb-content-font-weight:400;\"><div class=\"panel-group fusion-toggle-icon-boxed\" id=\"accordion-26910-2\"><div class=\"fusion-panel panel-default panel-671f6f9bb4b163ab4 fusion-toggle-no-divider fusion-toggle-boxed-mode\"><div class=\"panel-heading\"><h4 class=\"panel-title toggle\" id=\"toggle_671f6f9bb4b163ab4\"><a aria-expanded=\"false\" aria-controls=\"671f6f9bb4b163ab4\" role=\"button\" data-toggle=\"collapse\" data-parent=\"#accordion-26910-2\" data-target=\"#671f6f9bb4b163ab4\" href=\"#671f6f9bb4b163ab4\"><span class=\"fusion-toggle-icon-wrapper\" aria-hidden=\"true\"><i class=\"fa-fusion-box active-icon awb-icon-minus\" aria-hidden=\"true\"><\/i><i class=\"fa-fusion-box inactive-icon awb-icon-plus\" aria-hidden=\"true\"><\/i><\/span><span class=\"fusion-toggle-heading\">1.- \u00bfEn qu\u00e9 consiste el Subsidio de Agua?<\/span><\/a><\/h4><\/div><div id=\"671f6f9bb4b163ab4\" class=\"panel-collapse collapse \" aria-labelledby=\"toggle_671f6f9bb4b163ab4\"><div class=\"panel-body toggle-content fusion-clearfix\">\n<p style=\"padding-left: 40px;\">Es un beneficio que entrega el estado, a\u00a0 trav\u00e9s de las municipalidades, a familias carente de recursos econ\u00f3micos. Consiste en el pago de una parte de su cuenta\u00a0 de agua potable y servicio de alcantarillado, con un l\u00edmite de consumo mensual de hasta 15 metros c\u00fabicos.<\/p>\n<\/div><\/div><\/div><div class=\"fusion-panel panel-default panel-28652ed4181492f2b fusion-toggle-no-divider fusion-toggle-boxed-mode\"><div class=\"panel-heading\"><h4 class=\"panel-title toggle\" id=\"toggle_28652ed4181492f2b\"><a aria-expanded=\"false\" aria-controls=\"28652ed4181492f2b\" role=\"button\" data-toggle=\"collapse\" data-parent=\"#accordion-26910-2\" data-target=\"#28652ed4181492f2b\" href=\"#28652ed4181492f2b\"><span class=\"fusion-toggle-icon-wrapper\" aria-hidden=\"true\"><i class=\"fa-fusion-box active-icon awb-icon-minus\" aria-hidden=\"true\"><\/i><i class=\"fa-fusion-box inactive-icon awb-icon-plus\" aria-hidden=\"true\"><\/i><\/span><span class=\"fusion-toggle-heading\">2.- \u00bfQui\u00e9n puede y que se necesita para postular al subsidio?<\/span><\/a><\/h4><\/div><div id=\"28652ed4181492f2b\" class=\"panel-collapse collapse \" aria-labelledby=\"toggle_28652ed4181492f2b\"><div class=\"panel-body toggle-content fusion-clearfix\">\n<p style=\"padding-left: 40px;\">El jefe de familia principal.<\/p>\n<p style=\"padding-left: 40px;\">La vivienda debe contar con conexi\u00f3n de agua potable.<\/p>\n<p style=\"padding-left: 40px;\">La familia debe estar encuestada con el registro Social de Hogares.<\/p>\n<p style=\"padding-left: 40px;\">\u00daltima boleta de agua cancelada, con el comprobante de pago.<\/p>\n<\/div><\/div><\/div><div class=\"fusion-panel panel-default panel-b35c5d7bdc7c6b716 fusion-toggle-no-divider fusion-toggle-boxed-mode\"><div class=\"panel-heading\"><h4 class=\"panel-title toggle\" id=\"toggle_b35c5d7bdc7c6b716\"><a aria-expanded=\"false\" aria-controls=\"b35c5d7bdc7c6b716\" role=\"button\" data-toggle=\"collapse\" data-parent=\"#accordion-26910-2\" data-target=\"#b35c5d7bdc7c6b716\" href=\"#b35c5d7bdc7c6b716\"><span class=\"fusion-toggle-icon-wrapper\" aria-hidden=\"true\"><i class=\"fa-fusion-box active-icon awb-icon-minus\" aria-hidden=\"true\"><\/i><i class=\"fa-fusion-box inactive-icon awb-icon-plus\" aria-hidden=\"true\"><\/i><\/span><span class=\"fusion-toggle-heading\">3.- \u00bfEl subsidio es renovable? Y Cu\u00e1nto dura?<\/span><\/a><\/h4><\/div><div id=\"b35c5d7bdc7c6b716\" class=\"panel-collapse collapse \" aria-labelledby=\"toggle_b35c5d7bdc7c6b716\"><div class=\"panel-body toggle-content fusion-clearfix\">\n<p style=\"padding-left: 40px;\">NO es renovable. Tiene una vigencia de tres a\u00f1os a contar de la fecha en que fue otorgado por la municipalidad.<\/p>\n<\/div><\/div><\/div><div class=\"fusion-panel panel-default panel-e35eb0aaeaf14b88c fusion-toggle-no-divider fusion-toggle-boxed-mode\"><div class=\"panel-heading\"><h4 class=\"panel-title toggle\" id=\"toggle_e35eb0aaeaf14b88c\"><a aria-expanded=\"false\" aria-controls=\"e35eb0aaeaf14b88c\" role=\"button\" data-toggle=\"collapse\" data-parent=\"#accordion-26910-2\" data-target=\"#e35eb0aaeaf14b88c\" href=\"#e35eb0aaeaf14b88c\"><span class=\"fusion-toggle-icon-wrapper\" aria-hidden=\"true\"><i class=\"fa-fusion-box active-icon awb-icon-minus\" aria-hidden=\"true\"><\/i><i class=\"fa-fusion-box inactive-icon awb-icon-plus\" aria-hidden=\"true\"><\/i><\/span><span class=\"fusion-toggle-heading\">4.- \u00bfSi soy arrendatario puedo postular?<\/span><\/a><\/h4><\/div><div id=\"e35eb0aaeaf14b88c\" class=\"panel-collapse collapse \" aria-labelledby=\"toggle_e35eb0aaeaf14b88c\"><div class=\"panel-body toggle-content fusion-clearfix\">\n<p style=\"padding-left: 40px;\">SI, pueden postular, los propietarios, arrendatarios y usufructuarios.<\/p>\n<\/div><\/div><\/div><div class=\"fusion-panel panel-default panel-dd9c65a93895c6456 fusion-toggle-no-divider fusion-toggle-boxed-mode\"><div class=\"panel-heading\"><h4 class=\"panel-title toggle\" id=\"toggle_dd9c65a93895c6456\"><a aria-expanded=\"false\" aria-controls=\"dd9c65a93895c6456\" role=\"button\" data-toggle=\"collapse\" data-parent=\"#accordion-26910-2\" data-target=\"#dd9c65a93895c6456\" href=\"#dd9c65a93895c6456\"><span class=\"fusion-toggle-icon-wrapper\" aria-hidden=\"true\"><i class=\"fa-fusion-box active-icon awb-icon-minus\" aria-hidden=\"true\"><\/i><i class=\"fa-fusion-box inactive-icon awb-icon-plus\" aria-hidden=\"true\"><\/i><\/span><span class=\"fusion-toggle-heading\">5.- \u00bfPuedo cambiar el porcentaje del subsidio otorgado<\/span><\/a><\/h4><\/div><div id=\"dd9c65a93895c6456\" class=\"panel-collapse collapse \" aria-labelledby=\"toggle_dd9c65a93895c6456\"><div class=\"panel-body toggle-content fusion-clearfix\">\n<p style=\"padding-left: 40px;\">NO, el porcentaje est\u00e1 relacionado con el Registro Social de Hogares y con los cupos disponibles en cada tramo.<\/p>\n<\/div><\/div><\/div><div class=\"fusion-panel panel-default panel-c636d939cb66dd9a9 fusion-toggle-no-divider fusion-toggle-boxed-mode\"><div class=\"panel-heading\"><h4 class=\"panel-title toggle\" id=\"toggle_c636d939cb66dd9a9\"><a aria-expanded=\"false\" aria-controls=\"c636d939cb66dd9a9\" role=\"button\" data-toggle=\"collapse\" data-parent=\"#accordion-26910-2\" data-target=\"#c636d939cb66dd9a9\" href=\"#c636d939cb66dd9a9\"><span class=\"fusion-toggle-icon-wrapper\" aria-hidden=\"true\"><i class=\"fa-fusion-box active-icon awb-icon-minus\" aria-hidden=\"true\"><\/i><i class=\"fa-fusion-box inactive-icon awb-icon-plus\" aria-hidden=\"true\"><\/i><\/span><span class=\"fusion-toggle-heading\">6.- \u00bfPor qu\u00e9 se pierde el subsidio?<\/span><\/a><\/h4><\/div><div id=\"c636d939cb66dd9a9\" class=\"panel-collapse collapse \" aria-labelledby=\"toggle_c636d939cb66dd9a9\"><div class=\"panel-body toggle-content fusion-clearfix\">\n<p style=\"padding-left: 40px;\">Por el cumplimiento del plazo legal (tres a\u00f1os).<br \/>\nPor acumular tres deudas impagas consecutivas.<br \/>\nPor cambio de domicilio.<br \/>\nPor renuncia voluntaria.<br \/>\nPor fallecimiento del beneficiario (actualizar encuesta para volver a postular)<br \/>\nPor negarse a entregar la informaci\u00f3n que la municipalidad le solicite para la revisi\u00f3n del beneficio.<\/p>\n<\/div><\/div><\/div><div class=\"fusion-panel panel-default panel-fa21424489448a347 fusion-toggle-no-divider fusion-toggle-boxed-mode\"><div class=\"panel-heading\"><h4 class=\"panel-title toggle\" id=\"toggle_fa21424489448a347\"><a aria-expanded=\"false\" aria-controls=\"fa21424489448a347\" role=\"button\" data-toggle=\"collapse\" data-parent=\"#accordion-26910-2\" data-target=\"#fa21424489448a347\" href=\"#fa21424489448a347\"><span class=\"fusion-toggle-icon-wrapper\" aria-hidden=\"true\"><i class=\"fa-fusion-box active-icon awb-icon-minus\" aria-hidden=\"true\"><\/i><i class=\"fa-fusion-box inactive-icon awb-icon-plus\" aria-hidden=\"true\"><\/i><\/span><span class=\"fusion-toggle-heading\">7.- Donde obtengo m\u00e1s informaci\u00f3n?<\/span><\/a><\/h4><\/div><div id=\"fa21424489448a347\" class=\"panel-collapse collapse \" aria-labelledby=\"toggle_fa21424489448a347\"><div class=\"panel-body toggle-content fusion-clearfix\">\n<p style=\"padding-left: 40px;\">En municipalidad de Puc\u00f3n, oficina 5, Direcci\u00f3n de Desarrollo Comunitario, primer piso.<\/p>\n<p style=\"padding-left: 40px;\">A trav\u00e9s del\u00a0\u00a0siguiente tel\u00e9fono:\u00a045 2888026<\/p>\n<\/div><\/div><\/div><\/div><\/div><div class=\"fusion-clearfix\"><\/div><\/div><\/div><\/div><\/div><div class=\"fusion-fullwidth fullwidth-box fusion-builder-row-3 nonhundred-percent-fullwidth non-hundred-percent-height-scrolling\" style=\"--awb-border-radius-top-left:0px;--awb-border-radius-top-right:0px;--awb-border-radius-bottom-right:0px;--awb-border-radius-bottom-left:0px;--awb-flex-wrap:wrap;\" ><div class=\"fusion-builder-row fusion-row\"><div class=\"fusion-layout-column fusion_builder_column fusion-builder-column-2 fusion_builder_column_1_1 1_1 fusion-one-full fusion-column-first fusion-column-last\" style=\"--awb-bg-size:cover;\"><div class=\"fusion-column-wrapper fusion-column-has-shadow fusion-flex-column-wrapper-legacy\"><div class=\"fusion-title title fusion-title-3 fusion-title-text fusion-title-size-four\"><h4 class=\"fusion-title-heading title-heading-left\" style=\"margin:0;\">REGISTRO SOCIAL DE HOGARES<\/h4><span class=\"awb-title-spacer\"><\/span><div class=\"title-sep-container\"><div class=\"title-sep sep-double sep-solid\" style=\"border-color:#e2e2e2;\"><\/div><\/div><\/div><div class=\"accordian fusion-accordian\" style=\"--awb-border-size:1px;--awb-icon-size:16px;--awb-content-font-size:16px;--awb-icon-alignment:left;--awb-hover-color:#ffffff;--awb-border-color:#e2e2e2;--awb-background-color:#ffffff;--awb-divider-color:#e2e2e2;--awb-divider-hover-color:#e2e2e2;--awb-icon-color:#ffffff;--awb-title-color:#212934;--awb-content-color:#4a4e57;--awb-icon-box-color:#212934;--awb-toggle-hover-accent-color:#1a80b6;--awb-title-font-family:&quot;Zilla Slab&quot;;--awb-title-font-weight:400;--awb-title-font-style:normal;--awb-content-font-family:&quot;Open Sans&quot;;--awb-content-font-style:normal;--awb-content-font-weight:400;\"><div class=\"panel-group fusion-toggle-icon-boxed\" id=\"accordion-26910-3\"><div class=\"fusion-panel panel-default panel-5c5e8793f0b8aa651 fusion-toggle-no-divider fusion-toggle-boxed-mode\"><div class=\"panel-heading\"><h4 class=\"panel-title toggle\" id=\"toggle_5c5e8793f0b8aa651\"><a aria-expanded=\"false\" aria-controls=\"5c5e8793f0b8aa651\" role=\"button\" data-toggle=\"collapse\" data-parent=\"#accordion-26910-3\" data-target=\"#5c5e8793f0b8aa651\" href=\"#5c5e8793f0b8aa651\"><span class=\"fusion-toggle-icon-wrapper\" aria-hidden=\"true\"><i class=\"fa-fusion-box active-icon awb-icon-minus\" aria-hidden=\"true\"><\/i><i class=\"fa-fusion-box inactive-icon awb-icon-plus\" aria-hidden=\"true\"><\/i><\/span><span class=\"fusion-toggle-heading\">1.- Qu\u00e9 es el Registro Social de Hogares?<\/span><\/a><\/h4><\/div><div id=\"5c5e8793f0b8aa651\" class=\"panel-collapse collapse \" aria-labelledby=\"toggle_5c5e8793f0b8aa651\"><div class=\"panel-body toggle-content fusion-clearfix\">\n<p style=\"padding-left: 40px;\">El Registro Social de Hogares es un sistema de informaci\u00f3n cuyo fin es apoyar los procesos de selecci\u00f3n de beneficiarios de un conjunto amplio de subsidios y programas sociales. El Registro es construido con datos aportados por el hogar y bases administrativas que posee el Estado, proveniente de las siguientes instituciones:<\/p>\n<p style=\"padding-left: 40px;\">\u2022\u00a0 \u00a0Servicio de Impuestos Internos (SII),<br \/>\n\u2022\u00a0 \u00a0Servicio de Registro Civil e Identificaci\u00f3n (SRCeI),<br \/>\n\u2022\u00a0 \u00a0Instituto de Previsi\u00f3n Social (IPS),<br \/>\n\u2022\u00a0 \u00a0Superintendencia de Salud,<br \/>\n\u2022\u00a0 \u00a0Administradora de Fondos de Cesant\u00eda (AFC) y<br \/>\n\u2022\u00a0 \u00a0Ministerio de Educaci\u00f3n, entre otras.<\/p>\n<p style=\"padding-left: 40px;\">Dentro del conjunto de informaci\u00f3n disponible en el Registro Social de Hogares, se incluye una Calificaci\u00f3n Socioecon\u00f3mica del hogar, que ubica a cada hogar en un tramo de ingresos o vulnerabilidad socioecon\u00f3mica.<\/p>\n<p style=\"padding-left: 40px;\">La Calificaci\u00f3n Socioecon\u00f3mica se construye a partir de la suma de ingresos efectivos de las personas que componen un hogar, en un promedio de 12 meses, y son ajustados por el n\u00famero de integrantes, su edad y grado de dependencia (moderada o severa). En caso que los integrantes del hogar no registren informaci\u00f3n de ingresos en las bases administrativas que posee el Estado, se toma en consideraci\u00f3n los valores de ingresos reportados por el integrante del hogar que realiza la solicitud de ingreso al Registro Social de Hogares.<\/p>\n<p style=\"padding-left: 40px;\">Adicionalmente, para resguardar que la Calificaci\u00f3n Socioecon\u00f3mica represente adecuadamente el nivel socioecon\u00f3mico de los hogares, \u00e9sta se construye complementando la informaci\u00f3n de ingresos con el acceso a ciertos bienes y servicios de las personas, cuando el valor de dichos bienes y servicios es indicativo de un alto est\u00e1ndar de vida. Los bienes y servicios considerados son:<\/p>\n<p style=\"padding-left: 40px;\">\u2022\u00a0 \u00a0El valor total de el\/los veh\u00edculos que son propiedad de los integrantes del hogar<br \/>\n\u2022\u00a0 \u00a0El valor total de el\/los bienes ra\u00edces que son propiedad de los integrantes del hogar<br \/>\n\u2022\u00a0 \u00a0El valor de la mensualidad del establecimiento educacional en el que est\u00e1n matriculados uno o m\u00e1s integrantes del hogar<br \/>\n\u2022\u00a0 \u00a0El valor de las cotizaciones de salud pactadas con la instituci\u00f3n de salud.<\/p>\n<\/div><\/div><\/div><div class=\"fusion-panel panel-default panel-6cd4e6c55559106ce fusion-toggle-no-divider fusion-toggle-boxed-mode\"><div class=\"panel-heading\"><h4 class=\"panel-title toggle\" id=\"toggle_6cd4e6c55559106ce\"><a aria-expanded=\"false\" aria-controls=\"6cd4e6c55559106ce\" role=\"button\" data-toggle=\"collapse\" data-parent=\"#accordion-26910-3\" data-target=\"#6cd4e6c55559106ce\" href=\"#6cd4e6c55559106ce\"><span class=\"fusion-toggle-icon-wrapper\" aria-hidden=\"true\"><i class=\"fa-fusion-box active-icon awb-icon-minus\" aria-hidden=\"true\"><\/i><i class=\"fa-fusion-box inactive-icon awb-icon-plus\" aria-hidden=\"true\"><\/i><\/span><span class=\"fusion-toggle-heading\">2.- Qu\u00e9 informaci\u00f3n contiene el Registro Social de Hogares?<\/span><\/a><\/h4><\/div><div id=\"6cd4e6c55559106ce\" class=\"panel-collapse collapse \" aria-labelledby=\"toggle_6cd4e6c55559106ce\"><div class=\"panel-body toggle-content fusion-clearfix\">\n<p style=\"padding-left: 40px;\">El Registro Social de Hogares contiene informaci\u00f3n declarada por los hogares complementada con datos extra\u00eddos de bases administrativas del Estado.<\/p>\n<p style=\"padding-left: 40px;\">Los datos de bases administrativas del Estado corresponden a ingresos por trabajo, de capital, pensiones, cotizaciones a fondos de pensiones y de salud, informaci\u00f3n de patrimonio (vivienda, veh\u00edculos), entre otros; las que provienen del Servicio de Registro Civil e Identificaci\u00f3n, Servicio de Impuestos Internos (SII), Superintendencia de Pensiones, Superintendencia de Salud, Administradora de Fondo de Cesant\u00eda, Fondo Nacional de Salud (FONASA), Instituto de Previsi\u00f3n Social (IPS), Ministerio de Educaci\u00f3n (MINEDUC); entre otros.<\/p>\n<p style=\"padding-left: 40px;\">La informaci\u00f3n declarada por los hogares corresponde a localizaci\u00f3n y domicilio, integrantes del hogar, antecedentes educacionales, de salud, de vivienda y de ocupaci\u00f3n e ingresos, entre otros.<\/p>\n<\/div><\/div><\/div><div class=\"fusion-panel panel-default panel-4c7d773c72963c125 fusion-toggle-no-divider fusion-toggle-boxed-mode\"><div class=\"panel-heading\"><h4 class=\"panel-title toggle\" id=\"toggle_4c7d773c72963c125\"><a aria-expanded=\"false\" aria-controls=\"4c7d773c72963c125\" role=\"button\" data-toggle=\"collapse\" data-parent=\"#accordion-26910-3\" data-target=\"#4c7d773c72963c125\" href=\"#4c7d773c72963c125\"><span class=\"fusion-toggle-icon-wrapper\" aria-hidden=\"true\"><i class=\"fa-fusion-box active-icon awb-icon-minus\" aria-hidden=\"true\"><\/i><i class=\"fa-fusion-box inactive-icon awb-icon-plus\" aria-hidden=\"true\"><\/i><\/span><span class=\"fusion-toggle-heading\">3.- Para qu\u00e9 sirve el Registro Social de Hogares?<\/span><\/a><\/h4><\/div><div id=\"4c7d773c72963c125\" class=\"panel-collapse collapse \" aria-labelledby=\"toggle_4c7d773c72963c125\"><div class=\"panel-body toggle-content fusion-clearfix\">\n<p style=\"padding-left: 40px;\">La informaci\u00f3n que contiene el Registro Social de Hogares sirve para apoyar la postulaci\u00f3n y selecci\u00f3n de las personas a diversos beneficios sociales o subsidios otorgados por el Estado.<\/p>\n<\/div><\/div><\/div><div class=\"fusion-panel panel-default panel-f1381599c92163e9e fusion-toggle-no-divider fusion-toggle-boxed-mode\"><div class=\"panel-heading\"><h4 class=\"panel-title toggle\" id=\"toggle_f1381599c92163e9e\"><a aria-expanded=\"false\" aria-controls=\"f1381599c92163e9e\" role=\"button\" data-toggle=\"collapse\" data-parent=\"#accordion-26910-3\" data-target=\"#f1381599c92163e9e\" href=\"#f1381599c92163e9e\"><span class=\"fusion-toggle-icon-wrapper\" aria-hidden=\"true\"><i class=\"fa-fusion-box active-icon awb-icon-minus\" aria-hidden=\"true\"><\/i><i class=\"fa-fusion-box inactive-icon awb-icon-plus\" aria-hidden=\"true\"><\/i><\/span><span class=\"fusion-toggle-heading\">4.- Qu\u00e9 es y qu\u00e9 informaci\u00f3n contiene la Cartola Hogar?<\/span><\/a><\/h4><\/div><div id=\"f1381599c92163e9e\" class=\"panel-collapse collapse \" aria-labelledby=\"toggle_f1381599c92163e9e\"><div class=\"panel-body toggle-content fusion-clearfix\">\n<p style=\"padding-left: 40px;\">La Cartola Hogar es el documento que entrega informaci\u00f3n del Registro de su hogar, y tiene como prop\u00f3sito informar y transparentar a las personas y\/o familias los datos del hogar que contiene el Registro Social de Hogares.<br \/>\nEn dicha Cartola podr\u00e1 encontrar:<\/p>\n<p style=\"padding-left: 40px;\">\u2022\u00a0 \u00a0Nombre y RUN de qui\u00e9n solicita la Cartola<br \/>\n\u2022\u00a0 \u00a0N\u00famero de folio del Registro Social de Hogares de su hogar<br \/>\n\u2022\u00a0 \u00a0Fecha hasta la cual se consider\u00f3 la informaci\u00f3n<br \/>\n\u2022\u00a0 \u00a0Datos de domicilio<br \/>\n\u2022\u00a0 \u00a0Lista de integrantes del hogar declarados<br \/>\n\u2022\u00a0 \u00a0Rango de ingresos mensuales del hogar en los \u00faltimos 12 meses disponibles<br \/>\n\u2022\u00a0 \u00a0Tramo de Calificaci\u00f3n Socioecon\u00f3mica<br \/>\n\u2022\u00a0 \u00a0Fuente u origen de los datos<\/p>\n<p style=\"padding-left: 40px;\">La informaci\u00f3n contenida en la Cartola Hogar se actualiza el primer d\u00eda h\u00e1bil de cada mes de manera autom\u00e1tica por el sistema.<\/p>\n<\/div><\/div><\/div><div class=\"fusion-panel panel-default panel-dc8e271be2ec8ae59 fusion-toggle-no-divider fusion-toggle-boxed-mode\"><div class=\"panel-heading\"><h4 class=\"panel-title toggle\" id=\"toggle_dc8e271be2ec8ae59\"><a aria-expanded=\"false\" aria-controls=\"dc8e271be2ec8ae59\" role=\"button\" data-toggle=\"collapse\" data-parent=\"#accordion-26910-3\" data-target=\"#dc8e271be2ec8ae59\" href=\"#dc8e271be2ec8ae59\"><span class=\"fusion-toggle-icon-wrapper\" aria-hidden=\"true\"><i class=\"fa-fusion-box active-icon awb-icon-minus\" aria-hidden=\"true\"><\/i><i class=\"fa-fusion-box inactive-icon awb-icon-plus\" aria-hidden=\"true\"><\/i><\/span><span class=\"fusion-toggle-heading\">5.- Como puedo ingresar al Registro Social de Hogares o actualizar mis datos en el Registro Social de Hogares?<\/span><\/a><\/h4><\/div><div id=\"dc8e271be2ec8ae59\" class=\"panel-collapse collapse \" aria-labelledby=\"toggle_dc8e271be2ec8ae59\"><div class=\"panel-body toggle-content fusion-clearfix\">\n<p style=\"padding-left: 40px;\">En la p\u00e1gina web\u00a0<a href=\"http:\/\/%20www.registrosocial.gob.cl\/\" target=\"_blank\" rel=\"noopener noreferrer\">www.registrosocial.gob.cl\u00a0<\/a>, cualquier integrante del hogar mayor de 18 a\u00f1os, puede realizar solicitudes, a trav\u00e9s de dos formas:<\/p>\n<p style=\"padding-left: 40px;\"><strong>Acceso son Clave \u00danica del Registro Civil:<\/strong><br \/>\nSe podr\u00e1 iniciar y revisar sus tr\u00e1mites. Tambi\u00e9n se podr\u00e1 adjuntar la documentaci\u00f3n que sea solicitada sin acudir posteriormente a su Municipalidad, a menos que usted desee personalmente presentar la documentaci\u00f3n. El ingresar toda la documentaci\u00f3n en la forma y pertinencia validada en la plataforma, no exime de la visita que deber\u00e1 realizar la encuestadora para solicitudes de ingreso, cambio de domicilio o actualizaci\u00f3n del m\u00f3dulo vivienda.<\/p>\n<p style=\"padding-left: 40px;\"><strong>Acceso con Clave RUN:<\/strong><br \/>\nSe le denomina as\u00ed, al acceso ciudadano utilizando el RUN, fecha de nacimiento y n\u00famero de serie o documento de la C\u00e9dula de Identidad. Se podr\u00e1 iniciar y revisar sus tr\u00e1mites. Podr\u00e1 adjuntar la documentaci\u00f3n que sea solicitada. Luego debe acudir a la Municipalidad para acreditar identidad, completar su solicitud y presentar la documentaci\u00f3n requerida si no la ha adjuntado a la plataforma web. De lo contrario, su solicitud no podr\u00e1 ser tramitada.<\/p>\n<p style=\"padding-left: 40px;\"><strong>Acceso a trav\u00e9s de la Municipalidad:<\/strong><br \/>\nSi usted no cuenta con Registro Social de Hogares, la funcionaria municipal, iniciar\u00e1 su Ingreso al Registro, inform\u00e1ndole sobre los documentos de respaldo que debe presentar junto con el Formulario de Solicitud de Ingreso al Registro, el que debe ser firmado por todos los integrantes mayores de 18 a\u00f1os que forman parte de su hogar. Una vez presentados los documentos, ser\u00e1 visitado en su domicilio para completar el proceso de ingreso.<\/p>\n<p style=\"padding-left: 40px;\">Si usted o su hogar cuenta con Registro Social de Hogares, la funcionaria municipal le comunicar\u00e1 la informaci\u00f3n declarada en el Registro. Si la informaci\u00f3n declarada, requiere ser modificada, la funcionaria municipal, ingresar\u00e1 al Sistema su solicitud. Al mismo tiempo usted deber\u00e1 firmar la solicitud que realice y presentar la documentaci\u00f3n de respaldo seg\u00fan corresponda. Una vez concluido el tr\u00e1mite, la solicitud ser\u00e1 aprobada y la nueva informaci\u00f3n ser\u00e1 parte de su Registro Social de Hogares.<\/p>\n<p style=\"padding-left: 40px;\"><strong>Horario de atenci\u00f3n de Registro Social de Hogares en la Municipalidad de Puc\u00f3n<\/strong><br \/>\nEdificio Consistorial Municipalidad de Puc\u00f3n<br \/>\nAvda O\u00b4Higgins 483<br \/>\nOficina 6 y 7 Primer Piso en el Departamento Social<br \/>\nHorario de Atenci\u00f3n: Lunes a Viernes de 8:30 a 14:00 horas<br \/>\nTel\u00e9fonos 45-2293018 \u2013 45-293019<br \/>\nMail\u00a0<a href=\"mailto:%20social@municipalidadpucon.cl\">social@municipalidadpucon.cl<\/a><br \/>\n<a href=\"mailto:%20rsh@municipalidadpucon.cl\">rsh@municipalidadpucon.cl<\/a><br \/>\n<a href=\"mailto:%20cfernandez@municipalidadpucon.cl\">cfernandez@municipalidadpucon.cl\u00a0<\/a>.<\/p>\n<\/div><\/div><\/div><\/div><\/div><div class=\"fusion-clearfix\"><\/div><\/div><\/div><\/div><\/div><div class=\"fusion-fullwidth fullwidth-box fusion-builder-row-4 nonhundred-percent-fullwidth non-hundred-percent-height-scrolling\" style=\"--awb-border-radius-top-left:0px;--awb-border-radius-top-right:0px;--awb-border-radius-bottom-right:0px;--awb-border-radius-bottom-left:0px;--awb-flex-wrap:wrap;\" ><div class=\"fusion-builder-row fusion-row\"><div class=\"fusion-layout-column fusion_builder_column fusion-builder-column-3 fusion_builder_column_1_1 1_1 fusion-one-full fusion-column-first fusion-column-last\" style=\"--awb-bg-size:cover;\"><div class=\"fusion-column-wrapper fusion-column-has-shadow fusion-flex-column-wrapper-legacy\"><div class=\"fusion-title title fusion-title-4 fusion-title-text fusion-title-size-four\"><h4 class=\"fusion-title-heading title-heading-left\" style=\"margin:0;\">PROGRAMA MAPUCHE<\/h4><span class=\"awb-title-spacer\"><\/span><div class=\"title-sep-container\"><div class=\"title-sep sep-double sep-solid\" style=\"border-color:#e2e2e2;\"><\/div><\/div><\/div><div class=\"accordian fusion-accordian\" style=\"--awb-border-size:1px;--awb-icon-size:16px;--awb-content-font-size:16px;--awb-icon-alignment:left;--awb-hover-color:#ffffff;--awb-border-color:#e2e2e2;--awb-background-color:#ffffff;--awb-divider-color:#e2e2e2;--awb-divider-hover-color:#e2e2e2;--awb-icon-color:#ffffff;--awb-title-color:#212934;--awb-content-color:#4a4e57;--awb-icon-box-color:#212934;--awb-toggle-hover-accent-color:#1a80b6;--awb-title-font-family:&quot;Zilla Slab&quot;;--awb-title-font-weight:400;--awb-title-font-style:normal;--awb-content-font-family:&quot;Open Sans&quot;;--awb-content-font-style:normal;--awb-content-font-weight:400;\"><div class=\"panel-group fusion-toggle-icon-boxed\" id=\"accordion-26910-4\"><div class=\"fusion-panel panel-default panel-81588364e4a140033 fusion-toggle-no-divider fusion-toggle-boxed-mode\"><div class=\"panel-heading\"><h4 class=\"panel-title toggle\" id=\"toggle_81588364e4a140033\"><a aria-expanded=\"false\" aria-controls=\"81588364e4a140033\" role=\"button\" data-toggle=\"collapse\" data-parent=\"#accordion-26910-4\" data-target=\"#81588364e4a140033\" href=\"#81588364e4a140033\"><span class=\"fusion-toggle-icon-wrapper\" aria-hidden=\"true\"><i class=\"fa-fusion-box active-icon awb-icon-minus\" aria-hidden=\"true\"><\/i><i class=\"fa-fusion-box inactive-icon awb-icon-plus\" aria-hidden=\"true\"><\/i><\/span><span class=\"fusion-toggle-heading\">1.- Beneficiarios de la acreditaci\u00f3n de calidad ind\u00edgena<\/span><\/a><\/h4><\/div><div id=\"81588364e4a140033\" class=\"panel-collapse collapse \" aria-labelledby=\"toggle_81588364e4a140033\"><div class=\"panel-body toggle-content fusion-clearfix\">\n<p style=\"padding-left: 40px;\">\u2022\u00a0 \u00a0Chilenos pertenecientes a culturas ind\u00edgenas<br \/>\n\u2022\u00a0 \u00a0Personas que no son ind\u00edgenas, pero se autoidentifican como tales seg\u00fan del decreto supremo N\u00b0 392.<\/p>\n<\/div><\/div><\/div><div class=\"fusion-panel panel-default panel-35f198afab192964b fusion-toggle-no-divider fusion-toggle-boxed-mode\"><div class=\"panel-heading\"><h4 class=\"panel-title toggle\" id=\"toggle_35f198afab192964b\"><a aria-expanded=\"false\" aria-controls=\"35f198afab192964b\" role=\"button\" data-toggle=\"collapse\" data-parent=\"#accordion-26910-4\" data-target=\"#35f198afab192964b\" href=\"#35f198afab192964b\"><span class=\"fusion-toggle-icon-wrapper\" aria-hidden=\"true\"><i class=\"fa-fusion-box active-icon awb-icon-minus\" aria-hidden=\"true\"><\/i><i class=\"fa-fusion-box inactive-icon awb-icon-plus\" aria-hidden=\"true\"><\/i><\/span><span class=\"fusion-toggle-heading\">2.- Descripci\u00f3n<\/span><\/a><\/h4><\/div><div id=\"35f198afab192964b\" class=\"panel-collapse collapse \" aria-labelledby=\"toggle_35f198afab192964b\"><div class=\"panel-body toggle-content fusion-clearfix\">\n<p style=\"padding-left: 40px;\">La ley Ind\u00edgena se\u00f1ala 3 instancias en las cuales se puede solicitar la certificaci\u00f3n de calidad ind\u00edgena:<\/p>\n<p style=\"padding-left: 40px;\">a.- Por descendencia<br \/>\nb.- Por matrimonio<br \/>\nc.- Autoidentificaci\u00f3n (seg\u00fan Decreto Supremo N\u00b0 392).<\/p>\n<\/div><\/div><\/div><div class=\"fusion-panel panel-default panel-3b2db95953a5b69de fusion-toggle-no-divider fusion-toggle-boxed-mode\"><div class=\"panel-heading\"><h4 class=\"panel-title toggle\" id=\"toggle_3b2db95953a5b69de\"><a aria-expanded=\"false\" aria-controls=\"3b2db95953a5b69de\" role=\"button\" data-toggle=\"collapse\" data-parent=\"#accordion-26910-4\" data-target=\"#3b2db95953a5b69de\" href=\"#3b2db95953a5b69de\"><span class=\"fusion-toggle-icon-wrapper\" aria-hidden=\"true\"><i class=\"fa-fusion-box active-icon awb-icon-minus\" aria-hidden=\"true\"><\/i><i class=\"fa-fusion-box inactive-icon awb-icon-plus\" aria-hidden=\"true\"><\/i><\/span><span class=\"fusion-toggle-heading\">3.- Requisitos <\/span><\/a><\/h4><\/div><div id=\"3b2db95953a5b69de\" class=\"panel-collapse collapse \" aria-labelledby=\"toggle_3b2db95953a5b69de\"><div class=\"panel-body toggle-content fusion-clearfix\">\n<p style=\"padding-left: 40px;\">a.-\u00a0<strong>Descendencia:<\/strong>\u00a0Demostrar hasta la tercera generaci\u00f3n la descendencia ind\u00edgena por medio del apellido.<br \/>\nb.-\u00a0<strong>Matrimonio:<\/strong>\u00a0Haber contra\u00eddo matrimonio con una persona de descendencia ind\u00edgena.<br \/>\nc.-\u00a0<strong>Autoidentificaci\u00f3n:<\/strong>\u00a0Ser reconocido por una comunidad ind\u00edgena.<\/p>\n<\/div><\/div><\/div><div class=\"fusion-panel panel-default panel-76e6921f92f3ecd80 fusion-toggle-no-divider fusion-toggle-boxed-mode\"><div class=\"panel-heading\"><h4 class=\"panel-title toggle\" id=\"toggle_76e6921f92f3ecd80\"><a aria-expanded=\"false\" aria-controls=\"76e6921f92f3ecd80\" role=\"button\" data-toggle=\"collapse\" data-parent=\"#accordion-26910-4\" data-target=\"#76e6921f92f3ecd80\" href=\"#76e6921f92f3ecd80\"><span class=\"fusion-toggle-icon-wrapper\" aria-hidden=\"true\"><i class=\"fa-fusion-box active-icon awb-icon-minus\" aria-hidden=\"true\"><\/i><i class=\"fa-fusion-box inactive-icon awb-icon-plus\" aria-hidden=\"true\"><\/i><\/span><span class=\"fusion-toggle-heading\">4.- Documentaci\u00f3n necesaria <\/span><\/a><\/h4><\/div><div id=\"76e6921f92f3ecd80\" class=\"panel-collapse collapse \" aria-labelledby=\"toggle_76e6921f92f3ecd80\"><div class=\"panel-body toggle-content fusion-clearfix\">\n<p style=\"padding-left: 40px;\"><strong>a.- Por Descendencia:<\/strong><br \/>\n\u2022\u00a0 \u00a0Certificado de nacimiento del solicitante<br \/>\n\u2022\u00a0 \u00a0Certificado de nacimiento padre o madre (seg\u00fan corresponda, es decir, qui\u00e9n tenga el apellido ind\u00edgena)<br \/>\n\u2022\u00a0 \u00a0Certificado de nacimiento de abuelo o abuela (seg\u00fan corresponda)<br \/>\n\u2022\u00a0 \u00a0Fotocopia c\u00e9dula de identidad vigente del solicitante<\/p>\n<p style=\"padding-left: 40px;\"><strong>b.- Por Matrimonio:<\/strong><br \/>\n\u2022\u00a0 \u00a0Certificado de nacimiento del solicitante<br \/>\n\u2022\u00a0 \u00a0Certificado de nacimiento del c\u00f3nyuge<br \/>\n\u2022\u00a0 \u00a0Certificado de matrimonio vigente<br \/>\n\u2022\u00a0 \u00a0Fotocopias de c\u00e9dulas de identidad de ambos<br \/>\n\u2022\u00a0 \u00a0Declaraci\u00f3n jurada ante Notario (formulario entregado en la oficina)<br \/>\n\u2022\u00a0 \u00a0Fotocopia de calidad ind\u00edgena si el c\u00f3nyuge no tiene el apellido ind\u00edgena<\/p>\n<p style=\"padding-left: 40px;\"><strong>c.- Por Autoidentificaci\u00f3n:<\/strong><br \/>\n\u2022\u00a0 \u00a0Fotocopia de la c\u00e9dula de identidad vigente<br \/>\n\u2022\u00a0 \u00a0Certificado nacimiento del solicitante, donde aparezca el nombre de los padres<br \/>\n\u2022\u00a0 \u00a0Carta de alguna autoridad tradicional reconocida y validad por la comunidad ind\u00edgena, en la cual se\u00f1ale la pertenencia del solicitante a la comunidad<br \/>\n\u2022\u00a0 \u00a0Declaraci\u00f3n jurada ante Notario de autoidentificaci\u00f3n como ind\u00edgena (formulario entregado en la oficina).<\/p>\n<\/div><\/div><\/div><div class=\"fusion-panel panel-default panel-2d23cec11a75b085d fusion-toggle-no-divider fusion-toggle-boxed-mode\"><div class=\"panel-heading\"><h4 class=\"panel-title toggle\" id=\"toggle_2d23cec11a75b085d\"><a aria-expanded=\"false\" aria-controls=\"2d23cec11a75b085d\" role=\"button\" data-toggle=\"collapse\" data-parent=\"#accordion-26910-4\" data-target=\"#2d23cec11a75b085d\" href=\"#2d23cec11a75b085d\"><span class=\"fusion-toggle-icon-wrapper\" aria-hidden=\"true\"><i class=\"fa-fusion-box active-icon awb-icon-minus\" aria-hidden=\"true\"><\/i><i class=\"fa-fusion-box inactive-icon awb-icon-plus\" aria-hidden=\"true\"><\/i><\/span><span class=\"fusion-toggle-heading\">5.- Tr\u00e1mites o etapas a realizar <\/span><\/a><\/h4><\/div><div id=\"2d23cec11a75b085d\" class=\"panel-collapse collapse \" aria-labelledby=\"toggle_2d23cec11a75b085d\"><div class=\"panel-body toggle-content fusion-clearfix\">\n<p style=\"padding-left: 40px;\">\u2022 Si la persona cumple con los requisitos, debe ingresarlos en la oficina de asuntos ind\u00edgenas de la municipalidad de Puc\u00f3n.<br \/>\n\u2022 Una vez ingresados los documentos estos son llevados a la CONADI (Temuco), donde se solicita la acreditaci\u00f3n ind\u00edgena.<\/p>\n<\/div><\/div><\/div><div class=\"fusion-panel panel-default panel-74c75dea61d7b2bad fusion-toggle-no-divider fusion-toggle-boxed-mode\"><div class=\"panel-heading\"><h4 class=\"panel-title toggle\" id=\"toggle_74c75dea61d7b2bad\"><a aria-expanded=\"false\" aria-controls=\"74c75dea61d7b2bad\" role=\"button\" data-toggle=\"collapse\" data-parent=\"#accordion-26910-4\" data-target=\"#74c75dea61d7b2bad\" href=\"#74c75dea61d7b2bad\"><span class=\"fusion-toggle-icon-wrapper\" aria-hidden=\"true\"><i class=\"fa-fusion-box active-icon awb-icon-minus\" aria-hidden=\"true\"><\/i><i class=\"fa-fusion-box inactive-icon awb-icon-plus\" aria-hidden=\"true\"><\/i><\/span><span class=\"fusion-toggle-heading\">6.- Costo del tramite <\/span><\/a><\/h4><\/div><div id=\"74c75dea61d7b2bad\" class=\"panel-collapse collapse \" aria-labelledby=\"toggle_74c75dea61d7b2bad\"><div class=\"panel-body toggle-content fusion-clearfix\">\n<p style=\"padding-left: 40px;\">\u2022 Este tr\u00e1mite no tiene costo<\/p>\n<\/div><\/div><\/div><div class=\"fusion-panel panel-default panel-2a6f8ccadde10422e fusion-toggle-no-divider fusion-toggle-boxed-mode\"><div class=\"panel-heading\"><h4 class=\"panel-title toggle\" id=\"toggle_2a6f8ccadde10422e\"><a aria-expanded=\"false\" aria-controls=\"2a6f8ccadde10422e\" role=\"button\" data-toggle=\"collapse\" data-parent=\"#accordion-26910-4\" data-target=\"#2a6f8ccadde10422e\" href=\"#2a6f8ccadde10422e\"><span class=\"fusion-toggle-icon-wrapper\" aria-hidden=\"true\"><i class=\"fa-fusion-box active-icon awb-icon-minus\" aria-hidden=\"true\"><\/i><i class=\"fa-fusion-box inactive-icon awb-icon-plus\" aria-hidden=\"true\"><\/i><\/span><span class=\"fusion-toggle-heading\">7.- Plazos <\/span><\/a><\/h4><\/div><div id=\"2a6f8ccadde10422e\" class=\"panel-collapse collapse \" aria-labelledby=\"toggle_2a6f8ccadde10422e\"><div class=\"panel-body toggle-content fusion-clearfix\">\n<p style=\"padding-left: 40px;\">\u2022 No tiene plazo, solo que teniendo carnet de identidad (sin importar la edad), se puede realizar el tr\u00e1mite.<br \/>\n\u2022 Los que son menores de edad, el tramite debe realizarlos madre, padre o tutor legal.<\/p>\n<\/div><\/div><\/div><div class=\"fusion-panel panel-default panel-7a8d0874e7ee02539 fusion-toggle-no-divider fusion-toggle-boxed-mode\"><div class=\"panel-heading\"><h4 class=\"panel-title toggle\" id=\"toggle_7a8d0874e7ee02539\"><a aria-expanded=\"false\" aria-controls=\"7a8d0874e7ee02539\" role=\"button\" data-toggle=\"collapse\" data-parent=\"#accordion-26910-4\" data-target=\"#7a8d0874e7ee02539\" href=\"#7a8d0874e7ee02539\"><span class=\"fusion-toggle-icon-wrapper\" aria-hidden=\"true\"><i class=\"fa-fusion-box active-icon awb-icon-minus\" aria-hidden=\"true\"><\/i><i class=\"fa-fusion-box inactive-icon awb-icon-plus\" aria-hidden=\"true\"><\/i><\/span><span class=\"fusion-toggle-heading\">8.- Lugar donde realizar el tramite <\/span><\/a><\/h4><\/div><div id=\"7a8d0874e7ee02539\" class=\"panel-collapse collapse \" aria-labelledby=\"toggle_7a8d0874e7ee02539\"><div class=\"panel-body toggle-content fusion-clearfix\">\n<p style=\"padding-left: 40px;\">\u2022 Oficina N\u00b02 de asuntos Ind\u00edgenas, ubicado en el primer piso de la municipalidad de Puc\u00f3n.<\/p>\n<\/div><\/div><\/div><div class=\"fusion-panel panel-default panel-2c0868f913df58dd9 fusion-toggle-no-divider fusion-toggle-boxed-mode\"><div class=\"panel-heading\"><h4 class=\"panel-title toggle\" id=\"toggle_2c0868f913df58dd9\"><a aria-expanded=\"false\" aria-controls=\"2c0868f913df58dd9\" role=\"button\" data-toggle=\"collapse\" data-parent=\"#accordion-26910-4\" data-target=\"#2c0868f913df58dd9\" href=\"#2c0868f913df58dd9\"><span class=\"fusion-toggle-icon-wrapper\" aria-hidden=\"true\"><i class=\"fa-fusion-box active-icon awb-icon-minus\" aria-hidden=\"true\"><\/i><i class=\"fa-fusion-box inactive-icon awb-icon-plus\" aria-hidden=\"true\"><\/i><\/span><span class=\"fusion-toggle-heading\">9.- Unidad responsable <\/span><\/a><\/h4><\/div><div id=\"2c0868f913df58dd9\" class=\"panel-collapse collapse \" aria-labelledby=\"toggle_2c0868f913df58dd9\"><div class=\"panel-body toggle-content fusion-clearfix\">\n<p style=\"padding-left: 40px;\">\u2022 DIDECO.<\/p>\n<\/div><\/div><\/div><\/div><\/div><div class=\"fusion-clearfix\"><\/div><\/div><\/div><\/div><\/div><\/p>\n","protected":false},"excerpt":{"rendered":"","protected":false},"author":1,"featured_media":0,"parent":0,"menu_order":0,"comment_status":"closed","ping_status":"closed","template":"","meta":[],"_links":{"self":[{"href":"https:\/\/municipalidadpucon.cl\/index.php?rest_route=\/wp\/v2\/pages\/26910"}],"collection":[{"href":"https:\/\/municipalidadpucon.cl\/index.php?rest_route=\/wp\/v2\/pages"}],"about":[{"href":"https:\/\/municipalidadpucon.cl\/index.php?rest_route=\/wp\/v2\/types\/page"}],"author":[{"embeddable":true,"href":"https:\/\/municipalidadpucon.cl\/index.php?rest_route=\/wp\/v2\/users\/1"}],"replies":[{"embeddable":true,"href":"https:\/\/municipalidadpucon.cl\/index.php?rest_route=%2Fwp%2Fv2%2Fcomments&post=26910"}],"version-history":[{"count":14,"href":"https:\/\/municipalidadpucon.cl\/index.php?rest_route=\/wp\/v2\/pages\/26910\/revisions"}],"predecessor-version":[{"id":29710,"href":"https:\/\/municipalidadpucon.cl\/index.php?rest_route=\/wp\/v2\/pages\/26910\/revisions\/29710"}],"wp:attachment":[{"href":"https:\/\/municipalidadpucon.cl\/index.php?rest_route=%2Fwp%2Fv2%2Fmedia&parent=26910"}],"curies":[{"name":"wp","href":"https:\/\/api.w.org\/{rel}","templated":true}]}}