{"id":26946,"date":"2020-04-29T16:43:34","date_gmt":"2020-04-29T19:43:34","guid":{"rendered":"https:\/\/municipalidadpucon.cl\/?page_id=26946"},"modified":"2025-04-15T14:20:31","modified_gmt":"2025-04-15T17:20:31","slug":"faq-direccion-de-transito-y-transporte-publico","status":"publish","type":"page","link":"https:\/\/municipalidadpucon.cl\/?page_id=26946","title":{"rendered":"FAQ DIRECCI\u00d3N DE TRANSITO Y TRANSPORTE PUBLICO"},"content":{"rendered":"<p><div class=\"fusion-fullwidth fullwidth-box fusion-builder-row-1 nonhundred-percent-fullwidth non-hundred-percent-height-scrolling\" style=\"--awb-border-radius-top-left:0px;--awb-border-radius-top-right:0px;--awb-border-radius-bottom-right:0px;--awb-border-radius-bottom-left:0px;--awb-flex-wrap:wrap;\" ><div class=\"fusion-builder-row fusion-row\"><div class=\"fusion-layout-column fusion_builder_column fusion-builder-column-0 fusion_builder_column_1_1 1_1 fusion-one-full fusion-column-first fusion-column-last\" style=\"--awb-bg-size:cover;\"><div class=\"fusion-column-wrapper fusion-column-has-shadow fusion-flex-column-wrapper-legacy\"><div class=\"fusion-title title fusion-title-1 fusion-title-text fusion-title-size-four\"><h4 class=\"fusion-title-heading title-heading-left\" style=\"margin:0;\">LICENCIAS DE CONDUCIR<\/h4><span class=\"awb-title-spacer\"><\/span><div class=\"title-sep-container\"><div class=\"title-sep sep-double sep-solid\" style=\"border-color:#e2e2e2;\"><\/div><\/div><\/div><div class=\"accordian fusion-accordian\" style=\"--awb-border-size:1px;--awb-icon-size:16px;--awb-content-font-size:16px;--awb-icon-alignment:left;--awb-hover-color:#ffffff;--awb-border-color:#e2e2e2;--awb-background-color:#ffffff;--awb-divider-color:#e2e2e2;--awb-divider-hover-color:#e2e2e2;--awb-icon-color:#ffffff;--awb-title-color:#212934;--awb-content-color:#4a4e57;--awb-icon-box-color:#212934;--awb-toggle-hover-accent-color:#1a80b6;--awb-title-font-family:&quot;Zilla Slab&quot;;--awb-title-font-weight:400;--awb-title-font-style:normal;--awb-content-font-family:&quot;Open Sans&quot;;--awb-content-font-style:normal;--awb-content-font-weight:400;\"><div class=\"panel-group fusion-toggle-icon-boxed\" id=\"accordion-26946-1\"><div class=\"fusion-panel panel-default panel-5246e920b903e5589 fusion-toggle-no-divider fusion-toggle-boxed-mode\" style=\"--awb-title-color:#212934;\"><div class=\"panel-heading\"><h4 class=\"panel-title toggle\" id=\"toggle_5246e920b903e5589\"><a aria-expanded=\"false\" aria-controls=\"5246e920b903e5589\" role=\"button\" data-toggle=\"collapse\" data-parent=\"#accordion-26946-1\" data-target=\"#5246e920b903e5589\" href=\"#5246e920b903e5589\"><span class=\"fusion-toggle-icon-wrapper\" aria-hidden=\"true\"><i class=\"fa-fusion-box active-icon awb-icon-minus\" aria-hidden=\"true\"><\/i><i class=\"fa-fusion-box inactive-icon awb-icon-plus\" aria-hidden=\"true\"><\/i><\/span><span class=\"fusion-toggle-heading\">1.- \u00bfCu\u00e1les son los requisitos para sacar licencia por 1ra. vez?<\/span><\/a><\/h4><\/div><div id=\"5246e920b903e5589\" class=\"panel-collapse collapse \" aria-labelledby=\"toggle_5246e920b903e5589\"><div class=\"panel-body toggle-content fusion-clearfix\">\n<ul>\n<li style=\"list-style-type: none;\">\n<ul>\n<li><span style=\"font-family: arial, helvetica, sans-serif;\">Certificado de estudios m\u00ednimo 8 \u00ba b\u00e1sico rendido, en original\u00a0 o copia legalizada\u00a0 ante\u00a0 notario\u00a0 o bajarlo e imprimirlo desde MINEDUC EN LINEA<\/span><br \/>\n<span style=\"font-family: arial, helvetica, sans-serif;\"><span style=\"text-decoration: underline;\"><strong>Extranjeros:<\/strong><\/span> Certificado de estudios de su Pais, reconocido ante el Ministerio de Educaci\u00f3n de Chile<\/span><\/li>\n<li><span style=\"font-family: arial, helvetica, sans-serif;\">C\u00e9dula de identidad (fotocopia).<\/span><\/li>\n<li><span style=\"font-family: arial, helvetica, sans-serif;\">$52.000.- Aproximadamente (Seg\u00fan valor UTM, sube mensualmente) cualquier medio de pago<\/span><\/li>\n<li><span style=\"font-family: arial, helvetica, sans-serif;\">Certificado de residencia (extendido por junta de vecinos del lugar donde vive)<\/span><\/li>\n<li><span style=\"font-family: arial, helvetica, sans-serif;\">Bajar el manual del nuevo conductor en la p\u00e1gina de\u00a0<a href=\"http:\/\/www.conaset.cl\/\" target=\"_blank\" rel=\"noopener noreferrer\">www.conaset.cl<\/a>\u00a0para estudio.<\/span><\/li>\n<\/ul>\n<\/li>\n<\/ul>\n<p style=\"padding-left: 40px;\"><span style=\"font-family: arial, helvetica, sans-serif;\"><strong>Ex\u00e1menes a Rendir:\u00a0 <\/strong><\/span><\/p>\n<ul>\n<li style=\"list-style-type: none;\">\n<ul>\n<li><span style=\"font-family: arial, helvetica, sans-serif;\">Te\u00f3rico (de acuerdo al manual)\u00a0<\/span><\/li>\n<li><span style=\"font-family: arial, helvetica, sans-serif;\">Psicot\u00e9cnico (Sensomotriz, Psicom\u00e9trico y Entrevista Medica)<\/span><\/li>\n<li><span style=\"font-family: arial, helvetica, sans-serif;\">Pr\u00e1ctico (Traer Veh\u00edculo)<\/span><\/li>\n<\/ul>\n<\/li>\n<\/ul>\n<p style=\"padding-left: 40px;\"><span style=\"font-family: arial, helvetica, sans-serif;\"><strong>Nota:<\/strong>\u00a0 Menores con 17 a\u00f1os cumplidos\u00a0<strong>adem\u00e1s<\/strong>\u00a0deber\u00e1n traer:<\/span><\/p>\n<ul>\n<li style=\"list-style-type: none;\">\n<ul>\n<li><span style=\"font-family: arial, helvetica, sans-serif;\">Certificado de curso de la Escuela de conductores<\/span><\/li>\n<li><span style=\"font-family: arial, helvetica, sans-serif;\">Autorizaci\u00f3n notarial de uno de los padres.<\/span><\/li>\n<\/ul>\n<\/li>\n<\/ul>\n<p style=\"padding-left: 40px;\"><span style=\"font-family: arial, helvetica, sans-serif;\"><strong>E-MAIL:<\/strong> lconducir@municipalidadpucon.cl<\/span><\/p>\n<\/div><\/div><\/div><div class=\"fusion-panel panel-default panel-fdd251238a88d6b35 fusion-toggle-no-divider fusion-toggle-boxed-mode\"><div class=\"panel-heading\"><h4 class=\"panel-title toggle\" id=\"toggle_fdd251238a88d6b35\"><a aria-expanded=\"false\" aria-controls=\"fdd251238a88d6b35\" role=\"button\" data-toggle=\"collapse\" data-parent=\"#accordion-26946-1\" data-target=\"#fdd251238a88d6b35\" href=\"#fdd251238a88d6b35\"><span class=\"fusion-toggle-icon-wrapper\" aria-hidden=\"true\"><i class=\"fa-fusion-box active-icon awb-icon-minus\" aria-hidden=\"true\"><\/i><i class=\"fa-fusion-box inactive-icon awb-icon-plus\" aria-hidden=\"true\"><\/i><\/span><span class=\"fusion-toggle-heading\">2.- \u00bfQu\u00e9 ex\u00e1menes tengo que rendir?<\/span><\/a><\/h4><\/div><div id=\"fdd251238a88d6b35\" class=\"panel-collapse collapse \" aria-labelledby=\"toggle_fdd251238a88d6b35\"><div class=\"panel-body toggle-content fusion-clearfix\">\n<ul>\n<li>Te\u00f3rico (de acuerdo a manual)<\/li>\n<li>Psicot\u00e9cnico (agudeza visual, audici\u00f3n, reacci\u00f3n, coordinaci\u00f3n motriz)<\/li>\n<li>Practico (traer veh\u00edculo)<\/li>\n<\/ul>\n<\/div><\/div><\/div><div class=\"fusion-panel panel-default panel-2a3dd67e78a15bf59 fusion-toggle-no-divider fusion-toggle-boxed-mode\"><div class=\"panel-heading\"><h4 class=\"panel-title toggle\" id=\"toggle_2a3dd67e78a15bf59\"><a aria-expanded=\"false\" aria-controls=\"2a3dd67e78a15bf59\" role=\"button\" data-toggle=\"collapse\" data-parent=\"#accordion-26946-1\" data-target=\"#2a3dd67e78a15bf59\" href=\"#2a3dd67e78a15bf59\"><span class=\"fusion-toggle-icon-wrapper\" aria-hidden=\"true\"><i class=\"fa-fusion-box active-icon awb-icon-minus\" aria-hidden=\"true\"><\/i><i class=\"fa-fusion-box inactive-icon awb-icon-plus\" aria-hidden=\"true\"><\/i><\/span><span class=\"fusion-toggle-heading\">3.- \u00bfCu\u00e1ntas oportunidades tengo para rendir el examen te\u00f3rico?<\/span><\/a><\/h4><\/div><div id=\"2a3dd67e78a15bf59\" class=\"panel-collapse collapse \" aria-labelledby=\"toggle_2a3dd67e78a15bf59\"><div class=\"panel-body toggle-content fusion-clearfix\">\n<p style=\"padding-left: 40px;\">2 veces : 1ra. Rechazada<br \/>\n.\u00a0 \u00a0 \u00a0 \u00a0 \u00a0 \u00a0 \u00a0 \u00a0 2da. Despu\u00e9s de 24 de hrs. De la 1ra. Y hasta 25 d\u00edas de plazo<\/p>\n<p style=\"padding-left: 40px;\">2 veces : 1ra. Despu\u00e9s de 30 d\u00edas de la 2da.<br \/>\n.\u00a0 \u00a0 \u00a0 \u00a0 \u00a0 \u00a0 \u00a0 \u00a0 2da. Despu\u00e9s de 24 hrs. De la 3ra. Y hasta 25 d\u00edas de plazo<\/p>\n<\/div><\/div><\/div><div class=\"fusion-panel panel-default panel-22281fd2d6cc03d05 fusion-toggle-no-divider fusion-toggle-boxed-mode\"><div class=\"panel-heading\"><h4 class=\"panel-title toggle\" id=\"toggle_22281fd2d6cc03d05\"><a aria-expanded=\"false\" aria-controls=\"22281fd2d6cc03d05\" role=\"button\" data-toggle=\"collapse\" data-parent=\"#accordion-26946-1\" data-target=\"#22281fd2d6cc03d05\" href=\"#22281fd2d6cc03d05\"><span class=\"fusion-toggle-icon-wrapper\" aria-hidden=\"true\"><i class=\"fa-fusion-box active-icon awb-icon-minus\" aria-hidden=\"true\"><\/i><i class=\"fa-fusion-box inactive-icon awb-icon-plus\" aria-hidden=\"true\"><\/i><\/span><span class=\"fusion-toggle-heading\">4.- \u00bfQu\u00e9 debo hacer para renovar licencia de conductor?<\/span><\/a><\/h4><\/div><div id=\"22281fd2d6cc03d05\" class=\"panel-collapse collapse \" aria-labelledby=\"toggle_22281fd2d6cc03d05\"><div class=\"panel-body toggle-content fusion-clearfix\">\n<p style=\"padding-left: 40px;\">Acercarse a nuestras oficinas, ubicadas en O\u00b4HIGGINS 774 \u2013 OFICINAS 1204 y 1205<\/p>\n<p style=\"padding-left: 40px;\"><strong>Lunes<\/strong>\u00a0: por orden de llegada desde 08:00 a 14:00 hrs.<br \/>\n<strong>Mi\u00e9rcoles<\/strong>\u00a0: por orden de llegada desde las 08:00 a\u00a0 13:00 hrs.<\/p>\n<p style=\"padding-left: 40px;\"><strong>Viernes<\/strong>\u00a0: agendar hora<\/p>\n<\/div><\/div><\/div><div class=\"fusion-panel panel-default panel-ab96ef26a1a7c0322 fusion-toggle-no-divider fusion-toggle-boxed-mode\"><div class=\"panel-heading\"><h4 class=\"panel-title toggle\" id=\"toggle_ab96ef26a1a7c0322\"><a aria-expanded=\"false\" aria-controls=\"ab96ef26a1a7c0322\" role=\"button\" data-toggle=\"collapse\" data-parent=\"#accordion-26946-1\" data-target=\"#ab96ef26a1a7c0322\" href=\"#ab96ef26a1a7c0322\"><span class=\"fusion-toggle-icon-wrapper\" aria-hidden=\"true\"><i class=\"fa-fusion-box active-icon awb-icon-minus\" aria-hidden=\"true\"><\/i><i class=\"fa-fusion-box inactive-icon awb-icon-plus\" aria-hidden=\"true\"><\/i><\/span><span class=\"fusion-toggle-heading\">5.- \u00bfCu\u00e1les son los valores para renovar licencias de conductor?<\/span><\/a><\/h4><\/div><div id=\"ab96ef26a1a7c0322\" class=\"panel-collapse collapse \" aria-labelledby=\"toggle_ab96ef26a1a7c0322\"><div class=\"panel-body toggle-content fusion-clearfix\">\n<p style=\"padding-left: 40px;\"><strong>Licencias de la comuna de Puc\u00f3n<\/strong><br \/>\n$ 27.000.- aprox. (incluye licencia, certificado de antecedentes y fotograf\u00eda)<\/p>\n<p style=\"padding-left: 40px;\"><strong>Licencias de otras comunas<\/strong><br \/>\n$ 31.500.- aprox. (deben traer certificado de residencia)<br \/>\nIncluye licencia, certificado de antecedentes, fotograf\u00eda y cambio de domicilio<\/p>\n<\/div><\/div><\/div><\/div><\/div><div class=\"fusion-clearfix\"><\/div><\/div><\/div><\/div><\/div><div class=\"fusion-fullwidth fullwidth-box fusion-builder-row-2 nonhundred-percent-fullwidth non-hundred-percent-height-scrolling\" style=\"--awb-border-radius-top-left:0px;--awb-border-radius-top-right:0px;--awb-border-radius-bottom-right:0px;--awb-border-radius-bottom-left:0px;--awb-flex-wrap:wrap;\" ><div class=\"fusion-builder-row fusion-row\"><div class=\"fusion-layout-column fusion_builder_column fusion-builder-column-1 fusion_builder_column_1_1 1_1 fusion-one-full fusion-column-first fusion-column-last\" style=\"--awb-bg-size:cover;\"><div class=\"fusion-column-wrapper fusion-column-has-shadow fusion-flex-column-wrapper-legacy\"><div class=\"fusion-title title fusion-title-2 fusion-title-text fusion-title-size-four\"><h4 class=\"fusion-title-heading title-heading-left\" style=\"margin:0;\">PERMISOS DE CIRCULACI\u00d3N<\/h4><span class=\"awb-title-spacer\"><\/span><div class=\"title-sep-container\"><div class=\"title-sep sep-double sep-solid\" style=\"border-color:#e2e2e2;\"><\/div><\/div><\/div><div class=\"accordian fusion-accordian\" style=\"--awb-border-size:1px;--awb-icon-size:16px;--awb-content-font-size:16px;--awb-icon-alignment:left;--awb-hover-color:#ffffff;--awb-border-color:#e2e2e2;--awb-background-color:#ffffff;--awb-divider-color:#e2e2e2;--awb-divider-hover-color:#e2e2e2;--awb-icon-color:#ffffff;--awb-title-color:#212934;--awb-content-color:#4a4e57;--awb-icon-box-color:#212934;--awb-toggle-hover-accent-color:#1a80b6;--awb-title-font-family:&quot;Zilla Slab&quot;;--awb-title-font-weight:400;--awb-title-font-style:normal;--awb-content-font-family:&quot;Open Sans&quot;;--awb-content-font-style:normal;--awb-content-font-weight:400;\"><div class=\"panel-group fusion-toggle-icon-boxed\" id=\"accordion-26946-2\"><div class=\"fusion-panel panel-default panel-320a8077335b64fc6 fusion-toggle-no-divider fusion-toggle-boxed-mode\"><div class=\"panel-heading\"><h4 class=\"panel-title toggle\" id=\"toggle_320a8077335b64fc6\"><a aria-expanded=\"false\" aria-controls=\"320a8077335b64fc6\" role=\"button\" data-toggle=\"collapse\" data-parent=\"#accordion-26946-2\" data-target=\"#320a8077335b64fc6\" href=\"#320a8077335b64fc6\"><span class=\"fusion-toggle-icon-wrapper\" aria-hidden=\"true\"><i class=\"fa-fusion-box active-icon awb-icon-minus\" aria-hidden=\"true\"><\/i><i class=\"fa-fusion-box inactive-icon awb-icon-plus\" aria-hidden=\"true\"><\/i><\/span><span class=\"fusion-toggle-heading\">1.- \u00bfPor qu\u00e9 un veh\u00edculo del a\u00f1o en curso no se puede pagar por internet ?<\/span><\/a><\/h4><\/div><div id=\"320a8077335b64fc6\" class=\"panel-collapse collapse \" aria-labelledby=\"toggle_320a8077335b64fc6\"><div class=\"panel-body toggle-content fusion-clearfix\">\n<p style=\"padding-left: 40px;\">Todos los veh\u00edculos que est\u00e1n asignados y codificados por el SII se encuentran disponibles para pago a trav\u00e9s de internet. En el caso de los veh\u00edculos del a\u00f1o en curso no est\u00e1n aun codificados y hasta que no le asigne un c\u00f3digo el SII, el pago s\u00f3lo podr\u00e1 ser presencial en nuestras oficinas.<\/p>\n<\/div><\/div><\/div><div class=\"fusion-panel panel-default panel-c3093cd8040a27d92 fusion-toggle-no-divider fusion-toggle-boxed-mode\"><div class=\"panel-heading\"><h4 class=\"panel-title toggle\" id=\"toggle_c3093cd8040a27d92\"><a aria-expanded=\"false\" aria-controls=\"c3093cd8040a27d92\" role=\"button\" data-toggle=\"collapse\" data-parent=\"#accordion-26946-2\" data-target=\"#c3093cd8040a27d92\" href=\"#c3093cd8040a27d92\"><span class=\"fusion-toggle-icon-wrapper\" aria-hidden=\"true\"><i class=\"fa-fusion-box active-icon awb-icon-minus\" aria-hidden=\"true\"><\/i><i class=\"fa-fusion-box inactive-icon awb-icon-plus\" aria-hidden=\"true\"><\/i><\/span><span class=\"fusion-toggle-heading\">2.- \u00bfPor qu\u00e9 la segunda cuota no se puede pagar en otro municipio distinto?<\/span><\/a><\/h4><\/div><div id=\"c3093cd8040a27d92\" class=\"panel-collapse collapse \" aria-labelledby=\"toggle_c3093cd8040a27d92\"><div class=\"panel-body toggle-content fusion-clearfix\">\n<p style=\"padding-left: 40px;\">Por ley modificada hace varios a\u00f1os, se establece textualmente que todos los pagos por concepto de la segunda cuota, s\u00f3lo pueden hacerse en donde se pag\u00f3 la primera cuota.\u00a0 Adem\u00e1s, hay dict\u00e1menes de Contralor\u00eda que esclarecen que el pago de la segunda cuota s\u00f3lo puede efectuarse donde se pag\u00f3 la primera cuota y otros municipios estamos imposibilitados de recibir segundas cuotas de otros municipios.<\/p>\n<\/div><\/div><\/div><div class=\"fusion-panel panel-default panel-5261f0c0123f8563a fusion-toggle-no-divider fusion-toggle-boxed-mode\"><div class=\"panel-heading\"><h4 class=\"panel-title toggle\" id=\"toggle_5261f0c0123f8563a\"><a aria-expanded=\"false\" aria-controls=\"5261f0c0123f8563a\" role=\"button\" data-toggle=\"collapse\" data-parent=\"#accordion-26946-2\" data-target=\"#5261f0c0123f8563a\" href=\"#5261f0c0123f8563a\"><span class=\"fusion-toggle-icon-wrapper\" aria-hidden=\"true\"><i class=\"fa-fusion-box active-icon awb-icon-minus\" aria-hidden=\"true\"><\/i><i class=\"fa-fusion-box inactive-icon awb-icon-plus\" aria-hidden=\"true\"><\/i><\/span><span class=\"fusion-toggle-heading\">3.- \u00bfPor qu\u00e9 se exige para pagar un P.C. el comprobante o el recibo del \u00faltimo permiso cancelado?<\/span><\/a><\/h4><\/div><div id=\"5261f0c0123f8563a\" class=\"panel-collapse collapse \" aria-labelledby=\"toggle_5261f0c0123f8563a\"><div class=\"panel-body toggle-content fusion-clearfix\">\n<p style=\"padding-left: 40px;\">Los registros de permisos de circulaci\u00f3n son comunales, no existe un registro nacional, raz\u00f3n por la cual, para efectuar un cobro de un permiso, \u00e9ste se determina seg\u00fan la documentaci\u00f3n fidedigna que presenta el contribuyente de su medio de transporte constatando su autenticidad, su fecha de vencimiento y el c\u00f3digo del SII para posteriormente en un plazo ajustad\u00edsimo informar a ese otro municipio del traslado de la placa patente in comento.<\/p>\n<\/div><\/div><\/div><div class=\"fusion-panel panel-default panel-3cafbd9086d523104 fusion-toggle-no-divider fusion-toggle-boxed-mode\"><div class=\"panel-heading\"><h4 class=\"panel-title toggle\" id=\"toggle_3cafbd9086d523104\"><a aria-expanded=\"false\" aria-controls=\"3cafbd9086d523104\" role=\"button\" data-toggle=\"collapse\" data-parent=\"#accordion-26946-2\" data-target=\"#3cafbd9086d523104\" href=\"#3cafbd9086d523104\"><span class=\"fusion-toggle-icon-wrapper\" aria-hidden=\"true\"><i class=\"fa-fusion-box active-icon awb-icon-minus\" aria-hidden=\"true\"><\/i><i class=\"fa-fusion-box inactive-icon awb-icon-plus\" aria-hidden=\"true\"><\/i><\/span><span class=\"fusion-toggle-heading\">4.- Si extravi\u00e9 el ultimo permiso de circulaci\u00f3n, \u00bfpuedo pagar en otro municipio distinto al emisor?<\/span><\/a><\/h4><\/div><div id=\"3cafbd9086d523104\" class=\"panel-collapse collapse \" aria-labelledby=\"toggle_3cafbd9086d523104\"><div class=\"panel-body toggle-content fusion-clearfix\">\n<p style=\"padding-left: 40px;\">Lamentablemente, como explico en la pregunta precedente los registros son comunales y no nacionales, raz\u00f3n por la cual, el \u00fanico municipio que cuenta con la informaci\u00f3n de pago es justamente el municipio en donde efectue dicha transacci\u00f3n. \u00a0Otro municipio no cuenta con dicha informaci\u00f3n. Por tanto, si extravi\u00e9 mi \u00faltimo permiso s\u00f3lo me queda dirigirme a pagar el permiso actual en donde efectu\u00e9 el \u00faltimo pago ya que en dicho municipio s\u00cd se encuentra la informaci\u00f3n disponible.<\/p>\n<\/div><\/div><\/div><div class=\"fusion-panel panel-default panel-a5309a531e2517ffe fusion-toggle-no-divider fusion-toggle-boxed-mode\"><div class=\"panel-heading\"><h4 class=\"panel-title toggle\" id=\"toggle_a5309a531e2517ffe\"><a aria-expanded=\"false\" aria-controls=\"a5309a531e2517ffe\" role=\"button\" data-toggle=\"collapse\" data-parent=\"#accordion-26946-2\" data-target=\"#a5309a531e2517ffe\" href=\"#a5309a531e2517ffe\"><span class=\"fusion-toggle-icon-wrapper\" aria-hidden=\"true\"><i class=\"fa-fusion-box active-icon awb-icon-minus\" aria-hidden=\"true\"><\/i><i class=\"fa-fusion-box inactive-icon awb-icon-plus\" aria-hidden=\"true\"><\/i><\/span><span class=\"fusion-toggle-heading\">5.- Si un veh\u00edculo tiene multas empadronadas asociadas, \u00bfpuedo cancelar en forma conjunta el permiso y las multas o debo concurrir a cancelarlas en los distintos J.P.L. ?<\/span><\/a><\/h4><\/div><div id=\"a5309a531e2517ffe\" class=\"panel-collapse collapse \" aria-labelledby=\"toggle_a5309a531e2517ffe\"><div class=\"panel-body toggle-content fusion-clearfix\">\n<p style=\"padding-left: 40px;\">Si el veh\u00edculo tiene multas de tr\u00e1nsito no pagadas e informadas al SII, al momento de pagar el permiso, el sistema exigir\u00e1 que deba efectuarse en forma conjunta o previa el pago de las multas informadas para proceder a girar el permiso de circulaci\u00f3n del a\u00f1o respectivo o en curso. Por tanto, la respuesta es afirmativa, se puede efectuar el pago en forma conjunta.<\/p>\n<\/div><\/div><\/div><\/div><\/div><div class=\"fusion-clearfix\"><\/div><\/div><\/div><\/div><\/div><\/p>\n","protected":false},"excerpt":{"rendered":"","protected":false},"author":1,"featured_media":0,"parent":0,"menu_order":0,"comment_status":"closed","ping_status":"closed","template":"","meta":[],"_links":{"self":[{"href":"https:\/\/municipalidadpucon.cl\/index.php?rest_route=\/wp\/v2\/pages\/26946"}],"collection":[{"href":"https:\/\/municipalidadpucon.cl\/index.php?rest_route=\/wp\/v2\/pages"}],"about":[{"href":"https:\/\/municipalidadpucon.cl\/index.php?rest_route=\/wp\/v2\/types\/page"}],"author":[{"embeddable":true,"href":"https:\/\/municipalidadpucon.cl\/index.php?rest_route=\/wp\/v2\/users\/1"}],"replies":[{"embeddable":true,"href":"https:\/\/municipalidadpucon.cl\/index.php?rest_route=%2Fwp%2Fv2%2Fcomments&post=26946"}],"version-history":[{"count":11,"href":"https:\/\/municipalidadpucon.cl\/index.php?rest_route=\/wp\/v2\/pages\/26946\/revisions"}],"predecessor-version":[{"id":54915,"href":"https:\/\/municipalidadpucon.cl\/index.php?rest_route=\/wp\/v2\/pages\/26946\/revisions\/54915"}],"wp:attachment":[{"href":"https:\/\/municipalidadpucon.cl\/index.php?rest_route=%2Fwp%2Fv2%2Fmedia&parent=26946"}],"curies":[{"name":"wp","href":"https:\/\/api.w.org\/{rel}","templated":true}]}}