{"id":26967,"date":"2020-04-30T16:32:53","date_gmt":"2020-04-30T19:32:53","guid":{"rendered":"https:\/\/municipalidadpucon.cl\/?page_id=26967"},"modified":"2020-10-08T12:35:34","modified_gmt":"2020-10-08T15:35:34","slug":"faq-direccion-juridica","status":"publish","type":"page","link":"https:\/\/municipalidadpucon.cl\/?page_id=26967","title":{"rendered":"FAQ DIRECCI\u00d3N JUR\u00cdDICA"},"content":{"rendered":"<p><div class=\"fusion-fullwidth fullwidth-box fusion-builder-row-1 nonhundred-percent-fullwidth non-hundred-percent-height-scrolling\" style=\"--awb-border-radius-top-left:0px;--awb-border-radius-top-right:0px;--awb-border-radius-bottom-right:0px;--awb-border-radius-bottom-left:0px;--awb-flex-wrap:wrap;\" ><div class=\"fusion-builder-row fusion-row\"><div class=\"fusion-layout-column fusion_builder_column fusion-builder-column-0 fusion_builder_column_1_1 1_1 fusion-one-full fusion-column-first fusion-column-last\" style=\"--awb-bg-size:cover;\"><div class=\"fusion-column-wrapper fusion-column-has-shadow fusion-flex-column-wrapper-legacy\"><div class=\"fusion-title title fusion-title-1 fusion-title-text fusion-title-size-four\"><h4 class=\"fusion-title-heading title-heading-left\" style=\"margin:0;\">I.- DIRECCI\u00d3N JUR\u00cdDICA<\/h4><span class=\"awb-title-spacer\"><\/span><div class=\"title-sep-container\"><div class=\"title-sep sep-double sep-solid\" style=\"border-color:#e2e2e2;\"><\/div><\/div><\/div><div class=\"accordian fusion-accordian\" style=\"--awb-border-size:1px;--awb-icon-size:16px;--awb-content-font-size:16px;--awb-icon-alignment:left;--awb-hover-color:#ffffff;--awb-border-color:#e2e2e2;--awb-background-color:#ffffff;--awb-divider-color:#e2e2e2;--awb-divider-hover-color:#e2e2e2;--awb-icon-color:#ffffff;--awb-title-color:#212934;--awb-content-color:#4a4e57;--awb-icon-box-color:#212934;--awb-toggle-hover-accent-color:#1a80b6;--awb-title-font-family:&quot;Zilla Slab&quot;;--awb-title-font-weight:400;--awb-title-font-style:normal;--awb-content-font-family:&quot;Open Sans&quot;;--awb-content-font-style:normal;--awb-content-font-weight:400;\"><div class=\"panel-group fusion-toggle-icon-boxed\" id=\"accordion-26967-1\"><div class=\"fusion-panel panel-default panel-945bf4a1b2dfbb90a fusion-toggle-no-divider fusion-toggle-boxed-mode\"><div class=\"panel-heading\"><h4 class=\"panel-title toggle\" id=\"toggle_945bf4a1b2dfbb90a\"><a aria-expanded=\"false\" aria-controls=\"945bf4a1b2dfbb90a\" role=\"button\" data-toggle=\"collapse\" data-parent=\"#accordion-26967-1\" data-target=\"#945bf4a1b2dfbb90a\" href=\"#945bf4a1b2dfbb90a\"><span class=\"fusion-toggle-icon-wrapper\" aria-hidden=\"true\"><i class=\"fa-fusion-box active-icon awb-icon-minus\" aria-hidden=\"true\"><\/i><i class=\"fa-fusion-box inactive-icon awb-icon-plus\" aria-hidden=\"true\"><\/i><\/span><span class=\"fusion-toggle-heading\">1.- \u00bfQu\u00e9 es la Direcci\u00f3n Jur\u00eddica?<\/span><\/a><\/h4><\/div><div id=\"945bf4a1b2dfbb90a\" class=\"panel-collapse collapse \" aria-labelledby=\"toggle_945bf4a1b2dfbb90a\"><div class=\"panel-body toggle-content fusion-clearfix\">\n<p style=\"padding-left: 40px;\">La Direcci\u00f3n Jur\u00eddica es una unidad asesora y de defensa jur\u00eddica del alcalde, Concejo Municipal y de las unidades municipales, su asesor jur\u00eddico, de exclusiva confianza del alcalde, seg\u00fan lo indica el art\u00edculo 47\u00b0 de la ley n\u00famero 18.695.<br \/>\nSeg\u00fan el art\u00edculo 49 del reglamento interno de estructura y funciones de la Municipalidad de Puc\u00f3n esta direcci\u00f3n estar\u00e1 a cargo de un director, que tiene por imperativo legal, la calidad de funcionario de la exclusiva confianza del alcalde, y tendr\u00e1 las siguientes funciones generales:<\/p>\n<ol>\n<li style=\"list-style-type: none;\">\n<ol>\n<li>Prestar apoyo en materias legales al alcalde y Concejo.<\/li>\n<li>A requerimiento del alcalde, iniciar y defender los juicios en que la Municipalidad sea parte o tenga inter\u00e9s.<\/li>\n<li>Prestar asesor\u00eda jur\u00eddica o defensa en relaci\u00f3n con los intereses de la comunidad, cuando sea procedente y el alcalde as\u00ed lo determine.<\/li>\n<li>Informar en derecho todos los asuntos legales que el alcalde, el Concejo y las unidades municipales le planteen, para lo cual deber\u00e1 considerar adem\u00e1s la jurisprudencia de la Contralor\u00eda General de la Rep\u00fablica.<\/li>\n<li>Orientar peri\u00f3dicamente a las unidades municipales, respecto de las nuevas disposiciones legales y reglamentarias pertinentes.<\/li>\n<li>Dar forma y mantener al d\u00eda los t\u00edtulos de los bienes inmuebles municipales, como as\u00ed tambi\u00e9n la documentaci\u00f3n relativa a los veh\u00edculos de propiedad municipal.<\/li>\n<li>Efectuar las investigaciones y sumarios administrativos cuando lo ordene el alcalde, y ejercer la supervigilancia en la substanciaci\u00f3n de estos procedimientos cuando excepcionalmente sean encargados a funcionarios de otras unidades.<\/li>\n<li>Velar por la tramitaci\u00f3n final de los procesos sumariales e informar al Departamento de Personal y Bienestar cuando la resoluci\u00f3n ha generado un documento definitivo desde la primera autoridad administrativa.<\/li>\n<li>Gestionar y redactar los proyectos de ordenanzas, reglamentos, instructivos, convenios, contratos y otros documentos que le encomiende el alcalde, con la colaboraci\u00f3n de las unidades respectivas cuando corresponda.<\/li>\n<li>Efectuar la cobranza judicial de impuestos, derechos, concesiones, arriendos e impuestos territoriales; y supervisar esta labor, cuando corresponda, en caso de ser contratado los servicios en forma externa.<\/li>\n<li>Realizar las gestiones necesarias para las expropiaciones de bienes inmuebles cuando corresponda, previa refrendaci\u00f3n presupuestaria.<\/li>\n<li>Visar los decretos alcaldicios de compra y contrataci\u00f3n directa por excepci\u00f3n seg\u00fan la ley n\u00famero 19.886 y su reglamento.<\/li>\n<li>Otras funciones que la ley se\u00f1ala o que la autoridad superior le asigne de conformidad a la legislaci\u00f3n y reglamentaci\u00f3n vigente.<\/li>\n<\/ol>\n<\/li>\n<\/ol>\n<\/div><\/div><\/div><\/div><\/div><div class=\"fusion-clearfix\"><\/div><\/div><\/div><\/div><\/div><div class=\"fusion-fullwidth fullwidth-box fusion-builder-row-2 nonhundred-percent-fullwidth non-hundred-percent-height-scrolling\" style=\"--awb-border-radius-top-left:0px;--awb-border-radius-top-right:0px;--awb-border-radius-bottom-right:0px;--awb-border-radius-bottom-left:0px;--awb-flex-wrap:wrap;\" ><div class=\"fusion-builder-row fusion-row\"><div class=\"fusion-layout-column fusion_builder_column fusion-builder-column-1 fusion_builder_column_1_1 1_1 fusion-one-full fusion-column-first fusion-column-last\" style=\"--awb-bg-size:cover;\"><div class=\"fusion-column-wrapper fusion-column-has-shadow fusion-flex-column-wrapper-legacy\"><div class=\"fusion-title title fusion-title-2 fusion-title-text fusion-title-size-four\"><h4 class=\"fusion-title-heading title-heading-left\" style=\"margin:0;\">II.- ASESOR\u00cdA JUR\u00cdDICA<\/h4><span class=\"awb-title-spacer\"><\/span><div class=\"title-sep-container\"><div class=\"title-sep sep-double sep-solid\" style=\"border-color:#e2e2e2;\"><\/div><\/div><\/div><div class=\"accordian fusion-accordian\" style=\"--awb-border-size:1px;--awb-icon-size:16px;--awb-content-font-size:16px;--awb-icon-alignment:left;--awb-hover-color:#ffffff;--awb-border-color:#e2e2e2;--awb-background-color:#ffffff;--awb-divider-color:#e2e2e2;--awb-divider-hover-color:#e2e2e2;--awb-icon-color:#ffffff;--awb-title-color:#212934;--awb-content-color:#4a4e57;--awb-icon-box-color:#212934;--awb-toggle-hover-accent-color:#1a80b6;--awb-title-font-family:&quot;Zilla Slab&quot;;--awb-title-font-weight:400;--awb-title-font-style:normal;--awb-content-font-family:&quot;Open Sans&quot;;--awb-content-font-style:normal;--awb-content-font-weight:400;\"><div class=\"panel-group fusion-toggle-icon-boxed\" id=\"accordion-26967-2\"><div class=\"fusion-panel panel-default panel-93b3c6e398fbce7d5 fusion-toggle-no-divider fusion-toggle-boxed-mode\"><div class=\"panel-heading\"><h4 class=\"panel-title toggle\" id=\"toggle_93b3c6e398fbce7d5\"><a aria-expanded=\"false\" aria-controls=\"93b3c6e398fbce7d5\" role=\"button\" data-toggle=\"collapse\" data-parent=\"#accordion-26967-2\" data-target=\"#93b3c6e398fbce7d5\" href=\"#93b3c6e398fbce7d5\"><span class=\"fusion-toggle-icon-wrapper\" aria-hidden=\"true\"><i class=\"fa-fusion-box active-icon awb-icon-minus\" aria-hidden=\"true\"><\/i><i class=\"fa-fusion-box inactive-icon awb-icon-plus\" aria-hidden=\"true\"><\/i><\/span><span class=\"fusion-toggle-heading\">1.- \u00bfLa direcci\u00f3n jur\u00eddica presta asesor\u00eda jur\u00eddica o social?<\/span><\/a><\/h4><\/div><div id=\"93b3c6e398fbce7d5\" class=\"panel-collapse collapse \" aria-labelledby=\"toggle_93b3c6e398fbce7d5\"><div class=\"panel-body toggle-content fusion-clearfix\">\n<p style=\"padding-left: 40px;\">En principio no, ya que solo est\u00e1 para tramitaci\u00f3n interna del municipio, solo puede ayudar en materias sociales o prestar asesor\u00edas cuando el alcalde as\u00ed lo solicita<\/p>\n<\/div><\/div><\/div><div class=\"fusion-panel panel-default panel-78ba48eff730c2382 fusion-toggle-no-divider fusion-toggle-boxed-mode\"><div class=\"panel-heading\"><h4 class=\"panel-title toggle\" id=\"toggle_78ba48eff730c2382\"><a aria-expanded=\"false\" aria-controls=\"78ba48eff730c2382\" role=\"button\" data-toggle=\"collapse\" data-parent=\"#accordion-26967-2\" data-target=\"#78ba48eff730c2382\" href=\"#78ba48eff730c2382\"><span class=\"fusion-toggle-icon-wrapper\" aria-hidden=\"true\"><i class=\"fa-fusion-box active-icon awb-icon-minus\" aria-hidden=\"true\"><\/i><i class=\"fa-fusion-box inactive-icon awb-icon-plus\" aria-hidden=\"true\"><\/i><\/span><span class=\"fusion-toggle-heading\">2.- \u00bfSi necesito asesor\u00eda jur\u00eddica gratuita donde me puedo dirigir?<\/span><\/a><\/h4><\/div><div id=\"78ba48eff730c2382\" class=\"panel-collapse collapse \" aria-labelledby=\"toggle_78ba48eff730c2382\"><div class=\"panel-body toggle-content fusion-clearfix\">\n<p style=\"padding-left: 40px;\">Se debe distinguir de acuerdo a la materia:<\/p>\n<ol>\n<li style=\"list-style-type: none;\">\n<ol>\n<li>Si es una posible vulneraci\u00f3n o vulneraci\u00f3n de derechos de menores: la Oficina de Protecci\u00f3n de Derechos de los ni\u00f1os, ni\u00f1as y adolescentes es la encargada de esas materias. Se encuentra ubicada en Avenida Bernardo O\u2019Higgins n\u00famero 774, oficina 1108, tel\u00e9fono 452-400638, horario de atenci\u00f3n a p\u00fablico de lunes a viernes desde las 8:30 a 14:00.<\/li>\n<li>Si se trata de una mujer que vive dentro de la comuna de Puc\u00f3n (sobre los 16 a\u00f1os) y es v\u00edctima de violencia o maltrato en contexto de pareja, c\u00f3nyuge, ex c\u00f3nyuge, ex pareja y relaci\u00f3n de pololeo, puede dirigirse a la Oficina de la Mujer que provee gratuitamente ayuda legal y psicol\u00f3gica. Se encuentra ubicada en calle Fresia n\u00famero 385, cuarto piso, tel\u00e9fono 452-400621, horario de atenci\u00f3n a p\u00fablico de lunes a viernes desde las 8:30 a 17:00 horas.<\/li>\n<li>Si tiene problemas relacionados con derecho civil (ej: posesiones efectivas, prescripciones, cambio de nombres), con derecho de familia (ej: alimentos, divorcios, relaci\u00f3n directa y regular) o derecho laboral (ej: tutelas laborales). La Corporaci\u00f3n de Asistencia Judicial es la encargada de velar por todas esas materias. Se encuentra ubicada en Avenida Bernardo O\u2019Higgins n\u00famero 774, oficina 1210, tel\u00e9fono 452-210981, horario de atenci\u00f3n a p\u00fablico de lunes a viernes desde las 9:00 a 14:00.<\/li>\n<\/ol>\n<\/li>\n<\/ol>\n<\/div><\/div><\/div><\/div><\/div><div class=\"fusion-clearfix\"><\/div><\/div><\/div><\/div><\/div><div class=\"fusion-fullwidth fullwidth-box fusion-builder-row-3 nonhundred-percent-fullwidth non-hundred-percent-height-scrolling\" style=\"--awb-border-radius-top-left:0px;--awb-border-radius-top-right:0px;--awb-border-radius-bottom-right:0px;--awb-border-radius-bottom-left:0px;--awb-flex-wrap:wrap;\" ><div class=\"fusion-builder-row fusion-row\"><div class=\"fusion-layout-column fusion_builder_column fusion-builder-column-2 fusion_builder_column_1_1 1_1 fusion-one-full fusion-column-first fusion-column-last\" style=\"--awb-bg-size:cover;\"><div class=\"fusion-column-wrapper fusion-column-has-shadow fusion-flex-column-wrapper-legacy\"><div class=\"fusion-title title fusion-title-3 fusion-title-text fusion-title-size-four\"><h4 class=\"fusion-title-heading title-heading-left\" style=\"margin:0;\">III.- COMODATOS<\/h4><span class=\"awb-title-spacer\"><\/span><div class=\"title-sep-container\"><div class=\"title-sep sep-double sep-solid\" style=\"border-color:#e2e2e2;\"><\/div><\/div><\/div><div class=\"accordian fusion-accordian\" style=\"--awb-border-size:1px;--awb-icon-size:16px;--awb-content-font-size:16px;--awb-icon-alignment:left;--awb-hover-color:#ffffff;--awb-border-color:#e2e2e2;--awb-background-color:#ffffff;--awb-divider-color:#e2e2e2;--awb-divider-hover-color:#e2e2e2;--awb-icon-color:#ffffff;--awb-title-color:#212934;--awb-content-color:#4a4e57;--awb-icon-box-color:#212934;--awb-toggle-hover-accent-color:#1a80b6;--awb-title-font-family:&quot;Zilla Slab&quot;;--awb-title-font-weight:400;--awb-title-font-style:normal;--awb-content-font-family:&quot;Open Sans&quot;;--awb-content-font-style:normal;--awb-content-font-weight:400;\"><div class=\"panel-group fusion-toggle-icon-boxed\" id=\"accordion-26967-3\"><div class=\"fusion-panel panel-default panel-c157825f8347f2f22 fusion-toggle-no-divider fusion-toggle-boxed-mode\"><div class=\"panel-heading\"><h4 class=\"panel-title toggle\" id=\"toggle_c157825f8347f2f22\"><a aria-expanded=\"false\" aria-controls=\"c157825f8347f2f22\" role=\"button\" data-toggle=\"collapse\" data-parent=\"#accordion-26967-3\" data-target=\"#c157825f8347f2f22\" href=\"#c157825f8347f2f22\"><span class=\"fusion-toggle-icon-wrapper\" aria-hidden=\"true\"><i class=\"fa-fusion-box active-icon awb-icon-minus\" aria-hidden=\"true\"><\/i><i class=\"fa-fusion-box inactive-icon awb-icon-plus\" aria-hidden=\"true\"><\/i><\/span><span class=\"fusion-toggle-heading\">1.- \u00bfQu\u00e9 es el Comodato?<\/span><\/a><\/h4><\/div><div id=\"c157825f8347f2f22\" class=\"panel-collapse collapse \" aria-labelledby=\"toggle_c157825f8347f2f22\"><div class=\"panel-body toggle-content fusion-clearfix\">\n<p style=\"padding-left: 40px;\">El comodato o pr\u00e9stamo de uso es un contrato en el cual una de las partes (Municipalidad) entrega a la otra (persona natural u organizaciones comunitarias) gratuitamente una especie, mueble o ra\u00edz, para que haga uso de ella, con cargo de restituir la misma especie, despu\u00e9s de terminado el uso.<br \/>\nEs un contrato gratuito y unilateral y un t\u00edtulo de mera tenencia, cuyo objetivo es el beneficio de car\u00e1cter social gratuito, cumpliendo principalmente un fin social para la comunidad.<\/p>\n<\/div><\/div><\/div><div class=\"fusion-panel panel-default panel-e0320037048c79036 fusion-toggle-no-divider fusion-toggle-boxed-mode\"><div class=\"panel-heading\"><h4 class=\"panel-title toggle\" id=\"toggle_e0320037048c79036\"><a aria-expanded=\"false\" aria-controls=\"e0320037048c79036\" role=\"button\" data-toggle=\"collapse\" data-parent=\"#accordion-26967-3\" data-target=\"#e0320037048c79036\" href=\"#e0320037048c79036\"><span class=\"fusion-toggle-icon-wrapper\" aria-hidden=\"true\"><i class=\"fa-fusion-box active-icon awb-icon-minus\" aria-hidden=\"true\"><\/i><i class=\"fa-fusion-box inactive-icon awb-icon-plus\" aria-hidden=\"true\"><\/i><\/span><span class=\"fusion-toggle-heading\">2.- \u00bfCu\u00e1l es la documentaci\u00f3n necesaria?<\/span><\/a><\/h4><\/div><div id=\"e0320037048c79036\" class=\"panel-collapse collapse \" aria-labelledby=\"toggle_e0320037048c79036\"><div class=\"panel-body toggle-content fusion-clearfix\">\n<ol>\n<li style=\"list-style-type: none;\">\n<ol>\n<li>Solicitar al alcalde y al Concejo municipal el bien ra\u00edz que se solicita en entrega de comodato, cual es el fin social y per\u00edodo por el que se solicita.<\/li>\n<li>Se requiere la aprobaci\u00f3n del Concejo Municipal para la entrega del bien ra\u00edz sujeto al comodato.<\/li>\n<li>Copia del certificado de Secretaria Municipal, que comunica el acuerdo municipal aprobatorio y solicita redacci\u00f3n del contrato de comodato en las mismas condiciones aprobadas por el Concejo.<\/li>\n<li>Certificado de Personalidad Jur\u00eddica de tal Organizaci\u00f3n con vigencia.<\/li>\n<li>Todos los antecedentes de la directiva de la o las organizaciones comunitarias.<\/li>\n<\/ol>\n<\/li>\n<\/ol>\n<\/div><\/div><\/div><div class=\"fusion-panel panel-default panel-2448c93a99fc84104 fusion-toggle-no-divider fusion-toggle-boxed-mode\"><div class=\"panel-heading\"><h4 class=\"panel-title toggle\" id=\"toggle_2448c93a99fc84104\"><a aria-expanded=\"false\" aria-controls=\"2448c93a99fc84104\" role=\"button\" data-toggle=\"collapse\" data-parent=\"#accordion-26967-3\" data-target=\"#2448c93a99fc84104\" href=\"#2448c93a99fc84104\"><span class=\"fusion-toggle-icon-wrapper\" aria-hidden=\"true\"><i class=\"fa-fusion-box active-icon awb-icon-minus\" aria-hidden=\"true\"><\/i><i class=\"fa-fusion-box inactive-icon awb-icon-plus\" aria-hidden=\"true\"><\/i><\/span><span class=\"fusion-toggle-heading\">3.- \u00bfQu\u00e9 obligaciones tienen las partes del contrato de comodato?<\/span><\/a><\/h4><\/div><div id=\"2448c93a99fc84104\" class=\"panel-collapse collapse \" aria-labelledby=\"toggle_2448c93a99fc84104\"><div class=\"panel-body toggle-content fusion-clearfix\">\n<p style=\"padding-left: 40px;\">Las obligaciones de comodatario (organizaciones comunitarias) son:<\/p>\n<ol>\n<li style=\"list-style-type: none;\">\n<ol>\n<li>Conservar la cosa en las mismas condiciones en las que fue entregada.<\/li>\n<li>Usar la cosa en los t\u00e9rminos convenidos o seg\u00fan su uso ordinario.<\/li>\n<li>Restituir la cosa en el plazo estipulado en el contrato de comodato.<\/li>\n<li>Responder de su conservaci\u00f3n de manera esmerada, cuidadosa.<\/li>\n<li>Las mejoras o adelantos quedan en el inmueble municipal.<\/li>\n<\/ol>\n<\/li>\n<\/ol>\n<\/div><\/div><\/div><\/div><\/div><div class=\"fusion-clearfix\"><\/div><\/div><\/div><\/div><\/div><div class=\"fusion-fullwidth fullwidth-box fusion-builder-row-4 nonhundred-percent-fullwidth non-hundred-percent-height-scrolling\" style=\"--awb-border-radius-top-left:0px;--awb-border-radius-top-right:0px;--awb-border-radius-bottom-right:0px;--awb-border-radius-bottom-left:0px;--awb-flex-wrap:wrap;\" ><div class=\"fusion-builder-row fusion-row\"><div class=\"fusion-layout-column fusion_builder_column fusion-builder-column-3 fusion_builder_column_1_1 1_1 fusion-one-full fusion-column-first fusion-column-last\" style=\"--awb-bg-size:cover;\"><div class=\"fusion-column-wrapper fusion-column-has-shadow fusion-flex-column-wrapper-legacy\"><div class=\"fusion-title title fusion-title-4 fusion-title-text fusion-title-size-four\"><h4 class=\"fusion-title-heading title-heading-left\" style=\"margin:0;\">IV.- DERECHO DE ACCESO A LA INFORMACI\u00d3N<\/h4><span class=\"awb-title-spacer\"><\/span><div class=\"title-sep-container\"><div class=\"title-sep sep-double sep-solid\" style=\"border-color:#e2e2e2;\"><\/div><\/div><\/div><div class=\"accordian fusion-accordian\" style=\"--awb-border-size:1px;--awb-icon-size:16px;--awb-content-font-size:16px;--awb-icon-alignment:left;--awb-hover-color:#ffffff;--awb-border-color:#e2e2e2;--awb-background-color:#ffffff;--awb-divider-color:#e2e2e2;--awb-divider-hover-color:#e2e2e2;--awb-icon-color:#ffffff;--awb-title-color:#212934;--awb-content-color:#4a4e57;--awb-icon-box-color:#212934;--awb-toggle-hover-accent-color:#1a80b6;--awb-title-font-family:&quot;Zilla Slab&quot;;--awb-title-font-weight:400;--awb-title-font-style:normal;--awb-content-font-family:&quot;Open Sans&quot;;--awb-content-font-style:normal;--awb-content-font-weight:400;\"><div class=\"panel-group fusion-toggle-icon-boxed\" id=\"accordion-26967-4\"><div class=\"fusion-panel panel-default panel-353a06b47a361b6d0 fusion-toggle-no-divider fusion-toggle-boxed-mode\"><div class=\"panel-heading\"><h4 class=\"panel-title toggle\" id=\"toggle_353a06b47a361b6d0\"><a aria-expanded=\"false\" aria-controls=\"353a06b47a361b6d0\" role=\"button\" data-toggle=\"collapse\" data-parent=\"#accordion-26967-4\" data-target=\"#353a06b47a361b6d0\" href=\"#353a06b47a361b6d0\"><span class=\"fusion-toggle-icon-wrapper\" aria-hidden=\"true\"><i class=\"fa-fusion-box active-icon awb-icon-minus\" aria-hidden=\"true\"><\/i><i class=\"fa-fusion-box inactive-icon awb-icon-plus\" aria-hidden=\"true\"><\/i><\/span><span class=\"fusion-toggle-heading\">1.- \u00bfQu\u00e9 es el Derecho de Acceso a la Informaci\u00f3n (DAI)?<\/span><\/a><\/h4><\/div><div id=\"353a06b47a361b6d0\" class=\"panel-collapse collapse \" aria-labelledby=\"toggle_353a06b47a361b6d0\"><div class=\"panel-body toggle-content fusion-clearfix\">\n<p style=\"padding-left: 40px;\">Es el derecho que toda persona tiene para solicitar y recibir informaci\u00f3n de cualquier \u00f3rgano de la Administraci\u00f3n del Estado. Para ejercer este derecho, no se requiere expresar una causa o motivo. La solicitud de informaci\u00f3n es personal. Por lo tanto, si quien requiere la informaci\u00f3n es una organizaci\u00f3n, puede pedirla a trav\u00e9s de un representante debidamente acreditado. Por otra parte, este derecho supone la obligaci\u00f3n de los organismos p\u00fablicos de responder a las solicitudes de informaci\u00f3n realizadas por las personas y hacer entrega de lo requerido, a menos que exista una causal de secreto o reserva contemplada por la misma ley. El plazo para que las instituciones den respuesta a las solicitudes es de 20 d\u00edas h\u00e1biles, los que pueden ser prorrogados por 10 d\u00edas m\u00e1s, en casos debidamente fundamentados. En la Instrucci\u00f3n General n\u00famero 10 \u201cSobre el Procedimiento Administrativo de Acceso a la Informaci\u00f3n\u201d, se explican los contenidos de cada una de las actividades para la gesti\u00f3n de solicitudes de acceso a la informaci\u00f3n. Adem\u00e1s, en el Oficio n\u00famero 8191, de octubre de 2015, enviado a todas las instituciones que conforman la Administraci\u00f3n P\u00fablica, se requiri\u00f3 ajustar el procedimiento para las subsanaciones, pr\u00f3rrogas y gesti\u00f3n documental.<\/p>\n<\/div><\/div><\/div><div class=\"fusion-panel panel-default panel-b11e893f4007917f1 fusion-toggle-no-divider fusion-toggle-boxed-mode\"><div class=\"panel-heading\"><h4 class=\"panel-title toggle\" id=\"toggle_b11e893f4007917f1\"><a aria-expanded=\"false\" aria-controls=\"b11e893f4007917f1\" role=\"button\" data-toggle=\"collapse\" data-parent=\"#accordion-26967-4\" data-target=\"#b11e893f4007917f1\" href=\"#b11e893f4007917f1\"><span class=\"fusion-toggle-icon-wrapper\" aria-hidden=\"true\"><i class=\"fa-fusion-box active-icon awb-icon-minus\" aria-hidden=\"true\"><\/i><i class=\"fa-fusion-box inactive-icon awb-icon-plus\" aria-hidden=\"true\"><\/i><\/span><span class=\"fusion-toggle-heading\">2.- \u00bfQu\u00e9 informaci\u00f3n se puede solicitar?<\/span><\/a><\/h4><\/div><div id=\"b11e893f4007917f1\" class=\"panel-collapse collapse \" aria-labelledby=\"toggle_b11e893f4007917f1\"><div class=\"panel-body toggle-content fusion-clearfix\">\n<p style=\"padding-left: 40px;\">Se pueden solicitar los actos y resoluciones de los \u00f3rganos de la Administraci\u00f3n del Estado, sus fundamentos, los documentos que le sirven de sustento y complemento directo y esencial y los procedimientos que se utilicen para su dictaci\u00f3n. Asimismo, se puede solicitar toda la informaci\u00f3n elaborada con presupuesto p\u00fablico, cualquiera sea el formato o soporte en que se contenga, salvo las excepciones contempladas en la Ley de Transparencia.<\/p>\n<\/div><\/div><\/div><div class=\"fusion-panel panel-default panel-c94d2023014c4f36a fusion-toggle-no-divider fusion-toggle-boxed-mode\"><div class=\"panel-heading\"><h4 class=\"panel-title toggle\" id=\"toggle_c94d2023014c4f36a\"><a aria-expanded=\"false\" aria-controls=\"c94d2023014c4f36a\" role=\"button\" data-toggle=\"collapse\" data-parent=\"#accordion-26967-4\" data-target=\"#c94d2023014c4f36a\" href=\"#c94d2023014c4f36a\"><span class=\"fusion-toggle-icon-wrapper\" aria-hidden=\"true\"><i class=\"fa-fusion-box active-icon awb-icon-minus\" aria-hidden=\"true\"><\/i><i class=\"fa-fusion-box inactive-icon awb-icon-plus\" aria-hidden=\"true\"><\/i><\/span><span class=\"fusion-toggle-heading\">3.- \u00bfDe qu\u00e9 forma se puede realizar una solicitud de informaci\u00f3n?<\/span><\/a><\/h4><\/div><div id=\"c94d2023014c4f36a\" class=\"panel-collapse collapse \" aria-labelledby=\"toggle_c94d2023014c4f36a\"><div class=\"panel-body toggle-content fusion-clearfix\">\n<p style=\"padding-left: 40px;\">En el caso de la Municipalidad de Puc\u00f3n se deben realizar las consultas en la p\u00e1gina web de la Municipalidad en el link de transparencia:<br \/>\n<a href=\"https:\/\/www.portaltransparencia.cl\/PortalPdT\/ingreso-sai-v2?idOrg=undefined\" target=\"_blank\" rel=\"noopener noreferrer\">https:\/\/www.portaltransparencia.cl\/PortalPdT\/ingreso-sai-v2?idOrg=undefined<\/a><br \/>\no similar, que est\u00e1 en los sitios web de todas las municipalidades, se deber\u00e1 completar el formulario electr\u00f3nico que all\u00ed aparece.<\/p>\n<\/div><\/div><\/div><\/div><\/div><div class=\"fusion-clearfix\"><\/div><\/div><\/div><\/div><\/div><div class=\"fusion-fullwidth fullwidth-box fusion-builder-row-5 nonhundred-percent-fullwidth non-hundred-percent-height-scrolling\" style=\"--awb-border-radius-top-left:0px;--awb-border-radius-top-right:0px;--awb-border-radius-bottom-right:0px;--awb-border-radius-bottom-left:0px;--awb-flex-wrap:wrap;\" ><div class=\"fusion-builder-row fusion-row\"><div class=\"fusion-layout-column fusion_builder_column fusion-builder-column-4 fusion_builder_column_1_1 1_1 fusion-one-full fusion-column-first fusion-column-last\" style=\"--awb-bg-size:cover;\"><div class=\"fusion-column-wrapper fusion-column-has-shadow fusion-flex-column-wrapper-legacy\"><div class=\"fusion-title title fusion-title-5 fusion-title-text fusion-title-size-four\"><h4 class=\"fusion-title-heading title-heading-left\" style=\"margin:0;\">V.- PRESCRIPCI\u00d3N DE DERECHOS DE ASEO<\/h4><span class=\"awb-title-spacer\"><\/span><div class=\"title-sep-container\"><div class=\"title-sep sep-double sep-solid\" style=\"border-color:#e2e2e2;\"><\/div><\/div><\/div><div class=\"accordian fusion-accordian\" style=\"--awb-border-size:1px;--awb-icon-size:16px;--awb-content-font-size:16px;--awb-icon-alignment:left;--awb-hover-color:#ffffff;--awb-border-color:#e2e2e2;--awb-background-color:#ffffff;--awb-divider-color:#e2e2e2;--awb-divider-hover-color:#e2e2e2;--awb-icon-color:#ffffff;--awb-title-color:#212934;--awb-content-color:#4a4e57;--awb-icon-box-color:#212934;--awb-toggle-hover-accent-color:#1a80b6;--awb-title-font-family:&quot;Zilla Slab&quot;;--awb-title-font-weight:400;--awb-title-font-style:normal;--awb-content-font-family:&quot;Open Sans&quot;;--awb-content-font-style:normal;--awb-content-font-weight:400;\"><div class=\"panel-group fusion-toggle-icon-boxed\" id=\"accordion-26967-5\"><div class=\"fusion-panel panel-default panel-7ced9dd111fbb852c fusion-toggle-no-divider fusion-toggle-boxed-mode\"><div class=\"panel-heading\"><h4 class=\"panel-title toggle\" id=\"toggle_7ced9dd111fbb852c\"><a aria-expanded=\"false\" aria-controls=\"7ced9dd111fbb852c\" role=\"button\" data-toggle=\"collapse\" data-parent=\"#accordion-26967-5\" data-target=\"#7ced9dd111fbb852c\" href=\"#7ced9dd111fbb852c\"><span class=\"fusion-toggle-icon-wrapper\" aria-hidden=\"true\"><i class=\"fa-fusion-box active-icon awb-icon-minus\" aria-hidden=\"true\"><\/i><i class=\"fa-fusion-box inactive-icon awb-icon-plus\" aria-hidden=\"true\"><\/i><\/span><span class=\"fusion-toggle-heading\">1.- \u00bfQue es la prescripci\u00f3n?<\/span><\/a><\/h4><\/div><div id=\"7ced9dd111fbb852c\" class=\"panel-collapse collapse \" aria-labelledby=\"toggle_7ced9dd111fbb852c\"><div class=\"panel-body toggle-content fusion-clearfix\">\n<p style=\"padding-left: 40px;\">El C\u00f3digo Civil define la prescripci\u00f3n en el art\u00edculo 2492 de la siguiente manera \u201cLa prescripci\u00f3n es un modo de adquirir las cosas ajenas, o de extinguir las acciones y derechos ajenos, por haberse pose\u00eddo las cosas o no haberse ejercido dichas acciones y derechos durante cierto lapso de tiempo, y concurriendo los dem\u00e1s requisitos legales.<br \/>\nUna acci\u00f3n o derecho se dice prescribir cuando se extingue por la prescripci\u00f3n\u201d<\/p>\n<\/div><\/div><\/div><div class=\"fusion-panel panel-default panel-90dc089c0a3ca987a fusion-toggle-no-divider fusion-toggle-boxed-mode\"><div class=\"panel-heading\"><h4 class=\"panel-title toggle\" id=\"toggle_90dc089c0a3ca987a\"><a aria-expanded=\"false\" aria-controls=\"90dc089c0a3ca987a\" role=\"button\" data-toggle=\"collapse\" data-parent=\"#accordion-26967-5\" data-target=\"#90dc089c0a3ca987a\" href=\"#90dc089c0a3ca987a\"><span class=\"fusion-toggle-icon-wrapper\" aria-hidden=\"true\"><i class=\"fa-fusion-box active-icon awb-icon-minus\" aria-hidden=\"true\"><\/i><i class=\"fa-fusion-box inactive-icon awb-icon-plus\" aria-hidden=\"true\"><\/i><\/span><span class=\"fusion-toggle-heading\">2.- \u00bfQu\u00e9 son los derechos de aseo?<\/span><\/a><\/h4><\/div><div id=\"90dc089c0a3ca987a\" class=\"panel-collapse collapse \" aria-labelledby=\"toggle_90dc089c0a3ca987a\"><div class=\"panel-body toggle-content fusion-clearfix\">\n<p style=\"padding-left: 40px;\">De acuerdo a lo se\u00f1alado en los art\u00edculos 6, 7 y 8 del DL 3063 de Rentas Municipales, el derecho de aseo es el cobro por la contraprestaci\u00f3n del servicio que efect\u00faa la municipalidad por la extracci\u00f3n y disposici\u00f3n de basura desde una vivienda, unidad habitacional u otros recintos se\u00f1alados en la ley.<\/p>\n<\/div><\/div><\/div><div class=\"fusion-panel panel-default panel-528fcc263121ba7fd fusion-toggle-no-divider fusion-toggle-boxed-mode\"><div class=\"panel-heading\"><h4 class=\"panel-title toggle\" id=\"toggle_528fcc263121ba7fd\"><a aria-expanded=\"false\" aria-controls=\"528fcc263121ba7fd\" role=\"button\" data-toggle=\"collapse\" data-parent=\"#accordion-26967-5\" data-target=\"#528fcc263121ba7fd\" href=\"#528fcc263121ba7fd\"><span class=\"fusion-toggle-icon-wrapper\" aria-hidden=\"true\"><i class=\"fa-fusion-box active-icon awb-icon-minus\" aria-hidden=\"true\"><\/i><i class=\"fa-fusion-box inactive-icon awb-icon-plus\" aria-hidden=\"true\"><\/i><\/span><span class=\"fusion-toggle-heading\">3.- \u00bfPueden prescribir estos derechos de aseo?<\/span><\/a><\/h4><\/div><div id=\"528fcc263121ba7fd\" class=\"panel-collapse collapse \" aria-labelledby=\"toggle_528fcc263121ba7fd\"><div class=\"panel-body toggle-content fusion-clearfix\">\n<p style=\"padding-left: 40px;\">Seg\u00fan el art\u00edculo 2515, se\u00f1ala que la regla general es que las deudas prescriben en un plazo de 5 a\u00f1os desde que se vence cada cuota.<\/p>\n<\/div><\/div><\/div><div class=\"fusion-panel panel-default panel-fdafd95d63318f400 fusion-toggle-no-divider fusion-toggle-boxed-mode\"><div class=\"panel-heading\"><h4 class=\"panel-title toggle\" id=\"toggle_fdafd95d63318f400\"><a aria-expanded=\"false\" aria-controls=\"fdafd95d63318f400\" role=\"button\" data-toggle=\"collapse\" data-parent=\"#accordion-26967-5\" data-target=\"#fdafd95d63318f400\" href=\"#fdafd95d63318f400\"><span class=\"fusion-toggle-icon-wrapper\" aria-hidden=\"true\"><i class=\"fa-fusion-box active-icon awb-icon-minus\" aria-hidden=\"true\"><\/i><i class=\"fa-fusion-box inactive-icon awb-icon-plus\" aria-hidden=\"true\"><\/i><\/span><span class=\"fusion-toggle-heading\">4.- \u00bfPuede la Municipalidad declarar la prescripci\u00f3n de las cuotas vencidas?<\/span><\/a><\/h4><\/div><div id=\"fdafd95d63318f400\" class=\"panel-collapse collapse \" aria-labelledby=\"toggle_fdafd95d63318f400\"><div class=\"panel-body toggle-content fusion-clearfix\">\n<p style=\"padding-left: 40px;\">No, el Municipio de Puc\u00f3n est\u00e1 obligado por ley a exigir el pago completo de los derechos de aseo, dado que, de acuerdo al art\u00edculo 2.493 del C\u00f3digo Civil, la prescripci\u00f3n\u00a0<strong>solo puede ser declarada a trav\u00e9s de sentencia judicial<\/strong>, previa solicitud de parte.<\/p>\n<\/div><\/div><\/div><div class=\"fusion-panel panel-default panel-7d5d16bec503a6018 fusion-toggle-no-divider fusion-toggle-boxed-mode\"><div class=\"panel-heading\"><h4 class=\"panel-title toggle\" id=\"toggle_7d5d16bec503a6018\"><a aria-expanded=\"false\" aria-controls=\"7d5d16bec503a6018\" role=\"button\" data-toggle=\"collapse\" data-parent=\"#accordion-26967-5\" data-target=\"#7d5d16bec503a6018\" href=\"#7d5d16bec503a6018\"><span class=\"fusion-toggle-icon-wrapper\" aria-hidden=\"true\"><i class=\"fa-fusion-box active-icon awb-icon-minus\" aria-hidden=\"true\"><\/i><i class=\"fa-fusion-box inactive-icon awb-icon-plus\" aria-hidden=\"true\"><\/i><\/span><span class=\"fusion-toggle-heading\">5.- \u00bfSi esto necesita ser declarado a trav\u00e9s de sentencia judicial como procedo entonces?<\/span><\/a><\/h4><\/div><div id=\"7d5d16bec503a6018\" class=\"panel-collapse collapse \" aria-labelledby=\"toggle_7d5d16bec503a6018\"><div class=\"panel-body toggle-content fusion-clearfix\">\n<p style=\"padding-left: 40px;\">Para ello se debe presentar una demanda ante el juzgado civil de su jurisdicci\u00f3n, lo que requiere el patrocinio de un abogado.<\/p>\n<\/div><\/div><\/div><div class=\"fusion-panel panel-default panel-33c301c10daa81de5 fusion-toggle-no-divider fusion-toggle-boxed-mode\"><div class=\"panel-heading\"><h4 class=\"panel-title toggle\" id=\"toggle_33c301c10daa81de5\"><a aria-expanded=\"false\" aria-controls=\"33c301c10daa81de5\" role=\"button\" data-toggle=\"collapse\" data-parent=\"#accordion-26967-5\" data-target=\"#33c301c10daa81de5\" href=\"#33c301c10daa81de5\"><span class=\"fusion-toggle-icon-wrapper\" aria-hidden=\"true\"><i class=\"fa-fusion-box active-icon awb-icon-minus\" aria-hidden=\"true\"><\/i><i class=\"fa-fusion-box inactive-icon awb-icon-plus\" aria-hidden=\"true\"><\/i><\/span><span class=\"fusion-toggle-heading\">6.- \u00bf Si no poseo los medios c\u00f3mo puedo demandar?<\/span><\/a><\/h4><\/div><div id=\"33c301c10daa81de5\" class=\"panel-collapse collapse \" aria-labelledby=\"toggle_33c301c10daa81de5\"><div class=\"panel-body toggle-content fusion-clearfix\">\n<p style=\"padding-left: 40px;\">Dirigi\u00e9ndome a la Corporaci\u00f3n de Asistencia Judicial, para lo que debo llevar un certificado de deudas de aseo y el registro social de hogares.<\/p>\n<\/div><\/div><\/div><\/div><\/div><div class=\"fusion-clearfix\"><\/div><\/div><\/div><\/div><\/div><\/p>\n","protected":false},"excerpt":{"rendered":"","protected":false},"author":1,"featured_media":0,"parent":0,"menu_order":0,"comment_status":"closed","ping_status":"closed","template":"","meta":[],"_links":{"self":[{"href":"https:\/\/municipalidadpucon.cl\/index.php?rest_route=\/wp\/v2\/pages\/26967"}],"collection":[{"href":"https:\/\/municipalidadpucon.cl\/index.php?rest_route=\/wp\/v2\/pages"}],"about":[{"href":"https:\/\/municipalidadpucon.cl\/index.php?rest_route=\/wp\/v2\/types\/page"}],"author":[{"embeddable":true,"href":"https:\/\/municipalidadpucon.cl\/index.php?rest_route=\/wp\/v2\/users\/1"}],"replies":[{"embeddable":true,"href":"https:\/\/municipalidadpucon.cl\/index.php?rest_route=%2Fwp%2Fv2%2Fcomments&post=26967"}],"version-history":[{"count":6,"href":"https:\/\/municipalidadpucon.cl\/index.php?rest_route=\/wp\/v2\/pages\/26967\/revisions"}],"predecessor-version":[{"id":29935,"href":"https:\/\/municipalidadpucon.cl\/index.php?rest_route=\/wp\/v2\/pages\/26967\/revisions\/29935"}],"wp:attachment":[{"href":"https:\/\/municipalidadpucon.cl\/index.php?rest_route=%2Fwp%2Fv2%2Fmedia&parent=26967"}],"curies":[{"name":"wp","href":"https:\/\/api.w.org\/{rel}","templated":true}]}}