{"id":28805,"date":"2020-08-05T10:30:29","date_gmt":"2020-08-05T13:30:29","guid":{"rendered":"https:\/\/municipalidadpucon.cl\/?page_id=28805"},"modified":"2020-08-05T10:54:32","modified_gmt":"2020-08-05T13:54:32","slug":"salud-programa-de-salud-del-adolescente","status":"publish","type":"page","link":"https:\/\/municipalidadpucon.cl\/?page_id=28805","title":{"rendered":"Programa de Salud del Adolescente"},"content":{"rendered":"<div class=\"fusion-fullwidth fullwidth-box fusion-builder-row-1 fusion-flex-container nonhundred-percent-fullwidth non-hundred-percent-height-scrolling\" style=\"--awb-border-radius-top-left:0px;--awb-border-radius-top-right:0px;--awb-border-radius-bottom-right:0px;--awb-border-radius-bottom-left:0px;--awb-flex-wrap:wrap;\" ><div class=\"fusion-builder-row fusion-row fusion-flex-align-items-flex-start fusion-flex-content-wrap\" style=\"max-width:1352px;margin-left: calc(-4% \/ 2 );margin-right: calc(-4% \/ 2 );\"><div class=\"fusion-layout-column fusion_builder_column fusion-builder-column-0 fusion_builder_column_1_1 1_1 fusion-flex-column\" style=\"--awb-bg-size:cover;--awb-width-large:100%;--awb-margin-top-large:0px;--awb-spacing-right-large:1.92%;--awb-margin-bottom-large:20px;--awb-spacing-left-large:1.92%;--awb-width-medium:100%;--awb-order-medium:0;--awb-spacing-right-medium:1.92%;--awb-spacing-left-medium:1.92%;--awb-width-small:100%;--awb-order-small:0;--awb-spacing-right-small:1.92%;--awb-spacing-left-small:1.92%;\"><div class=\"fusion-column-wrapper fusion-column-has-shadow fusion-flex-justify-content-flex-start fusion-content-layout-column\"><div class=\"fusion-text fusion-text-1\"><h5><span style=\"color: #3366ff;\">2.- PROGRAMA DE SALUD DEL ADOLESCENTE<\/span><\/h5>\n<p>Est\u00e1 dirigido a adolescentes, hombres y mujeres de entre 10 y 19 a\u00f1os de edad.<\/p>\n<p>El Programa tiene como prop\u00f3sito contribuir al bienestar psicosocial de los y las adolescentes, apoyado en los principios de Equidad, Autonom\u00eda, Confidencialidad, Integralidad, Universalidad, Intersectorialidad, Participaci\u00f3n, Flexibilidad Y Fortalecimiento Familiar.<\/p>\n<p><strong>OBJETIVOS<\/strong><\/p>\n<p>Promover la participaci\u00f3n Juvenil, con un enfoque de derechos, integr\u00e1ndolos a las acciones del sistema de salud, desarrollando en conjunto con ellos, sus familias y comunidades, actividades de Promoci\u00f3n y Prevenci\u00f3n en salud.<br \/>\nContribuir a la gesti\u00f3n y coordinaci\u00f3n de acciones intersectoriales y comunitarias en el \u00e1mbito de la promoci\u00f3n y prevenci\u00f3n de salud del adolescente<br \/>\nAbordar las dificultades de acceso de la poblaci\u00f3n adolescente a los programas preventivos-promoci\u00f3nales y recuperativos de la salud.<\/p>\n<p><strong>PRESTACIONES<\/strong><\/p>\n<ul>\n<li>Consultas de morbilidad general<\/li>\n<li>Examen de Salud Preventivo<\/li>\n<li>Control de Salud Integral<\/li>\n<li>Consejer\u00edas en temas de Sexualidad, Tabaquismo, Mal Nutrici\u00f3n y Salud Mental<\/li>\n<li>Consulta por Morbilidad General<\/li>\n<li>Control y tratamiento de adolescentes con problemas cr\u00f3nicos de salud.<\/li>\n<li>Consultas de Salud Mental<\/li>\n<li>Control Nutricional<\/li>\n<li>Consultas con Matrona<\/li>\n<\/ul>\n<p><strong>Espacio Amigable<\/strong><\/p>\n<p>Tambi\u00e9n contamos con los Espacios Amigables, dirigidos a adolescentes y j\u00f3venes de entre 10 y 19 a\u00f1os.<\/p>\n<p>Si tienes entre 10 y 19 a\u00f1os y quieres conversar y recibir orientaci\u00f3n sobre controles ginecol\u00f3gicos, entrega de m\u00e9todos anticonceptivos, pastilla de anticoncepci\u00f3n de Emergencia y recibir consejer\u00edas en reproducci\u00f3n, sexualidad, alimentaci\u00f3n, prevenci\u00f3n de tabaco y alcohol y en salud mental, o si est\u00e1s pasando por alguna crisis y necesitas una intervenci\u00f3n, el Cesfam de la comuna de Pucon, tiene un espacio para ti en la comuna, ambos atendidos por matrona y psic\u00f3logos(as).<\/p>\n<p><strong>\u00bfC\u00d3MO ACCEDER?<\/strong><\/p>\n<p>Solicita tu hora en mes\u00f3n de Some del Cesfam Pucon con profesional matrona o psic\u00f3loga.<\/p>\n<p>Horario de atenci\u00f3n:<\/p>\n<table border=\"1\">\n<tbody>\n<tr>\n<td width=\"299\">Matrona y Psic\u00f3loga<\/td>\n<td width=\"299\">Lunes de 17.00 a 20.00 horas<\/td>\n<\/tr>\n<tr>\n<td width=\"299\">Matrona<\/td>\n<td width=\"299\">Martes de 17.00 a 20.00 horas<\/td>\n<\/tr>\n<tr>\n<td width=\"299\">Matrona y Psic\u00f3loga<\/td>\n<td width=\"299\">Mi\u00e9rcoles de 17.00 a 20.00 horas<\/td>\n<\/tr>\n<tr>\n<td width=\"299\">Matrona<\/td>\n<td width=\"299\">Jueves de 17.00 a 20.00 horas<\/td>\n<\/tr>\n<tr>\n<td width=\"299\">Matrona y Psic\u00f3loga<\/td>\n<td width=\"299\">Viernes: 16.00 a 18.00 horas<\/td>\n<\/tr>\n<\/tbody>\n<\/table>\n<\/div><\/div><\/div><\/div><\/div>\n","protected":false},"excerpt":{"rendered":"","protected":false},"author":1,"featured_media":0,"parent":0,"menu_order":0,"comment_status":"closed","ping_status":"closed","template":"","meta":[],"_links":{"self":[{"href":"https:\/\/municipalidadpucon.cl\/index.php?rest_route=\/wp\/v2\/pages\/28805"}],"collection":[{"href":"https:\/\/municipalidadpucon.cl\/index.php?rest_route=\/wp\/v2\/pages"}],"about":[{"href":"https:\/\/municipalidadpucon.cl\/index.php?rest_route=\/wp\/v2\/types\/page"}],"author":[{"embeddable":true,"href":"https:\/\/municipalidadpucon.cl\/index.php?rest_route=\/wp\/v2\/users\/1"}],"replies":[{"embeddable":true,"href":"https:\/\/municipalidadpucon.cl\/index.php?rest_route=%2Fwp%2Fv2%2Fcomments&post=28805"}],"version-history":[{"count":7,"href":"https:\/\/municipalidadpucon.cl\/index.php?rest_route=\/wp\/v2\/pages\/28805\/revisions"}],"predecessor-version":[{"id":28814,"href":"https:\/\/municipalidadpucon.cl\/index.php?rest_route=\/wp\/v2\/pages\/28805\/revisions\/28814"}],"wp:attachment":[{"href":"https:\/\/municipalidadpucon.cl\/index.php?rest_route=%2Fwp%2Fv2%2Fmedia&parent=28805"}],"curies":[{"name":"wp","href":"https:\/\/api.w.org\/{rel}","templated":true}]}}