{"id":28832,"date":"2020-08-05T11:21:43","date_gmt":"2020-08-05T14:21:43","guid":{"rendered":"https:\/\/municipalidadpucon.cl\/?page_id=28832"},"modified":"2020-08-05T11:21:43","modified_gmt":"2020-08-05T14:21:43","slug":"programa-de-salud-oral","status":"publish","type":"page","link":"https:\/\/municipalidadpucon.cl\/?page_id=28832","title":{"rendered":"Programa de Salud Oral"},"content":{"rendered":"<div class=\"fusion-fullwidth fullwidth-box fusion-builder-row-1 fusion-flex-container nonhundred-percent-fullwidth non-hundred-percent-height-scrolling\" style=\"--awb-border-radius-top-left:0px;--awb-border-radius-top-right:0px;--awb-border-radius-bottom-right:0px;--awb-border-radius-bottom-left:0px;--awb-flex-wrap:wrap;\" ><div class=\"fusion-builder-row fusion-row fusion-flex-align-items-flex-start fusion-flex-content-wrap\" style=\"max-width:1352px;margin-left: calc(-4% \/ 2 );margin-right: calc(-4% \/ 2 );\"><div class=\"fusion-layout-column fusion_builder_column fusion-builder-column-0 fusion_builder_column_1_1 1_1 fusion-flex-column\" style=\"--awb-bg-size:cover;--awb-width-large:100%;--awb-margin-top-large:0px;--awb-spacing-right-large:1.92%;--awb-margin-bottom-large:20px;--awb-spacing-left-large:1.92%;--awb-width-medium:100%;--awb-order-medium:0;--awb-spacing-right-medium:1.92%;--awb-spacing-left-medium:1.92%;--awb-width-small:100%;--awb-order-small:0;--awb-spacing-right-small:1.92%;--awb-spacing-left-small:1.92%;\"><div class=\"fusion-column-wrapper fusion-column-has-shadow fusion-flex-justify-content-flex-start fusion-content-layout-column\"><div class=\"fusion-text fusion-text-1\"><h5><span style=\"color: #3366ff;\">7.- PROGRAMA DE SALUD ORAL<\/span><\/h5>\n<p>El programa tiene como prop\u00f3sito contribuir al desarrollo integral del individuo mejorando su calidad de vida a trav\u00e9s de acciones de fomento, promoci\u00f3n, prevenci\u00f3n, protecci\u00f3n, recuperaci\u00f3n y rehabilitaci\u00f3n de la salud oral.<\/p>\n<ul>\n<li><strong>Programa \u201cSembrando Sonrisas\u201d<\/strong><\/li>\n<\/ul>\n<p><strong>\u00bfQui\u00e9nes pueden acceder?<\/strong><\/p>\n<p>Ni\u00f1os de 2 a 5 a\u00f1os 11meses y 29 d\u00edas que asisten a jardines infantiles de JUNJI, INTEGRA y a establecimientos municipales y particulares subvencionados.<\/p>\n<p><strong>\u00bfQu\u00e9 incluye la atenci\u00f3n dental del Programa Sembrando Sonrisas?<\/strong><\/p>\n<p>Este programa es de car\u00e1cter promocional y preventivo. Entrega educaci\u00f3n en cuidados de la salud bucal y t\u00e9cnica de cepillado. Adem\u00e1s entrega cepillos, pasta de dientes, y considera la aplicaci\u00f3n de fl\u00faor barniz como medida de prevenci\u00f3n espec\u00edfica de caries, 2 veces al a\u00f1o.<\/p>\n<ul>\n<li><strong>Programa \u201cM\u00e1s sonrisas para Chile\u201d<\/strong><\/li>\n<\/ul>\n<p><strong>\u00bfQui\u00e9nes pueden acceder?<\/strong><\/p>\n<p>Mujeres de 20 a\u00f1os o m\u00e1s, y beneficiarias Fonasa A, B, C, D y\/o Prais (Programa de Reparaci\u00f3n y Ayuda Integral en Salud).<\/p>\n<p><strong>\u00bfC\u00f3mo acceder?<\/strong><\/p>\n<p>El acceso al programa es mediante la lista de espera local.<\/p>\n<p><strong>\u00bfQu\u00e9 incluye?<\/strong><\/p>\n<p>Este programa incluye la realizaci\u00f3n de acciones de atenci\u00f3n primaria, como obturaciones, exodoncias y destartraje, adem\u00e1s incluye pr\u00f3tesis dental.<\/p>\n<ul>\n<li><strong>\u201c<\/strong><strong>Atenci\u00f3n odontol\u00f3gica integral a estudiantes de cuarto a\u00f1o de Educaci\u00f3n Media\u201d<\/strong><\/li>\n<\/ul>\n<p><strong>\u00bfQui\u00e9nes pueden acceder?<\/strong><\/p>\n<p>Acceden alumnos y alumnas de cuarto a\u00f1o de Ense\u00f1anza Media de colegios municipales y particulares subvencionados, beneficiarios de Fonasa A, B, C, D y Prais. Quienes pertenecen a Isapre deben acercarse a una oficina de su Isapre.<\/p>\n<p><strong>\u00bfQu\u00e9 incluye?<\/strong><\/p>\n<p>Esta atenci\u00f3n incluye la realizaci\u00f3n de acciones de atenci\u00f3n primaria, como obturaciones, exodoncias y destartraje, obteniendo un alta odontol\u00f3gica integral de atenci\u00f3n primaria.<\/p>\n<p><strong>\u00a0<\/strong><\/p>\n<ul>\n<li><strong>\u201cAtenci\u00f3n odontol\u00f3gica en ni\u00f1os y ni\u00f1as de 6 a\u00f1os\u201d<\/strong><\/li>\n<\/ul>\n<p><strong>\u00bfC\u00f3mo acceder?<\/strong><\/p>\n<p>Pueden acceder ni\u00f1os y ni\u00f1as de 6 a\u00f1os, hasta 6 a\u00f1os 11 meses 29 d\u00edas, v\u00eda garant\u00eda expl\u00edcita en salud GES en Salud Oral Integral para ni\u00f1os y ni\u00f1as de 6 a\u00f1os. Los beneficiarios de Fonasa solicitando hora en centro de salud en SOME. Quienes pertenecen a Isapre deben acercarse a una oficina de su Isapre.<\/p>\n<p><strong>\u00bfQu\u00e9 incluye?<\/strong><\/p>\n<p>Esta atenci\u00f3n incluye la realizaci\u00f3n de acciones de atenci\u00f3n primaria promocionales y preventivas, se le entrega un kit de salud bucal que incluye cepillo y pasta de dientes y se ense\u00f1a t\u00e9cnicas de higiene oral, tambi\u00e9n incluye acciones recuperativas si es que se requieren tales como obturaciones, obteniendo un alta odontol\u00f3gica integral de atenci\u00f3n primaria.<\/p>\n<p><strong>\u201cAtenci\u00f3n odontol\u00f3gica en adolescentes de 12 a\u00f1os\u201d<\/strong><\/p>\n<p><strong>\u00bfQui\u00e9nes pueden acceder?<\/strong><\/p>\n<p>Pueden acceder adolescentes con 12 a\u00f1os beneficiarios Fonasa A, B, C, D y\/o Prais, solicitando hora en centro de salud en SOME.<\/p>\n<p>Quienes pertenecen a Isapre deben acercarse a una oficina de su Isapre.<\/p>\n<p><strong>\u00bfQu\u00e9 incluye?<\/strong><\/p>\n<p>Esta atenci\u00f3n incluye la realizaci\u00f3n de acciones de atenci\u00f3n primaria promocionales, preventivas y recuperativas. Se les ense\u00f1a t\u00e9cnicas de higiene oral y se realizan obturaciones si se requieren, obteniendo un alta odontol\u00f3gica integral de atenci\u00f3n primaria.<\/p>\n<p><strong>\u00a0<\/strong><\/p>\n<ul>\n<li><strong>\u201cAtenci\u00f3n Odontol\u00f3gica en Menores y Mayores de 20 a\u00f1os\u201d (Otras edades)<\/strong><\/li>\n<\/ul>\n<p><strong>\u00bfQui\u00e9nes pueden acceder?<\/strong><\/p>\n<p>Pueden acceder a atenci\u00f3n odontol\u00f3gica usuarios menores y mayores de 20 a\u00f1os beneficiarios Fonasa A, B, C, D y\/o Prais solicitando hora en su centro de salud en SOME d\u00edas Martes a las 8:00am, se entregan 30 cupos semanales para usuarios mayores de 20 a\u00f1os y 10 cupos semanales para usuarios menos de 20 a\u00f1os.<\/p>\n<p>Quienes pertenecen a Isapre deben acercarse a una oficina de su Isapre.<\/p>\n<ul>\n<li><strong>\u201cAtenci\u00f3n odontol\u00f3gica para embarazadas\u201d<\/strong><\/li>\n<\/ul>\n<p><strong>\u00bfC\u00f3mo acceden?<\/strong><\/p>\n<p>Pueden acceder Embarazadas, luego de realizar ingreso obst\u00e9trico, v\u00eda garant\u00eda expl\u00edcita en salud GES a Salud Oral Integral para embarazadas. Los beneficiarios de Fonasa solicitando hora en su centro de salud en SOME.<\/p>\n<p>Quienes pertenecen a Isapre deben acercarse a una oficina de su Isapre.<\/p>\n<p><strong>\u00bfQu\u00e9 incluye?<\/strong><\/p>\n<p>Esta atenci\u00f3n incluye la realizaci\u00f3n de acciones de atenci\u00f3n primaria promocionales y preventivas, se le entrega un kit de salud bucal que incluye cepillo y pasta de dientes, hilo dental y en caso de que el Odont\u00f3logo encuentre pertinente, enjuague bucal de clorhexidina y adem\u00e1s se le ense\u00f1a t\u00e9cnica de cepillado; tambi\u00e9n incluye acciones recuperativas si es que se requieren tales como obturaciones, obteniendo un alta odontol\u00f3gica integral de atenci\u00f3n primaria.<\/p>\n<p><strong>\u00a0<\/strong><\/p>\n<ul>\n<li><strong>\u201cAtenci\u00f3n Odontol\u00f3gica de Urgencias Ambulatorias\u201d (Todas las edades)<\/strong><\/li>\n<\/ul>\n<p><strong>\u00bfQui\u00e9nes pueden acceder?<\/strong><\/p>\n<p>Pueden acceder todas las personas \u2013<strong>independiente de la edad<\/strong>\u2013que presenten una Urgencia Odontol\u00f3gica Ambulatoria<\/p>\n<p><strong>\u00bfC\u00f3mo se accede?<\/strong><\/p>\n<p>V\u00eda garant\u00eda expl\u00edcita en salud GES Urgencia Odontol\u00f3gica Ambulatoria. Los beneficiarios de Fonasa, en su centro de salud en horario de 8:00 a 17:00 horas, y quienes pertenecen a Isapre deben comunicarse con su Isapre.<\/p>\n<p><strong>\u00bfQu\u00e9 incluye?<\/strong><\/p>\n<p>Evaluaci\u00f3n, diagn\u00f3stico cl\u00ednico y tratamiento de la urgencia realizada por odont\u00f3logo.<\/p>\n<p><strong>\u00a0<\/strong><\/p>\n<ul>\n<li><strong>\u201cResoluci\u00f3n de especialidades Odontol\u00f3gicas en APS; Endodoncias y Pr\u00f3tesis dentales\u201d<\/strong><\/li>\n<\/ul>\n<p><strong>\u00bfQui\u00e9nes pueden acceder?<\/strong><\/p>\n<p>Pueden acceder a atenci\u00f3n odontol\u00f3gica usuarios desde 15 a\u00f1os beneficiarios Fonasa A, B, C, D y\/o Prais que cumplan criterios de inclusi\u00f3n para tratamientos de endodoncia y rehabilitaci\u00f3n con pr\u00f3tesis removible diagnosticados por Odont\u00f3logos (as).<\/p>\n<p>Quienes pertenecen a Isapre deben acercarse a una oficina de su Isapre.<\/p>\n<p><strong>\u00a0<\/strong><\/p>\n<p><strong>\u00bfQu\u00e9 incluye?<\/strong><\/p>\n<p>Tratamiento de endodoncia de dientes anteriores y premolares (patolog\u00eda pulpar irreversible, necrosis pulpar y patolog\u00eda periapical, etc).<\/p>\n<p>Rehabilitaci\u00f3n oral mediante la confecci\u00f3n de pr\u00f3tesis removible en pacientes desdentados totales o parciales.<\/p>\n<p><strong>\u00a0<\/strong><\/p>\n<ul>\n<li><strong>\u201c<\/strong><strong>Atenci\u00f3n odontol\u00f3gica Integral a Adulto de 60 a\u00f1os\u201d<\/strong><\/li>\n<\/ul>\n<p><strong>\u00bfC\u00f3mo acceder?<\/strong><\/p>\n<p>Pueden acceder hombres y mujeres de 60 a\u00f1os, hasta 60 a\u00f1os 11 meses 29 d\u00edas, v\u00eda garant\u00eda expl\u00edcita en salud GES en Salud Oral Integral para hombres y mujeres de 60 a\u00f1os. Los beneficiarios de Fonasa solicitando hora en centro de salud en SOME. Quienes pertenecen a Isapre deben acercarse a una oficina de su Isapre.<\/p>\n<p><strong>\u00bfQu\u00e9 incluye?<\/strong><\/p>\n<p>Esta atenci\u00f3n incluye la realizaci\u00f3n de acciones de atenci\u00f3n primaria promocionales y preventivas, se le entrega un kit de salud bucal que incluye cepillo y pasta de dientes y se ense\u00f1a t\u00e9cnicas de higiene oral, tambi\u00e9n incluye acciones recuperativas si es que se requieren tales como obturaciones, extracciones y pr\u00f3tesis seg\u00fan indicaci\u00f3n de Odont\u00f3logo(a), obteniendo un alta odontol\u00f3gica integral.<\/p>\n<p><strong>\u00a0<\/strong><\/p>\n<ul>\n<li><strong>\u201cAtenci\u00f3n odontol\u00f3gica Integral a ni\u00f1os y ni\u00f1as en Modulo Dental JUNAEB\u201d<\/strong><\/li>\n<\/ul>\n<p><strong>\u00bfC\u00f3mo acceder?<\/strong><\/p>\n<p>Pueden acceder ni\u00f1os y ni\u00f1as de los establecimientos educacionales adscritos al convenio de colaboraci\u00f3n Salud\/educaci\u00f3n de Pre-kinder a Octavo b\u00e1sivo, previo autorizaci\u00f3n de padres o tutor legal.<\/p>\n<p><strong>\u00bfQu\u00e9 incluye?<\/strong><\/p>\n<p>Esta atenci\u00f3n incluye la realizaci\u00f3n de acciones de atenci\u00f3n primaria promocionales, preventivas y recuperativas. Se realiza educaci\u00f3n sobre Salud Oral activa en m\u00f3dulos dentales JUNAEB.<\/p>\n<\/div><\/div><\/div><\/div><\/div>\n","protected":false},"excerpt":{"rendered":"","protected":false},"author":1,"featured_media":0,"parent":0,"menu_order":0,"comment_status":"closed","ping_status":"closed","template":"","meta":[],"_links":{"self":[{"href":"https:\/\/municipalidadpucon.cl\/index.php?rest_route=\/wp\/v2\/pages\/28832"}],"collection":[{"href":"https:\/\/municipalidadpucon.cl\/index.php?rest_route=\/wp\/v2\/pages"}],"about":[{"href":"https:\/\/municipalidadpucon.cl\/index.php?rest_route=\/wp\/v2\/types\/page"}],"author":[{"embeddable":true,"href":"https:\/\/municipalidadpucon.cl\/index.php?rest_route=\/wp\/v2\/users\/1"}],"replies":[{"embeddable":true,"href":"https:\/\/municipalidadpucon.cl\/index.php?rest_route=%2Fwp%2Fv2%2Fcomments&post=28832"}],"version-history":[{"count":1,"href":"https:\/\/municipalidadpucon.cl\/index.php?rest_route=\/wp\/v2\/pages\/28832\/revisions"}],"predecessor-version":[{"id":28833,"href":"https:\/\/municipalidadpucon.cl\/index.php?rest_route=\/wp\/v2\/pages\/28832\/revisions\/28833"}],"wp:attachment":[{"href":"https:\/\/municipalidadpucon.cl\/index.php?rest_route=%2Fwp%2Fv2%2Fmedia&parent=28832"}],"curies":[{"name":"wp","href":"https:\/\/api.w.org\/{rel}","templated":true}]}}