{"id":61,"date":"2020-03-04T11:55:28","date_gmt":"2020-03-04T14:55:28","guid":{"rendered":"https:\/\/municipalidadpucon.cl\/?page_id=61"},"modified":"2025-12-18T11:23:41","modified_gmt":"2025-12-18T14:23:41","slug":"noticias","status":"publish","type":"page","link":"https:\/\/municipalidadpucon.cl\/?page_id=61","title":{"rendered":"Noticias"},"content":{"rendered":"<p><div class=\"fusion-fullwidth fullwidth-box fusion-builder-row-1 has-pattern-background has-mask-background nonhundred-percent-fullwidth non-hundred-percent-height-scrolling fusion-equal-height-columns\" style=\"--awb-border-radius-top-left:0px;--awb-border-radius-top-right:0px;--awb-border-radius-bottom-right:0px;--awb-border-radius-bottom-left:0px;--awb-flex-wrap:wrap;\" ><div class=\"fusion-builder-row fusion-row\"><div class=\"fusion-layout-column fusion_builder_column fusion-builder-column-0 fusion_builder_column_1_1 1_1 fusion-one-full fusion-column-first fusion-column-last\" style=\"--awb-bg-size:cover;\"><div class=\"fusion-column-wrapper fusion-column-has-shadow fusion-flex-column-wrapper-legacy\"><div class=\"fusion-blog-shortcode fusion-blog-shortcode-1 fusion-blog-archive fusion-blog-layout-grid-wrapper fusion-blog-pagination\"><style type=\"text\/css\">.fusion-blog-shortcode-1 .fusion-blog-layout-grid .fusion-post-grid{padding:20px;}.fusion-blog-shortcode-1 .fusion-posts-container{margin-left: -20px !important; margin-right:-20px !important;}<\/style><div class=\"fusion-posts-container fusion-posts-container-pagination fusion-blog-rollover fusion-blog-layout-grid fusion-blog-layout-grid-3 isotope fusion-blog-equal-heights\" data-pages=\"204\" data-grid-col-space=\"40\" style=\"margin: -20px -20px 0;min-height:500px;\"><article id=\"blog-1-post-59983\" class=\"fusion-post-grid post-59983 post type-post status-publish format-standard has-post-thumbnail hentry category-destacadas category-grd category-noticias\">\n<div class=\"fusion-post-wrapper\" style=\"background-color:rgba(255,255,255,0);border:1px solid #f2f3f5;border-bottom-width:3px;\">\n\n\t\t\t<div class=\"fusion-flexslider flexslider fusion-flexslider-loading fusion-post-slideshow\" style=\"border-color:#f2f3f5;\">\n\t\t<ul class=\"slides\">\n\t\t\t\n\t\t\t\t\t\t\t\t\t\t\t\t\t\t<li><div  class=\"fusion-image-wrapper\" aria-haspopup=\"true\">\n\t\t\t\t<img width=\"1300\" height=\"975\" src=\"https:\/\/municipalidadpucon.cl\/wp-content\/uploads\/2026\/04\/PRINCIPAL-13-scaled.jpeg\" class=\"attachment-full size-full wp-post-image\" alt=\"\" decoding=\"async\" srcset=\"https:\/\/municipalidadpucon.cl\/wp-content\/uploads\/2026\/04\/PRINCIPAL-13-200x150.jpeg 200w, https:\/\/municipalidadpucon.cl\/wp-content\/uploads\/2026\/04\/PRINCIPAL-13-400x300.jpeg 400w, https:\/\/municipalidadpucon.cl\/wp-content\/uploads\/2026\/04\/PRINCIPAL-13-600x450.jpeg 600w, https:\/\/municipalidadpucon.cl\/wp-content\/uploads\/2026\/04\/PRINCIPAL-13-800x600.jpeg 800w, https:\/\/municipalidadpucon.cl\/wp-content\/uploads\/2026\/04\/PRINCIPAL-13-1200x900.jpeg 1200w, https:\/\/municipalidadpucon.cl\/wp-content\/uploads\/2026\/04\/PRINCIPAL-13-scaled.jpeg 1300w\" sizes=\"(min-width: 2200px) 100vw, (min-width: 784px) 407px, (min-width: 712px) 610px, (min-width: 640px) 712px, \" \/><div class=\"fusion-rollover\">\n\t<div class=\"fusion-rollover-content\">\n\n\t\t\t\t\t\t\t\t\t\t\t\t\t\t<a class=\"fusion-rollover-link\" href=\"https:\/\/municipalidadpucon.cl\/?p=59983\">En Puc\u00f3n les confirman a dirigentes vecinales que Plan Piloto Vial comenzar\u00e1 este 4 de mayo en horario punta<\/a>\n\t\t\t\n\t\t\t\t\t\t\t\t\t\t\t\t\t\t\n\t\t\t\t\t\t\t\t\n\t\t\t\t\t\t\t\t\t\t\t\t\t<div class=\"fusion-rollover-sep\"><\/div>\n\t\t\t\t\n\t\t\t\t\t\t\t\t\t\t\t\t\t\t\t\t\t\t<a class=\"fusion-rollover-gallery\" href=\"https:\/\/municipalidadpucon.cl\/wp-content\/uploads\/2026\/04\/PRINCIPAL-13-scaled.jpeg\" data-id=\"59983\" data-rel=\"iLightbox[gallery]\" data-title=\"PRINCIPAL\" data-caption=\"\">\n\t\t\t\t\t\tGallery\t\t\t\t\t<\/a>\n\t\t\t\t\t\t\t\t\t\t\t\t\t\t\n\t\t\n\t\t\t\t\t\t\t\t\t\t\t\t<h4 class=\"fusion-rollover-title\">\n\t\t\t\t\t<a class=\"fusion-rollover-title-link\" href=\"https:\/\/municipalidadpucon.cl\/?p=59983\">\n\t\t\t\t\t\tEn Puc\u00f3n les confirman a dirigentes vecinales que Plan Piloto Vial comenzar\u00e1 este 4 de mayo en horario punta\t\t\t\t\t<\/a>\n\t\t\t\t<\/h4>\n\t\t\t\n\t\t\t\t\t\t\t\t\t\t<div class=\"fusion-rollover-categories\"><a href=\"https:\/\/municipalidadpucon.cl\/?cat=98\" rel=\"tag\">Destacadas<\/a>, <a href=\"https:\/\/municipalidadpucon.cl\/?cat=95\" rel=\"tag\">GRD<\/a>, <a href=\"https:\/\/municipalidadpucon.cl\/?cat=3\" rel=\"tag\">Noticias<\/a><\/div>\t\t\t\t\t\n\t\t\n\t\t\t\t\t\t<a class=\"fusion-link-wrapper\" href=\"https:\/\/municipalidadpucon.cl\/?p=59983\" aria-label=\"En Puc\u00f3n les confirman a dirigentes vecinales que Plan Piloto Vial comenzar\u00e1 este 4 de mayo en horario punta\"><\/a>\n\t<\/div>\n<\/div>\n<\/div>\n<\/li>\n\t\t\t\n\t\t\t\n\t\t\t\t\t\t\t\t<\/ul>\n\t<\/div>\n\t<div class=\"fusion-post-content-wrapper\" style=\"padding:30px 25px 25px 25px;\"><div class=\"fusion-post-content post-content\"><h3 class=\"blog-shortcode-post-title entry-title\"><a href=\"https:\/\/municipalidadpucon.cl\/?p=59983\">En Puc\u00f3n les confirman a dirigentes vecinales que Plan Piloto Vial comenzar\u00e1 este 4 de mayo en horario punta<\/a><\/h3><p class=\"fusion-single-line-meta\"><span class=\"vcard\" style=\"display: none;\"><span class=\"fn\"><a href=\"https:\/\/municipalidadpucon.cl\/?author=11\" title=\"Publicados por Gustavo Sandoval\" rel=\"author\">Gustavo Sandoval<\/a><\/span><\/span><span class=\"updated\" style=\"display:none;\">2026-04-30T15:02:07-03:00<\/span><span>Abril 30th, 2026<\/span><span class=\"fusion-inline-sep\">|<\/span><\/p><\/div><\/div><div class=\"fusion-clearfix\"><\/div><\/div>\n<\/article>\n<article id=\"blog-1-post-59969\" class=\"fusion-post-grid post-59969 post type-post status-publish format-standard has-post-thumbnail hentry category-destacadas category-noticias\">\n<div class=\"fusion-post-wrapper\" style=\"background-color:rgba(255,255,255,0);border:1px solid #f2f3f5;border-bottom-width:3px;\">\n\n\t\t\t<div class=\"fusion-flexslider flexslider fusion-flexslider-loading fusion-post-slideshow\" style=\"border-color:#f2f3f5;\">\n\t\t<ul class=\"slides\">\n\t\t\t\n\t\t\t\t\t\t\t\t\t\t\t\t\t\t<li><div  class=\"fusion-image-wrapper\" aria-haspopup=\"true\">\n\t\t\t\t<img width=\"1280\" height=\"960\" src=\"https:\/\/municipalidadpucon.cl\/wp-content\/uploads\/2026\/04\/PRINCIPAL-5.jpg\" class=\"attachment-full size-full wp-post-image\" alt=\"\" decoding=\"async\" srcset=\"https:\/\/municipalidadpucon.cl\/wp-content\/uploads\/2026\/04\/PRINCIPAL-5-200x150.jpg 200w, https:\/\/municipalidadpucon.cl\/wp-content\/uploads\/2026\/04\/PRINCIPAL-5-400x300.jpg 400w, https:\/\/municipalidadpucon.cl\/wp-content\/uploads\/2026\/04\/PRINCIPAL-5-600x450.jpg 600w, https:\/\/municipalidadpucon.cl\/wp-content\/uploads\/2026\/04\/PRINCIPAL-5-800x600.jpg 800w, https:\/\/municipalidadpucon.cl\/wp-content\/uploads\/2026\/04\/PRINCIPAL-5-1200x900.jpg 1200w, https:\/\/municipalidadpucon.cl\/wp-content\/uploads\/2026\/04\/PRINCIPAL-5.jpg 1280w\" sizes=\"(min-width: 2200px) 100vw, (min-width: 784px) 407px, (min-width: 712px) 610px, (min-width: 640px) 712px, \" \/><div class=\"fusion-rollover\">\n\t<div class=\"fusion-rollover-content\">\n\n\t\t\t\t\t\t\t\t\t\t\t\t\t\t<a class=\"fusion-rollover-link\" href=\"https:\/\/municipalidadpucon.cl\/?p=59969\">Municipalidad responde a requerimientos vecinales con mejoras en sitios p\u00fablicos<\/a>\n\t\t\t\n\t\t\t\t\t\t\t\t\t\t\t\t\t\t\n\t\t\t\t\t\t\t\t\n\t\t\t\t\t\t\t\t\t\t\t\t\t<div class=\"fusion-rollover-sep\"><\/div>\n\t\t\t\t\n\t\t\t\t\t\t\t\t\t\t\t\t\t\t\t\t\t\t<a class=\"fusion-rollover-gallery\" href=\"https:\/\/municipalidadpucon.cl\/wp-content\/uploads\/2026\/04\/PRINCIPAL-5.jpg\" data-id=\"59969\" data-rel=\"iLightbox[gallery]\" data-title=\"PRINCIPAL\" data-caption=\"\">\n\t\t\t\t\t\tGallery\t\t\t\t\t<\/a>\n\t\t\t\t\t\t\t\t\t\t\t\t\t\t\n\t\t\n\t\t\t\t\t\t\t\t\t\t\t\t<h4 class=\"fusion-rollover-title\">\n\t\t\t\t\t<a class=\"fusion-rollover-title-link\" href=\"https:\/\/municipalidadpucon.cl\/?p=59969\">\n\t\t\t\t\t\tMunicipalidad responde a requerimientos vecinales con mejoras en sitios p\u00fablicos\t\t\t\t\t<\/a>\n\t\t\t\t<\/h4>\n\t\t\t\n\t\t\t\t\t\t\t\t\t\t<div class=\"fusion-rollover-categories\"><a href=\"https:\/\/municipalidadpucon.cl\/?cat=98\" rel=\"tag\">Destacadas<\/a>, <a href=\"https:\/\/municipalidadpucon.cl\/?cat=3\" rel=\"tag\">Noticias<\/a><\/div>\t\t\t\t\t\n\t\t\n\t\t\t\t\t\t<a class=\"fusion-link-wrapper\" href=\"https:\/\/municipalidadpucon.cl\/?p=59969\" aria-label=\"Municipalidad responde a requerimientos vecinales con mejoras en sitios p\u00fablicos\"><\/a>\n\t<\/div>\n<\/div>\n<\/div>\n<\/li>\n\t\t\t\n\t\t\t\n\t\t\t\t\t\t\t\t<\/ul>\n\t<\/div>\n\t<div class=\"fusion-post-content-wrapper\" style=\"padding:30px 25px 25px 25px;\"><div class=\"fusion-post-content post-content\"><h3 class=\"blog-shortcode-post-title entry-title\"><a href=\"https:\/\/municipalidadpucon.cl\/?p=59969\">Municipalidad responde a requerimientos vecinales con mejoras en sitios p\u00fablicos<\/a><\/h3><p class=\"fusion-single-line-meta\"><span class=\"vcard\" style=\"display: none;\"><span class=\"fn\"><a href=\"https:\/\/municipalidadpucon.cl\/?author=11\" title=\"Publicados por Gustavo Sandoval\" rel=\"author\">Gustavo Sandoval<\/a><\/span><\/span><span class=\"updated\" style=\"display:none;\">2026-04-30T11:01:06-03:00<\/span><span>Abril 30th, 2026<\/span><span class=\"fusion-inline-sep\">|<\/span><\/p><\/div><\/div><div class=\"fusion-clearfix\"><\/div><\/div>\n<\/article>\n<article id=\"blog-1-post-59956\" class=\"fusion-post-grid post-59956 post type-post status-publish format-standard has-post-thumbnail hentry category-destacadas category-noticias\">\n<div class=\"fusion-post-wrapper\" style=\"background-color:rgba(255,255,255,0);border:1px solid #f2f3f5;border-bottom-width:3px;\">\n\n\t\t\t<div class=\"fusion-flexslider flexslider fusion-flexslider-loading fusion-post-slideshow\" style=\"border-color:#f2f3f5;\">\n\t\t<ul class=\"slides\">\n\t\t\t\n\t\t\t\t\t\t\t\t\t\t\t\t\t\t<li><div  class=\"fusion-image-wrapper\" aria-haspopup=\"true\">\n\t\t\t\t<img width=\"1280\" height=\"960\" src=\"https:\/\/municipalidadpucon.cl\/wp-content\/uploads\/2026\/04\/PRINCIPAL-4.jpg\" class=\"attachment-full size-full wp-post-image\" alt=\"\" decoding=\"async\" srcset=\"https:\/\/municipalidadpucon.cl\/wp-content\/uploads\/2026\/04\/PRINCIPAL-4-200x150.jpg 200w, https:\/\/municipalidadpucon.cl\/wp-content\/uploads\/2026\/04\/PRINCIPAL-4-400x300.jpg 400w, https:\/\/municipalidadpucon.cl\/wp-content\/uploads\/2026\/04\/PRINCIPAL-4-600x450.jpg 600w, https:\/\/municipalidadpucon.cl\/wp-content\/uploads\/2026\/04\/PRINCIPAL-4-800x600.jpg 800w, https:\/\/municipalidadpucon.cl\/wp-content\/uploads\/2026\/04\/PRINCIPAL-4-1200x900.jpg 1200w, https:\/\/municipalidadpucon.cl\/wp-content\/uploads\/2026\/04\/PRINCIPAL-4.jpg 1280w\" sizes=\"(min-width: 2200px) 100vw, (min-width: 784px) 407px, (min-width: 712px) 610px, (min-width: 640px) 712px, \" \/><div class=\"fusion-rollover\">\n\t<div class=\"fusion-rollover-content\">\n\n\t\t\t\t\t\t\t\t\t\t\t\t\t\t<a class=\"fusion-rollover-link\" href=\"https:\/\/municipalidadpucon.cl\/?p=59956\">Seremis de medioambiente y salud comparten datos del estado de las aguas del Lago Villarrica<\/a>\n\t\t\t\n\t\t\t\t\t\t\t\t\t\t\t\t\t\t\n\t\t\t\t\t\t\t\t\n\t\t\t\t\t\t\t\t\t\t\t\t\t<div class=\"fusion-rollover-sep\"><\/div>\n\t\t\t\t\n\t\t\t\t\t\t\t\t\t\t\t\t\t\t\t\t\t\t<a class=\"fusion-rollover-gallery\" href=\"https:\/\/municipalidadpucon.cl\/wp-content\/uploads\/2026\/04\/PRINCIPAL-4.jpg\" data-id=\"59956\" data-rel=\"iLightbox[gallery]\" data-title=\"PRINCIPAL\" data-caption=\"\">\n\t\t\t\t\t\tGallery\t\t\t\t\t<\/a>\n\t\t\t\t\t\t\t\t\t\t\t\t\t\t\n\t\t\n\t\t\t\t\t\t\t\t\t\t\t\t<h4 class=\"fusion-rollover-title\">\n\t\t\t\t\t<a class=\"fusion-rollover-title-link\" href=\"https:\/\/municipalidadpucon.cl\/?p=59956\">\n\t\t\t\t\t\tSeremis de medioambiente y salud comparten datos del estado de las aguas del Lago Villarrica\t\t\t\t\t<\/a>\n\t\t\t\t<\/h4>\n\t\t\t\n\t\t\t\t\t\t\t\t\t\t<div class=\"fusion-rollover-categories\"><a href=\"https:\/\/municipalidadpucon.cl\/?cat=98\" rel=\"tag\">Destacadas<\/a>, <a href=\"https:\/\/municipalidadpucon.cl\/?cat=3\" rel=\"tag\">Noticias<\/a><\/div>\t\t\t\t\t\n\t\t\n\t\t\t\t\t\t<a class=\"fusion-link-wrapper\" href=\"https:\/\/municipalidadpucon.cl\/?p=59956\" aria-label=\"Seremis de medioambiente y salud comparten datos del estado de las aguas del Lago Villarrica\"><\/a>\n\t<\/div>\n<\/div>\n<\/div>\n<\/li>\n\t\t\t\n\t\t\t\n\t\t\t\t\t\t\t\t<\/ul>\n\t<\/div>\n\t<div class=\"fusion-post-content-wrapper\" style=\"padding:30px 25px 25px 25px;\"><div class=\"fusion-post-content post-content\"><h3 class=\"blog-shortcode-post-title entry-title\"><a href=\"https:\/\/municipalidadpucon.cl\/?p=59956\">Seremis de medioambiente y salud comparten datos del estado de las aguas del Lago Villarrica<\/a><\/h3><p class=\"fusion-single-line-meta\"><span class=\"vcard\" style=\"display: none;\"><span class=\"fn\"><a href=\"https:\/\/municipalidadpucon.cl\/?author=11\" title=\"Publicados por Gustavo Sandoval\" rel=\"author\">Gustavo Sandoval<\/a><\/span><\/span><span class=\"updated\" style=\"display:none;\">2026-04-29T16:55:51-03:00<\/span><span>Abril 29th, 2026<\/span><span class=\"fusion-inline-sep\">|<\/span><\/p><\/div><\/div><div class=\"fusion-clearfix\"><\/div><\/div>\n<\/article>\n<article id=\"blog-1-post-59941\" class=\"fusion-post-grid post-59941 post type-post status-publish format-standard has-post-thumbnail hentry category-destacadas category-grd category-noticias\">\n<div class=\"fusion-post-wrapper\" style=\"background-color:rgba(255,255,255,0);border:1px solid #f2f3f5;border-bottom-width:3px;\">\n\n\t\t\t<div class=\"fusion-flexslider flexslider fusion-flexslider-loading fusion-post-slideshow\" style=\"border-color:#f2f3f5;\">\n\t\t<ul class=\"slides\">\n\t\t\t\n\t\t\t\t\t\t\t\t\t\t\t\t\t\t<li><div  class=\"fusion-image-wrapper\" aria-haspopup=\"true\">\n\t\t\t\t<img width=\"1300\" height=\"975\" src=\"https:\/\/municipalidadpucon.cl\/wp-content\/uploads\/2026\/04\/PRINCIPAL-1-4-scaled.jpeg\" class=\"attachment-full size-full wp-post-image\" alt=\"\" decoding=\"async\" srcset=\"https:\/\/municipalidadpucon.cl\/wp-content\/uploads\/2026\/04\/PRINCIPAL-1-4-200x150.jpeg 200w, https:\/\/municipalidadpucon.cl\/wp-content\/uploads\/2026\/04\/PRINCIPAL-1-4-400x300.jpeg 400w, https:\/\/municipalidadpucon.cl\/wp-content\/uploads\/2026\/04\/PRINCIPAL-1-4-600x450.jpeg 600w, https:\/\/municipalidadpucon.cl\/wp-content\/uploads\/2026\/04\/PRINCIPAL-1-4-800x600.jpeg 800w, https:\/\/municipalidadpucon.cl\/wp-content\/uploads\/2026\/04\/PRINCIPAL-1-4-1200x900.jpeg 1200w, https:\/\/municipalidadpucon.cl\/wp-content\/uploads\/2026\/04\/PRINCIPAL-1-4-scaled.jpeg 1300w\" sizes=\"(min-width: 2200px) 100vw, (min-width: 784px) 407px, (min-width: 712px) 610px, (min-width: 640px) 712px, \" \/><div class=\"fusion-rollover\">\n\t<div class=\"fusion-rollover-content\">\n\n\t\t\t\t\t\t\t\t\t\t\t\t\t\t<a class=\"fusion-rollover-link\" href=\"https:\/\/municipalidadpucon.cl\/?p=59941\">Refuerzan equipos de emergencia por anticipo de fuertes lluvias en corto tiempo<\/a>\n\t\t\t\n\t\t\t\t\t\t\t\t\t\t\t\t\t\t\n\t\t\t\t\t\t\t\t\n\t\t\t\t\t\t\t\t\t\t\t\t\t<div class=\"fusion-rollover-sep\"><\/div>\n\t\t\t\t\n\t\t\t\t\t\t\t\t\t\t\t\t\t\t\t\t\t\t<a class=\"fusion-rollover-gallery\" href=\"https:\/\/municipalidadpucon.cl\/wp-content\/uploads\/2026\/04\/PRINCIPAL-1-4-scaled.jpeg\" data-id=\"59941\" data-rel=\"iLightbox[gallery]\" data-title=\"PRINCIPAL\" data-caption=\"\">\n\t\t\t\t\t\tGallery\t\t\t\t\t<\/a>\n\t\t\t\t\t\t\t\t\t\t\t\t\t\t\n\t\t\n\t\t\t\t\t\t\t\t\t\t\t\t<h4 class=\"fusion-rollover-title\">\n\t\t\t\t\t<a class=\"fusion-rollover-title-link\" href=\"https:\/\/municipalidadpucon.cl\/?p=59941\">\n\t\t\t\t\t\tRefuerzan equipos de emergencia por anticipo de fuertes lluvias en corto tiempo\t\t\t\t\t<\/a>\n\t\t\t\t<\/h4>\n\t\t\t\n\t\t\t\t\t\t\t\t\t\t<div class=\"fusion-rollover-categories\"><a href=\"https:\/\/municipalidadpucon.cl\/?cat=98\" rel=\"tag\">Destacadas<\/a>, <a href=\"https:\/\/municipalidadpucon.cl\/?cat=95\" rel=\"tag\">GRD<\/a>, <a href=\"https:\/\/municipalidadpucon.cl\/?cat=3\" rel=\"tag\">Noticias<\/a><\/div>\t\t\t\t\t\n\t\t\n\t\t\t\t\t\t<a class=\"fusion-link-wrapper\" href=\"https:\/\/municipalidadpucon.cl\/?p=59941\" aria-label=\"Refuerzan equipos de emergencia por anticipo de fuertes lluvias en corto tiempo\"><\/a>\n\t<\/div>\n<\/div>\n<\/div>\n<\/li>\n\t\t\t\n\t\t\t\n\t\t\t\t\t\t\t\t<\/ul>\n\t<\/div>\n\t<div class=\"fusion-post-content-wrapper\" style=\"padding:30px 25px 25px 25px;\"><div class=\"fusion-post-content post-content\"><h3 class=\"blog-shortcode-post-title entry-title\"><a href=\"https:\/\/municipalidadpucon.cl\/?p=59941\">Refuerzan equipos de emergencia por anticipo de fuertes lluvias en corto tiempo<\/a><\/h3><p class=\"fusion-single-line-meta\"><span class=\"vcard\" style=\"display: none;\"><span class=\"fn\"><a href=\"https:\/\/municipalidadpucon.cl\/?author=11\" title=\"Publicados por Gustavo Sandoval\" rel=\"author\">Gustavo Sandoval<\/a><\/span><\/span><span class=\"updated\" style=\"display:none;\">2026-04-28T10:44:39-03:00<\/span><span>Abril 28th, 2026<\/span><span class=\"fusion-inline-sep\">|<\/span><\/p><\/div><\/div><div class=\"fusion-clearfix\"><\/div><\/div>\n<\/article>\n<article id=\"blog-1-post-59919\" class=\"fusion-post-grid post-59919 post type-post status-publish format-standard has-post-thumbnail hentry category-destacadas category-grd category-noticias\">\n<div class=\"fusion-post-wrapper\" style=\"background-color:rgba(255,255,255,0);border:1px solid #f2f3f5;border-bottom-width:3px;\">\n\n\t\t\t<div class=\"fusion-flexslider flexslider fusion-flexslider-loading fusion-post-slideshow\" style=\"border-color:#f2f3f5;\">\n\t\t<ul class=\"slides\">\n\t\t\t\n\t\t\t\t\t\t\t\t\t\t\t\t\t\t<li><div  class=\"fusion-image-wrapper\" aria-haspopup=\"true\">\n\t\t\t\t<img width=\"1300\" height=\"975\" src=\"https:\/\/municipalidadpucon.cl\/wp-content\/uploads\/2026\/04\/PRINCIPAL-1-3-scaled.jpeg\" class=\"attachment-full size-full wp-post-image\" alt=\"\" decoding=\"async\" srcset=\"https:\/\/municipalidadpucon.cl\/wp-content\/uploads\/2026\/04\/PRINCIPAL-1-3-200x150.jpeg 200w, https:\/\/municipalidadpucon.cl\/wp-content\/uploads\/2026\/04\/PRINCIPAL-1-3-400x300.jpeg 400w, https:\/\/municipalidadpucon.cl\/wp-content\/uploads\/2026\/04\/PRINCIPAL-1-3-600x450.jpeg 600w, https:\/\/municipalidadpucon.cl\/wp-content\/uploads\/2026\/04\/PRINCIPAL-1-3-800x600.jpeg 800w, https:\/\/municipalidadpucon.cl\/wp-content\/uploads\/2026\/04\/PRINCIPAL-1-3-1200x900.jpeg 1200w, https:\/\/municipalidadpucon.cl\/wp-content\/uploads\/2026\/04\/PRINCIPAL-1-3-scaled.jpeg 1300w\" sizes=\"(min-width: 2200px) 100vw, (min-width: 784px) 407px, (min-width: 712px) 610px, (min-width: 640px) 712px, \" \/><div class=\"fusion-rollover\">\n\t<div class=\"fusion-rollover-content\">\n\n\t\t\t\t\t\t\t\t\t\t\t\t\t\t<a class=\"fusion-rollover-link\" href=\"https:\/\/municipalidadpucon.cl\/?p=59919\">Puc\u00f3n destac\u00f3 como \u201csuperh\u00e9roes\u201d a Carabineros de Chile en sus 99 a\u00f1os de vida<\/a>\n\t\t\t\n\t\t\t\t\t\t\t\t\t\t\t\t\t\t\n\t\t\t\t\t\t\t\t\n\t\t\t\t\t\t\t\t\t\t\t\t\t<div class=\"fusion-rollover-sep\"><\/div>\n\t\t\t\t\n\t\t\t\t\t\t\t\t\t\t\t\t\t\t\t\t\t\t<a class=\"fusion-rollover-gallery\" href=\"https:\/\/municipalidadpucon.cl\/wp-content\/uploads\/2026\/04\/PRINCIPAL-1-3-scaled.jpeg\" data-id=\"59919\" data-rel=\"iLightbox[gallery]\" data-title=\"PRINCIPAL\" data-caption=\"\">\n\t\t\t\t\t\tGallery\t\t\t\t\t<\/a>\n\t\t\t\t\t\t\t\t\t\t\t\t\t\t\n\t\t\n\t\t\t\t\t\t\t\t\t\t\t\t<h4 class=\"fusion-rollover-title\">\n\t\t\t\t\t<a class=\"fusion-rollover-title-link\" href=\"https:\/\/municipalidadpucon.cl\/?p=59919\">\n\t\t\t\t\t\tPuc\u00f3n destac\u00f3 como \u201csuperh\u00e9roes\u201d a Carabineros de Chile en sus 99 a\u00f1os de vida\t\t\t\t\t<\/a>\n\t\t\t\t<\/h4>\n\t\t\t\n\t\t\t\t\t\t\t\t\t\t<div class=\"fusion-rollover-categories\"><a href=\"https:\/\/municipalidadpucon.cl\/?cat=98\" rel=\"tag\">Destacadas<\/a>, <a href=\"https:\/\/municipalidadpucon.cl\/?cat=95\" rel=\"tag\">GRD<\/a>, <a href=\"https:\/\/municipalidadpucon.cl\/?cat=3\" rel=\"tag\">Noticias<\/a><\/div>\t\t\t\t\t\n\t\t\n\t\t\t\t\t\t<a class=\"fusion-link-wrapper\" href=\"https:\/\/municipalidadpucon.cl\/?p=59919\" aria-label=\"Puc\u00f3n destac\u00f3 como \u201csuperh\u00e9roes\u201d a Carabineros de Chile en sus 99 a\u00f1os de vida\"><\/a>\n\t<\/div>\n<\/div>\n<\/div>\n<\/li>\n\t\t\t\n\t\t\t\n\t\t\t\t\t\t\t\t<\/ul>\n\t<\/div>\n\t<div class=\"fusion-post-content-wrapper\" style=\"padding:30px 25px 25px 25px;\"><div class=\"fusion-post-content post-content\"><h3 class=\"blog-shortcode-post-title entry-title\"><a href=\"https:\/\/municipalidadpucon.cl\/?p=59919\">Puc\u00f3n destac\u00f3 como \u201csuperh\u00e9roes\u201d a Carabineros de Chile en sus 99 a\u00f1os de vida<\/a><\/h3><p class=\"fusion-single-line-meta\"><span class=\"vcard\" style=\"display: none;\"><span class=\"fn\"><a href=\"https:\/\/municipalidadpucon.cl\/?author=11\" title=\"Publicados por Gustavo Sandoval\" rel=\"author\">Gustavo Sandoval<\/a><\/span><\/span><span class=\"updated\" style=\"display:none;\">2026-04-27T18:03:35-03:00<\/span><span>Abril 27th, 2026<\/span><span class=\"fusion-inline-sep\">|<\/span><\/p><\/div><\/div><div class=\"fusion-clearfix\"><\/div><\/div>\n<\/article>\n<article id=\"blog-1-post-59904\" class=\"fusion-post-grid post-59904 post type-post status-publish format-standard has-post-thumbnail hentry category-destacadas category-grd category-noticias\">\n<div class=\"fusion-post-wrapper\" style=\"background-color:rgba(255,255,255,0);border:1px solid #f2f3f5;border-bottom-width:3px;\">\n\n\t\t\t<div class=\"fusion-flexslider flexslider fusion-flexslider-loading fusion-post-slideshow\" style=\"border-color:#f2f3f5;\">\n\t\t<ul class=\"slides\">\n\t\t\t\n\t\t\t\t\t\t\t\t\t\t\t\t\t\t<li><div  class=\"fusion-image-wrapper\" aria-haspopup=\"true\">\n\t\t\t\t<img width=\"1300\" height=\"673\" src=\"https:\/\/municipalidadpucon.cl\/wp-content\/uploads\/2026\/04\/PRINCIPAL-3-scaled.jpg\" class=\"attachment-full size-full wp-post-image\" alt=\"\" decoding=\"async\" srcset=\"https:\/\/municipalidadpucon.cl\/wp-content\/uploads\/2026\/04\/PRINCIPAL-3-200x104.jpg 200w, https:\/\/municipalidadpucon.cl\/wp-content\/uploads\/2026\/04\/PRINCIPAL-3-400x207.jpg 400w, https:\/\/municipalidadpucon.cl\/wp-content\/uploads\/2026\/04\/PRINCIPAL-3-600x311.jpg 600w, https:\/\/municipalidadpucon.cl\/wp-content\/uploads\/2026\/04\/PRINCIPAL-3-800x414.jpg 800w, https:\/\/municipalidadpucon.cl\/wp-content\/uploads\/2026\/04\/PRINCIPAL-3-1200x621.jpg 1200w, https:\/\/municipalidadpucon.cl\/wp-content\/uploads\/2026\/04\/PRINCIPAL-3-scaled.jpg 1300w\" sizes=\"(min-width: 2200px) 100vw, (min-width: 784px) 407px, (min-width: 712px) 610px, (min-width: 640px) 712px, \" \/><div class=\"fusion-rollover\">\n\t<div class=\"fusion-rollover-content\">\n\n\t\t\t\t\t\t\t\t\t\t\t\t\t\t<a class=\"fusion-rollover-link\" href=\"https:\/\/municipalidadpucon.cl\/?p=59904\">Gestiones en cultura, obras p\u00fablicas y deporte concret\u00f3 el alcalde de Puc\u00f3n con autoridades nacionales<\/a>\n\t\t\t\n\t\t\t\t\t\t\t\t\t\t\t\t\t\t\n\t\t\t\t\t\t\t\t\n\t\t\t\t\t\t\t\t\t\t\t\t\t<div class=\"fusion-rollover-sep\"><\/div>\n\t\t\t\t\n\t\t\t\t\t\t\t\t\t\t\t\t\t\t\t\t\t\t<a class=\"fusion-rollover-gallery\" href=\"https:\/\/municipalidadpucon.cl\/wp-content\/uploads\/2026\/04\/PRINCIPAL-3-scaled.jpg\" data-id=\"59904\" data-rel=\"iLightbox[gallery]\" data-title=\"PRINCIPAL\" data-caption=\"\">\n\t\t\t\t\t\tGallery\t\t\t\t\t<\/a>\n\t\t\t\t\t\t\t\t\t\t\t\t\t\t\n\t\t\n\t\t\t\t\t\t\t\t\t\t\t\t<h4 class=\"fusion-rollover-title\">\n\t\t\t\t\t<a class=\"fusion-rollover-title-link\" href=\"https:\/\/municipalidadpucon.cl\/?p=59904\">\n\t\t\t\t\t\tGestiones en cultura, obras p\u00fablicas y deporte concret\u00f3 el alcalde de Puc\u00f3n con autoridades nacionales\t\t\t\t\t<\/a>\n\t\t\t\t<\/h4>\n\t\t\t\n\t\t\t\t\t\t\t\t\t\t<div class=\"fusion-rollover-categories\"><a href=\"https:\/\/municipalidadpucon.cl\/?cat=98\" rel=\"tag\">Destacadas<\/a>, <a href=\"https:\/\/municipalidadpucon.cl\/?cat=95\" rel=\"tag\">GRD<\/a>, <a href=\"https:\/\/municipalidadpucon.cl\/?cat=3\" rel=\"tag\">Noticias<\/a><\/div>\t\t\t\t\t\n\t\t\n\t\t\t\t\t\t<a class=\"fusion-link-wrapper\" href=\"https:\/\/municipalidadpucon.cl\/?p=59904\" aria-label=\"Gestiones en cultura, obras p\u00fablicas y deporte concret\u00f3 el alcalde de Puc\u00f3n con autoridades nacionales\"><\/a>\n\t<\/div>\n<\/div>\n<\/div>\n<\/li>\n\t\t\t\n\t\t\t\n\t\t\t\t\t\t\t\t<\/ul>\n\t<\/div>\n\t<div class=\"fusion-post-content-wrapper\" style=\"padding:30px 25px 25px 25px;\"><div class=\"fusion-post-content post-content\"><h3 class=\"blog-shortcode-post-title entry-title\"><a href=\"https:\/\/municipalidadpucon.cl\/?p=59904\">Gestiones en cultura, obras p\u00fablicas y deporte concret\u00f3 el alcalde de Puc\u00f3n con autoridades nacionales<\/a><\/h3><p class=\"fusion-single-line-meta\"><span class=\"vcard\" style=\"display: none;\"><span class=\"fn\"><a href=\"https:\/\/municipalidadpucon.cl\/?author=11\" title=\"Publicados por Gustavo Sandoval\" rel=\"author\">Gustavo Sandoval<\/a><\/span><\/span><span class=\"updated\" style=\"display:none;\">2026-04-27T10:11:14-03:00<\/span><span>Abril 27th, 2026<\/span><span class=\"fusion-inline-sep\">|<\/span><\/p><\/div><\/div><div class=\"fusion-clearfix\"><\/div><\/div>\n<\/article>\n<article id=\"blog-1-post-59893\" class=\"fusion-post-grid post-59893 post type-post status-publish format-standard has-post-thumbnail hentry category-destacadas category-noticias\">\n<div class=\"fusion-post-wrapper\" style=\"background-color:rgba(255,255,255,0);border:1px solid #f2f3f5;border-bottom-width:3px;\">\n\n\t\t\t<div class=\"fusion-flexslider flexslider fusion-flexslider-loading fusion-post-slideshow\" style=\"border-color:#f2f3f5;\">\n\t\t<ul class=\"slides\">\n\t\t\t\n\t\t\t\t\t\t\t\t\t\t\t\t\t\t<li><div  class=\"fusion-image-wrapper\" aria-haspopup=\"true\">\n\t\t\t\t<img width=\"1300\" height=\"975\" src=\"https:\/\/municipalidadpucon.cl\/wp-content\/uploads\/2026\/04\/PRINCIPAL-12-scaled.jpeg\" class=\"attachment-full size-full wp-post-image\" alt=\"\" decoding=\"async\" srcset=\"https:\/\/municipalidadpucon.cl\/wp-content\/uploads\/2026\/04\/PRINCIPAL-12-200x150.jpeg 200w, https:\/\/municipalidadpucon.cl\/wp-content\/uploads\/2026\/04\/PRINCIPAL-12-400x300.jpeg 400w, https:\/\/municipalidadpucon.cl\/wp-content\/uploads\/2026\/04\/PRINCIPAL-12-600x450.jpeg 600w, https:\/\/municipalidadpucon.cl\/wp-content\/uploads\/2026\/04\/PRINCIPAL-12-800x600.jpeg 800w, https:\/\/municipalidadpucon.cl\/wp-content\/uploads\/2026\/04\/PRINCIPAL-12-1200x900.jpeg 1200w, https:\/\/municipalidadpucon.cl\/wp-content\/uploads\/2026\/04\/PRINCIPAL-12-scaled.jpeg 1300w\" sizes=\"(min-width: 2200px) 100vw, (min-width: 784px) 407px, (min-width: 712px) 610px, (min-width: 640px) 712px, \" \/><div class=\"fusion-rollover\">\n\t<div class=\"fusion-rollover-content\">\n\n\t\t\t\t\t\t\t\t\t\t\t\t\t\t<a class=\"fusion-rollover-link\" href=\"https:\/\/municipalidadpucon.cl\/?p=59893\">Biblioteca Municipal \u201csac\u00f3 los libros a la calle\u201d en un nuevo festejo por su d\u00eda<\/a>\n\t\t\t\n\t\t\t\t\t\t\t\t\t\t\t\t\t\t\n\t\t\t\t\t\t\t\t\n\t\t\t\t\t\t\t\t\t\t\t\t\t<div class=\"fusion-rollover-sep\"><\/div>\n\t\t\t\t\n\t\t\t\t\t\t\t\t\t\t\t\t\t\t\t\t\t\t<a class=\"fusion-rollover-gallery\" href=\"https:\/\/municipalidadpucon.cl\/wp-content\/uploads\/2026\/04\/PRINCIPAL-12-scaled.jpeg\" data-id=\"59893\" data-rel=\"iLightbox[gallery]\" data-title=\"PRINCIPAL\" data-caption=\"\">\n\t\t\t\t\t\tGallery\t\t\t\t\t<\/a>\n\t\t\t\t\t\t\t\t\t\t\t\t\t\t\n\t\t\n\t\t\t\t\t\t\t\t\t\t\t\t<h4 class=\"fusion-rollover-title\">\n\t\t\t\t\t<a class=\"fusion-rollover-title-link\" href=\"https:\/\/municipalidadpucon.cl\/?p=59893\">\n\t\t\t\t\t\tBiblioteca Municipal \u201csac\u00f3 los libros a la calle\u201d en un nuevo festejo por su d\u00eda\t\t\t\t\t<\/a>\n\t\t\t\t<\/h4>\n\t\t\t\n\t\t\t\t\t\t\t\t\t\t<div class=\"fusion-rollover-categories\"><a href=\"https:\/\/municipalidadpucon.cl\/?cat=98\" rel=\"tag\">Destacadas<\/a>, <a href=\"https:\/\/municipalidadpucon.cl\/?cat=3\" rel=\"tag\">Noticias<\/a><\/div>\t\t\t\t\t\n\t\t\n\t\t\t\t\t\t<a class=\"fusion-link-wrapper\" href=\"https:\/\/municipalidadpucon.cl\/?p=59893\" aria-label=\"Biblioteca Municipal \u201csac\u00f3 los libros a la calle\u201d en un nuevo festejo por su d\u00eda\"><\/a>\n\t<\/div>\n<\/div>\n<\/div>\n<\/li>\n\t\t\t\n\t\t\t\n\t\t\t\t\t\t\t\t<\/ul>\n\t<\/div>\n\t<div class=\"fusion-post-content-wrapper\" style=\"padding:30px 25px 25px 25px;\"><div class=\"fusion-post-content post-content\"><h3 class=\"blog-shortcode-post-title entry-title\"><a href=\"https:\/\/municipalidadpucon.cl\/?p=59893\">Biblioteca Municipal \u201csac\u00f3 los libros a la calle\u201d en un nuevo festejo por su d\u00eda<\/a><\/h3><p class=\"fusion-single-line-meta\"><span class=\"vcard\" style=\"display: none;\"><span class=\"fn\"><a href=\"https:\/\/municipalidadpucon.cl\/?author=11\" title=\"Publicados por Gustavo Sandoval\" rel=\"author\">Gustavo Sandoval<\/a><\/span><\/span><span class=\"updated\" style=\"display:none;\">2026-04-24T12:14:26-03:00<\/span><span>Abril 24th, 2026<\/span><span class=\"fusion-inline-sep\">|<\/span><\/p><\/div><\/div><div class=\"fusion-clearfix\"><\/div><\/div>\n<\/article>\n<article id=\"blog-1-post-59881\" class=\"fusion-post-grid post-59881 post type-post status-publish format-standard has-post-thumbnail hentry category-destacadas category-grd category-noticias\">\n<div class=\"fusion-post-wrapper\" style=\"background-color:rgba(255,255,255,0);border:1px solid #f2f3f5;border-bottom-width:3px;\">\n\n\t\t\t<div class=\"fusion-flexslider flexslider fusion-flexslider-loading fusion-post-slideshow\" style=\"border-color:#f2f3f5;\">\n\t\t<ul class=\"slides\">\n\t\t\t\n\t\t\t\t\t\t\t\t\t\t\t\t\t\t<li><div  class=\"fusion-image-wrapper\" aria-haspopup=\"true\">\n\t\t\t\t<img width=\"1300\" height=\"737\" src=\"https:\/\/municipalidadpucon.cl\/wp-content\/uploads\/2026\/04\/PRINCIPAL-2-scaled.jpg\" class=\"attachment-full size-full wp-post-image\" alt=\"\" decoding=\"async\" srcset=\"https:\/\/municipalidadpucon.cl\/wp-content\/uploads\/2026\/04\/PRINCIPAL-2-200x113.jpg 200w, https:\/\/municipalidadpucon.cl\/wp-content\/uploads\/2026\/04\/PRINCIPAL-2-400x227.jpg 400w, https:\/\/municipalidadpucon.cl\/wp-content\/uploads\/2026\/04\/PRINCIPAL-2-600x340.jpg 600w, https:\/\/municipalidadpucon.cl\/wp-content\/uploads\/2026\/04\/PRINCIPAL-2-800x453.jpg 800w, https:\/\/municipalidadpucon.cl\/wp-content\/uploads\/2026\/04\/PRINCIPAL-2-1200x680.jpg 1200w, https:\/\/municipalidadpucon.cl\/wp-content\/uploads\/2026\/04\/PRINCIPAL-2-scaled.jpg 1300w\" sizes=\"(min-width: 2200px) 100vw, (min-width: 784px) 407px, (min-width: 712px) 610px, (min-width: 640px) 712px, \" \/><div class=\"fusion-rollover\">\n\t<div class=\"fusion-rollover-content\">\n\n\t\t\t\t\t\t\t\t\t\t\t\t\t\t<a class=\"fusion-rollover-link\" href=\"https:\/\/municipalidadpucon.cl\/?p=59881\">En Puc\u00f3n retoman operativo vial de evaluaci\u00f3n para reducir atochamientos vehiculares<\/a>\n\t\t\t\n\t\t\t\t\t\t\t\t\t\t\t\t\t\t\n\t\t\t\t\t\t\t\t\n\t\t\t\t\t\t\t\t\t\t\t\t\t<div class=\"fusion-rollover-sep\"><\/div>\n\t\t\t\t\n\t\t\t\t\t\t\t\t\t\t\t\t\t\t\t\t\t\t<a class=\"fusion-rollover-gallery\" href=\"https:\/\/municipalidadpucon.cl\/wp-content\/uploads\/2026\/04\/PRINCIPAL-2-scaled.jpg\" data-id=\"59881\" data-rel=\"iLightbox[gallery]\" data-title=\"Screenshot\" data-caption=\"Screenshot\">\n\t\t\t\t\t\tGallery\t\t\t\t\t<\/a>\n\t\t\t\t\t\t\t\t\t\t\t\t\t\t\n\t\t\n\t\t\t\t\t\t\t\t\t\t\t\t<h4 class=\"fusion-rollover-title\">\n\t\t\t\t\t<a class=\"fusion-rollover-title-link\" href=\"https:\/\/municipalidadpucon.cl\/?p=59881\">\n\t\t\t\t\t\tEn Puc\u00f3n retoman operativo vial de evaluaci\u00f3n para reducir atochamientos vehiculares\t\t\t\t\t<\/a>\n\t\t\t\t<\/h4>\n\t\t\t\n\t\t\t\t\t\t\t\t\t\t<div class=\"fusion-rollover-categories\"><a href=\"https:\/\/municipalidadpucon.cl\/?cat=98\" rel=\"tag\">Destacadas<\/a>, <a href=\"https:\/\/municipalidadpucon.cl\/?cat=95\" rel=\"tag\">GRD<\/a>, <a href=\"https:\/\/municipalidadpucon.cl\/?cat=3\" rel=\"tag\">Noticias<\/a><\/div>\t\t\t\t\t\n\t\t\n\t\t\t\t\t\t<a class=\"fusion-link-wrapper\" href=\"https:\/\/municipalidadpucon.cl\/?p=59881\" aria-label=\"En Puc\u00f3n retoman operativo vial de evaluaci\u00f3n para reducir atochamientos vehiculares\"><\/a>\n\t<\/div>\n<\/div>\n<\/div>\n<\/li>\n\t\t\t\n\t\t\t\n\t\t\t\t\t\t\t\t<\/ul>\n\t<\/div>\n\t<div class=\"fusion-post-content-wrapper\" style=\"padding:30px 25px 25px 25px;\"><div class=\"fusion-post-content post-content\"><h3 class=\"blog-shortcode-post-title entry-title\"><a href=\"https:\/\/municipalidadpucon.cl\/?p=59881\">En Puc\u00f3n retoman operativo vial de evaluaci\u00f3n para reducir atochamientos vehiculares<\/a><\/h3><p class=\"fusion-single-line-meta\"><span class=\"vcard\" style=\"display: none;\"><span class=\"fn\"><a href=\"https:\/\/municipalidadpucon.cl\/?author=11\" title=\"Publicados por Gustavo Sandoval\" rel=\"author\">Gustavo Sandoval<\/a><\/span><\/span><span class=\"updated\" style=\"display:none;\">2026-04-24T10:08:21-03:00<\/span><span>Abril 24th, 2026<\/span><span class=\"fusion-inline-sep\">|<\/span><\/p><\/div><\/div><div class=\"fusion-clearfix\"><\/div><\/div>\n<\/article>\n<article id=\"blog-1-post-59861\" class=\"fusion-post-grid post-59861 post type-post status-publish format-standard has-post-thumbnail hentry category-destacadas category-noticias\">\n<div class=\"fusion-post-wrapper\" style=\"background-color:rgba(255,255,255,0);border:1px solid #f2f3f5;border-bottom-width:3px;\">\n\n\t\t\t<div class=\"fusion-flexslider flexslider fusion-flexslider-loading fusion-post-slideshow\" style=\"border-color:#f2f3f5;\">\n\t\t<ul class=\"slides\">\n\t\t\t\n\t\t\t\t\t\t\t\t\t\t\t\t\t\t<li><div  class=\"fusion-image-wrapper\" aria-haspopup=\"true\">\n\t\t\t\t<img width=\"1280\" height=\"854\" src=\"https:\/\/municipalidadpucon.cl\/wp-content\/uploads\/2026\/04\/PRINCIPAL-11.jpeg\" class=\"attachment-full size-full wp-post-image\" alt=\"\" decoding=\"async\" srcset=\"https:\/\/municipalidadpucon.cl\/wp-content\/uploads\/2026\/04\/PRINCIPAL-11-200x133.jpeg 200w, https:\/\/municipalidadpucon.cl\/wp-content\/uploads\/2026\/04\/PRINCIPAL-11-400x267.jpeg 400w, https:\/\/municipalidadpucon.cl\/wp-content\/uploads\/2026\/04\/PRINCIPAL-11-600x400.jpeg 600w, https:\/\/municipalidadpucon.cl\/wp-content\/uploads\/2026\/04\/PRINCIPAL-11-800x534.jpeg 800w, https:\/\/municipalidadpucon.cl\/wp-content\/uploads\/2026\/04\/PRINCIPAL-11-1200x801.jpeg 1200w, https:\/\/municipalidadpucon.cl\/wp-content\/uploads\/2026\/04\/PRINCIPAL-11.jpeg 1280w\" sizes=\"(min-width: 2200px) 100vw, (min-width: 784px) 407px, (min-width: 712px) 610px, (min-width: 640px) 712px, \" \/><div class=\"fusion-rollover\">\n\t<div class=\"fusion-rollover-content\">\n\n\t\t\t\t\t\t\t\t\t\t\t\t\t\t<a class=\"fusion-rollover-link\" href=\"https:\/\/municipalidadpucon.cl\/?p=59861\">Se lanz\u00f3 ambiciosa campa\u00f1a \u201cPuc\u00f3n Te Espera\u201d para conquistar turistas durante todo el a\u00f1o<\/a>\n\t\t\t\n\t\t\t\t\t\t\t\t\t\t\t\t\t\t\n\t\t\t\t\t\t\t\t\n\t\t\t\t\t\t\t\t\t\t\t\t\t<div class=\"fusion-rollover-sep\"><\/div>\n\t\t\t\t\n\t\t\t\t\t\t\t\t\t\t\t\t\t\t\t\t\t\t<a class=\"fusion-rollover-gallery\" href=\"https:\/\/municipalidadpucon.cl\/wp-content\/uploads\/2026\/04\/PRINCIPAL-11.jpeg\" data-id=\"59861\" data-rel=\"iLightbox[gallery]\" data-title=\"PRINCIPAL\" data-caption=\"\">\n\t\t\t\t\t\tGallery\t\t\t\t\t<\/a>\n\t\t\t\t\t\t\t\t\t\t\t\t\t\t\n\t\t\n\t\t\t\t\t\t\t\t\t\t\t\t<h4 class=\"fusion-rollover-title\">\n\t\t\t\t\t<a class=\"fusion-rollover-title-link\" href=\"https:\/\/municipalidadpucon.cl\/?p=59861\">\n\t\t\t\t\t\tSe lanz\u00f3 ambiciosa campa\u00f1a \u201cPuc\u00f3n Te Espera\u201d para conquistar turistas durante todo el a\u00f1o\t\t\t\t\t<\/a>\n\t\t\t\t<\/h4>\n\t\t\t\n\t\t\t\t\t\t\t\t\t\t<div class=\"fusion-rollover-categories\"><a href=\"https:\/\/municipalidadpucon.cl\/?cat=98\" rel=\"tag\">Destacadas<\/a>, <a href=\"https:\/\/municipalidadpucon.cl\/?cat=3\" rel=\"tag\">Noticias<\/a><\/div>\t\t\t\t\t\n\t\t\n\t\t\t\t\t\t<a class=\"fusion-link-wrapper\" href=\"https:\/\/municipalidadpucon.cl\/?p=59861\" aria-label=\"Se lanz\u00f3 ambiciosa campa\u00f1a \u201cPuc\u00f3n Te Espera\u201d para conquistar turistas durante todo el a\u00f1o\"><\/a>\n\t<\/div>\n<\/div>\n<\/div>\n<\/li>\n\t\t\t\n\t\t\t\n\t\t\t\t\t\t\t\t<\/ul>\n\t<\/div>\n\t<div class=\"fusion-post-content-wrapper\" style=\"padding:30px 25px 25px 25px;\"><div class=\"fusion-post-content post-content\"><h3 class=\"blog-shortcode-post-title entry-title\"><a href=\"https:\/\/municipalidadpucon.cl\/?p=59861\">Se lanz\u00f3 ambiciosa campa\u00f1a \u201cPuc\u00f3n Te Espera\u201d para conquistar turistas durante todo el a\u00f1o<\/a><\/h3><p class=\"fusion-single-line-meta\"><span class=\"vcard\" style=\"display: none;\"><span class=\"fn\"><a href=\"https:\/\/municipalidadpucon.cl\/?author=11\" title=\"Publicados por Gustavo Sandoval\" rel=\"author\">Gustavo Sandoval<\/a><\/span><\/span><span class=\"updated\" style=\"display:none;\">2026-04-23T10:23:20-03:00<\/span><span>Abril 23rd, 2026<\/span><span class=\"fusion-inline-sep\">|<\/span><\/p><\/div><\/div><div class=\"fusion-clearfix\"><\/div><\/div>\n<\/article>\n<article id=\"blog-1-post-59841\" class=\"fusion-post-grid post-59841 post type-post status-publish format-standard has-post-thumbnail hentry category-destacadas category-noticias\">\n<div class=\"fusion-post-wrapper\" style=\"background-color:rgba(255,255,255,0);border:1px solid #f2f3f5;border-bottom-width:3px;\">\n\n\t\t\t<div class=\"fusion-flexslider flexslider fusion-flexslider-loading fusion-post-slideshow\" style=\"border-color:#f2f3f5;\">\n\t\t<ul class=\"slides\">\n\t\t\t\n\t\t\t\t\t\t\t\t\t\t\t\t\t\t<li><div  class=\"fusion-image-wrapper\" aria-haspopup=\"true\">\n\t\t\t\t<img width=\"1300\" height=\"975\" src=\"https:\/\/municipalidadpucon.cl\/wp-content\/uploads\/2026\/04\/PRINCIPAL-10-scaled-e1776870968403.jpeg\" class=\"attachment-full size-full wp-post-image\" alt=\"\" decoding=\"async\" srcset=\"https:\/\/municipalidadpucon.cl\/wp-content\/uploads\/2026\/04\/PRINCIPAL-10-scaled-e1776870968403-200x150.jpeg 200w, https:\/\/municipalidadpucon.cl\/wp-content\/uploads\/2026\/04\/PRINCIPAL-10-scaled-e1776870968403-400x300.jpeg 400w, https:\/\/municipalidadpucon.cl\/wp-content\/uploads\/2026\/04\/PRINCIPAL-10-scaled-e1776870968403-600x450.jpeg 600w, https:\/\/municipalidadpucon.cl\/wp-content\/uploads\/2026\/04\/PRINCIPAL-10-scaled-e1776870968403-800x600.jpeg 800w, https:\/\/municipalidadpucon.cl\/wp-content\/uploads\/2026\/04\/PRINCIPAL-10-scaled-e1776870968403-1200x900.jpeg 1200w, https:\/\/municipalidadpucon.cl\/wp-content\/uploads\/2026\/04\/PRINCIPAL-10-scaled-e1776870968403.jpeg 1300w\" sizes=\"(min-width: 2200px) 100vw, (min-width: 784px) 407px, (min-width: 712px) 610px, (min-width: 640px) 712px, \" \/><div class=\"fusion-rollover\">\n\t<div class=\"fusion-rollover-content\">\n\n\t\t\t\t\t\t\t\t\t\t\t\t\t\t<a class=\"fusion-rollover-link\" href=\"https:\/\/municipalidadpucon.cl\/?p=59841\">Educaci\u00f3n municipal despidi\u00f3 con honores a seis asistentes con bono al retiro<\/a>\n\t\t\t\n\t\t\t\t\t\t\t\t\t\t\t\t\t\t\n\t\t\t\t\t\t\t\t\n\t\t\t\t\t\t\t\t\t\t\t\t\t<div class=\"fusion-rollover-sep\"><\/div>\n\t\t\t\t\n\t\t\t\t\t\t\t\t\t\t\t\t\t\t\t\t\t\t<a class=\"fusion-rollover-gallery\" href=\"https:\/\/municipalidadpucon.cl\/wp-content\/uploads\/2026\/04\/PRINCIPAL-10-scaled-e1776870968403.jpeg\" data-id=\"59841\" data-rel=\"iLightbox[gallery]\" data-title=\"PRINCIPAL\" data-caption=\"\">\n\t\t\t\t\t\tGallery\t\t\t\t\t<\/a>\n\t\t\t\t\t\t\t\t\t\t\t\t\t\t\n\t\t\n\t\t\t\t\t\t\t\t\t\t\t\t<h4 class=\"fusion-rollover-title\">\n\t\t\t\t\t<a class=\"fusion-rollover-title-link\" href=\"https:\/\/municipalidadpucon.cl\/?p=59841\">\n\t\t\t\t\t\tEducaci\u00f3n municipal despidi\u00f3 con honores a seis asistentes con bono al retiro\t\t\t\t\t<\/a>\n\t\t\t\t<\/h4>\n\t\t\t\n\t\t\t\t\t\t\t\t\t\t<div class=\"fusion-rollover-categories\"><a href=\"https:\/\/municipalidadpucon.cl\/?cat=98\" rel=\"tag\">Destacadas<\/a>, <a href=\"https:\/\/municipalidadpucon.cl\/?cat=3\" rel=\"tag\">Noticias<\/a><\/div>\t\t\t\t\t\n\t\t\n\t\t\t\t\t\t<a class=\"fusion-link-wrapper\" href=\"https:\/\/municipalidadpucon.cl\/?p=59841\" aria-label=\"Educaci\u00f3n municipal despidi\u00f3 con honores a seis asistentes con bono al retiro\"><\/a>\n\t<\/div>\n<\/div>\n<\/div>\n<\/li>\n\t\t\t\n\t\t\t\n\t\t\t\t\t\t\t\t<\/ul>\n\t<\/div>\n\t<div class=\"fusion-post-content-wrapper\" style=\"padding:30px 25px 25px 25px;\"><div class=\"fusion-post-content post-content\"><h3 class=\"blog-shortcode-post-title entry-title\"><a href=\"https:\/\/municipalidadpucon.cl\/?p=59841\">Educaci\u00f3n municipal despidi\u00f3 con honores a seis asistentes con bono al retiro<\/a><\/h3><p class=\"fusion-single-line-meta\"><span class=\"vcard\" style=\"display: none;\"><span class=\"fn\"><a href=\"https:\/\/municipalidadpucon.cl\/?author=11\" title=\"Publicados por Gustavo Sandoval\" rel=\"author\">Gustavo Sandoval<\/a><\/span><\/span><span class=\"updated\" style=\"display:none;\">2026-04-22T12:16:30-03:00<\/span><span>Abril 22nd, 2026<\/span><span class=\"fusion-inline-sep\">|<\/span><\/p><\/div><\/div><div class=\"fusion-clearfix\"><\/div><\/div>\n<\/article>\n<article id=\"blog-1-post-59812\" class=\"fusion-post-grid post-59812 post type-post status-publish format-standard has-post-thumbnail hentry category-destacadas category-noticias\">\n<div class=\"fusion-post-wrapper\" style=\"background-color:rgba(255,255,255,0);border:1px solid #f2f3f5;border-bottom-width:3px;\">\n\n\t\t\t<div class=\"fusion-flexslider flexslider fusion-flexslider-loading fusion-post-slideshow\" style=\"border-color:#f2f3f5;\">\n\t\t<ul class=\"slides\">\n\t\t\t\n\t\t\t\t\t\t\t\t\t\t\t\t\t\t<li><div  class=\"fusion-image-wrapper\" aria-haspopup=\"true\">\n\t\t\t\t<img width=\"1300\" height=\"975\" src=\"https:\/\/municipalidadpucon.cl\/wp-content\/uploads\/2026\/04\/PRINCIPAL-1-2-scaled.jpeg\" class=\"attachment-full size-full wp-post-image\" alt=\"\" decoding=\"async\" srcset=\"https:\/\/municipalidadpucon.cl\/wp-content\/uploads\/2026\/04\/PRINCIPAL-1-2-200x150.jpeg 200w, https:\/\/municipalidadpucon.cl\/wp-content\/uploads\/2026\/04\/PRINCIPAL-1-2-400x300.jpeg 400w, https:\/\/municipalidadpucon.cl\/wp-content\/uploads\/2026\/04\/PRINCIPAL-1-2-600x450.jpeg 600w, https:\/\/municipalidadpucon.cl\/wp-content\/uploads\/2026\/04\/PRINCIPAL-1-2-800x600.jpeg 800w, https:\/\/municipalidadpucon.cl\/wp-content\/uploads\/2026\/04\/PRINCIPAL-1-2-1200x900.jpeg 1200w, https:\/\/municipalidadpucon.cl\/wp-content\/uploads\/2026\/04\/PRINCIPAL-1-2-scaled.jpeg 1300w\" sizes=\"(min-width: 2200px) 100vw, (min-width: 784px) 407px, (min-width: 712px) 610px, (min-width: 640px) 712px, \" \/><div class=\"fusion-rollover\">\n\t<div class=\"fusion-rollover-content\">\n\n\t\t\t\t\t\t\t\t\t\t\t\t\t\t<a class=\"fusion-rollover-link\" href=\"https:\/\/municipalidadpucon.cl\/?p=59812\">Ovaci\u00f3n y aplausos se llevaron participantes del I Festival de la Voz Inclusiva de Puc\u00f3n<\/a>\n\t\t\t\n\t\t\t\t\t\t\t\t\t\t\t\t\t\t\n\t\t\t\t\t\t\t\t\n\t\t\t\t\t\t\t\t\t\t\t\t\t<div class=\"fusion-rollover-sep\"><\/div>\n\t\t\t\t\n\t\t\t\t\t\t\t\t\t\t\t\t\t\t\t\t\t\t<a class=\"fusion-rollover-gallery\" href=\"https:\/\/municipalidadpucon.cl\/wp-content\/uploads\/2026\/04\/PRINCIPAL-1-2-scaled.jpeg\" data-id=\"59812\" data-rel=\"iLightbox[gallery]\" data-title=\"PRINCIPAL\" data-caption=\"\">\n\t\t\t\t\t\tGallery\t\t\t\t\t<\/a>\n\t\t\t\t\t\t\t\t\t\t\t\t\t\t\n\t\t\n\t\t\t\t\t\t\t\t\t\t\t\t<h4 class=\"fusion-rollover-title\">\n\t\t\t\t\t<a class=\"fusion-rollover-title-link\" href=\"https:\/\/municipalidadpucon.cl\/?p=59812\">\n\t\t\t\t\t\tOvaci\u00f3n y aplausos se llevaron participantes del I Festival de la Voz Inclusiva de Puc\u00f3n\t\t\t\t\t<\/a>\n\t\t\t\t<\/h4>\n\t\t\t\n\t\t\t\t\t\t\t\t\t\t<div class=\"fusion-rollover-categories\"><a href=\"https:\/\/municipalidadpucon.cl\/?cat=98\" rel=\"tag\">Destacadas<\/a>, <a href=\"https:\/\/municipalidadpucon.cl\/?cat=3\" rel=\"tag\">Noticias<\/a><\/div>\t\t\t\t\t\n\t\t\n\t\t\t\t\t\t<a class=\"fusion-link-wrapper\" href=\"https:\/\/municipalidadpucon.cl\/?p=59812\" aria-label=\"Ovaci\u00f3n y aplausos se llevaron participantes del I Festival de la Voz Inclusiva de Puc\u00f3n\"><\/a>\n\t<\/div>\n<\/div>\n<\/div>\n<\/li>\n\t\t\t\n\t\t\t\n\t\t\t\t\t\t\t\t<\/ul>\n\t<\/div>\n\t<div class=\"fusion-post-content-wrapper\" style=\"padding:30px 25px 25px 25px;\"><div class=\"fusion-post-content post-content\"><h3 class=\"blog-shortcode-post-title entry-title\"><a href=\"https:\/\/municipalidadpucon.cl\/?p=59812\">Ovaci\u00f3n y aplausos se llevaron participantes del I Festival de la Voz Inclusiva de Puc\u00f3n<\/a><\/h3><p class=\"fusion-single-line-meta\"><span class=\"vcard\" style=\"display: none;\"><span class=\"fn\"><a href=\"https:\/\/municipalidadpucon.cl\/?author=11\" title=\"Publicados por Gustavo Sandoval\" rel=\"author\">Gustavo Sandoval<\/a><\/span><\/span><span class=\"updated\" style=\"display:none;\">2026-04-21T10:10:55-03:00<\/span><span>Abril 21st, 2026<\/span><span class=\"fusion-inline-sep\">|<\/span><\/p><\/div><\/div><div class=\"fusion-clearfix\"><\/div><\/div>\n<\/article>\n<article id=\"blog-1-post-59786\" class=\"fusion-post-grid post-59786 post type-post status-publish format-standard has-post-thumbnail hentry category-noticias\">\n<div class=\"fusion-post-wrapper\" style=\"background-color:rgba(255,255,255,0);border:1px solid #f2f3f5;border-bottom-width:3px;\">\n\n\t\t\t<div class=\"fusion-flexslider flexslider fusion-flexslider-loading fusion-post-slideshow\" style=\"border-color:#f2f3f5;\">\n\t\t<ul class=\"slides\">\n\t\t\t\n\t\t\t\t\t\t\t\t\t\t\t\t\t\t<li><div  class=\"fusion-image-wrapper\" aria-haspopup=\"true\">\n\t\t\t\t<img width=\"1300\" height=\"975\" src=\"https:\/\/municipalidadpucon.cl\/wp-content\/uploads\/2026\/04\/PRINCIPAL-2-1-scaled.jpeg\" class=\"attachment-full size-full wp-post-image\" alt=\"\" decoding=\"async\" srcset=\"https:\/\/municipalidadpucon.cl\/wp-content\/uploads\/2026\/04\/PRINCIPAL-2-1-200x150.jpeg 200w, https:\/\/municipalidadpucon.cl\/wp-content\/uploads\/2026\/04\/PRINCIPAL-2-1-400x300.jpeg 400w, https:\/\/municipalidadpucon.cl\/wp-content\/uploads\/2026\/04\/PRINCIPAL-2-1-600x450.jpeg 600w, https:\/\/municipalidadpucon.cl\/wp-content\/uploads\/2026\/04\/PRINCIPAL-2-1-800x600.jpeg 800w, https:\/\/municipalidadpucon.cl\/wp-content\/uploads\/2026\/04\/PRINCIPAL-2-1-1200x900.jpeg 1200w, https:\/\/municipalidadpucon.cl\/wp-content\/uploads\/2026\/04\/PRINCIPAL-2-1-scaled.jpeg 1300w\" sizes=\"(min-width: 2200px) 100vw, (min-width: 784px) 407px, (min-width: 712px) 610px, (min-width: 640px) 712px, \" \/><div class=\"fusion-rollover\">\n\t<div class=\"fusion-rollover-content\">\n\n\t\t\t\t\t\t\t\t\t\t\t\t\t\t<a class=\"fusion-rollover-link\" href=\"https:\/\/municipalidadpucon.cl\/?p=59786\">Tres obras para la comunidad se inauguraron en el sector Cordillera de Puc\u00f3n<\/a>\n\t\t\t\n\t\t\t\t\t\t\t\t\t\t\t\t\t\t\n\t\t\t\t\t\t\t\t\n\t\t\t\t\t\t\t\t\t\t\t\t\t<div class=\"fusion-rollover-sep\"><\/div>\n\t\t\t\t\n\t\t\t\t\t\t\t\t\t\t\t\t\t\t\t\t\t\t<a class=\"fusion-rollover-gallery\" href=\"https:\/\/municipalidadpucon.cl\/wp-content\/uploads\/2026\/04\/PRINCIPAL-2-1-scaled.jpeg\" data-id=\"59786\" data-rel=\"iLightbox[gallery]\" data-title=\"PRINCIPAL 2\" data-caption=\"\">\n\t\t\t\t\t\tGallery\t\t\t\t\t<\/a>\n\t\t\t\t\t\t\t\t\t\t\t\t\t\t\n\t\t\n\t\t\t\t\t\t\t\t\t\t\t\t<h4 class=\"fusion-rollover-title\">\n\t\t\t\t\t<a class=\"fusion-rollover-title-link\" href=\"https:\/\/municipalidadpucon.cl\/?p=59786\">\n\t\t\t\t\t\tTres obras para la comunidad se inauguraron en el sector Cordillera de Puc\u00f3n\t\t\t\t\t<\/a>\n\t\t\t\t<\/h4>\n\t\t\t\n\t\t\t\t\t\t\t\t\t\t<div class=\"fusion-rollover-categories\"><a href=\"https:\/\/municipalidadpucon.cl\/?cat=3\" rel=\"tag\">Noticias<\/a><\/div>\t\t\t\t\t\n\t\t\n\t\t\t\t\t\t<a class=\"fusion-link-wrapper\" href=\"https:\/\/municipalidadpucon.cl\/?p=59786\" aria-label=\"Tres obras para la comunidad se inauguraron en el sector Cordillera de Puc\u00f3n\"><\/a>\n\t<\/div>\n<\/div>\n<\/div>\n<\/li>\n\t\t\t\n\t\t\t\n\t\t\t\t\t\t\t\t<\/ul>\n\t<\/div>\n\t<div class=\"fusion-post-content-wrapper\" style=\"padding:30px 25px 25px 25px;\"><div class=\"fusion-post-content post-content\"><h3 class=\"blog-shortcode-post-title entry-title\"><a href=\"https:\/\/municipalidadpucon.cl\/?p=59786\">Tres obras para la comunidad se inauguraron en el sector Cordillera de Puc\u00f3n<\/a><\/h3><p class=\"fusion-single-line-meta\"><span class=\"vcard\" style=\"display: none;\"><span class=\"fn\"><a href=\"https:\/\/municipalidadpucon.cl\/?author=11\" title=\"Publicados por Gustavo Sandoval\" rel=\"author\">Gustavo Sandoval<\/a><\/span><\/span><span class=\"updated\" style=\"display:none;\">2026-04-20T13:09:43-03:00<\/span><span>Abril 20th, 2026<\/span><span class=\"fusion-inline-sep\">|<\/span><\/p><\/div><\/div><div class=\"fusion-clearfix\"><\/div><\/div>\n<\/article>\n<div class=\"fusion-clearfix\"><\/div><\/div><div class=\"pagination clearfix\"><span class=\"current\">1<\/span><a href=\"https:\/\/municipalidadpucon.cl\/index.php?rest_route=%2Fwp%2Fv2%2Fpages%2F61&#038;paged=2\" class=\"inactive\">2<\/a><a class=\"pagination-next\" rel=\"next\" href=\"https:\/\/municipalidadpucon.cl\/index.php?rest_route=%2Fwp%2Fv2%2Fpages%2F61&#038;paged=2\"><span class=\"page-text\">Next<\/span><span class=\"page-next\"><\/span><\/a><\/div><div class=\"fusion-clearfix\"><\/div><\/div><div class=\"fusion-clearfix\"><\/div><\/div><\/div><\/div><\/div><\/p>\n","protected":false},"excerpt":{"rendered":"","protected":false},"author":1,"featured_media":0,"parent":0,"menu_order":0,"comment_status":"closed","ping_status":"closed","template":"100-width.php","meta":[],"_links":{"self":[{"href":"https:\/\/municipalidadpucon.cl\/index.php?rest_route=\/wp\/v2\/pages\/61"}],"collection":[{"href":"https:\/\/municipalidadpucon.cl\/index.php?rest_route=\/wp\/v2\/pages"}],"about":[{"href":"https:\/\/municipalidadpucon.cl\/index.php?rest_route=\/wp\/v2\/types\/page"}],"author":[{"embeddable":true,"href":"https:\/\/municipalidadpucon.cl\/index.php?rest_route=\/wp\/v2\/users\/1"}],"replies":[{"embeddable":true,"href":"https:\/\/municipalidadpucon.cl\/index.php?rest_route=%2Fwp%2Fv2%2Fcomments&post=61"}],"version-history":[{"count":16,"href":"https:\/\/municipalidadpucon.cl\/index.php?rest_route=\/wp\/v2\/pages\/61\/revisions"}],"predecessor-version":[{"id":57752,"href":"https:\/\/municipalidadpucon.cl\/index.php?rest_route=\/wp\/v2\/pages\/61\/revisions\/57752"}],"wp:attachment":[{"href":"https:\/\/municipalidadpucon.cl\/index.php?rest_route=%2Fwp%2Fv2%2Fmedia&parent=61"}],"curies":[{"name":"wp","href":"https:\/\/api.w.org\/{rel}","templated":true}]}}