{"id":89,"date":"2020-03-04T12:34:45","date_gmt":"2020-03-04T15:34:45","guid":{"rendered":"https:\/\/municipalidadpucon.cl\/?page_id=89"},"modified":"2026-04-15T11:01:51","modified_gmt":"2026-04-15T14:01:51","slug":"concursos-publicos","status":"publish","type":"page","link":"https:\/\/municipalidadpucon.cl\/?page_id=89","title":{"rendered":"Concursos P\u00fablicos"},"content":{"rendered":"<p><div class=\"fusion-fullwidth fullwidth-box fusion-builder-row-1 nonhundred-percent-fullwidth non-hundred-percent-height-scrolling\" style=\"--awb-border-sizes-top:0px;--awb-border-sizes-bottom:0px;--awb-border-sizes-left:0px;--awb-border-sizes-right:0px;--awb-border-radius-top-left:0px;--awb-border-radius-top-right:0px;--awb-border-radius-bottom-right:0px;--awb-border-radius-bottom-left:0px;--awb-flex-wrap:wrap;\" ><div class=\"fusion-builder-row fusion-row\"><div class=\"fusion-layout-column fusion_builder_column fusion-builder-column-0 fusion_builder_column_1_1 1_1 fusion-one-full fusion-column-first fusion-column-last\" style=\"--awb-bg-size:cover;\"><div class=\"fusion-column-wrapper fusion-column-has-shadow fusion-flex-column-wrapper-legacy\"><div class=\"fusion-title title fusion-title-1 fusion-title-center fusion-title-text fusion-title-size-four\" style=\"--awb-sep-color:#03a9f4;\"><div class=\"title-sep-container title-sep-container-left\"><div class=\"title-sep sep-double sep-solid\" style=\"border-color:#03a9f4;\"><\/div><\/div><span class=\"awb-title-spacer\"><\/span><h4 class=\"fusion-title-heading title-heading-center\" style=\"margin:0;\">Concursos P\u00fablicos en Curso<\/h4><span class=\"awb-title-spacer\"><\/span><div class=\"title-sep-container title-sep-container-right\"><div class=\"title-sep sep-double sep-solid\" style=\"border-color:#03a9f4;\"><\/div><\/div><\/div><div class=\"fusion-clearfix\"><\/div><\/div><\/div><\/div><\/div><div class=\"fusion-fullwidth fullwidth-box fusion-builder-row-2 nonhundred-percent-fullwidth non-hundred-percent-height-scrolling\" style=\"--awb-border-sizes-top:0px;--awb-border-sizes-bottom:0px;--awb-border-sizes-left:0px;--awb-border-sizes-right:0px;--awb-border-radius-top-left:0px;--awb-border-radius-top-right:0px;--awb-border-radius-bottom-right:0px;--awb-border-radius-bottom-left:0px;--awb-flex-wrap:wrap;\" ><div class=\"fusion-builder-row fusion-row\"><div class=\"fusion-layout-column fusion_builder_column fusion-builder-column-1 fusion_builder_column_1_1 1_1 fusion-one-full fusion-column-first fusion-column-last\" style=\"--awb-bg-size:cover;\"><div class=\"fusion-column-wrapper fusion-column-has-shadow fusion-flex-column-wrapper-legacy\"><div class=\"accordian fusion-accordian\" style=\"--awb-border-size:1px;--awb-icon-size:16px;--awb-content-font-size:16px;--awb-icon-alignment:left;--awb-hover-color:#ffffff;--awb-border-color:#e2e2e2;--awb-background-color:#ffffff;--awb-divider-color:#e2e2e2;--awb-divider-hover-color:#e2e2e2;--awb-icon-color:#ffffff;--awb-title-color:#212934;--awb-content-color:#4a4e57;--awb-icon-box-color:#212934;--awb-toggle-hover-accent-color:#1a80b6;--awb-title-font-family:&quot;Zilla Slab&quot;;--awb-title-font-weight:400;--awb-title-font-style:normal;--awb-title-line-height:1.36;--awb-content-font-family:&quot;Open Sans&quot;;--awb-content-font-style:normal;--awb-content-font-weight:400;\"><div class=\"panel-group fusion-toggle-icon-boxed\" id=\"accordion-89-1\"><div class=\"fusion-panel panel-default panel-d3f2548c9ce5a39ab fusion-toggle-no-divider fusion-toggle-boxed-mode\"><div class=\"panel-heading\"><h4 class=\"panel-title toggle\" id=\"toggle_d3f2548c9ce5a39ab\"><a aria-expanded=\"false\" aria-controls=\"d3f2548c9ce5a39ab\" role=\"button\" data-toggle=\"collapse\" data-parent=\"#accordion-89-1\" data-target=\"#d3f2548c9ce5a39ab\" href=\"#d3f2548c9ce5a39ab\"><span class=\"fusion-toggle-icon-wrapper\" aria-hidden=\"true\"><i class=\"fa-fusion-box active-icon awb-icon-minus\" aria-hidden=\"true\"><\/i><i class=\"fa-fusion-box inactive-icon awb-icon-plus\" aria-hidden=\"true\"><\/i><\/span><span class=\"fusion-toggle-heading\">Concursos p\u00fablicos para el cargo de Director(a) de establecimiento, correspondientes al Colegio El Claro, Liceo Bicentenario de Hoteler\u00eda y Turismo y Complejo Educacional Carlos Holzapfel.<\/span><\/a><\/h4><\/div><div id=\"d3f2548c9ce5a39ab\" class=\"panel-collapse collapse \" aria-labelledby=\"toggle_d3f2548c9ce5a39ab\"><div class=\"panel-body toggle-content fusion-clearfix\">\n<ul>\n<li><span style=\"font-family: arial, helvetica, sans-serif; font-size: 10pt;\">Portal Directores para Chile, donde los postulantes podr\u00e1n acceder a la informaci\u00f3n y realizar sus postulaciones en l\u00ednea (<a href=\"https:\/\/www.directoresparachile.cl\/pub\/convocatorias\/convocatorias.aspx?s=1&amp;convocatorias-abiertas&amp;r=10\"><span style=\"text-decoration: underline;\"><span style=\"color: #3366ff; text-decoration: underline;\">Enlace<\/span><\/span><\/a>)<\/span><\/li>\n<\/ul>\n<ul>\n<li style=\"list-style-type: none;\"><\/li>\n<\/ul>\n<\/div><\/div><\/div><\/div><\/div><div class=\"accordian fusion-accordian\" style=\"--awb-border-size:1px;--awb-icon-size:16px;--awb-content-font-size:16px;--awb-icon-alignment:left;--awb-hover-color:#ffffff;--awb-border-color:#e2e2e2;--awb-background-color:#ffffff;--awb-divider-color:#e2e2e2;--awb-divider-hover-color:#e2e2e2;--awb-icon-color:#ffffff;--awb-title-color:#212934;--awb-content-color:#4a4e57;--awb-icon-box-color:#212934;--awb-toggle-hover-accent-color:#1a80b6;--awb-title-font-family:&quot;Zilla Slab&quot;;--awb-title-font-weight:400;--awb-title-font-style:normal;--awb-title-line-height:1.36;--awb-content-font-family:&quot;Open Sans&quot;;--awb-content-font-style:normal;--awb-content-font-weight:400;\"><div class=\"panel-group fusion-toggle-icon-boxed\" id=\"accordion-89-2\"><div class=\"fusion-panel panel-default panel-97676fb73aa2624e5 fusion-toggle-no-divider fusion-toggle-boxed-mode\"><div class=\"panel-heading\"><h4 class=\"panel-title toggle\" id=\"toggle_97676fb73aa2624e5\"><a aria-expanded=\"false\" aria-controls=\"97676fb73aa2624e5\" role=\"button\" data-toggle=\"collapse\" data-parent=\"#accordion-89-2\" data-target=\"#97676fb73aa2624e5\" href=\"#97676fb73aa2624e5\"><span class=\"fusion-toggle-icon-wrapper\" aria-hidden=\"true\"><i class=\"fa-fusion-box active-icon awb-icon-minus\" aria-hidden=\"true\"><\/i><i class=\"fa-fusion-box inactive-icon awb-icon-plus\" aria-hidden=\"true\"><\/i><\/span><span class=\"fusion-toggle-heading\">Concurso P\u00fablico para el cargo de T\u00e9cnico Media Jornada Programa PRODESAL<\/span><\/a><\/h4><\/div><div id=\"97676fb73aa2624e5\" class=\"panel-collapse collapse \" aria-labelledby=\"toggle_97676fb73aa2624e5\"><div class=\"panel-body toggle-content fusion-clearfix\">\n<ul>\n<li><span style=\"font-family: arial, helvetica, sans-serif; font-size: 10pt;\"><strong>Recepci\u00f3n de antecedentes:<\/strong> Hasta el 10 de abril de 2026 a las 12:30 hrs<\/span><\/li>\n<li><span style=\"font-family: arial, helvetica, sans-serif; font-size: 10pt;\"><strong>Acto de apertura de sobres:<\/strong> Del 10 al 13 de abril de 2026<\/span><\/li>\n<li><span style=\"font-family: arial, helvetica, sans-serif; font-size: 10pt;\"><strong>Evaluaci\u00f3n:<\/strong> Del 10 al 13 de abril de 2026<\/span><\/li>\n<li><span style=\"font-family: arial, helvetica, sans-serif; font-size: 10pt;\"><strong>Entrevista psicol\u00f3gica:<\/strong> Del 13 al 17 de abril de 2026<\/span><\/li>\n<li><span style=\"font-family: arial, helvetica, sans-serif; font-size: 10pt;\"><strong>Entrevista personal:<\/strong> Del 13 al 17 de abril de 2026<\/span><\/li>\n<li><span style=\"font-family: arial, helvetica, sans-serif; font-size: 10pt;\"><strong>Adjudicaci\u00f3n, notificaci\u00f3n y oficio INDAP:<\/strong> Del 17 al 30 de abril de 2026 <\/span><\/li>\n<li><span style=\"font-family: arial, helvetica, sans-serif; font-size: 10pt;\"><strong>Fecha de inicio de funciones:<\/strong> 04 de mayo de 2026<\/span><\/li>\n<\/ul>\n<ul>\n<li style=\"list-style-type: none;\">\n<ul>\n<li><span style=\"font-family: arial, helvetica, sans-serif; font-size: 10pt;\">Bases Concurso (<a href=\"https:\/\/municipalidadpucon.cl\/oldweb\/web2010\/para%20descarga\/Concurso%20Publico\/Proder\/2026\/Bases_Tecnico_PRODESAL_2026.pdf\"><span style=\"text-decoration: underline;\"><span style=\"color: #3366ff; text-decoration: underline;\">Descargar<\/span><\/span><\/a>)<\/span><\/li>\n<li><span style=\"font-family: arial, helvetica, sans-serif; font-size: 10pt;\">Decreto correspondiente al Programa PRODESAL (<a href=\"https:\/\/municipalidadpucon.cl\/oldweb\/web2010\/para%20descarga\/Concurso%20Publico\/Proder\/2026\/Decreto_1114_PRODESAL.pdf\"><span style=\"text-decoration: underline;\"><span style=\"color: #3366ff; text-decoration: underline;\">Descargar<\/span><\/span><\/a>)<\/span><\/li>\n<li><span style=\"font-family: arial, helvetica, sans-serif; font-size: 10pt;\">Resoluci\u00f3n del Programa PRODESAL (<a href=\"https:\/\/municipalidadpucon.cl\/oldweb\/web2010\/para%20descarga\/Concurso%20Publico\/Proder\/2026\/Resolucion_09000072302026_Prodesal_Pucon_2026.pdf\"><span style=\"text-decoration: underline;\"><span style=\"color: #3366ff; text-decoration: underline;\">Descargar<\/span><\/span><\/a>)<\/span><\/li>\n<\/ul>\n<\/li>\n<\/ul>\n<\/div><\/div><\/div><\/div><\/div><div class=\"accordian fusion-accordian\" style=\"--awb-border-size:1px;--awb-icon-size:16px;--awb-content-font-size:16px;--awb-icon-alignment:left;--awb-hover-color:#ffffff;--awb-border-color:#e2e2e2;--awb-background-color:#ffffff;--awb-divider-color:#e2e2e2;--awb-divider-hover-color:#e2e2e2;--awb-icon-color:#ffffff;--awb-title-color:#212934;--awb-content-color:#4a4e57;--awb-icon-box-color:#212934;--awb-toggle-hover-accent-color:#1a80b6;--awb-title-font-family:&quot;Zilla Slab&quot;;--awb-title-font-weight:400;--awb-title-font-style:normal;--awb-title-line-height:1.36;--awb-content-font-family:&quot;Open Sans&quot;;--awb-content-font-style:normal;--awb-content-font-weight:400;\"><div class=\"panel-group fusion-toggle-icon-boxed\" id=\"accordion-89-3\"><div class=\"fusion-panel panel-default panel-d676f46f10d279575 fusion-toggle-no-divider fusion-toggle-boxed-mode\"><div class=\"panel-heading\"><h4 class=\"panel-title toggle\" id=\"toggle_d676f46f10d279575\"><a aria-expanded=\"false\" aria-controls=\"d676f46f10d279575\" role=\"button\" data-toggle=\"collapse\" data-parent=\"#accordion-89-3\" data-target=\"#d676f46f10d279575\" href=\"#d676f46f10d279575\"><span class=\"fusion-toggle-icon-wrapper\" aria-hidden=\"true\"><i class=\"fa-fusion-box active-icon awb-icon-minus\" aria-hidden=\"true\"><\/i><i class=\"fa-fusion-box inactive-icon awb-icon-plus\" aria-hidden=\"true\"><\/i><\/span><span class=\"fusion-toggle-heading\">Llamado Concurso Cargo Coordinador para el Programa HPV I<\/span><\/a><\/h4><\/div><div id=\"d676f46f10d279575\" class=\"panel-collapse collapse \" aria-labelledby=\"toggle_d676f46f10d279575\"><div class=\"panel-body toggle-content fusion-clearfix\">\n<ul>\n<li><span style=\"font-family: arial, helvetica, sans-serif; font-size: 10pt;\">Decreto N\u00b0 1084, Aprueba Bases (<a href=\"https:\/\/municipalidadpucon.cl\/oldweb\/web2010\/para%20descarga\/Concurso%20Publico\/OLN\/2026\/DEx1084_Aprueba_Bases.pdf\"><span style=\"text-decoration: underline;\"><span style=\"color: #3366ff; text-decoration: underline;\">Descargar<\/span><\/span><\/a>)<\/span><\/li>\n<li><span style=\"font-family: arial, helvetica, sans-serif; font-size: 10pt;\">Bases, Cargo Coordinador para el Programa HPV I (<a href=\"https:\/\/municipalidadpucon.cl\/oldweb\/web2010\/para%20descarga\/Concurso%20Publico\/OLN\/2026\/Bases_Coordinador_Programa_HPVI.pdf\"><span style=\"text-decoration: underline;\"><span style=\"color: #3366ff; text-decoration: underline;\">Descargar<\/span><\/span><\/a>)<\/span><\/li>\n<li><span style=\"font-family: arial, helvetica, sans-serif; font-size: 10pt;\">Requerimientos T\u00e9cnicos HPV 2025-2026 (<a href=\"https:\/\/municipalidadpucon.cl\/oldweb\/web2010\/para%20descarga\/Concurso%20Publico\/OLN\/2026\/Requerimientos_Tecnicos_HPV_2025_2026.pdf\"><span style=\"text-decoration: underline;\"><span style=\"color: #3366ff; text-decoration: underline;\">Descargar<\/span><\/span><\/a>)<\/span><\/li>\n<\/ul>\n<\/div><\/div><\/div><\/div><\/div><div class=\"accordian fusion-accordian\" style=\"--awb-border-size:1px;--awb-icon-size:16px;--awb-content-font-size:16px;--awb-icon-alignment:left;--awb-hover-color:#ffffff;--awb-border-color:#e2e2e2;--awb-background-color:#ffffff;--awb-divider-color:#e2e2e2;--awb-divider-hover-color:#e2e2e2;--awb-icon-color:#ffffff;--awb-title-color:#212934;--awb-content-color:#4a4e57;--awb-icon-box-color:#212934;--awb-toggle-hover-accent-color:#1a80b6;--awb-title-font-family:&quot;Zilla Slab&quot;;--awb-title-font-weight:400;--awb-title-font-style:normal;--awb-title-line-height:1.36;--awb-content-font-family:&quot;Open Sans&quot;;--awb-content-font-style:normal;--awb-content-font-weight:400;\"><div class=\"panel-group fusion-toggle-icon-boxed\" id=\"accordion-89-4\"><div class=\"fusion-panel panel-default panel-7b1e042b1b92dbbba fusion-toggle-no-divider fusion-toggle-boxed-mode\"><div class=\"panel-heading\"><h4 class=\"panel-title toggle\" id=\"toggle_7b1e042b1b92dbbba\"><a aria-expanded=\"false\" aria-controls=\"7b1e042b1b92dbbba\" role=\"button\" data-toggle=\"collapse\" data-parent=\"#accordion-89-4\" data-target=\"#7b1e042b1b92dbbba\" href=\"#7b1e042b1b92dbbba\"><span class=\"fusion-toggle-icon-wrapper\" aria-hidden=\"true\"><i class=\"fa-fusion-box active-icon awb-icon-minus\" aria-hidden=\"true\"><\/i><i class=\"fa-fusion-box inactive-icon awb-icon-plus\" aria-hidden=\"true\"><\/i><\/span><span class=\"fusion-toggle-heading\">Llamado Concurso Programa Municipal De La Persona Mayor 2026<\/span><\/a><\/h4><\/div><div id=\"7b1e042b1b92dbbba\" class=\"panel-collapse collapse \" aria-labelledby=\"toggle_7b1e042b1b92dbbba\"><div class=\"panel-body toggle-content fusion-clearfix\">\n<ul>\n<li><span style=\"font-family: arial, helvetica, sans-serif; font-size: 10pt;\">Decreto N\u00b0 642, Aprueba Bases (<a href=\"https:\/\/municipalidadpucon.cl\/oldweb\/web2010\/para%20descarga\/Concurso%20Publico\/DIDECO\/DecExento0642_Concurso_CEDIAM.pdf\"><span style=\"text-decoration: underline;\"><span style=\"color: #3366ff; text-decoration: underline;\">Descargar<\/span><\/span><\/a>)<\/span><\/li>\n<li><span style=\"font-family: arial, helvetica, sans-serif; font-size: 10pt;\">Cargo de Kinesi\u00f3logo\/a (<a href=\"https:\/\/municipalidadpucon.cl\/oldweb\/web2010\/para%20descarga\/Concurso%20Publico\/DIDECO\/Bases_kinesiologo_CEDIAM.pdf\"><span style=\"text-decoration: underline;\"><span style=\"color: #3366ff; text-decoration: underline;\">Descargar<\/span><\/span><\/a>)<\/span><\/li>\n<li><span style=\"font-family: arial, helvetica, sans-serif; font-size: 10pt;\">Cargo<\/span>\u00a0<span style=\"font-family: arial, helvetica, sans-serif; font-size: 10pt;\">de Terapeuta Ocupacional (<a href=\"https:\/\/municipalidadpucon.cl\/oldweb\/web2010\/para%20descarga\/Concurso%20Publico\/DIDECO\/Bases_terapia_ocupacional_CEDIAM.pdf\"><span style=\"text-decoration: underline;\"><span style=\"color: #3366ff; text-decoration: underline;\">Descargar<\/span><\/span><\/a>)<\/span><\/li>\n<\/ul>\n<\/div><\/div><\/div><\/div><\/div><div class=\"accordian fusion-accordian\" style=\"--awb-border-size:1px;--awb-icon-size:16px;--awb-content-font-size:16px;--awb-icon-alignment:left;--awb-hover-color:#ffffff;--awb-border-color:#e2e2e2;--awb-background-color:#ffffff;--awb-divider-color:#e2e2e2;--awb-divider-hover-color:#e2e2e2;--awb-icon-color:#ffffff;--awb-title-color:#212934;--awb-content-color:#4a4e57;--awb-icon-box-color:#212934;--awb-toggle-hover-accent-color:#1a80b6;--awb-title-font-family:&quot;Zilla Slab&quot;;--awb-title-font-weight:400;--awb-title-font-style:normal;--awb-title-line-height:1.36;--awb-content-font-family:&quot;Open Sans&quot;;--awb-content-font-style:normal;--awb-content-font-weight:400;\"><div class=\"panel-group fusion-toggle-icon-boxed\" id=\"accordion-89-5\"><div class=\"fusion-panel panel-default panel-06e31448e240e374c fusion-toggle-no-divider fusion-toggle-boxed-mode\"><div class=\"panel-heading\"><h4 class=\"panel-title toggle\" id=\"toggle_06e31448e240e374c\"><a aria-expanded=\"false\" aria-controls=\"06e31448e240e374c\" role=\"button\" data-toggle=\"collapse\" data-parent=\"#accordion-89-5\" data-target=\"#06e31448e240e374c\" href=\"#06e31448e240e374c\"><span class=\"fusion-toggle-icon-wrapper\" aria-hidden=\"true\"><i class=\"fa-fusion-box active-icon awb-icon-minus\" aria-hidden=\"true\"><\/i><i class=\"fa-fusion-box inactive-icon awb-icon-plus\" aria-hidden=\"true\"><\/i><\/span><span class=\"fusion-toggle-heading\">Llamado Concurso SENDA - Profesional de Apoyo Programa Parentalidad<\/span><\/a><\/h4><\/div><div id=\"06e31448e240e374c\" class=\"panel-collapse collapse \" aria-labelledby=\"toggle_06e31448e240e374c\"><div class=\"panel-body toggle-content fusion-clearfix\">\n<ul>\n<li><span style=\"font-family: arial, helvetica, sans-serif; font-size: 10pt;\">Bases Concurso (<a href=\"https:\/\/municipalidadpucon.cl\/oldweb\/web2010\/para%20descarga\/Concurso%20Publico\/SENDA\/DEX_550_Apoyo_Programa_Parentalidad.pdf\"><span style=\"text-decoration: underline;\"><span style=\"color: #3366ff; text-decoration: underline;\">Descargar<\/span><\/span><\/a>)<\/span><\/li>\n<\/ul>\n<\/div><\/div><\/div><\/div><\/div><div class=\"accordian fusion-accordian\" style=\"--awb-border-size:1px;--awb-icon-size:16px;--awb-content-font-size:16px;--awb-icon-alignment:left;--awb-hover-color:#ffffff;--awb-border-color:#e2e2e2;--awb-background-color:#ffffff;--awb-divider-color:#e2e2e2;--awb-divider-hover-color:#e2e2e2;--awb-icon-color:#ffffff;--awb-title-color:#212934;--awb-content-color:#4a4e57;--awb-icon-box-color:#212934;--awb-toggle-hover-accent-color:#1a80b6;--awb-title-font-family:&quot;Zilla Slab&quot;;--awb-title-font-weight:400;--awb-title-font-style:normal;--awb-title-line-height:1.36;--awb-content-font-family:&quot;Open Sans&quot;;--awb-content-font-style:normal;--awb-content-font-weight:400;\"><div class=\"panel-group fusion-toggle-icon-boxed\" id=\"accordion-89-6\"><div class=\"fusion-panel panel-default panel-23a9a62a466b2c413 fusion-toggle-no-divider fusion-toggle-boxed-mode\"><div class=\"panel-heading\"><h4 class=\"panel-title toggle\" id=\"toggle_23a9a62a466b2c413\"><a aria-expanded=\"false\" aria-controls=\"23a9a62a466b2c413\" role=\"button\" data-toggle=\"collapse\" data-parent=\"#accordion-89-6\" data-target=\"#23a9a62a466b2c413\" href=\"#23a9a62a466b2c413\"><span class=\"fusion-toggle-icon-wrapper\" aria-hidden=\"true\"><i class=\"fa-fusion-box active-icon awb-icon-minus\" aria-hidden=\"true\"><\/i><i class=\"fa-fusion-box inactive-icon awb-icon-plus\" aria-hidden=\"true\"><\/i><\/span><span class=\"fusion-toggle-heading\">Llamado Concurso P\u00fablico Director\/a CESFAM Puc\u00f3n<\/span><\/a><\/h4><\/div><div id=\"23a9a62a466b2c413\" class=\"panel-collapse collapse \" aria-labelledby=\"toggle_23a9a62a466b2c413\"><div class=\"panel-body toggle-content fusion-clearfix\">\n<ul>\n<li><span style=\"font-family: arial, helvetica, sans-serif; font-size: 10pt;\">Bases Concurso P\u00fablico Director\/a CESFAM Puc\u00f3n (<a href=\"https:\/\/municipalidadpucon.cl\/oldweb\/web2010\/para%20descarga\/Concurso%20Publico\/salud\/2026\/Bases_Director_CESFAM.pdf\"><span style=\"text-decoration: underline;\"><span style=\"color: #3366ff; text-decoration: underline;\">Descargar<\/span><\/span><\/a>)<\/span><\/li>\n<li><strong>Modifica Concurso, se deja sin efecto <\/strong><span style=\"font-family: arial, helvetica, sans-serif; font-size: 10pt;\">(<\/span><a href=\"https:\/\/municipalidadpucon.cl\/oldweb\/web2010\/para%20descarga\/Concurso%20Publico\/salud\/2026\/SUSPENDE_CONCURSO.pdf\"><strong><span style=\"font-family: arial, helvetica, sans-serif; font-size: 10pt;\"><span style=\"text-decoration: underline;\"><span style=\"color: #3366ff; text-decoration: underline;\">Descargar<\/span><\/span><\/span><\/strong><\/a><span style=\"font-family: arial, helvetica, sans-serif; font-size: 10pt;\">)<\/span><\/li>\n<\/ul>\n<\/div><\/div><\/div><\/div><\/div><div class=\"accordian fusion-accordian\" style=\"--awb-border-size:1px;--awb-icon-size:16px;--awb-content-font-size:16px;--awb-icon-alignment:left;--awb-hover-color:#ffffff;--awb-border-color:#e2e2e2;--awb-background-color:#ffffff;--awb-divider-color:#e2e2e2;--awb-divider-hover-color:#e2e2e2;--awb-icon-color:#ffffff;--awb-title-color:#212934;--awb-content-color:#4a4e57;--awb-icon-box-color:#212934;--awb-toggle-hover-accent-color:#1a80b6;--awb-title-font-family:&quot;Zilla Slab&quot;;--awb-title-font-weight:400;--awb-title-font-style:normal;--awb-title-line-height:1.36;--awb-content-font-family:&quot;Open Sans&quot;;--awb-content-font-style:normal;--awb-content-font-weight:400;\"><div class=\"panel-group fusion-toggle-icon-boxed\" id=\"accordion-89-7\"><div class=\"fusion-panel panel-default panel-e83419e80add81b02 fusion-toggle-no-divider fusion-toggle-boxed-mode\"><div class=\"panel-heading\"><h4 class=\"panel-title toggle\" id=\"toggle_e83419e80add81b02\"><a aria-expanded=\"false\" aria-controls=\"e83419e80add81b02\" role=\"button\" data-toggle=\"collapse\" data-parent=\"#accordion-89-7\" data-target=\"#e83419e80add81b02\" href=\"#e83419e80add81b02\"><span class=\"fusion-toggle-icon-wrapper\" aria-hidden=\"true\"><i class=\"fa-fusion-box active-icon awb-icon-minus\" aria-hidden=\"true\"><\/i><i class=\"fa-fusion-box inactive-icon awb-icon-plus\" aria-hidden=\"true\"><\/i><\/span><span class=\"fusion-toggle-heading\">Llamado Concurso Publico Cargo de Kinesi\u00f3logo\/a del Programa Centro Diurno Comunitario Puc\u00f3n (CEDIAM)<\/span><\/a><\/h4><\/div><div id=\"e83419e80add81b02\" class=\"panel-collapse collapse \" aria-labelledby=\"toggle_e83419e80add81b02\"><div class=\"panel-body toggle-content fusion-clearfix\">\n<ul>\n<li><span style=\"font-size: 10pt; font-family: arial, helvetica, sans-serif;\">Decreto N\u00b0 3280\u00a0Cargo de Kinesi\u00f3logo\/a del Programa Centro Diurno Comunitario Puc\u00f3n (CEDIAM) (<a href=\"https:\/\/municipalidadpucon.cl\/oldweb\/web2010\/para%20descarga\/Concurso%20Publico\/DIDECO\/DEx_3280_Kinesiologo_Programa_Centro_Diurno_Comunitario_Pucon_CEDIAM.pdf\"><span style=\"text-decoration: underline;\"><span style=\"color: #3366ff; text-decoration: underline;\">Descargar<\/span><\/span><\/a>)<\/span><\/li>\n<li><span style=\"font-size: 10pt; font-family: arial, helvetica, sans-serif;\">Bases Concurso Cargo de Kinesi\u00f3logo\/a del Programa Centro Diurno Comunitario Puc\u00f3n (CEDIAM) (<a href=\"https:\/\/municipalidadpucon.cl\/oldweb\/web2010\/para%20descarga\/Concurso%20Publico\/DIDECO\/Bases_Kinesiologo_Programa_Centro_Diurno_Comunitario_Pucon_CEDIAM.pdf\"><span style=\"text-decoration: underline;\"><span style=\"color: #3366ff; text-decoration: underline;\">Descargar<\/span><\/span><\/a>)<\/span><\/li>\n<\/ul>\n<\/div><\/div><\/div><\/div><\/div><div class=\"accordian fusion-accordian\" style=\"--awb-border-size:1px;--awb-icon-size:16px;--awb-content-font-size:16px;--awb-icon-alignment:left;--awb-hover-color:#ffffff;--awb-border-color:#e2e2e2;--awb-background-color:#ffffff;--awb-divider-color:#e2e2e2;--awb-divider-hover-color:#e2e2e2;--awb-icon-color:#ffffff;--awb-title-color:#212934;--awb-content-color:#4a4e57;--awb-icon-box-color:#212934;--awb-toggle-hover-accent-color:#1a80b6;--awb-title-font-family:&quot;Zilla Slab&quot;;--awb-title-font-weight:400;--awb-title-font-style:normal;--awb-title-line-height:1.36;--awb-content-font-family:&quot;Open Sans&quot;;--awb-content-font-style:normal;--awb-content-font-weight:400;\"><div class=\"panel-group fusion-toggle-icon-boxed\" id=\"accordion-89-8\"><div class=\"fusion-panel panel-default panel-66ec87aa217d6e67d fusion-toggle-no-divider fusion-toggle-boxed-mode\"><div class=\"panel-heading\"><h4 class=\"panel-title toggle\" id=\"toggle_66ec87aa217d6e67d\"><a aria-expanded=\"false\" aria-controls=\"66ec87aa217d6e67d\" role=\"button\" data-toggle=\"collapse\" data-parent=\"#accordion-89-8\" data-target=\"#66ec87aa217d6e67d\" href=\"#66ec87aa217d6e67d\"><span class=\"fusion-toggle-icon-wrapper\" aria-hidden=\"true\"><i class=\"fa-fusion-box active-icon awb-icon-minus\" aria-hidden=\"true\"><\/i><i class=\"fa-fusion-box inactive-icon awb-icon-plus\" aria-hidden=\"true\"><\/i><\/span><span class=\"fusion-toggle-heading\">Llamado Concurso Publico Programa Jefas de Hogar Convenio SERNAMEG<\/span><\/a><\/h4><\/div><div id=\"66ec87aa217d6e67d\" class=\"panel-collapse collapse \" aria-labelledby=\"toggle_66ec87aa217d6e67d\"><div class=\"panel-body toggle-content fusion-clearfix\">\n<ul>\n<li><span style=\"font-size: 10pt; font-family: arial, helvetica, sans-serif;\">Decreto N\u00b0\u00a03031 Aprueba Bases Concurso Programa Jefas de Hogar Convenio SERNAMEG (<a href=\"https:\/\/municipalidadpucon.cl\/oldweb\/web2010\/para%20descarga\/Concurso%20Publico\/PMJH\/DEx_3031_Aprueba_Bases_Concurso_Programa_Jefas_Hogar.pdf\"><span style=\"text-decoration: underline;\"><span style=\"color: #3366ff; text-decoration: underline;\">Descargar<\/span><\/span><\/a>)<\/span><\/li>\n<li><span style=\"font-size: 10pt; font-family: arial, helvetica, sans-serif;\">Bases Concurso Programa Jefas de Hogar Convenio SERNAMEG (<a href=\"https:\/\/municipalidadpucon.cl\/oldweb\/web2010\/para%20descarga\/Concurso%20Publico\/PMJH\/Bases_Concurso_Publico_PMJH_Convenio_SERNAMEG.pdf\"><span style=\"text-decoration: underline;\"><span style=\"color: #3366ff; text-decoration: underline;\">Descargar<\/span><\/span><\/a>)<\/span><\/li>\n<\/ul>\n<\/div><\/div><\/div><\/div><\/div><div class=\"fusion-clearfix\"><\/div><\/div><\/div><\/div><\/div><div class=\"fusion-fullwidth fullwidth-box fusion-builder-row-3 nonhundred-percent-fullwidth non-hundred-percent-height-scrolling\" style=\"--awb-border-radius-top-left:0px;--awb-border-radius-top-right:0px;--awb-border-radius-bottom-right:0px;--awb-border-radius-bottom-left:0px;--awb-margin-top:70px;--awb-flex-wrap:wrap;\" ><div class=\"fusion-builder-row fusion-row\"><div class=\"fusion-layout-column fusion_builder_column fusion-builder-column-2 fusion_builder_column_1_1 1_1 fusion-one-full fusion-column-first fusion-column-last\" style=\"--awb-bg-size:cover;\"><div class=\"fusion-column-wrapper fusion-column-has-shadow fusion-flex-column-wrapper-legacy\"><div class=\"fusion-title title fusion-title-2 fusion-title-center fusion-title-text fusion-title-size-four\" style=\"--awb-sep-color:#f44336;\"><div class=\"title-sep-container title-sep-container-left\"><div class=\"title-sep sep-double sep-solid\" style=\"border-color:#f44336;\"><\/div><\/div><span class=\"awb-title-spacer\"><\/span><h4 class=\"fusion-title-heading title-heading-center\" style=\"margin:0;\">Concursos P\u00fablicos Anteriores<\/h4><span class=\"awb-title-spacer\"><\/span><div class=\"title-sep-container title-sep-container-right\"><div class=\"title-sep sep-double sep-solid\" style=\"border-color:#f44336;\"><\/div><\/div><\/div><div class=\"accordian fusion-accordian\" style=\"--awb-border-size:1px;--awb-icon-size:16px;--awb-content-font-size:16px;--awb-icon-alignment:left;--awb-hover-color:#ffffff;--awb-border-color:#e2e2e2;--awb-background-color:#ffffff;--awb-divider-color:#e2e2e2;--awb-divider-hover-color:#e2e2e2;--awb-icon-color:#ffffff;--awb-title-color:#212934;--awb-content-color:#4a4e57;--awb-icon-box-color:#212934;--awb-toggle-hover-accent-color:#1a80b6;--awb-title-font-family:&quot;Zilla Slab&quot;;--awb-title-font-weight:400;--awb-title-font-style:normal;--awb-title-line-height:1.36;--awb-content-font-family:&quot;Open Sans&quot;;--awb-content-font-style:normal;--awb-content-font-weight:400;\"><div class=\"panel-group fusion-toggle-icon-boxed\" id=\"accordion-89-9\"><div class=\"fusion-panel panel-default panel-60c8d9b90fd0277a9 fusion-toggle-no-divider fusion-toggle-boxed-mode\"><div class=\"panel-heading\"><h4 class=\"panel-title toggle\" id=\"toggle_60c8d9b90fd0277a9\"><a aria-expanded=\"false\" aria-controls=\"60c8d9b90fd0277a9\" role=\"button\" data-toggle=\"collapse\" data-parent=\"#accordion-89-9\" data-target=\"#60c8d9b90fd0277a9\" href=\"#60c8d9b90fd0277a9\"><span class=\"fusion-toggle-icon-wrapper\" aria-hidden=\"true\"><i class=\"fa-fusion-box active-icon awb-icon-minus\" aria-hidden=\"true\"><\/i><i class=\"fa-fusion-box inactive-icon awb-icon-plus\" aria-hidden=\"true\"><\/i><\/span><span class=\"fusion-toggle-heading\">Llamado concurso para proveer cargos en el Departamento de Ni\u00f1ez y Adolescencia.<\/span><\/a><\/h4><\/div><div id=\"60c8d9b90fd0277a9\" class=\"panel-collapse collapse \" aria-labelledby=\"toggle_60c8d9b90fd0277a9\"><div class=\"panel-body toggle-content fusion-clearfix\">\n<ul>\n<li><span style=\"font-size: 10pt; font-family: arial, helvetica, sans-serif;\">Decreto Exento N\u00b0 21, Aprueba Bases\u00a0 (<a href=\"https:\/\/municipalidadpucon.cl\/oldweb\/web2010\/para%20descarga\/Concurso%20Publico\/OLN\/2026\/DEx21_Aprueba_OLN_HEPI.pdf\"><span style=\"text-decoration: underline;\"><span style=\"color: #3366ff; text-decoration: underline;\">Descargar<\/span><\/span><\/a>)<\/span><\/li>\n<li><span style=\"font-family: arial, helvetica, sans-serif; font-size: 10pt;\">Bases cargos para la implementaci\u00f3n de la Oficina Local de la Ni\u00f1ez y Adolescencia (<a href=\"https:\/\/municipalidadpucon.cl\/oldweb\/web2010\/para%20descarga\/Concurso%20Publico\/OLN\/2026\/OT_Instalacion_Oficinas_Locales_La_Ninez.pdf\"><span style=\"text-decoration: underline;\"><span style=\"color: #3366ff; text-decoration: underline;\">Descargar<\/span><\/span><\/a>)<\/span><\/li>\n<li><span style=\"font-family: arial, helvetica, sans-serif; font-size: 10pt;\">Fondo Concursable de Iniciativas para La Infancia -Hepi Crianza (<a href=\"https:\/\/municipalidadpucon.cl\/oldweb\/web2010\/para%20descarga\/Concurso%20Publico\/OLN\/2026\/OT_Modalidad_Transferencia_Fondo_HEPI.pdf\"><span style=\"text-decoration: underline;\"><span style=\"color: #3366ff; text-decoration: underline;\">Descargar<\/span><\/span><\/a>)<\/span><\/li>\n<li><span style=\"font-size: 10pt; font-family: arial, helvetica, sans-serif;\">Ley N\u00b0 21430 15 Marzo 2022 (<a href=\"https:\/\/municipalidadpucon.cl\/oldweb\/web2010\/para%20descarga\/Concurso%20Publico\/OLN\/2025\/Ley_21430_15_MAR_2022.pdf\"><span style=\"text-decoration: underline;\"><span style=\"color: #3366ff; text-decoration: underline;\">Descargar<\/span><\/span><\/a>)<\/span><\/li>\n<\/ul>\n<\/div><\/div><\/div><\/div><\/div><div class=\"accordian fusion-accordian\" style=\"--awb-border-size:1px;--awb-icon-size:16px;--awb-content-font-size:16px;--awb-icon-alignment:left;--awb-hover-color:#ffffff;--awb-border-color:#e2e2e2;--awb-background-color:#ffffff;--awb-divider-color:#e2e2e2;--awb-divider-hover-color:#e2e2e2;--awb-icon-color:#ffffff;--awb-title-color:#212934;--awb-content-color:#4a4e57;--awb-icon-box-color:#212934;--awb-toggle-hover-accent-color:#1a80b6;--awb-title-font-family:&quot;Zilla Slab&quot;;--awb-title-font-weight:400;--awb-title-font-style:normal;--awb-title-line-height:1.36;--awb-content-font-family:&quot;Open Sans&quot;;--awb-content-font-style:normal;--awb-content-font-weight:400;\"><div class=\"panel-group fusion-toggle-icon-boxed\" id=\"accordion-89-10\"><div class=\"fusion-panel panel-default panel-1b096b9002d174101 fusion-toggle-no-divider fusion-toggle-boxed-mode\"><div class=\"panel-heading\"><h4 class=\"panel-title toggle\" id=\"toggle_1b096b9002d174101\"><a aria-expanded=\"false\" aria-controls=\"1b096b9002d174101\" role=\"button\" data-toggle=\"collapse\" data-parent=\"#accordion-89-10\" data-target=\"#1b096b9002d174101\" href=\"#1b096b9002d174101\"><span class=\"fusion-toggle-icon-wrapper\" aria-hidden=\"true\"><i class=\"fa-fusion-box active-icon awb-icon-minus\" aria-hidden=\"true\"><\/i><i class=\"fa-fusion-box inactive-icon awb-icon-plus\" aria-hidden=\"true\"><\/i><\/span><span class=\"fusion-toggle-heading\">Llamado Concurso Cargo Gestor(a) Cultural para Programa de Cultura Municipal<\/span><\/a><\/h4><\/div><div id=\"1b096b9002d174101\" class=\"panel-collapse collapse \" aria-labelledby=\"toggle_1b096b9002d174101\"><div class=\"panel-body toggle-content fusion-clearfix\">\n<ul>\n<li><span style=\"font-size: 10pt; font-family: arial, helvetica, sans-serif;\">Decreto N\u00b0 2075, Aprueba Bases \/ Bases Gestor(a) Cultural (<a href=\"https:\/\/municipalidadpucon.cl\/oldweb\/web2010\/para%20descarga\/Concurso%20Publico\/DIDECO\/DEx2075_Concurso_Publico_Cultura_Gestor.pdf\"><span style=\"text-decoration: underline;\"><span style=\"color: #3366ff; text-decoration: underline;\">Descargar<\/span><\/span><\/a>)<\/span><\/li>\n<\/ul>\n<\/div><\/div><\/div><\/div><\/div><div class=\"accordian fusion-accordian\" style=\"--awb-border-size:1px;--awb-icon-size:16px;--awb-content-font-size:16px;--awb-icon-alignment:left;--awb-hover-color:#ffffff;--awb-border-color:#e2e2e2;--awb-background-color:#ffffff;--awb-divider-color:#e2e2e2;--awb-divider-hover-color:#e2e2e2;--awb-icon-color:#ffffff;--awb-title-color:#212934;--awb-content-color:#4a4e57;--awb-icon-box-color:#212934;--awb-toggle-hover-accent-color:#1a80b6;--awb-title-font-family:&quot;Zilla Slab&quot;;--awb-title-font-weight:400;--awb-title-font-style:normal;--awb-title-line-height:1.36;--awb-content-font-family:&quot;Open Sans&quot;;--awb-content-font-style:normal;--awb-content-font-weight:400;\"><div class=\"panel-group fusion-toggle-icon-boxed\" id=\"accordion-89-11\"><div class=\"fusion-panel panel-default panel-16d7d6d9c983e8559 fusion-toggle-no-divider fusion-toggle-boxed-mode\"><div class=\"panel-heading\"><h4 class=\"panel-title toggle\" id=\"toggle_16d7d6d9c983e8559\"><a aria-expanded=\"false\" aria-controls=\"16d7d6d9c983e8559\" role=\"button\" data-toggle=\"collapse\" data-parent=\"#accordion-89-11\" data-target=\"#16d7d6d9c983e8559\" href=\"#16d7d6d9c983e8559\"><span class=\"fusion-toggle-icon-wrapper\" aria-hidden=\"true\"><i class=\"fa-fusion-box active-icon awb-icon-minus\" aria-hidden=\"true\"><\/i><i class=\"fa-fusion-box inactive-icon awb-icon-plus\" aria-hidden=\"true\"><\/i><\/span><span class=\"fusion-toggle-heading\">Llamado Concurso Cargo Monitor Programa 4 a 7 El Claro SERNAMEG<\/span><\/a><\/h4><\/div><div id=\"16d7d6d9c983e8559\" class=\"panel-collapse collapse \" aria-labelledby=\"toggle_16d7d6d9c983e8559\"><div class=\"panel-body toggle-content fusion-clearfix\">\n<ul>\n<li><span style=\"font-size: 10pt; font-family: arial, helvetica, sans-serif;\">Decreto N\u00b0 2031, Aprueba Bases\u00a0 (<a href=\"https:\/\/municipalidadpucon.cl\/oldweb\/web2010\/para%20descarga\/Concurso%20Publico\/MUNI\/2025\/programa_mujer\/Decreto_2031_Aprueba_Bases_Tecnicas_Cargo_Monitor_Programa_4_7_El_Claro_2.pdf\"><span style=\"text-decoration: underline;\"><span style=\"color: #3366ff; text-decoration: underline;\">Descargar<\/span><\/span><\/a>)<\/span><\/li>\n<li><span style=\"font-size: 10pt; font-family: arial, helvetica, sans-serif;\"><span style=\"font-size: 10pt; font-family: arial, helvetica, sans-serif;\">Base Concurso Cargo Monitor Programa 4 a 7 El Claro <\/span><\/span><span style=\"font-size: 10pt; font-family: arial, helvetica, sans-serif;\">(<a href=\"https:\/\/municipalidadpucon.cl\/oldweb\/web2010\/para%20descarga\/Concurso%20Publico\/MUNI\/2025\/programa_mujer\/BasesConcursoPrograma_4_7_Monitor%28a%29_2.pdf\"><span style=\"text-decoration: underline;\"><span style=\"color: #3366ff; text-decoration: underline;\">Descargar<\/span><\/span><\/a>)<\/span><\/li>\n<\/ul>\n<\/div><\/div><\/div><\/div><\/div><div class=\"accordian fusion-accordian\" style=\"--awb-border-size:1px;--awb-icon-size:16px;--awb-content-font-size:16px;--awb-icon-alignment:left;--awb-hover-color:#ffffff;--awb-border-color:#e2e2e2;--awb-background-color:#ffffff;--awb-divider-color:#e2e2e2;--awb-divider-hover-color:#e2e2e2;--awb-icon-color:#ffffff;--awb-title-color:#212934;--awb-content-color:#4a4e57;--awb-icon-box-color:#212934;--awb-toggle-hover-accent-color:#1a80b6;--awb-title-font-family:&quot;Zilla Slab&quot;;--awb-title-font-weight:400;--awb-title-font-style:normal;--awb-title-line-height:1.36;--awb-content-font-family:&quot;Open Sans&quot;;--awb-content-font-style:normal;--awb-content-font-weight:400;\"><div class=\"panel-group fusion-toggle-icon-boxed\" id=\"accordion-89-12\"><div class=\"fusion-panel panel-default panel-693dcb3b6ec386fc6 fusion-toggle-no-divider fusion-toggle-boxed-mode\"><div class=\"panel-heading\"><h4 class=\"panel-title toggle\" id=\"toggle_693dcb3b6ec386fc6\"><a aria-expanded=\"false\" aria-controls=\"693dcb3b6ec386fc6\" role=\"button\" data-toggle=\"collapse\" data-parent=\"#accordion-89-12\" data-target=\"#693dcb3b6ec386fc6\" href=\"#693dcb3b6ec386fc6\"><span class=\"fusion-toggle-icon-wrapper\" aria-hidden=\"true\"><i class=\"fa-fusion-box active-icon awb-icon-minus\" aria-hidden=\"true\"><\/i><i class=\"fa-fusion-box inactive-icon awb-icon-plus\" aria-hidden=\"true\"><\/i><\/span><span class=\"fusion-toggle-heading\">llamado a concurso p\u00fablico para el cargo de Coordinador(a) PDTI \u2013 Reemplazo por Licencia Pre y Postnatal<\/span><\/a><\/h4><\/div><div id=\"693dcb3b6ec386fc6\" class=\"panel-collapse collapse \" aria-labelledby=\"toggle_693dcb3b6ec386fc6\"><div class=\"panel-body toggle-content fusion-clearfix\">\n<ul>\n<li><span style=\"font-family: arial, helvetica, sans-serif; font-size: 10pt;\">Decreto N\u00b0 2004 Aprueba Bases <a href=\"https:\/\/municipalidadpucon.cl\/oldweb\/web2010\/para%20descarga\/Concurso%20Publico\/PDTI\/2025\/DEx2004_Coordinador_PDTI_Reemplazo_Licencia_Pre_Postnatal.pdf\">(<span style=\"text-decoration: underline;\"><span style=\"color: #3366ff; text-decoration: underline;\">Descargar<\/span><\/span>)<\/a><\/span>\n<ul>\n<li><span style=\"font-size: 10pt; font-family: arial, helvetica, sans-serif;\">Bases Coordinador(a) PDTI\u00a0 <a href=\"https:\/\/municipalidadpucon.cl\/oldweb\/web2010\/para%20descarga\/Concurso%20Publico\/PDTI\/2025\/Coordinador_PDTI_Reemplazo_Licencia_Pre_Postnatal.pdf\">(<span style=\"text-decoration: underline;\"><span style=\"color: #3366ff; text-decoration: underline;\">Descargar<\/span><\/span>)<\/a><\/span><\/li>\n<\/ul>\n<\/li>\n<\/ul>\n<\/div><\/div><\/div><\/div><\/div><div class=\"accordian fusion-accordian\" style=\"--awb-border-size:1px;--awb-icon-size:16px;--awb-content-font-size:16px;--awb-icon-alignment:left;--awb-hover-color:#ffffff;--awb-border-color:#e2e2e2;--awb-background-color:#ffffff;--awb-divider-color:#e2e2e2;--awb-divider-hover-color:#e2e2e2;--awb-icon-color:#ffffff;--awb-title-color:#212934;--awb-content-color:#4a4e57;--awb-icon-box-color:#212934;--awb-toggle-hover-accent-color:#1a80b6;--awb-title-font-family:&quot;Zilla Slab&quot;;--awb-title-font-weight:400;--awb-title-font-style:normal;--awb-title-line-height:1.36;--awb-content-font-family:&quot;Open Sans&quot;;--awb-content-font-style:normal;--awb-content-font-weight:400;\"><div class=\"panel-group fusion-toggle-icon-boxed\" id=\"accordion-89-13\"><div class=\"fusion-panel panel-default panel-188f436267d5ff352 fusion-toggle-no-divider fusion-toggle-boxed-mode\"><div class=\"panel-heading\"><h4 class=\"panel-title toggle\" id=\"toggle_188f436267d5ff352\"><a aria-expanded=\"false\" aria-controls=\"188f436267d5ff352\" role=\"button\" data-toggle=\"collapse\" data-parent=\"#accordion-89-13\" data-target=\"#188f436267d5ff352\" href=\"#188f436267d5ff352\"><span class=\"fusion-toggle-icon-wrapper\" aria-hidden=\"true\"><i class=\"fa-fusion-box active-icon awb-icon-minus\" aria-hidden=\"true\"><\/i><i class=\"fa-fusion-box inactive-icon awb-icon-plus\" aria-hidden=\"true\"><\/i><\/span><span class=\"fusion-toggle-heading\">Llamado Concurso Programa: Desarrollo Territorial Ind\u00edgena PDTI <\/span><\/a><\/h4><\/div><div id=\"188f436267d5ff352\" class=\"panel-collapse collapse \" aria-labelledby=\"toggle_188f436267d5ff352\"><div class=\"panel-body toggle-content fusion-clearfix\">\n<ul>\n<li><span style=\"font-family: arial, helvetica, sans-serif; font-size: 10pt;\">Decreto N\u00b0 1631 Aprueba Bases <a href=\"https:\/\/municipalidadpucon.cl\/oldweb\/web2010\/para%20descarga\/Concurso%20Publico\/PDTI\/2025\/DEx1631_Coordinador_PDTI.pdf\">(<span style=\"text-decoration: underline;\"><span style=\"color: #3366ff; text-decoration: underline;\">Descargar<\/span><\/span>)<\/a><\/span>\n<ul>\n<li><span style=\"font-size: 10pt; font-family: arial, helvetica, sans-serif;\">Bases Coordinador(a) PDTI\u00a0 <a href=\"https:\/\/municipalidadpucon.cl\/oldweb\/web2010\/para%20descarga\/Concurso%20Publico\/PDTI\/2025\/Coordinador_PDTI.pdf\">(<span style=\"text-decoration: underline;\"><span style=\"color: #3366ff; text-decoration: underline;\">Descargar<\/span><\/span>)<\/a><\/span><\/li>\n<\/ul>\n<\/li>\n<li><span style=\"font-family: arial, helvetica, sans-serif; font-size: 10pt;\">Decreto N\u00b0 1632 Aprueba Bases <a href=\"https:\/\/municipalidadpucon.cl\/oldweb\/web2010\/para%20descarga\/Concurso%20Publico\/PDTI\/2025\/DEx1632_Profesional_PDTI.pdf\">(<span style=\"text-decoration: underline;\"><span style=\"color: #3366ff; text-decoration: underline;\">Descargar<\/span><\/span>)<\/a><\/span>\n<ul>\n<li><span style=\"font-size: 10pt;\">Bases Profesional PDTI <span style=\"font-size: 10pt; font-family: arial, helvetica, sans-serif;\">(<a href=\"https:\/\/municipalidadpucon.cl\/oldweb\/web2010\/para%20descarga\/Concurso%20Publico\/PDTI\/2025\/Profesional_PDTI.pdf\"><span style=\"text-decoration: underline;\"><span style=\"color: #3366ff; text-decoration: underline;\">Descargar<\/span><\/span><\/a>)<\/span><\/span><\/li>\n<\/ul>\n<\/li>\n<li><span style=\"font-family: arial, helvetica, sans-serif; font-size: 10pt;\">Decreto N\u00b0 1633 Aprueba Bases <a href=\"https:\/\/municipalidadpucon.cl\/oldweb\/web2010\/para%20descarga\/Concurso%20Publico\/PDTI\/2025\/DEx1633_Tecnico_Media_Jornada_PDTI.pdf\">(<span style=\"text-decoration: underline;\"><span style=\"color: #3366ff; text-decoration: underline;\">Descargar<\/span><\/span>)<\/a><\/span>\n<ul>\n<li><span style=\"font-size: 10pt;\">Bases T\u00e9cnico Media Jornada <span style=\"font-size: 10pt; font-family: arial, helvetica, sans-serif;\">(<a href=\"https:\/\/municipalidadpucon.cl\/oldweb\/web2010\/para%20descarga\/Concurso%20Publico\/PDTI\/2025\/Tecnico_Media_Jornada.pdf\"><span style=\"text-decoration: underline;\"><span style=\"color: #3366ff; text-decoration: underline;\">Descargar<\/span><\/span><\/a>)<\/span><\/span><\/li>\n<\/ul>\n<\/li>\n<li><span style=\"font-family: arial, helvetica, sans-serif; font-size: 10pt;\">Decreto N\u00b0 1630 Aprueba Bases <a href=\"https:\/\/municipalidadpucon.cl\/oldweb\/web2010\/para%20descarga\/Concurso%20Publico\/PDTI\/2025\/DEx1630_Tecnico_PDTI.pdf\">(<span style=\"text-decoration: underline;\"><span style=\"color: #3366ff; text-decoration: underline;\">Descargar<\/span><\/span>)<\/a><\/span>\n<ul>\n<li><span style=\"font-size: 10pt;\">Bases T\u00e9cnico PDTI <span style=\"font-size: 10pt; font-family: arial, helvetica, sans-serif;\">(<a href=\"https:\/\/municipalidadpucon.cl\/oldweb\/web2010\/para%20descarga\/Concurso%20Publico\/PDTI\/2025\/Tecnico_PDTI.pdf\"><span style=\"text-decoration: underline;\"><span style=\"color: #3366ff; text-decoration: underline;\">Descargar<\/span><\/span><\/a>)<\/span><\/span><\/li>\n<\/ul>\n<\/li>\n<li><span style=\"font-family: arial, helvetica, sans-serif; font-size: 10pt;\">Decreto N\u00b0 1629 Aprueba Bases <a href=\"https:\/\/municipalidadpucon.cl\/oldweb\/web2010\/para%20descarga\/Concurso%20Publico\/PDTI\/2025\/DEx1629_Tecnico_PRODESAL.pdf\">(<span style=\"text-decoration: underline;\"><span style=\"color: #3366ff; text-decoration: underline;\">Descargar<\/span><\/span>)<\/a><\/span>\n<ul>\n<li><span style=\"font-family: arial, helvetica, sans-serif; font-size: 10pt;\">Bases T\u00e9cnico PRODESAL (<a href=\"https:\/\/municipalidadpucon.cl\/oldweb\/web2010\/para%20descarga\/Concurso%20Publico\/PDTI\/2025\/Tecnico_PRODESAL.pdf\"><span style=\"text-decoration: underline;\"><span style=\"color: #3366ff; text-decoration: underline;\">Descargar<\/span><\/span><\/a>)<\/span><\/li>\n<\/ul>\n<\/li>\n<\/ul>\n<\/div><\/div><\/div><\/div><\/div><div class=\"accordian fusion-accordian\" style=\"--awb-border-size:1px;--awb-icon-size:16px;--awb-content-font-size:16px;--awb-icon-alignment:left;--awb-hover-color:#ffffff;--awb-border-color:#e2e2e2;--awb-background-color:#ffffff;--awb-divider-color:#e2e2e2;--awb-divider-hover-color:#e2e2e2;--awb-icon-color:#ffffff;--awb-title-color:#212934;--awb-content-color:#4a4e57;--awb-icon-box-color:#212934;--awb-toggle-hover-accent-color:#1a80b6;--awb-title-font-family:&quot;Zilla Slab&quot;;--awb-title-font-weight:400;--awb-title-font-style:normal;--awb-title-line-height:1.36;--awb-content-font-family:&quot;Open Sans&quot;;--awb-content-font-style:normal;--awb-content-font-weight:400;\"><div class=\"panel-group fusion-toggle-icon-boxed\" id=\"accordion-89-14\"><div class=\"fusion-panel panel-default panel-c03d0eeee79e37e2f fusion-toggle-no-divider fusion-toggle-boxed-mode\"><div class=\"panel-heading\"><h4 class=\"panel-title toggle\" id=\"toggle_c03d0eeee79e37e2f\"><a aria-expanded=\"false\" aria-controls=\"c03d0eeee79e37e2f\" role=\"button\" data-toggle=\"collapse\" data-parent=\"#accordion-89-14\" data-target=\"#c03d0eeee79e37e2f\" href=\"#c03d0eeee79e37e2f\"><span class=\"fusion-toggle-icon-wrapper\" aria-hidden=\"true\"><i class=\"fa-fusion-box active-icon awb-icon-minus\" aria-hidden=\"true\"><\/i><i class=\"fa-fusion-box inactive-icon awb-icon-plus\" aria-hidden=\"true\"><\/i><\/span><span class=\"fusion-toggle-heading\">Llamado Coordinador(a) Comunal de Equipo Previene SENDA<\/span><\/a><\/h4><\/div><div id=\"c03d0eeee79e37e2f\" class=\"panel-collapse collapse \" aria-labelledby=\"toggle_c03d0eeee79e37e2f\"><div class=\"panel-body toggle-content fusion-clearfix\">\n<ul>\n<li>Decreto N\u00b0 1819 Aprueba Modificaci\u00f3n Bases Coordinador(a) Comunal Equipo Previene (<span style=\"text-decoration: underline;\"><span style=\"color: #3366ff; text-decoration: underline;\"><a style=\"color: #3366ff; text-decoration: underline;\" href=\"https:\/\/municipalidadpucon.cl\/oldweb\/web2010\/para%20descarga\/Concurso%20Publico\/SENDA\/Decreto_1819_Aprueba_Modificacion_Bases_Coordinador%28a%29_Comunal_Equipo_Previene.pdf\">Descargar<\/a><\/span><\/span>)<\/li>\n<li>Modificaci\u00f3n Bases Concurso P\u00fablico Coordinador(a) Comunal Equipo Previene (<span style=\"text-decoration: underline;\"><span style=\"color: #3366ff; text-decoration: underline;\"><a style=\"color: #3366ff; text-decoration: underline;\" href=\"https:\/\/municipalidadpucon.cl\/oldweb\/web2010\/para%20descarga\/Concurso%20Publico\/SENDA\/Modificacion_Bases_Concurso_P%C3%BAblico_Coordinador%28a%29_Comunal_Equipo_Previene.pdf\">Descargar<\/a><\/span><\/span>)<\/li>\n<li><span style=\"font-size: 10pt; font-family: arial, helvetica, sans-serif;\">Decreto N\u00b0 1558, Aprueba Bases\u00a0 (<a href=\"https:\/\/municipalidadpucon.cl\/oldweb\/web2010\/para%20descarga\/Concurso%20Publico\/SENDA\/Decreto_1558_Aprueba_Bases_Coordinador%28a%29_Comunal_Equipo_Previene.pdf\"><span style=\"text-decoration: underline;\"><span style=\"color: #3366ff; text-decoration: underline;\">Descargar<\/span><\/span><\/a>)<\/span><\/li>\n<li><span style=\"font-size: 10pt; font-family: arial, helvetica, sans-serif;\"><span style=\"font-size: 10pt; font-family: arial, helvetica, sans-serif;\">Base Concurso Coordinador(a) Comunal de Equipo Previene SENDA <\/span><\/span><span style=\"font-size: 10pt; font-family: arial, helvetica, sans-serif;\">(<a href=\"https:\/\/municipalidadpucon.cl\/oldweb\/web2010\/para%20descarga\/Concurso%20Publico\/SENDA\/Bases_Concurso_P%C3%BAblico_Coordinador%28a%29_Comunal_Equipo_Previene.pdf\"><span style=\"text-decoration: underline;\"><span style=\"color: #3366ff; text-decoration: underline;\">Descargar<\/span><\/span><\/a>)<\/span><\/li>\n<\/ul>\n<\/div><\/div><\/div><\/div><\/div><div class=\"accordian fusion-accordian\" style=\"--awb-border-size:1px;--awb-icon-size:16px;--awb-content-font-size:16px;--awb-icon-alignment:left;--awb-hover-color:#ffffff;--awb-border-color:#e2e2e2;--awb-background-color:#ffffff;--awb-divider-color:#e2e2e2;--awb-divider-hover-color:#e2e2e2;--awb-icon-color:#ffffff;--awb-title-color:#212934;--awb-content-color:#4a4e57;--awb-icon-box-color:#212934;--awb-toggle-hover-accent-color:#1a80b6;--awb-title-font-family:&quot;Zilla Slab&quot;;--awb-title-font-weight:400;--awb-title-font-style:normal;--awb-title-line-height:1.36;--awb-content-font-family:&quot;Open Sans&quot;;--awb-content-font-style:normal;--awb-content-font-weight:400;\"><div class=\"panel-group fusion-toggle-icon-boxed\" id=\"accordion-89-15\"><div class=\"fusion-panel panel-default panel-0ff6a9f759d7b9af8 fusion-toggle-no-divider fusion-toggle-boxed-mode\"><div class=\"panel-heading\"><h4 class=\"panel-title toggle\" id=\"toggle_0ff6a9f759d7b9af8\"><a aria-expanded=\"false\" aria-controls=\"0ff6a9f759d7b9af8\" role=\"button\" data-toggle=\"collapse\" data-parent=\"#accordion-89-15\" data-target=\"#0ff6a9f759d7b9af8\" href=\"#0ff6a9f759d7b9af8\"><span class=\"fusion-toggle-icon-wrapper\" aria-hidden=\"true\"><i class=\"fa-fusion-box active-icon awb-icon-minus\" aria-hidden=\"true\"><\/i><i class=\"fa-fusion-box inactive-icon awb-icon-plus\" aria-hidden=\"true\"><\/i><\/span><span class=\"fusion-toggle-heading\">Llamado Concurso Cargo Monitor Programa 4 a 7 El Claro SERNAMEG<\/span><\/a><\/h4><\/div><div id=\"0ff6a9f759d7b9af8\" class=\"panel-collapse collapse \" aria-labelledby=\"toggle_0ff6a9f759d7b9af8\"><div class=\"panel-body toggle-content fusion-clearfix\">\n<ul>\n<li>Acta apertura de sobres documentaci\u00f3n relativa al concurso publico para selecci\u00f3n honorarios monitor 4 a7 El Claro Puc\u00f3n (<a href=\"https:\/\/municipalidadpucon.cl\/oldweb\/web2010\/para%20descarga\/Concurso%20Publico\/MUNI\/2025\/programa_mujer\/Acta_Apertura_Documentacion_Concurso_Seleccion_Honorarios_Monitor_4-7_El_Claro_Pucon.pdf\"><span style=\"text-decoration: underline;\"><span style=\"color: #3366ff; text-decoration: underline;\">Descargar<\/span><\/span><\/a>)<\/li>\n<li><span style=\"font-size: 10pt; font-family: arial, helvetica, sans-serif;\">Decreto N\u00b0 1861, Aprueba Bases\u00a0 (<a href=\"https:\/\/municipalidadpucon.cl\/oldweb\/web2010\/para%20descarga\/Concurso%20Publico\/MUNI\/2025\/programa_mujer\/Decreto_1861_Aprueba_Bases_Tecnicas_Cargo_Monitor_Programa_4_7_El_Claro.pdf\"><span style=\"text-decoration: underline;\"><span style=\"color: #3366ff; text-decoration: underline;\">Descargar<\/span><\/span><\/a>)<\/span><\/li>\n<li><span style=\"font-size: 10pt; font-family: arial, helvetica, sans-serif;\"><span style=\"font-size: 10pt; font-family: arial, helvetica, sans-serif;\">Base Concurso Cargo Monitor Programa 4 a 7 El Claro <\/span><\/span><span style=\"font-size: 10pt; font-family: arial, helvetica, sans-serif;\">(<a href=\"https:\/\/municipalidadpucon.cl\/oldweb\/web2010\/para%20descarga\/Concurso%20Publico\/MUNI\/2025\/programa_mujer\/BasesConcursoPrograma_4_7_Monitor%28a%29.pdf\"><span style=\"text-decoration: underline;\"><span style=\"color: #3366ff; text-decoration: underline;\">Descargar<\/span><\/span><\/a>)<\/span><\/li>\n<\/ul>\n<\/div><\/div><\/div><\/div><\/div><div class=\"accordian fusion-accordian\" style=\"--awb-border-size:1px;--awb-icon-size:16px;--awb-content-font-size:16px;--awb-icon-alignment:left;--awb-hover-color:#ffffff;--awb-border-color:#e2e2e2;--awb-background-color:#ffffff;--awb-divider-color:#e2e2e2;--awb-divider-hover-color:#e2e2e2;--awb-icon-color:#ffffff;--awb-title-color:#212934;--awb-content-color:#4a4e57;--awb-icon-box-color:#212934;--awb-toggle-hover-accent-color:#1a80b6;--awb-title-font-family:&quot;Zilla Slab&quot;;--awb-title-font-weight:400;--awb-title-font-style:normal;--awb-title-line-height:1.36;--awb-content-font-family:&quot;Open Sans&quot;;--awb-content-font-style:normal;--awb-content-font-weight:400;\"><div class=\"panel-group fusion-toggle-icon-boxed\" id=\"accordion-89-16\"><div class=\"fusion-panel panel-default panel-9e146585f2dc0486d fusion-toggle-no-divider fusion-toggle-boxed-mode\"><div class=\"panel-heading\"><h4 class=\"panel-title toggle\" id=\"toggle_9e146585f2dc0486d\"><a aria-expanded=\"false\" aria-controls=\"9e146585f2dc0486d\" role=\"button\" data-toggle=\"collapse\" data-parent=\"#accordion-89-16\" data-target=\"#9e146585f2dc0486d\" href=\"#9e146585f2dc0486d\"><span class=\"fusion-toggle-icon-wrapper\" aria-hidden=\"true\"><i class=\"fa-fusion-box active-icon awb-icon-minus\" aria-hidden=\"true\"><\/i><i class=\"fa-fusion-box inactive-icon awb-icon-plus\" aria-hidden=\"true\"><\/i><\/span><span class=\"fusion-toggle-heading\">Llamado Concurso Ejecutivo(a) de Atenci\u00f3n Usuarios para el Programa Fortalecimiento Omil<\/span><\/a><\/h4><\/div><div id=\"9e146585f2dc0486d\" class=\"panel-collapse collapse \" aria-labelledby=\"toggle_9e146585f2dc0486d\"><div class=\"panel-body toggle-content fusion-clearfix\">\n<ul>\n<li><span style=\"font-size: 10pt; font-family: arial, helvetica, sans-serif;\">Decreto N\u00b0 1557, Aprueba Bases\u00a0 (<a href=\"https:\/\/municipalidadpucon.cl\/oldweb\/web2010\/para%20descarga\/Concurso%20Publico\/OMIL\/2025\/Decreto_1557_Aprueba_Bases.pdf\"><span style=\"text-decoration: underline;\"><span style=\"color: #3366ff; text-decoration: underline;\">Descargar<\/span><\/span><\/a>)<\/span><\/li>\n<li><span style=\"font-size: 10pt; font-family: arial, helvetica, sans-serif;\"><span style=\"font-size: 10pt; font-family: arial, helvetica, sans-serif;\">Base Concurso Ejecutivo(a) de Atenci\u00f3n Usuarios para el Programa Fortalecimiento Omil <\/span><\/span><span style=\"font-size: 10pt; font-family: arial, helvetica, sans-serif;\">(<a href=\"https:\/\/municipalidadpucon.cl\/oldweb\/web2010\/para%20descarga\/Concurso%20Publico\/OMIL\/2025\/Base_Concurso_Ejecutivo%28A%29_Atencion_Usuarios_Programa_Fortalecimiento_Omil.pdf\"><span style=\"text-decoration: underline;\"><span style=\"color: #3366ff; text-decoration: underline;\">Descargar<\/span><\/span><\/a>)<\/span><\/li>\n<\/ul>\n<\/div><\/div><\/div><\/div><\/div><div class=\"accordian fusion-accordian\" style=\"--awb-border-size:1px;--awb-icon-size:16px;--awb-content-font-size:16px;--awb-icon-alignment:left;--awb-hover-color:#ffffff;--awb-border-color:#e2e2e2;--awb-background-color:#ffffff;--awb-divider-color:#e2e2e2;--awb-divider-hover-color:#e2e2e2;--awb-icon-color:#ffffff;--awb-title-color:#212934;--awb-content-color:#4a4e57;--awb-icon-box-color:#212934;--awb-toggle-hover-accent-color:#1a80b6;--awb-title-font-family:&quot;Zilla Slab&quot;;--awb-title-font-weight:400;--awb-title-font-style:normal;--awb-title-line-height:1.36;--awb-content-font-family:&quot;Open Sans&quot;;--awb-content-font-style:normal;--awb-content-font-weight:400;\"><div class=\"panel-group fusion-toggle-icon-boxed\" id=\"accordion-89-17\"><div class=\"fusion-panel panel-default panel-75c293d95764249bd fusion-toggle-no-divider fusion-toggle-boxed-mode\"><div class=\"panel-heading\"><h4 class=\"panel-title toggle\" id=\"toggle_75c293d95764249bd\"><a aria-expanded=\"false\" aria-controls=\"75c293d95764249bd\" role=\"button\" data-toggle=\"collapse\" data-parent=\"#accordion-89-17\" data-target=\"#75c293d95764249bd\" href=\"#75c293d95764249bd\"><span class=\"fusion-toggle-icon-wrapper\" aria-hidden=\"true\"><i class=\"fa-fusion-box active-icon awb-icon-minus\" aria-hidden=\"true\"><\/i><i class=\"fa-fusion-box inactive-icon awb-icon-plus\" aria-hidden=\"true\"><\/i><\/span><span class=\"fusion-toggle-heading\">Llamado Concurso Orientador(a) Laboral, para el Programa Fortalecimiento Omil 2025<\/span><\/a><\/h4><\/div><div id=\"75c293d95764249bd\" class=\"panel-collapse collapse \" aria-labelledby=\"toggle_75c293d95764249bd\"><div class=\"panel-body toggle-content fusion-clearfix\">\n<ul>\n<li><span style=\"font-size: 10pt; font-family: arial, helvetica, sans-serif;\">Decreto N\u00b0 1402, Aprueba Bases\u00a0 (<a href=\"https:\/\/municipalidadpucon.cl\/oldweb\/web2010\/para%20descarga\/Concurso%20Publico\/OMIL\/2025\/Decreto_Orientador(a)_Laboral_Programa_Fortalecimiento_Omil_2025.pdf\"><span style=\"text-decoration: underline;\"><span style=\"color: #3366ff; text-decoration: underline;\">Descargar<\/span><\/span><\/a>)<\/span><\/li>\n<li><span style=\"font-size: 10pt; font-family: arial, helvetica, sans-serif;\"><span style=\"font-size: 10pt; font-family: arial, helvetica, sans-serif;\">Bases Llamado Concurso Orientador(a) Laboral, para el Programa Fortalecimiento Omil 2025 <\/span><\/span><span style=\"font-size: 10pt; font-family: arial, helvetica, sans-serif;\">(<a href=\"https:\/\/municipalidadpucon.cl\/oldweb\/web2010\/para%20descarga\/Concurso%20Publico\/OMIL\/2025\/Bases_Orientador(a)_Laboral_Programa_Fortalecimiento_Omil_2025.pdf\"><span style=\"text-decoration: underline;\"><span style=\"color: #3366ff; text-decoration: underline;\">Descargar<\/span><\/span><\/a>)<\/span><\/li>\n<\/ul>\n<\/div><\/div><\/div><\/div><\/div><div class=\"accordian fusion-accordian\" style=\"--awb-border-size:1px;--awb-icon-size:16px;--awb-content-font-size:16px;--awb-icon-alignment:left;--awb-hover-color:#ffffff;--awb-border-color:#e2e2e2;--awb-background-color:#ffffff;--awb-divider-color:#e2e2e2;--awb-divider-hover-color:#e2e2e2;--awb-icon-color:#ffffff;--awb-title-color:#212934;--awb-content-color:#4a4e57;--awb-icon-box-color:#212934;--awb-toggle-hover-accent-color:#1a80b6;--awb-title-font-family:&quot;Zilla Slab&quot;;--awb-title-font-weight:400;--awb-title-font-style:normal;--awb-title-line-height:1.36;--awb-content-font-family:&quot;Open Sans&quot;;--awb-content-font-style:normal;--awb-content-font-weight:400;\"><div class=\"panel-group fusion-toggle-icon-boxed\" id=\"accordion-89-18\"><div class=\"fusion-panel panel-default panel-f936be10cdf597a4d fusion-toggle-no-divider fusion-toggle-boxed-mode\"><div class=\"panel-heading\"><h4 class=\"panel-title toggle\" id=\"toggle_f936be10cdf597a4d\"><a aria-expanded=\"false\" aria-controls=\"f936be10cdf597a4d\" role=\"button\" data-toggle=\"collapse\" data-parent=\"#accordion-89-18\" data-target=\"#f936be10cdf597a4d\" href=\"#f936be10cdf597a4d\"><span class=\"fusion-toggle-icon-wrapper\" aria-hidden=\"true\"><i class=\"fa-fusion-box active-icon awb-icon-minus\" aria-hidden=\"true\"><\/i><i class=\"fa-fusion-box inactive-icon awb-icon-plus\" aria-hidden=\"true\"><\/i><\/span><span class=\"fusion-toggle-heading\">Llamado concurso para proveer cargo de Psic\u00f3loga Programa de Salud Mental con Enfoque de G\u00e9nero del Departamento de la Mujer y Equidad de G\u00e9nero<\/span><\/a><\/h4><\/div><div id=\"f936be10cdf597a4d\" class=\"panel-collapse collapse \" aria-labelledby=\"toggle_f936be10cdf597a4d\"><div class=\"panel-body toggle-content fusion-clearfix\">\n<ul>\n<li><span style=\"font-size: 10pt; font-family: arial, helvetica, sans-serif;\"><span style=\"font-size: 10pt; font-family: arial, helvetica, sans-serif;\">Bases Concurso para\u00a0 Proveer Cargo Psic\u00f3loga Programa de Salud Mental con Enfoque de G\u00e9nero <\/span><\/span><span style=\"font-size: 10pt; font-family: arial, helvetica, sans-serif;\">(<span style=\"text-decoration: underline;\"><span style=\"color: #0000ff;\"><a style=\"color: #0000ff;\" href=\"https:\/\/municipalidadpucon.cl\/oldweb\/web2010\/para%20descarga\/Concurso%20Publico\/MUNI\/2025\/programa_mujer\/BASES_TECNICAS_PROFESIONAL_DE_APOYO_PSICOLOGA_PSMEG.pdf\"><span style=\"font-size: 12pt;\"><strong>Actualizaci\u00f3n<\/strong><\/span><\/a><\/span><\/span>)<\/span><\/li>\n<li><span style=\"font-family: arial, helvetica, sans-serif; font-size: 10pt;\">Decreto N\u00b0 1549, Aprueba Bases (<span style=\"text-decoration: underline;\"><span style=\"color: #0000ff;\"><a style=\"color: #0000ff; text-decoration: underline;\" href=\"https:\/\/municipalidadpucon.cl\/oldweb\/web2010\/para%20descarga\/Concurso%20Publico\/MUNI\/2025\/programa_mujer\/Decreto_Exento_N_1549.pdf\">Descargar<\/a><\/span><\/span>)<\/span><\/li>\n<\/ul>\n<\/div><\/div><\/div><\/div><\/div><div class=\"accordian fusion-accordian\" style=\"--awb-border-size:1px;--awb-icon-size:16px;--awb-content-font-size:16px;--awb-icon-alignment:left;--awb-hover-color:#ffffff;--awb-border-color:#e2e2e2;--awb-background-color:#ffffff;--awb-divider-color:#e2e2e2;--awb-divider-hover-color:#e2e2e2;--awb-icon-color:#ffffff;--awb-title-color:#212934;--awb-content-color:#4a4e57;--awb-icon-box-color:#212934;--awb-toggle-hover-accent-color:#1a80b6;--awb-title-font-family:&quot;Zilla Slab&quot;;--awb-title-font-weight:400;--awb-title-font-style:normal;--awb-title-line-height:1.36;--awb-content-font-family:&quot;Open Sans&quot;;--awb-content-font-style:normal;--awb-content-font-weight:400;\"><div class=\"panel-group fusion-toggle-icon-boxed\" id=\"accordion-89-19\"><div class=\"fusion-panel panel-default panel-1f56fd9d306821bb3 fusion-toggle-no-divider fusion-toggle-boxed-mode\"><div class=\"panel-heading\"><h4 class=\"panel-title toggle\" id=\"toggle_1f56fd9d306821bb3\"><a aria-expanded=\"false\" aria-controls=\"1f56fd9d306821bb3\" role=\"button\" data-toggle=\"collapse\" data-parent=\"#accordion-89-19\" data-target=\"#1f56fd9d306821bb3\" href=\"#1f56fd9d306821bb3\"><span class=\"fusion-toggle-icon-wrapper\" aria-hidden=\"true\"><i class=\"fa-fusion-box active-icon awb-icon-minus\" aria-hidden=\"true\"><\/i><i class=\"fa-fusion-box inactive-icon awb-icon-plus\" aria-hidden=\"true\"><\/i><\/span><span class=\"fusion-toggle-heading\">Llamado Concurso Profesional Equipo Previene - Programa Prepara2<\/span><\/a><\/h4><\/div><div id=\"1f56fd9d306821bb3\" class=\"panel-collapse collapse \" aria-labelledby=\"toggle_1f56fd9d306821bb3\"><div class=\"panel-body toggle-content fusion-clearfix\">\n<ul>\n<li><span style=\"font-size: 10pt; font-family: arial, helvetica, sans-serif;\">Decreto N\u00b0 1200, Aprueba Bases\u00a0 (<a href=\"https:\/\/municipalidadpucon.cl\/oldweb\/web2010\/para%20descarga\/Concurso%20Publico\/SENDA\/Decreto_1200_Profesional_Programa_Prepara2.pdf\"><span style=\"text-decoration: underline;\"><span style=\"color: #3366ff; text-decoration: underline;\">Descargar<\/span><\/span><\/a>)<\/span><\/li>\n<li><span style=\"font-size: 10pt; font-family: arial, helvetica, sans-serif;\"><span style=\"font-size: 10pt; font-family: arial, helvetica, sans-serif;\">Bases Concurso para\u00a0 Proveer Cargo Profesional Programa Prepara2 <\/span><\/span><span style=\"font-size: 10pt; font-family: arial, helvetica, sans-serif;\">(<a href=\"https:\/\/municipalidadpucon.cl\/oldweb\/web2010\/para%20descarga\/Concurso%20Publico\/SENDA\/Bases_Profesional_Programa_Prepara2.pdf\"><span style=\"text-decoration: underline;\"><span style=\"color: #3366ff; text-decoration: underline;\">Descargar<\/span><\/span><\/a>)<\/span><\/li>\n<\/ul>\n<\/div><\/div><\/div><\/div><\/div><div class=\"accordian fusion-accordian\" style=\"--awb-border-size:1px;--awb-icon-size:16px;--awb-content-font-size:16px;--awb-icon-alignment:left;--awb-hover-color:#ffffff;--awb-border-color:#e2e2e2;--awb-background-color:#ffffff;--awb-divider-color:#e2e2e2;--awb-divider-hover-color:#e2e2e2;--awb-icon-color:#ffffff;--awb-title-color:#212934;--awb-content-color:#4a4e57;--awb-icon-box-color:#212934;--awb-toggle-hover-accent-color:#1a80b6;--awb-title-font-family:&quot;Zilla Slab&quot;;--awb-title-font-weight:400;--awb-title-font-style:normal;--awb-title-line-height:1.36;--awb-content-font-family:&quot;Open Sans&quot;;--awb-content-font-style:normal;--awb-content-font-weight:400;\"><div class=\"panel-group fusion-toggle-icon-boxed\" id=\"accordion-89-20\"><div class=\"fusion-panel panel-default panel-92d00cf68b587a29d fusion-toggle-no-divider fusion-toggle-boxed-mode\"><div class=\"panel-heading\"><h4 class=\"panel-title toggle\" id=\"toggle_92d00cf68b587a29d\"><a aria-expanded=\"false\" aria-controls=\"92d00cf68b587a29d\" role=\"button\" data-toggle=\"collapse\" data-parent=\"#accordion-89-20\" data-target=\"#92d00cf68b587a29d\" href=\"#92d00cf68b587a29d\"><span class=\"fusion-toggle-icon-wrapper\" aria-hidden=\"true\"><i class=\"fa-fusion-box active-icon awb-icon-minus\" aria-hidden=\"true\"><\/i><i class=\"fa-fusion-box inactive-icon awb-icon-plus\" aria-hidden=\"true\"><\/i><\/span><span class=\"fusion-toggle-heading\">Llamado a Concurso para Proveer Cargo para Programa Gesti\u00f3n Territorial y Vinculaci\u00f3n Comunitaria de la Municipalidad de Puc\u00f3n<\/span><\/a><\/h4><\/div><div id=\"92d00cf68b587a29d\" class=\"panel-collapse collapse \" aria-labelledby=\"toggle_92d00cf68b587a29d\"><div class=\"panel-body toggle-content fusion-clearfix\">\n<ul>\n<li><span style=\"font-size: 10pt; font-family: arial, helvetica, sans-serif;\">Decreto N\u00b0 1186, Aprueba Bases\u00a0 (<a href=\"https:\/\/municipalidadpucon.cl\/oldweb\/web2010\/para%20descarga\/Concurso%20Publico\/MUNI\/2025\/GT\/Decreto_1186_Aprueba_Bases.pdf\"><span style=\"text-decoration: underline;\"><span style=\"color: #3366ff; text-decoration: underline;\">Descargar<\/span><\/span><\/a>)<\/span><\/li>\n<li><span style=\"font-size: 10pt; font-family: arial, helvetica, sans-serif;\"><span style=\"font-size: 10pt; font-family: arial, helvetica, sans-serif;\">Bases Concurso para\u00a0 Proveer Cargo para Programa Gesti\u00f3n Territorial y Vinculaci\u00f3n Comunitaria de la Municipalidad de Puc\u00f3n <\/span><\/span><span style=\"font-size: 10pt; font-family: arial, helvetica, sans-serif;\">(<a href=\"https:\/\/municipalidadpucon.cl\/oldweb\/web2010\/para%20descarga\/Concurso%20Publico\/MUNI\/2025\/GT\/Programa_Gestion_Territorial_Vinculacion_Comunitaria.pdf\"><span style=\"text-decoration: underline;\"><span style=\"color: #3366ff; text-decoration: underline;\">Descargar<\/span><\/span><\/a>)<\/span><\/li>\n<\/ul>\n<\/div><\/div><\/div><\/div><\/div><div class=\"accordian fusion-accordian\" style=\"--awb-border-size:1px;--awb-icon-size:16px;--awb-content-font-size:16px;--awb-icon-alignment:left;--awb-hover-color:#ffffff;--awb-border-color:#e2e2e2;--awb-background-color:#ffffff;--awb-divider-color:#e2e2e2;--awb-divider-hover-color:#e2e2e2;--awb-icon-color:#ffffff;--awb-title-color:#212934;--awb-content-color:#4a4e57;--awb-icon-box-color:#212934;--awb-toggle-hover-accent-color:#1a80b6;--awb-title-font-family:&quot;Zilla Slab&quot;;--awb-title-font-weight:400;--awb-title-font-style:normal;--awb-title-line-height:1.36;--awb-content-font-family:&quot;Open Sans&quot;;--awb-content-font-style:normal;--awb-content-font-weight:400;\"><div class=\"panel-group fusion-toggle-icon-boxed\" id=\"accordion-89-21\"><div class=\"fusion-panel panel-default panel-7b55e9f152cfa0ad2 fusion-toggle-no-divider fusion-toggle-boxed-mode\"><div class=\"panel-heading\"><h4 class=\"panel-title toggle\" id=\"toggle_7b55e9f152cfa0ad2\"><a aria-expanded=\"false\" aria-controls=\"7b55e9f152cfa0ad2\" role=\"button\" data-toggle=\"collapse\" data-parent=\"#accordion-89-21\" data-target=\"#7b55e9f152cfa0ad2\" href=\"#7b55e9f152cfa0ad2\"><span class=\"fusion-toggle-icon-wrapper\" aria-hidden=\"true\"><i class=\"fa-fusion-box active-icon awb-icon-minus\" aria-hidden=\"true\"><\/i><i class=\"fa-fusion-box inactive-icon awb-icon-plus\" aria-hidden=\"true\"><\/i><\/span><span class=\"fusion-toggle-heading\">Llamado a Concurso para Proveer el Cargo de Coordinador(a) de OLN Puc\u00f3n<\/span><\/a><\/h4><\/div><div id=\"7b55e9f152cfa0ad2\" class=\"panel-collapse collapse \" aria-labelledby=\"toggle_7b55e9f152cfa0ad2\"><div class=\"panel-body toggle-content fusion-clearfix\">\n<ul>\n<li><span style=\"font-size: 10pt; font-family: arial, helvetica, sans-serif;\">Decreto Exento N\u00b0 899, Aprueba Bases\u00a0 (<a href=\"https:\/\/municipalidadpucon.cl\/oldweb\/web2010\/para%20descarga\/Concurso%20Publico\/OLN\/2025\/DEx899_Aprueba_Bases_Consurso_Coordinadora_OLN.pdf\"><span style=\"text-decoration: underline;\"><span style=\"color: #3366ff; text-decoration: underline;\">Descargar<\/span><\/span><\/a>)<\/span><\/li>\n<li><span style=\"font-size: 10pt; font-family: arial, helvetica, sans-serif;\">Bases Concurso para Proveer el Cargo de Coordinador(a) de OLN Puc\u00f3n (<a href=\"https:\/\/municipalidadpucon.cl\/oldweb\/web2010\/para%20descarga\/Concurso%20Publico\/OLN\/2025\/Bases_Consurso_Coordinadora_OLN.pdf\"><span style=\"text-decoration: underline;\"><span style=\"color: #3366ff; text-decoration: underline;\">Descargar<\/span><\/span><\/a>)<\/span><\/li>\n<li><span style=\"font-size: 10pt; font-family: arial, helvetica, sans-serif;\">Ley N\u00b0 21430 15 Marzo 2022 (<a href=\"https:\/\/municipalidadpucon.cl\/oldweb\/web2010\/para%20descarga\/Concurso%20Publico\/OLN\/2025\/Ley_21430_15_MAR_2022.pdf\"><span style=\"text-decoration: underline;\"><span style=\"color: #3366ff; text-decoration: underline;\">Descargar<\/span><\/span><\/a>)<\/span><\/li>\n<\/ul>\n<\/div><\/div><\/div><\/div><\/div><div class=\"accordian fusion-accordian\" style=\"--awb-border-size:1px;--awb-icon-size:16px;--awb-content-font-size:16px;--awb-icon-alignment:left;--awb-hover-color:#ffffff;--awb-border-color:#e2e2e2;--awb-background-color:#ffffff;--awb-divider-color:#e2e2e2;--awb-divider-hover-color:#e2e2e2;--awb-icon-color:#ffffff;--awb-title-color:#212934;--awb-content-color:#4a4e57;--awb-icon-box-color:#212934;--awb-toggle-hover-accent-color:#1a80b6;--awb-title-font-family:&quot;Zilla Slab&quot;;--awb-title-font-weight:400;--awb-title-font-style:normal;--awb-title-line-height:1.36;--awb-content-font-family:&quot;Open Sans&quot;;--awb-content-font-style:normal;--awb-content-font-weight:400;\"><div class=\"panel-group fusion-toggle-icon-boxed\" id=\"accordion-89-22\"><div class=\"fusion-panel panel-default panel-4157aaf15e373ae15 fusion-toggle-no-divider fusion-toggle-boxed-mode\"><div class=\"panel-heading\"><h4 class=\"panel-title toggle\" id=\"toggle_4157aaf15e373ae15\"><a aria-expanded=\"false\" aria-controls=\"4157aaf15e373ae15\" role=\"button\" data-toggle=\"collapse\" data-parent=\"#accordion-89-22\" data-target=\"#4157aaf15e373ae15\" href=\"#4157aaf15e373ae15\"><span class=\"fusion-toggle-icon-wrapper\" aria-hidden=\"true\"><i class=\"fa-fusion-box active-icon awb-icon-minus\" aria-hidden=\"true\"><\/i><i class=\"fa-fusion-box inactive-icon awb-icon-plus\" aria-hidden=\"true\"><\/i><\/span><span class=\"fusion-toggle-heading\">Convocatoria: M\u00e9dico Veterinario \u2013 Programa Tenencia Responsable<\/span><\/a><\/h4><\/div><div id=\"4157aaf15e373ae15\" class=\"panel-collapse collapse \" aria-labelledby=\"toggle_4157aaf15e373ae15\"><div class=\"panel-body toggle-content fusion-clearfix\">\n<p style=\"padding-left: 40px;\"><span style=\"font-size: 10pt;\">La Municipalidad de Puc\u00f3n informa que se encuentra disponible el cargo de <strong>M\u00e9dico Veterinario<\/strong> para el Programa de Tenencia Responsable de Mascotas.<\/span><\/p>\n<p style=\"padding-left: 40px;\"><strong><span style=\"font-size: 10pt;\">REQUISITOS GENERALES:<\/span><\/strong><\/p>\n<ul>\n<li style=\"list-style-type: none;\">\n<ul style=\"list-style-type: disc;\">\n<li><span style=\"font-size: 10pt;\">T\u00edtulo profesional de M\u00e9dico Veterinario (acreditado con certificado de t\u00edtulo).<\/span><\/li>\n<li><span style=\"font-size: 10pt;\">Experiencia en programas de Tenencia Responsable de Mascotas y\/o Medicina Veterinaria en el \u00e1mbito municipal (deseable).<\/span><\/li>\n<li><span style=\"font-size: 10pt;\">Conocimiento de la <strong>Ley 21.020 sobre Tenencia Responsable de Mascotas<\/strong> y normativas afines.<\/span><\/li>\n<li><span style=\"font-size: 10pt;\">Disponibilidad para trabajo en terreno y operativos veterinarios.<\/span><\/li>\n<li><span style=\"font-size: 10pt;\">Habilidades de gesti\u00f3n, coordinaci\u00f3n y trabajo en equipo.<\/span><\/li>\n<\/ul>\n<\/li>\n<\/ul>\n<p style=\"padding-left: 40px;\"><strong><span style=\"font-size: 10pt;\">FUNCIONES PRINCIPALES:<\/span><\/strong><\/p>\n<ul>\n<li style=\"list-style-type: none;\">\n<ul style=\"list-style-type: disc;\">\n<li><span style=\"font-size: 10pt;\">Atenci\u00f3n veterinaria en operativos y actividades del programa.<\/span><\/li>\n<li><span style=\"font-size: 10pt;\">Coordinaci\u00f3n de campa\u00f1as de esterilizaci\u00f3n, vacunaci\u00f3n y educaci\u00f3n en tenencia responsable.<\/span><\/li>\n<li><span style=\"font-size: 10pt;\">Supervisi\u00f3n del <strong>Centro Municipal de Mantenci\u00f3n Temporal Canino<\/strong>.<\/span><\/li>\n<li><span style=\"font-size: 10pt;\">Elaboraci\u00f3n de informes t\u00e9cnicos y seguimiento de los casos atendidos.<\/span><\/li>\n<li><span style=\"font-size: 10pt;\">Vinculaci\u00f3n con organismos p\u00fablicos y privados relacionados con el bienestar animal.<\/span><\/li>\n<\/ul>\n<\/li>\n<\/ul>\n<p style=\"padding-left: 40px;\"><strong><span style=\"font-size: 10pt;\">CONDICIONES DEL CARGO:<\/span><\/strong><\/p>\n<ul>\n<li style=\"list-style-type: none;\">\n<ul style=\"list-style-type: disc;\">\n<li><span style=\"font-size: 10pt;\"><strong>Modalidad de contrataci\u00f3n:<\/strong> Honorarios<\/span><\/li>\n<li><span style=\"font-size: 10pt;\"><strong>Lugar de desempe\u00f1o:<\/strong> Puc\u00f3n.<\/span><\/li>\n<li><span style=\"font-size: 10pt;\"><strong>Renta ofrecida:<\/strong> $1.400.000 bruto<\/span><\/li>\n<\/ul>\n<\/li>\n<\/ul>\n<p style=\"padding-left: 40px;\"><strong><span style=\"font-size: 10pt;\">\u00bfC\u00d3MO POSTULAR?<\/span><\/strong><br \/>\n<span style=\"font-size: 10pt;\">Los interesados deben enviar su <strong>curr\u00edculum vitae, certificado de t\u00edtulo<\/strong> y dem\u00e1s documentos que respalden su experiencia y formaci\u00f3n a:<\/span><\/p>\n<ul>\n<li style=\"list-style-type: none;\">\n<ul style=\"list-style-type: disc;\">\n<li><span style=\"font-size: 10pt;\"><span style=\"text-decoration: underline;\"><span style=\"color: #3366ff; text-decoration: underline;\">jbadilla@municipalidadpucon.cl<\/span><\/span> , <strong>con copia<\/strong> <span style=\"text-decoration: underline;\"><span style=\"color: #3366ff; text-decoration: underline;\">surbina@municipalidadpucon.cl<\/span><\/span> con el asunto <strong>&#8220;Postulaci\u00f3n M\u00e9dico Veterinario \u2013 Tenencia Responsable&#8221;<\/strong>.<\/span><\/li>\n<\/ul>\n<\/li>\n<\/ul>\n<p style=\"padding-left: 40px;\"><span style=\"font-size: 10pt;\"><strong>PLAZO DE POSTULACI\u00d3N:<\/strong> Hasta el mi\u00e9rcoles 12 de febrero, 2025<\/span><\/p>\n<\/div><\/div><\/div><\/div><\/div><div class=\"accordian fusion-accordian\" style=\"--awb-border-size:1px;--awb-icon-size:16px;--awb-content-font-size:16px;--awb-icon-alignment:left;--awb-hover-color:#ffffff;--awb-border-color:#e2e2e2;--awb-background-color:#ffffff;--awb-divider-color:#e2e2e2;--awb-divider-hover-color:#e2e2e2;--awb-icon-color:#ffffff;--awb-title-color:#212934;--awb-content-color:#4a4e57;--awb-icon-box-color:#212934;--awb-toggle-hover-accent-color:#1a80b6;--awb-title-font-family:&quot;Zilla Slab&quot;;--awb-title-font-weight:400;--awb-title-font-style:normal;--awb-title-line-height:1.36;--awb-content-font-family:&quot;Open Sans&quot;;--awb-content-font-style:normal;--awb-content-font-weight:400;\"><div class=\"panel-group fusion-toggle-icon-boxed\" id=\"accordion-89-23\"><div class=\"fusion-panel panel-default panel-50de1afe84b7e7d15 fusion-toggle-no-divider fusion-toggle-boxed-mode\"><div class=\"panel-heading\"><h4 class=\"panel-title toggle\" id=\"toggle_50de1afe84b7e7d15\"><a aria-expanded=\"false\" aria-controls=\"50de1afe84b7e7d15\" role=\"button\" data-toggle=\"collapse\" data-parent=\"#accordion-89-23\" data-target=\"#50de1afe84b7e7d15\" href=\"#50de1afe84b7e7d15\"><span class=\"fusion-toggle-icon-wrapper\" aria-hidden=\"true\"><i class=\"fa-fusion-box active-icon awb-icon-minus\" aria-hidden=\"true\"><\/i><i class=\"fa-fusion-box inactive-icon awb-icon-plus\" aria-hidden=\"true\"><\/i><\/span><span class=\"fusion-toggle-heading\">Llamado a concurso para proveer cargos en el Departamento de Ni\u00f1ez y Adolescencia<\/span><\/a><\/h4><\/div><div id=\"50de1afe84b7e7d15\" class=\"panel-collapse collapse \" aria-labelledby=\"toggle_50de1afe84b7e7d15\"><div class=\"panel-body toggle-content fusion-clearfix\">\n<ul>\n<li><span style=\"font-size: 10pt;\">Decreto Exento N\u00b0159, Aprueba Bases y Bases para proveer cargos en el Departamento de Ni\u00f1ez y Adolescencia (<a href=\"https:\/\/municipalidadpucon.cl\/oldweb\/web2010\/para%20descarga\/Concurso%20Publico\/OLN\/2025\/DEx159_Bases_Concurso.pdf\"><span style=\"text-decoration: underline;\"><span style=\"color: #3366ff; text-decoration: underline;\">Descargar<\/span><\/span><\/a>)<\/span><\/li>\n<li><span style=\"font-size: 10pt;\">Nota t\u00e9cnica Programa Crecer en Comunidad (<a href=\"https:\/\/municipalidadpucon.cl\/oldweb\/web2010\/para%20descarga\/Concurso%20Publico\/OLN\/2025\/Nota_Tecnica_Programa_Crecer_Comunidad_2024.pdf\"><span style=\"text-decoration: underline;\"><span style=\"color: #3366ff; text-decoration: underline;\">Descargar<\/span><\/span><\/a>)<\/span><\/li>\n<li><span style=\"font-size: 10pt;\">Ley N\u00b0 21430 15 Marzo 2022 (<a href=\"https:\/\/municipalidadpucon.cl\/oldweb\/web2010\/para%20descarga\/Concurso%20Publico\/OLN\/2025\/Ley_21430_15_MAR_2022.pdf\"><span style=\"text-decoration: underline;\"><span style=\"color: #3366ff; text-decoration: underline;\">Descargar<\/span><\/span><\/a>)<\/span><\/li>\n<li><span style=\"font-size: 10pt;\">Reglas de Ejecuci\u00f3n Programa Trasformando Barrios (<a href=\"https:\/\/municipalidadpucon.cl\/oldweb\/web2010\/para%20descarga\/Concurso%20Publico\/OLN\/2025\/Reglas_Ejecucion_Programa_Trasformando_Barrios.pdf\"><span style=\"text-decoration: underline;\"><span style=\"color: #3366ff; text-decoration: underline;\">Descargar<\/span><\/span><\/a>)<\/span><\/li>\n<li><strong>Modifica Fechas Concurso Para Proveer Cargos<\/strong><span style=\"font-size: 10pt;\"> (<a href=\"https:\/\/municipalidadpucon.cl\/oldweb\/web2010\/para%20descarga\/Concurso%20Publico\/OLN\/2025\/Modifica_Fechas_Concurso_Para_Proveer_Cargos.pdf\"><span style=\"text-decoration: underline;\"><span style=\"color: #3366ff; text-decoration: underline;\">Descargar<\/span><\/span><\/a>)<\/span><\/li>\n<\/ul>\n<\/div><\/div><\/div><\/div><\/div><div class=\"accordian fusion-accordian\" style=\"--awb-border-size:1px;--awb-icon-size:16px;--awb-content-font-size:16px;--awb-icon-alignment:left;--awb-hover-color:#ffffff;--awb-border-color:#e2e2e2;--awb-background-color:#ffffff;--awb-divider-color:#e2e2e2;--awb-divider-hover-color:#e2e2e2;--awb-icon-color:#ffffff;--awb-title-color:#212934;--awb-content-color:#4a4e57;--awb-icon-box-color:#212934;--awb-toggle-hover-accent-color:#1a80b6;--awb-title-font-family:&quot;Zilla Slab&quot;;--awb-title-font-weight:400;--awb-title-font-style:normal;--awb-title-line-height:1.36;--awb-content-font-family:&quot;Open Sans&quot;;--awb-content-font-style:normal;--awb-content-font-weight:400;\"><div class=\"panel-group fusion-toggle-icon-boxed\" id=\"accordion-89-24\"><div class=\"fusion-panel panel-default panel-389bebc16693ed14e fusion-toggle-no-divider fusion-toggle-boxed-mode\"><div class=\"panel-heading\"><h4 class=\"panel-title toggle\" id=\"toggle_389bebc16693ed14e\"><a aria-expanded=\"false\" aria-controls=\"389bebc16693ed14e\" role=\"button\" data-toggle=\"collapse\" data-parent=\"#accordion-89-24\" data-target=\"#389bebc16693ed14e\" href=\"#389bebc16693ed14e\"><span class=\"fusion-toggle-icon-wrapper\" aria-hidden=\"true\"><i class=\"fa-fusion-box active-icon awb-icon-minus\" aria-hidden=\"true\"><\/i><i class=\"fa-fusion-box inactive-icon awb-icon-plus\" aria-hidden=\"true\"><\/i><\/span><span class=\"fusion-toggle-heading\">Llamado a Concurso P\u00fablico para Proveer el Cargo de Profesional de Apoyo Dupla Preparados<\/span><\/a><\/h4><\/div><div id=\"389bebc16693ed14e\" class=\"panel-collapse collapse \" aria-labelledby=\"toggle_389bebc16693ed14e\"><div class=\"panel-body toggle-content fusion-clearfix\">\n<ul>\n<li><span style=\"font-size: 10pt;\">Decreto 344, Aprueba Bases Concurso (<a href=\"https:\/\/municipalidadpucon.cl\/oldweb\/web2010\/para%20descarga\/Concurso%20Publico\/SENDA\/Decreto_344_Cargos_Profesional_Apoyo_Dupla_Preparados.pdf\"><span style=\"text-decoration: underline;\"><span style=\"color: #3366ff; text-decoration: underline;\">Descargar<\/span><\/span><\/a>)<\/span><\/li>\n<li><span style=\"font-size: 10pt;\">Bases Cargo Profesional de Apoyo &#8220;Dupla Preparados&#8221; (<a href=\"https:\/\/municipalidadpucon.cl\/oldweb\/web2010\/para%20descarga\/Concurso%20Publico\/SENDA\/Bases_Provision_Cargo_Profesional_Apoyo_Dupla_Preparados.pdf\"><span style=\"text-decoration: underline;\"><span style=\"color: #3366ff; text-decoration: underline;\">Descargar<\/span><\/span><\/a>)<\/span><\/li>\n<\/ul>\n<\/div><\/div><\/div><\/div><\/div><div class=\"accordian fusion-accordian\" style=\"--awb-border-size:1px;--awb-icon-size:16px;--awb-content-font-size:16px;--awb-icon-alignment:left;--awb-hover-color:#ffffff;--awb-border-color:#e2e2e2;--awb-background-color:#ffffff;--awb-divider-color:#e2e2e2;--awb-divider-hover-color:#e2e2e2;--awb-icon-color:#ffffff;--awb-title-color:#212934;--awb-content-color:#4a4e57;--awb-icon-box-color:#212934;--awb-toggle-hover-accent-color:#1a80b6;--awb-title-font-family:&quot;Zilla Slab&quot;;--awb-title-font-weight:400;--awb-title-font-style:normal;--awb-title-line-height:1.36;--awb-content-font-family:&quot;Open Sans&quot;;--awb-content-font-style:normal;--awb-content-font-weight:400;\"><div class=\"panel-group fusion-toggle-icon-boxed\" id=\"accordion-89-25\"><div class=\"fusion-panel panel-default panel-1273920706652009f fusion-toggle-no-divider fusion-toggle-boxed-mode\"><div class=\"panel-heading\"><h4 class=\"panel-title toggle\" id=\"toggle_1273920706652009f\"><a aria-expanded=\"false\" aria-controls=\"1273920706652009f\" role=\"button\" data-toggle=\"collapse\" data-parent=\"#accordion-89-25\" data-target=\"#1273920706652009f\" href=\"#1273920706652009f\"><span class=\"fusion-toggle-icon-wrapper\" aria-hidden=\"true\"><i class=\"fa-fusion-box active-icon awb-icon-minus\" aria-hidden=\"true\"><\/i><i class=\"fa-fusion-box inactive-icon awb-icon-plus\" aria-hidden=\"true\"><\/i><\/span><span class=\"fusion-toggle-heading\">Llamado a concurso para Provisi\u00f3n de Cargo Profesional a Honorario SENDA PIB<\/span><\/a><\/h4><\/div><div id=\"1273920706652009f\" class=\"panel-collapse collapse \" aria-labelledby=\"toggle_1273920706652009f\"><div class=\"panel-body toggle-content fusion-clearfix\">\n<ul>\n<li><span style=\"font-size: 10pt;\">Decreto 246, Provisi\u00f3n de Cargo a Honorario SENDA PIB (<a href=\"https:\/\/municipalidadpucon.cl\/oldweb\/web2010\/para%20descarga\/Concurso%20Publico\/SENDA\/Decreto_246_Provision_Cargo_Honorario_SENDA_PIB.pdf\"><span style=\"text-decoration: underline;\"><span style=\"color: #3366ff; text-decoration: underline;\">Descargar<\/span><\/span><\/a>)<\/span><\/li>\n<li><span style=\"font-size: 10pt;\">Bases Provisi\u00f3n de Cargo Profesional a Honorario SENDA PIB (<a href=\"https:\/\/municipalidadpucon.cl\/oldweb\/web2010\/para%20descarga\/Concurso%20Publico\/SENDA\/Bases_Provision_Cargo_Profesional_Honorario_SENDA_PIB.pdf\"><span style=\"text-decoration: underline;\"><span style=\"color: #3366ff; text-decoration: underline;\">Descargar<\/span><\/span><\/a>)<\/span><\/li>\n<\/ul>\n<\/div><\/div><\/div><\/div><\/div><div class=\"accordian fusion-accordian\" style=\"--awb-border-size:1px;--awb-icon-size:16px;--awb-content-font-size:16px;--awb-icon-alignment:left;--awb-hover-color:#ffffff;--awb-border-color:#e2e2e2;--awb-background-color:#ffffff;--awb-divider-color:#e2e2e2;--awb-divider-hover-color:#e2e2e2;--awb-icon-color:#ffffff;--awb-title-color:#212934;--awb-content-color:#4a4e57;--awb-icon-box-color:#212934;--awb-toggle-hover-accent-color:#1a80b6;--awb-title-font-family:&quot;Zilla Slab&quot;;--awb-title-font-weight:400;--awb-title-font-style:normal;--awb-title-line-height:1.36;--awb-content-font-family:&quot;Open Sans&quot;;--awb-content-font-style:normal;--awb-content-font-weight:400;\"><div class=\"panel-group fusion-toggle-icon-boxed\" id=\"accordion-89-26\"><div class=\"fusion-panel panel-default panel-48c1a386c520f707f fusion-toggle-no-divider fusion-toggle-boxed-mode\"><div class=\"panel-heading\"><h4 class=\"panel-title toggle\" id=\"toggle_48c1a386c520f707f\"><a aria-expanded=\"false\" aria-controls=\"48c1a386c520f707f\" role=\"button\" data-toggle=\"collapse\" data-parent=\"#accordion-89-26\" data-target=\"#48c1a386c520f707f\" href=\"#48c1a386c520f707f\"><span class=\"fusion-toggle-icon-wrapper\" aria-hidden=\"true\"><i class=\"fa-fusion-box active-icon awb-icon-minus\" aria-hidden=\"true\"><\/i><i class=\"fa-fusion-box inactive-icon awb-icon-plus\" aria-hidden=\"true\"><\/i><\/span><span class=\"fusion-toggle-heading\">Llamado a Concurso P\u00fablico para Proveer el Cargo de Profesional de Apoyo, Programa Mujeres, Derechos Sexuales y Reproductivos<\/span><\/a><\/h4><\/div><div id=\"48c1a386c520f707f\" class=\"panel-collapse collapse \" aria-labelledby=\"toggle_48c1a386c520f707f\"><div class=\"panel-body toggle-content fusion-clearfix\">\n<ul>\n<li><span style=\"font-size: 10pt;\">Decreto 310, Aprueba Bases Concurso (<a href=\"https:\/\/municipalidadpucon.cl\/oldweb\/web2010\/para%20descarga\/Concurso%20Publico\/MUNI\/2025\/programa_mujer\/Decreto_310_Aprueba_Bases_Concurso.pdf\"><span style=\"text-decoration: underline;\"><span style=\"color: #3366ff; text-decoration: underline;\">Descargar<\/span><\/span><\/a>)<\/span><\/li>\n<li><span style=\"font-size: 10pt;\">Bases T\u00e9cnicas para Proveer el Cargo de Profesional de Apoyo, Programa Mujeres, Derechos Sexuales y Reproductivos (<a href=\"https:\/\/municipalidadpucon.cl\/oldweb\/web2010\/para%20descarga\/Concurso%20Publico\/MUNI\/2025\/programa_mujer\/Bases_Llamado_Proveer_Cargo_Profesional_Apoyo_Mdsr.pdf\"><span style=\"text-decoration: underline;\"><span style=\"color: #3366ff; text-decoration: underline;\">Descargar<\/span><\/span><\/a>)<\/span><\/li>\n<\/ul>\n<\/div><\/div><\/div><\/div><\/div><div class=\"accordian fusion-accordian\" style=\"--awb-border-size:1px;--awb-icon-size:16px;--awb-content-font-size:16px;--awb-icon-alignment:left;--awb-hover-color:#ffffff;--awb-border-color:#e2e2e2;--awb-background-color:#ffffff;--awb-divider-color:#e2e2e2;--awb-divider-hover-color:#e2e2e2;--awb-icon-color:#ffffff;--awb-title-color:#212934;--awb-content-color:#4a4e57;--awb-icon-box-color:#212934;--awb-toggle-hover-accent-color:#1a80b6;--awb-title-font-family:&quot;Zilla Slab&quot;;--awb-title-font-weight:400;--awb-title-font-style:normal;--awb-title-line-height:1.36;--awb-content-font-family:&quot;Open Sans&quot;;--awb-content-font-style:normal;--awb-content-font-weight:400;\"><div class=\"panel-group fusion-toggle-icon-boxed\" id=\"accordion-89-27\"><div class=\"fusion-panel panel-default panel-854b4fe03bfa016c9 fusion-toggle-no-divider fusion-toggle-boxed-mode\"><div class=\"panel-heading\"><h4 class=\"panel-title toggle\" id=\"toggle_854b4fe03bfa016c9\"><a aria-expanded=\"false\" aria-controls=\"854b4fe03bfa016c9\" role=\"button\" data-toggle=\"collapse\" data-parent=\"#accordion-89-27\" data-target=\"#854b4fe03bfa016c9\" href=\"#854b4fe03bfa016c9\"><span class=\"fusion-toggle-icon-wrapper\" aria-hidden=\"true\"><i class=\"fa-fusion-box active-icon awb-icon-minus\" aria-hidden=\"true\"><\/i><i class=\"fa-fusion-box inactive-icon awb-icon-plus\" aria-hidden=\"true\"><\/i><\/span><span class=\"fusion-toggle-heading\">D\u00e9jese sin efecto el Decreto Exento N\u00ba3586, N\u00ba3587, N\u00ba3588, N\u00ba3589 y N\u00ba3590 de fecha 27.09.2024 que aprobaron las bases de llamado a concurso p\u00fablico para proveer los cargos de Director Titular del Establecimiento Educacional G-790 Carileufu, Establecimiento Educacional Los Arrayanes; Establecimiento Educacional G-778 El Claro, Liceo Bicentenario de Hoteler\u00eda y Turismo y Complejo Educacional Carlos Holzapfel por motivos de fuerza mayor<\/span><\/a><\/h4><\/div><div id=\"854b4fe03bfa016c9\" class=\"panel-collapse collapse \" aria-labelledby=\"toggle_854b4fe03bfa016c9\"><div class=\"panel-body toggle-content fusion-clearfix\">\n<ul>\n<li><span style=\"font-size: 10pt;\">Decreto Exento N\u00b05077, &#8220;D\u00e9jese sin Efecto&#8221; (<a href=\"https:\/\/municipalidadpucon.cl\/oldweb\/web2010\/para%20descarga\/Concurso%20Publico\/DEM\/2024\/DEx_5077_Dejese_Sin_Efecto_DEx_3586_3587_3588_3589_3590_27-09-2024_Aprobaron_Bases_Llamado_Concurso_Publico.pdf\"><span style=\"text-decoration: underline;\"><span style=\"color: #3366ff; text-decoration: underline;\">Descargar<\/span><\/span><\/a>)<\/span><\/li>\n<\/ul>\n<\/div><\/div><\/div><\/div><\/div><div class=\"accordian fusion-accordian\" style=\"--awb-border-size:1px;--awb-icon-size:16px;--awb-content-font-size:16px;--awb-icon-alignment:left;--awb-hover-color:#ffffff;--awb-border-color:#e2e2e2;--awb-background-color:#ffffff;--awb-divider-color:#e2e2e2;--awb-divider-hover-color:#e2e2e2;--awb-icon-color:#ffffff;--awb-title-color:#212934;--awb-content-color:#4a4e57;--awb-icon-box-color:#212934;--awb-toggle-hover-accent-color:#1a80b6;--awb-title-font-family:&quot;Zilla Slab&quot;;--awb-title-font-weight:400;--awb-title-font-style:normal;--awb-title-line-height:1.36;--awb-content-font-family:&quot;Open Sans&quot;;--awb-content-font-style:normal;--awb-content-font-weight:400;\"><div class=\"panel-group fusion-toggle-icon-boxed\" id=\"accordion-89-28\"><div class=\"fusion-panel panel-default panel-4cb79a7cbe2b45696 fusion-toggle-no-divider fusion-toggle-boxed-mode\"><div class=\"panel-heading\"><h4 class=\"panel-title toggle\" id=\"toggle_4cb79a7cbe2b45696\"><a aria-expanded=\"false\" aria-controls=\"4cb79a7cbe2b45696\" role=\"button\" data-toggle=\"collapse\" data-parent=\"#accordion-89-28\" data-target=\"#4cb79a7cbe2b45696\" href=\"#4cb79a7cbe2b45696\"><span class=\"fusion-toggle-icon-wrapper\" aria-hidden=\"true\"><i class=\"fa-fusion-box active-icon awb-icon-minus\" aria-hidden=\"true\"><\/i><i class=\"fa-fusion-box inactive-icon awb-icon-plus\" aria-hidden=\"true\"><\/i><\/span><span class=\"fusion-toggle-heading\">Programa de desarrollo Territorial Ind\u00edgena PDTI<\/span><\/a><\/h4><\/div><div id=\"4cb79a7cbe2b45696\" class=\"panel-collapse collapse \" aria-labelledby=\"toggle_4cb79a7cbe2b45696\"><div class=\"panel-body toggle-content fusion-clearfix\">\n<ul>\n<li><span style=\"font-size: 10pt;\">Decreto Exento N\u00b02589, Aprueba Bases (<a href=\"https:\/\/municipalidadpucon.cl\/oldweb\/web2010\/para%20descarga\/Concurso%20Publico\/PDTI\/2024\/Decreto_2589_ApruebaBasesConcurso.pdf\"><span style=\"text-decoration: underline;\"><span style=\"color: #3366ff; text-decoration: underline;\">Descargar<\/span><\/span><\/a>)<\/span><\/li>\n<li><span style=\"font-size: 10pt;\">Bases TECNICO MEDIA JORNADA Programa de desarrollo Territorial Ind\u00edgena PDTI (<a href=\"https:\/\/municipalidadpucon.cl\/oldweb\/web2010\/para%20descarga\/Concurso%20Publico\/PDTI\/2024\/TecnicoMediaJornadaProgramaDesarrolloTerritorialIndigena_PDTI_2.pdf\"><span style=\"text-decoration: underline;\"><span style=\"color: #3366ff; text-decoration: underline;\">Descargar<\/span><\/span><\/a>)<\/span><\/li>\n<\/ul>\n<\/div><\/div><\/div><\/div><\/div><div class=\"accordian fusion-accordian\" style=\"--awb-border-size:1px;--awb-icon-size:16px;--awb-content-font-size:16px;--awb-icon-alignment:left;--awb-hover-color:#ffffff;--awb-border-color:#e2e2e2;--awb-background-color:#ffffff;--awb-divider-color:#e2e2e2;--awb-divider-hover-color:#e2e2e2;--awb-icon-color:#ffffff;--awb-title-color:#212934;--awb-content-color:#4a4e57;--awb-icon-box-color:#212934;--awb-toggle-hover-accent-color:#1a80b6;--awb-title-font-family:&quot;Zilla Slab&quot;;--awb-title-font-weight:400;--awb-title-font-style:normal;--awb-content-font-family:&quot;Open Sans&quot;;--awb-content-font-style:normal;--awb-content-font-weight:400;\"><div class=\"panel-group fusion-toggle-icon-boxed\" id=\"accordion-89-29\"><div class=\"fusion-panel panel-default panel-a91911d94b77b6afc fusion-toggle-no-divider fusion-toggle-boxed-mode\"><div class=\"panel-heading\"><h4 class=\"panel-title toggle\" id=\"toggle_a91911d94b77b6afc\"><a aria-expanded=\"false\" aria-controls=\"a91911d94b77b6afc\" role=\"button\" data-toggle=\"collapse\" data-parent=\"#accordion-89-29\" data-target=\"#a91911d94b77b6afc\" href=\"#a91911d94b77b6afc\"><span class=\"fusion-toggle-icon-wrapper\" aria-hidden=\"true\"><i class=\"fa-fusion-box active-icon awb-icon-minus\" aria-hidden=\"true\"><\/i><i class=\"fa-fusion-box inactive-icon awb-icon-plus\" aria-hidden=\"true\"><\/i><\/span><span class=\"fusion-toggle-heading\">Llamado Concurso P\u00fablico Programa Mujeres Jefas de Hogar<\/span><\/a><\/h4><\/div><div id=\"a91911d94b77b6afc\" class=\"panel-collapse collapse \" aria-labelledby=\"toggle_a91911d94b77b6afc\"><div class=\"panel-body toggle-content fusion-clearfix\">\n<ul>\n<li><span style=\"font-size: 10pt;\">Bases Profesional Programa Mujeres Jefa de Hogar, Comuna Puc\u00f3n (<a href=\"https:\/\/municipalidadpucon.cl\/oldweb\/web2010\/para%20descarga\/Concurso%20Publico\/MUNI\/2024\/programa_mujer\/Bases_PMJH.pdf\"><span style=\"color: #3366ff;\">Descargar<\/span><\/a>)<\/span><\/li>\n<li><strong>Se Extiende Plazo de Entrevistas <\/strong>(<a href=\"https:\/\/municipalidadpucon.cl\/oldweb\/web2010\/para%20descarga\/Concurso%20Publico\/MUNI\/2024\/programa_mujer\/Se_Extiende_Plazo_Entrevistas_PMJH.pdf\"><span style=\"text-decoration: underline;\"><span style=\"color: #3366ff; text-decoration: underline;\">Descargar<\/span><\/span><\/a>)<\/li>\n<\/ul>\n<ul>\n<li style=\"list-style-type: none;\"><\/li>\n<\/ul>\n<\/div><\/div><\/div><\/div><\/div><div class=\"accordian fusion-accordian\" style=\"--awb-border-size:1px;--awb-icon-size:16px;--awb-content-font-size:16px;--awb-icon-alignment:left;--awb-hover-color:#ffffff;--awb-border-color:#e2e2e2;--awb-background-color:#ffffff;--awb-divider-color:#e2e2e2;--awb-divider-hover-color:#e2e2e2;--awb-icon-color:#ffffff;--awb-title-color:#212934;--awb-content-color:#4a4e57;--awb-icon-box-color:#212934;--awb-toggle-hover-accent-color:#1a80b6;--awb-title-font-family:&quot;Zilla Slab&quot;;--awb-title-font-weight:400;--awb-title-font-style:normal;--awb-title-line-height:1.36;--awb-content-font-family:&quot;Open Sans&quot;;--awb-content-font-style:normal;--awb-content-font-weight:400;\"><div class=\"panel-group fusion-toggle-icon-boxed\" id=\"accordion-89-30\"><div class=\"fusion-panel panel-default panel-b0bb55d5fb8032ee0 fusion-toggle-no-divider fusion-toggle-boxed-mode\"><div class=\"panel-heading\"><h4 class=\"panel-title toggle\" id=\"toggle_b0bb55d5fb8032ee0\"><a aria-expanded=\"false\" aria-controls=\"b0bb55d5fb8032ee0\" role=\"button\" data-toggle=\"collapse\" data-parent=\"#accordion-89-30\" data-target=\"#b0bb55d5fb8032ee0\" href=\"#b0bb55d5fb8032ee0\"><span class=\"fusion-toggle-icon-wrapper\" aria-hidden=\"true\"><i class=\"fa-fusion-box active-icon awb-icon-minus\" aria-hidden=\"true\"><\/i><i class=\"fa-fusion-box inactive-icon awb-icon-plus\" aria-hidden=\"true\"><\/i><\/span><span class=\"fusion-toggle-heading\">Segundo Llamado a concurso para proveer el cargo de Analista Contable en el Departamento de Educaci\u00f3n Municipal<\/span><\/a><\/h4><\/div><div id=\"b0bb55d5fb8032ee0\" class=\"panel-collapse collapse \" aria-labelledby=\"toggle_b0bb55d5fb8032ee0\"><div class=\"panel-body toggle-content fusion-clearfix\">\n<ul>\n<li><span style=\"font-size: 10pt;\">Decreto Exento N\u00b0 2101, Bases<\/span><span style=\"font-size: 10pt;\">\u00a0Analista Contable en el Departamento de Educaci\u00f3n Municipal (<a href=\"https:\/\/municipalidadpucon.cl\/oldweb\/web2010\/para%20descarga\/Concurso%20Publico\/DEM\/2024\/Decreto_2101_Analista_Contable_Bases.pdf\"><span style=\"text-decoration: underline;\"><span style=\"color: #3366ff; text-decoration: underline;\">Descargar<\/span><\/span><\/a>)<\/span><\/li>\n<\/ul>\n<\/div><\/div><\/div><\/div><\/div><div class=\"accordian fusion-accordian\" style=\"--awb-border-size:1px;--awb-icon-size:16px;--awb-content-font-size:16px;--awb-icon-alignment:left;--awb-hover-color:#ffffff;--awb-border-color:#e2e2e2;--awb-background-color:#ffffff;--awb-divider-color:#e2e2e2;--awb-divider-hover-color:#e2e2e2;--awb-icon-color:#ffffff;--awb-title-color:#212934;--awb-content-color:#4a4e57;--awb-icon-box-color:#212934;--awb-toggle-hover-accent-color:#1a80b6;--awb-title-font-family:&quot;Zilla Slab&quot;;--awb-title-font-weight:400;--awb-title-font-style:normal;--awb-title-line-height:1.36;--awb-content-font-family:&quot;Open Sans&quot;;--awb-content-font-style:normal;--awb-content-font-weight:400;\"><div class=\"panel-group fusion-toggle-icon-boxed\" id=\"accordion-89-31\"><div class=\"fusion-panel panel-default panel-8731407e39b4eae18 fusion-toggle-no-divider fusion-toggle-boxed-mode\"><div class=\"panel-heading\"><h4 class=\"panel-title toggle\" id=\"toggle_8731407e39b4eae18\"><a aria-expanded=\"false\" aria-controls=\"8731407e39b4eae18\" role=\"button\" data-toggle=\"collapse\" data-parent=\"#accordion-89-31\" data-target=\"#8731407e39b4eae18\" href=\"#8731407e39b4eae18\"><span class=\"fusion-toggle-icon-wrapper\" aria-hidden=\"true\"><i class=\"fa-fusion-box active-icon awb-icon-minus\" aria-hidden=\"true\"><\/i><i class=\"fa-fusion-box inactive-icon awb-icon-plus\" aria-hidden=\"true\"><\/i><\/span><span class=\"fusion-toggle-heading\">Llamado a concurso para proveer cargos en el Departamento de Ni\u00f1ez y Adolescencia<\/span><\/a><\/h4><\/div><div id=\"8731407e39b4eae18\" class=\"panel-collapse collapse \" aria-labelledby=\"toggle_8731407e39b4eae18\"><div class=\"panel-body toggle-content fusion-clearfix\">\n<ul>\n<li><span style=\"font-size: 10pt;\">Decreto Exento N\u00b01994, Aprueba Bases (<a href=\"https:\/\/municipalidadpucon.cl\/oldweb\/web2010\/para%20descarga\/Concurso%20Publico\/OLN\/Decreto_1994_Aprueba_Bases.pdf\"><span style=\"text-decoration: underline;\"><span style=\"color: #3366ff; text-decoration: underline;\">Descargar<\/span><\/span><\/a>)<\/span><\/li>\n<li><span style=\"font-size: 10pt;\">Bases para proveer cargos en el Departamento de Ni\u00f1ez y Adolescencia (<a href=\"https:\/\/municipalidadpucon.cl\/oldweb\/web2010\/para%20descarga\/Concurso%20Publico\/OLN\/Bases_Concurso_Cargos_OLND.pdf\"><span style=\"text-decoration: underline;\"><span style=\"color: #3366ff; text-decoration: underline;\">Descargar<\/span><\/span><\/a>)<\/span><\/li>\n<li><span style=\"font-size: 10pt;\">Ley N\u00b0 21430 15 Marzo 2022(<a href=\"https:\/\/municipalidadpucon.cl\/oldweb\/web2010\/para%20descarga\/Concurso%20Publico\/OLN\/Ley_21430_15_Mar_2022.pdf\"><span style=\"text-decoration: underline;\"><span style=\"color: #3366ff; text-decoration: underline;\">Descargar<\/span><\/span><\/a>)<\/span><\/li>\n<\/ul>\n<\/div><\/div><\/div><\/div><\/div><div class=\"accordian fusion-accordian\" style=\"--awb-border-size:1px;--awb-icon-size:16px;--awb-content-font-size:16px;--awb-icon-alignment:left;--awb-hover-color:#ffffff;--awb-border-color:#e2e2e2;--awb-background-color:#ffffff;--awb-divider-color:#e2e2e2;--awb-divider-hover-color:#e2e2e2;--awb-icon-color:#ffffff;--awb-title-color:#212934;--awb-content-color:#4a4e57;--awb-icon-box-color:#212934;--awb-toggle-hover-accent-color:#1a80b6;--awb-title-font-family:&quot;Zilla Slab&quot;;--awb-title-font-weight:400;--awb-title-font-style:normal;--awb-title-line-height:1.36;--awb-content-font-family:&quot;Open Sans&quot;;--awb-content-font-style:normal;--awb-content-font-weight:400;\"><div class=\"panel-group fusion-toggle-icon-boxed\" id=\"accordion-89-32\"><div class=\"fusion-panel panel-default panel-b016c46418fd504d1 fusion-toggle-no-divider fusion-toggle-boxed-mode\" style=\"--awb-title-color:#212934;\"><div class=\"panel-heading\"><h4 class=\"panel-title toggle\" id=\"toggle_b016c46418fd504d1\"><a aria-expanded=\"false\" aria-controls=\"b016c46418fd504d1\" role=\"button\" data-toggle=\"collapse\" data-parent=\"#accordion-89-32\" data-target=\"#b016c46418fd504d1\" href=\"#b016c46418fd504d1\"><span class=\"fusion-toggle-icon-wrapper\" aria-hidden=\"true\"><i class=\"fa-fusion-box active-icon awb-icon-minus\" aria-hidden=\"true\"><\/i><i class=\"fa-fusion-box inactive-icon awb-icon-plus\" aria-hidden=\"true\"><\/i><\/span><span class=\"fusion-toggle-heading\">Llamado Concurso P\u00fablico Planta Municipal 2024<\/span><\/a><\/h4><\/div><div id=\"b016c46418fd504d1\" class=\"panel-collapse collapse \" aria-labelledby=\"toggle_b016c46418fd504d1\"><div class=\"panel-body toggle-content fusion-clearfix\">\n<ul>\n<li><span style=\"font-size: 12pt;\"><strong>Reglamento Concurso P\u00fablico Planta Municipal <\/strong>(<a href=\"https:\/\/municipalidadpucon.cl\/oldweb\/web2010\/para%20descarga\/Concurso%20Publico\/MUNI\/2024\/plantamunicipal\/Decreto_1541_Reglamento_Concursos_Publicos.pdf\"><span style=\"text-decoration: underline;\"><span style=\"color: #3366ff; text-decoration: underline;\">Descargar<\/span><\/span><\/a>)<\/span><\/li>\n<li><span style=\"font-size: 12pt;\"><strong>Anexos\u00a0<\/strong>(<a href=\"https:\/\/municipalidadpucon.cl\/oldweb\/web2010\/para%20descarga\/Concurso%20Publico\/MUNI\/2024\/plantamunicipal\/Anexos.doc\"><span style=\"text-decoration: underline;\"><span style=\"color: #3366ff; text-decoration: underline;\">Descargar<\/span><\/span><\/a>)<\/span><\/li>\n<li><span style=\"font-size: 12pt;\"><strong>Decreto N\u00b0 898 14 de marzo 2024, Suspende concursos P\u00fablicos <\/strong><\/span><span style=\"color: #3366ff; font-size: 12pt;\"><span style=\"color: #000000;\">(<a href=\"https:\/\/municipalidadpucon.cl\/oldweb\/web2010\/para%20descarga\/Concurso%20Publico\/MUNI\/2024\/plantamunicipal\/Decreto_898_Suspende_Concursos_Publicos.pdf\"><span style=\"text-decoration: underline;\"><span style=\"color: #3366ff; text-decoration: underline;\">Descargar<\/span><\/span><\/a>)<\/span><\/span><\/li>\n<li><span style=\"font-size: 12pt;\"><strong>Decreto N\u00b01586 4 de mayo del 2024, Reanudaci\u00f3n Concursos P\u00fablicos <\/strong>(<a href=\"https:\/\/municipalidadpucon.cl\/oldweb\/web2010\/para%20descarga\/Concurso%20Publico\/MUNI\/2024\/plantamunicipal\/Decreto_1586_Reanudacion_Concursos_Publicos.pdf\"><span style=\"text-decoration: underline;\"><span style=\"color: #0000ff;\">Descargar<\/span><\/span><\/a>)<\/span><\/li>\n<li><span style=\"color: #3366ff;\"><strong><span style=\"font-size: 14pt;\">Resoluci\u00f3n Llamado Concurso P\u00fablico\u00a0<\/span><\/strong><span style=\"font-size: 12pt;\">(<span style=\"color: #3366ff;\"><a style=\"color: #3366ff;\" href=\"https:\/\/municipalidadpucon.cl\/oldweb\/web2010\/para%20descarga\/Concurso%20Publico\/MUNI\/2024\/plantamunicipal\/Resolucion_Concursos_Publicos_2024.pdf\"><span style=\"text-decoration: underline;\">Descargar<\/span><\/a><\/span>)<\/span><\/span><\/li>\n<\/ul>\n<ul>\n<li style=\"list-style-type: none;\">\n<ul>\n<li><span style=\"font-size: 10pt;\"><strong>Direcci\u00f3n de Desarrollo Econ\u00f3mico, Fomento y Turismo<\/strong><\/span>\n<ul>\n<li><span style=\"font-size: 10pt;\">Cargo Profesional Grado 10\u00b0 &#8211; Departamento de Turismo\u00a0 <\/span><span style=\"font-size: 10pt;\">(<\/span><a href=\"https:\/\/municipalidadpucon.cl\/oldweb\/web2010\/para%20descarga\/Concurso%20Publico\/MUNI\/2024\/plantamunicipal\/Bases_Grado_10_Profesional_Turismo.pdf\"><span style=\"text-decoration: underline;\"><span style=\"font-size: 10pt;\"><span style=\"color: #3366ff; text-decoration: underline;\">Descargar<\/span><\/span><\/span><\/a><span style=\"font-size: 10pt;\">)<\/span><\/li>\n<li><span style=\"font-size: 10pt;\">Cargo Profesional Grado 11\u00b0 &#8211; Departamento de Fomento\u00a0<\/span><span style=\"font-size: 10pt;\">(<\/span><a href=\"https:\/\/municipalidadpucon.cl\/oldweb\/web2010\/para%20descarga\/Concurso%20Publico\/MUNI\/2024\/plantamunicipal\/Bases_Grado_11_Profesional_Fomento.pdf\"><span style=\"text-decoration: underline;\"><span style=\"font-size: 10pt;\"><span style=\"color: #3366ff; text-decoration: underline;\">Descargar<\/span><\/span><\/span><\/a><span style=\"font-size: 10pt;\">)<\/span><\/li>\n<\/ul>\n<\/li>\n<li><span style=\"font-size: 10pt;\"><strong>Direcci\u00f3n de Obras<\/strong><\/span>\n<ul>\n<li><span style=\"font-size: 10pt;\">Cargo Jefatura Grado 11\u00b0 &#8211; Direcci\u00f3n de Obras\u00a0<\/span><span style=\"font-size: 10pt;\">(<\/span><a href=\"https:\/\/municipalidadpucon.cl\/oldweb\/web2010\/para%20descarga\/Concurso%20Publico\/MUNI\/2024\/plantamunicipal\/Bases_Grado_11_Jefatura_Obras.pdf\"><span style=\"text-decoration: underline;\"><span style=\"font-size: 10pt;\"><span style=\"color: #3366ff; text-decoration: underline;\">Descargar<\/span><\/span><\/span><\/a><span style=\"font-size: 10pt;\">)<\/span><\/li>\n<li><span style=\"font-size: 10pt;\">Cargo Profesional Grado 11\u00b0 &#8211; Direcci\u00f3n de Obra\u00a0<\/span><span style=\"font-size: 10pt;\">(<\/span><a href=\"https:\/\/municipalidadpucon.cl\/oldweb\/web2010\/para%20descarga\/Concurso%20Publico\/MUNI\/2024\/plantamunicipal\/Bases_Grado_11_Profesional_Obras.pdf\"><span style=\"text-decoration: underline;\"><span style=\"font-size: 10pt;\"><span style=\"color: #3366ff; text-decoration: underline;\">Descargar<\/span><\/span><\/span><\/a><span style=\"font-size: 10pt;\">)<\/span><\/li>\n<\/ul>\n<\/li>\n<li><strong><span style=\"font-size: 10pt;\">Direcci\u00f3n de desarrollo Comunitario (DIDECO)<\/span><\/strong>\n<ul>\n<li><span style=\"font-size: 10pt;\">Cargo Profesional Grado 11\u00b0 &#8211; DIDECO\u00a0<\/span><span style=\"font-size: 10pt;\">(<\/span><a href=\"https:\/\/municipalidadpucon.cl\/oldweb\/web2010\/para%20descarga\/Concurso%20Publico\/MUNI\/2024\/plantamunicipal\/Bases_Grado_11_Profesional_DIDECO.pdf\"><span style=\"text-decoration: underline;\"><span style=\"font-size: 10pt;\"><span style=\"color: #3366ff; text-decoration: underline;\">Descargar<\/span><\/span><\/span><\/a><span style=\"font-size: 10pt;\">)<\/span><\/li>\n<li><span style=\"font-size: 10pt;\">Cargo Auxiliar Grado 17\u00b0 &#8211; DIDECO\u00a0<\/span><span style=\"font-size: 10pt;\">(<\/span><a href=\"https:\/\/municipalidadpucon.cl\/oldweb\/web2010\/para%20descarga\/Concurso%20Publico\/MUNI\/2024\/plantamunicipal\/Bases_Grado_17_Auxiliar_DIDECO.pdf\"><span style=\"text-decoration: underline;\"><span style=\"font-size: 10pt;\"><span style=\"color: #3366ff; text-decoration: underline;\">Descargar<\/span><\/span><\/span><\/a><span style=\"font-size: 10pt;\">)<\/span><\/li>\n<\/ul>\n<\/li>\n<li><span style=\"font-size: 10pt;\"><strong>Direcci\u00f3n de Tr\u00e1nsito y Transporte P\u00fabico<\/strong><\/span>\n<ul>\n<li><span style=\"font-size: 10pt;\">Cargo Profesional Ley N\u00b0 15.076 &#8211; M\u00e9dico Gabinete Psicot\u00e9cnico\u00a0<\/span><span style=\"font-size: 10pt;\">(<\/span><a href=\"https:\/\/municipalidadpucon.cl\/oldweb\/web2010\/para%20descarga\/Concurso%20Publico\/MUNI\/2024\/plantamunicipal\/Bases_Grado_11_Profesional_Transito.pdf\"><span style=\"text-decoration: underline;\"><span style=\"font-size: 10pt;\"><span style=\"color: #3366ff; text-decoration: underline;\">Descargar<\/span><\/span><\/span><\/a><span style=\"font-size: 10pt;\">)<\/span><\/li>\n<\/ul>\n<\/li>\n<li><strong><span style=\"font-size: 10pt;\">Direcci\u00f3n Jur\u00eddica<\/span><\/strong>\n<ul>\n<li><span style=\"font-size: 10pt;\">Cargo T\u00e9cnico Grado 15\u00b0 &#8211; Direcci\u00f3n Jur\u00eddica\u00a0<\/span><span style=\"font-size: 10pt;\">(<\/span><a href=\"https:\/\/municipalidadpucon.cl\/oldweb\/web2010\/para%20descarga\/Concurso%20Publico\/MUNI\/2024\/plantamunicipal\/Bases_Grado_15_Tecnico_Juridica.pdf\"><span style=\"text-decoration: underline;\"><span style=\"font-size: 10pt;\"><span style=\"color: #3366ff; text-decoration: underline;\">Descargar<\/span><\/span><\/span><\/a><span style=\"font-size: 10pt;\">)<\/span><\/li>\n<\/ul>\n<\/li>\n<li><span style=\"font-size: 10pt;\"><strong>Direcci\u00f3n de Administraci\u00f3n y Finanzas<\/strong><\/span>\n<ul>\n<li><span style=\"font-size: 10pt;\">Cargo T\u00e9cnico Grado 15\u00b0 &#8211; Direcci\u00f3n de Administraci\u00f3n y Finanzas\u00a0<\/span><span style=\"font-size: 10pt;\">(<\/span><a href=\"https:\/\/municipalidadpucon.cl\/oldweb\/web2010\/para%20descarga\/Concurso%20Publico\/MUNI\/2024\/plantamunicipal\/Bases_Grado_15_Tecnico_Finanzas.pdf\"><span style=\"text-decoration: underline;\"><span style=\"font-size: 10pt;\"><span style=\"color: #3366ff; text-decoration: underline;\">Descargar<\/span><\/span><\/span><\/a><span style=\"font-size: 10pt;\">)<\/span><\/li>\n<\/ul>\n<\/li>\n<li><span style=\"font-size: 10pt;\"><strong>Direcci\u00f3n de Recursos Humanos<\/strong><\/span>\n<ul>\n<li><span style=\"font-size: 10pt;\">Cargo T\u00e9cnico Grado 14\u00b0 &#8211; Direcci\u00f3n de Recursos Humanos\u00a0<\/span><span style=\"font-size: 10pt;\">(<\/span><a href=\"https:\/\/municipalidadpucon.cl\/oldweb\/web2010\/para%20descarga\/Concurso%20Publico\/MUNI\/2024\/plantamunicipal\/Bases_Grado_14_Tecnico_RRHH.pdf\"><span style=\"text-decoration: underline;\"><span style=\"font-size: 10pt;\"><span style=\"color: #3366ff; text-decoration: underline;\">Descargar<\/span><\/span><\/span><\/a><span style=\"font-size: 10pt;\">)<\/span><\/li>\n<\/ul>\n<\/li>\n<li><span style=\"font-size: 10pt;\"><strong>JPL<\/strong><\/span>\n<ul>\n<li><span style=\"font-size: 10pt;\">Cargo Administrativo Grado 13\u00b0 &#8211; JPL\u00a0<\/span><span style=\"font-size: 10pt;\">(<\/span><a href=\"https:\/\/municipalidadpucon.cl\/oldweb\/web2010\/para%20descarga\/Concurso%20Publico\/MUNI\/2024\/plantamunicipal\/Bases_Grado_13_Administrativo_JPL.pdf\"><span style=\"text-decoration: underline;\"><span style=\"font-size: 10pt;\"><span style=\"color: #3366ff; text-decoration: underline;\">Descargar<\/span><\/span><\/span><\/a><span style=\"font-size: 10pt;\">)<\/span><\/li>\n<\/ul>\n<\/li>\n<\/ul>\n<\/li>\n<\/ul>\n<\/div><\/div><\/div><\/div><\/div><div class=\"accordian fusion-accordian\" style=\"--awb-border-size:1px;--awb-icon-size:16px;--awb-content-font-size:16px;--awb-icon-alignment:left;--awb-hover-color:#ffffff;--awb-border-color:#e2e2e2;--awb-background-color:#ffffff;--awb-divider-color:#e2e2e2;--awb-divider-hover-color:#e2e2e2;--awb-icon-color:#ffffff;--awb-title-color:#212934;--awb-content-color:#4a4e57;--awb-icon-box-color:#212934;--awb-toggle-hover-accent-color:#1a80b6;--awb-title-font-family:&quot;Zilla Slab&quot;;--awb-title-font-weight:400;--awb-title-font-style:normal;--awb-title-line-height:1.36;--awb-content-font-family:&quot;Open Sans&quot;;--awb-content-font-style:normal;--awb-content-font-weight:400;\"><div class=\"panel-group fusion-toggle-icon-boxed\" id=\"accordion-89-33\"><div class=\"fusion-panel panel-default panel-7a48191b194404717 fusion-toggle-no-divider fusion-toggle-boxed-mode\"><div class=\"panel-heading\"><h4 class=\"panel-title toggle\" id=\"toggle_7a48191b194404717\"><a aria-expanded=\"false\" aria-controls=\"7a48191b194404717\" role=\"button\" data-toggle=\"collapse\" data-parent=\"#accordion-89-33\" data-target=\"#7a48191b194404717\" href=\"#7a48191b194404717\"><span class=\"fusion-toggle-icon-wrapper\" aria-hidden=\"true\"><i class=\"fa-fusion-box active-icon awb-icon-minus\" aria-hidden=\"true\"><\/i><i class=\"fa-fusion-box inactive-icon awb-icon-plus\" aria-hidden=\"true\"><\/i><\/span><span class=\"fusion-toggle-heading\">Llamado a concurso para proveer el cargo de Analista Contable en el Departamento de Educaci\u00f3n Municipal<\/span><\/a><\/h4><\/div><div id=\"7a48191b194404717\" class=\"panel-collapse collapse \" aria-labelledby=\"toggle_7a48191b194404717\"><div class=\"panel-body toggle-content fusion-clearfix\">\n<ul>\n<li><span style=\"font-size: 10pt;\">Decreto Exento N\u00b01563, Aprueba Bases (<a href=\"https:\/\/municipalidadpucon.cl\/oldweb\/web2010\/para%20descarga\/Concurso%20Publico\/DEM\/2024\/Decreto_1563_Analista_Contable.pdf\"><span style=\"text-decoration: underline;\"><span style=\"color: #3366ff; text-decoration: underline;\">Descargar<\/span><\/span><\/a>)<\/span><\/li>\n<li><span style=\"font-size: 10pt;\">Bases Analista Contable en el Departamento de Educaci\u00f3n Municipal (<a href=\"https:\/\/municipalidadpucon.cl\/oldweb\/web2010\/para%20descarga\/Concurso%20Publico\/DEM\/2024\/Bases_Analista_Contable.pdf\"><span style=\"text-decoration: underline;\"><span style=\"color: #3366ff; text-decoration: underline;\">Descargar<\/span><\/span><\/a>)<\/span><\/li>\n<li><strong>Decreto N\u00b0 2131 Decl\u00e1rese desierto el llamado a concurso para proveer el cargo de &#8220;Analista Contable&#8221; del <\/strong><br \/>\n<strong>Departamento de Administraci\u00f3n de Educaci\u00f3n Municipal (<a href=\"https:\/\/municipalidadpucon.cl\/oldweb\/web2010\/para%20descarga\/Concurso%20Publico\/DEM\/2024\/Decreto_2131_Decralrese_Desierto.pdf\"><span style=\"text-decoration: underline;\"><span style=\"color: #3366ff; text-decoration: underline;\">Descargar<\/span><\/span><\/a>)<\/strong><\/li>\n<\/ul>\n<\/div><\/div><\/div><\/div><\/div><div class=\"accordian fusion-accordian\" style=\"--awb-border-size:1px;--awb-icon-size:16px;--awb-content-font-size:16px;--awb-icon-alignment:left;--awb-hover-color:#ffffff;--awb-border-color:#e2e2e2;--awb-background-color:#ffffff;--awb-divider-color:#e2e2e2;--awb-divider-hover-color:#e2e2e2;--awb-icon-color:#ffffff;--awb-title-color:#212934;--awb-content-color:#4a4e57;--awb-icon-box-color:#212934;--awb-toggle-hover-accent-color:#1a80b6;--awb-title-font-family:&quot;Zilla Slab&quot;;--awb-title-font-weight:400;--awb-title-font-style:normal;--awb-title-line-height:1.36;--awb-content-font-family:&quot;Open Sans&quot;;--awb-content-font-style:normal;--awb-content-font-weight:400;\"><div class=\"panel-group fusion-toggle-icon-boxed\" id=\"accordion-89-34\"><div class=\"fusion-panel panel-default panel-01fca8a68744f1f8d fusion-toggle-no-divider fusion-toggle-boxed-mode\"><div class=\"panel-heading\"><h4 class=\"panel-title toggle\" id=\"toggle_01fca8a68744f1f8d\"><a aria-expanded=\"false\" aria-controls=\"01fca8a68744f1f8d\" role=\"button\" data-toggle=\"collapse\" data-parent=\"#accordion-89-34\" data-target=\"#01fca8a68744f1f8d\" href=\"#01fca8a68744f1f8d\"><span class=\"fusion-toggle-icon-wrapper\" aria-hidden=\"true\"><i class=\"fa-fusion-box active-icon awb-icon-minus\" aria-hidden=\"true\"><\/i><i class=\"fa-fusion-box inactive-icon awb-icon-plus\" aria-hidden=\"true\"><\/i><\/span><span class=\"fusion-toggle-heading\">Programa de desarrollo Territorial Ind\u00edgena PDTI<\/span><\/a><\/h4><\/div><div id=\"01fca8a68744f1f8d\" class=\"panel-collapse collapse \" aria-labelledby=\"toggle_01fca8a68744f1f8d\"><div class=\"panel-body toggle-content fusion-clearfix\">\n<ul>\n<li><span style=\"font-size: 10pt;\">Decreto Exento N\u00b01409, Aprueba Bases (<a href=\"https:\/\/municipalidadpucon.cl\/oldweb\/web2010\/para%20descarga\/Concurso%20Publico\/PDTI\/2024\/Decreto_1409_ApruebaBasesConcurso.pdf\"><span style=\"text-decoration: underline;\"><span style=\"color: #3366ff; text-decoration: underline;\">Descargar<\/span><\/span><\/a>)<\/span><\/li>\n<li><span style=\"font-size: 10pt;\">Bases TECNICO MEDIA JORNADA Programa de desarrollo Territorial Ind\u00edgena PDTI (<a href=\"https:\/\/municipalidadpucon.cl\/oldweb\/web2010\/para%20descarga\/Concurso%20Publico\/PDTI\/2024\/TecnicoMediaJornadaProgramaDesarrolloTerritorialIndigena_PDTI.pdf\"><span style=\"text-decoration: underline;\"><span style=\"color: #3366ff; text-decoration: underline;\">Descargar<\/span><\/span><\/a>)<\/span><\/li>\n<\/ul>\n<\/div><\/div><\/div><\/div><\/div><div class=\"accordian fusion-accordian\" style=\"--awb-border-size:1px;--awb-icon-size:16px;--awb-content-font-size:16px;--awb-icon-alignment:left;--awb-hover-color:#ffffff;--awb-border-color:#e2e2e2;--awb-background-color:#ffffff;--awb-divider-color:#e2e2e2;--awb-divider-hover-color:#e2e2e2;--awb-icon-color:#ffffff;--awb-title-color:#212934;--awb-content-color:#4a4e57;--awb-icon-box-color:#212934;--awb-toggle-hover-accent-color:#1a80b6;--awb-title-font-family:&quot;Zilla Slab&quot;;--awb-title-font-weight:400;--awb-title-font-style:normal;--awb-title-line-height:1.36;--awb-content-font-family:&quot;Open Sans&quot;;--awb-content-font-style:normal;--awb-content-font-weight:400;\"><div class=\"panel-group fusion-toggle-icon-boxed\" id=\"accordion-89-35\"><div class=\"fusion-panel panel-default panel-b911cd38f44135108 fusion-toggle-no-divider fusion-toggle-boxed-mode\"><div class=\"panel-heading\"><h4 class=\"panel-title toggle\" id=\"toggle_b911cd38f44135108\"><a aria-expanded=\"false\" aria-controls=\"b911cd38f44135108\" role=\"button\" data-toggle=\"collapse\" data-parent=\"#accordion-89-35\" data-target=\"#b911cd38f44135108\" href=\"#b911cd38f44135108\"><span class=\"fusion-toggle-icon-wrapper\" aria-hidden=\"true\"><i class=\"fa-fusion-box active-icon awb-icon-minus\" aria-hidden=\"true\"><\/i><i class=\"fa-fusion-box inactive-icon awb-icon-plus\" aria-hidden=\"true\"><\/i><\/span><span class=\"fusion-toggle-heading\">Orientador(a) Laboral, para el Programa Fortalecimiento OMIL 2024 (08-04-2024)<\/span><\/a><\/h4><\/div><div id=\"b911cd38f44135108\" class=\"panel-collapse collapse \" aria-labelledby=\"toggle_b911cd38f44135108\"><div class=\"panel-body toggle-content fusion-clearfix\">\n<ul>\n<li><span style=\"font-size: 10pt;\">Decreto Exento N\u00b01150, Aprueba Bases (<a href=\"https:\/\/municipalidadpucon.cl\/oldweb\/web2010\/para%20descarga\/Concurso%20Publico\/OMIL\/2024\/Decreto_1150_ApruebaBasesConcursoPublico_2.pdf\"><span style=\"text-decoration: underline;\"><span style=\"color: #3366ff; text-decoration: underline;\">Descargar<\/span><\/span><\/a>)<\/span><\/li>\n<li><span style=\"font-size: 10pt;\">Bases Orientador(a) Laboral, para el Programa Fortalecimiento OMIL 2024 (<a href=\"https:\/\/municipalidadpucon.cl\/oldweb\/web2010\/para%20descarga\/Concurso%20Publico\/OMIL\/2024\/BasesConcursoPublicoCargoOrientador_a_2.pdf\"><span style=\"text-decoration: underline;\"><span style=\"color: #3366ff; text-decoration: underline;\">Descargar<\/span><\/span><\/a>)<\/span><\/li>\n<\/ul>\n<\/div><\/div><\/div><\/div><\/div><div class=\"accordian fusion-accordian\" style=\"--awb-border-size:1px;--awb-icon-size:16px;--awb-content-font-size:16px;--awb-icon-alignment:left;--awb-hover-color:#ffffff;--awb-border-color:#e2e2e2;--awb-background-color:#ffffff;--awb-divider-color:#e2e2e2;--awb-divider-hover-color:#e2e2e2;--awb-icon-color:#ffffff;--awb-title-color:#212934;--awb-content-color:#4a4e57;--awb-icon-box-color:#212934;--awb-toggle-hover-accent-color:#1a80b6;--awb-title-font-family:&quot;Zilla Slab&quot;;--awb-title-font-weight:400;--awb-title-font-style:normal;--awb-title-line-height:1.36;--awb-content-font-family:&quot;Open Sans&quot;;--awb-content-font-style:normal;--awb-content-font-weight:400;\"><div class=\"panel-group fusion-toggle-icon-boxed\" id=\"accordion-89-36\"><div class=\"fusion-panel panel-default panel-3b8953b532b45211d fusion-toggle-no-divider fusion-toggle-boxed-mode\"><div class=\"panel-heading\"><h4 class=\"panel-title toggle\" id=\"toggle_3b8953b532b45211d\"><a aria-expanded=\"false\" aria-controls=\"3b8953b532b45211d\" role=\"button\" data-toggle=\"collapse\" data-parent=\"#accordion-89-36\" data-target=\"#3b8953b532b45211d\" href=\"#3b8953b532b45211d\"><span class=\"fusion-toggle-icon-wrapper\" aria-hidden=\"true\"><i class=\"fa-fusion-box active-icon awb-icon-minus\" aria-hidden=\"true\"><\/i><i class=\"fa-fusion-box inactive-icon awb-icon-plus\" aria-hidden=\"true\"><\/i><\/span><span class=\"fusion-toggle-heading\">Orientador(a) Laboral, para el Programa Fortalecimiento OMIL 2024<\/span><\/a><\/h4><\/div><div id=\"3b8953b532b45211d\" class=\"panel-collapse collapse \" aria-labelledby=\"toggle_3b8953b532b45211d\"><div class=\"panel-body toggle-content fusion-clearfix\">\n<ul>\n<li><span style=\"font-size: 10pt;\">Decreto Exento N\u00b0964, Aprueba Bases (<a href=\"https:\/\/municipalidadpucon.cl\/oldweb\/web2010\/para%20descarga\/Concurso%20Publico\/OMIL\/2024\/Decreto_964_ApruebaBasesConcursoPublico.pdf\"><span style=\"text-decoration: underline;\"><span style=\"color: #3366ff; text-decoration: underline;\">Descargar<\/span><\/span><\/a>)<\/span><\/li>\n<li><span style=\"font-size: 10pt;\">Bases Orientador(a) Laboral, para el Programa Fortalecimiento OMIL 2024 (<a href=\"https:\/\/municipalidadpucon.cl\/oldweb\/web2010\/para%20descarga\/Concurso%20Publico\/OMIL\/2024\/BasesConcursoPublicoCargoOrientador_a.pdf\"><span style=\"text-decoration: underline;\"><span style=\"color: #3366ff; text-decoration: underline;\">Descargar<\/span><\/span><\/a>)<\/span><\/li>\n<\/ul>\n<\/div><\/div><\/div><\/div><\/div><div class=\"accordian fusion-accordian\" style=\"--awb-border-size:1px;--awb-icon-size:16px;--awb-content-font-size:16px;--awb-icon-alignment:left;--awb-hover-color:#ffffff;--awb-border-color:#e2e2e2;--awb-background-color:#ffffff;--awb-divider-color:#e2e2e2;--awb-divider-hover-color:#e2e2e2;--awb-icon-color:#ffffff;--awb-title-color:#212934;--awb-content-color:#4a4e57;--awb-icon-box-color:#212934;--awb-toggle-hover-accent-color:#1a80b6;--awb-title-font-family:&quot;Zilla Slab&quot;;--awb-title-font-weight:400;--awb-title-font-style:normal;--awb-content-font-family:&quot;Open Sans&quot;;--awb-content-font-style:normal;--awb-content-font-weight:400;\"><div class=\"panel-group fusion-toggle-icon-boxed\" id=\"accordion-89-37\"><div class=\"fusion-panel panel-default panel-e66d45c37076a4939 fusion-toggle-no-divider fusion-toggle-boxed-mode\" style=\"--awb-title-color:#212934;\"><div class=\"panel-heading\"><h4 class=\"panel-title toggle\" id=\"toggle_e66d45c37076a4939\"><a aria-expanded=\"false\" aria-controls=\"e66d45c37076a4939\" role=\"button\" data-toggle=\"collapse\" data-parent=\"#accordion-89-37\" data-target=\"#e66d45c37076a4939\" href=\"#e66d45c37076a4939\"><span class=\"fusion-toggle-icon-wrapper\" aria-hidden=\"true\"><i class=\"fa-fusion-box active-icon awb-icon-minus\" aria-hidden=\"true\"><\/i><i class=\"fa-fusion-box inactive-icon awb-icon-plus\" aria-hidden=\"true\"><\/i><\/span><span class=\"fusion-toggle-heading\">Proceso de selecci\u00f3n especial para proveer el cargo de Tallerista para el Programa Iniciativas de la Mujer<\/span><\/a><\/h4><\/div><div id=\"e66d45c37076a4939\" class=\"panel-collapse collapse \" aria-labelledby=\"toggle_e66d45c37076a4939\"><div class=\"panel-body toggle-content fusion-clearfix\">\n<ul>\n<li><span style=\"font-size: 10pt;\">Cargo de Tallerista para el Programa Iniciativas de la Mujer\u00a0(<span style=\"text-decoration: underline;\"><span style=\"color: #3366ff; text-decoration: underline;\"><a style=\"color: #3366ff; text-decoration: underline;\" href=\"https:\/\/municipalidadpucon.cl\/oldweb\/web2010\/para%20descarga\/Concurso%20Publico\/MUNI\/2024\/programa_mujer\/Cargo_Tallerista_Programa_Iniciativas_Mujer_2024.pdf\">Descargar<\/a><\/span><\/span>)<br \/>\n<\/span><\/li>\n<li><span style=\"font-size: 10pt;\">Acta de apertura de sobres para el proceso de selecci\u00f3n especial para proveer el cargo de Tallerista para el programa iniciativas de la mujer, departamento municipal de la Mujer y Equidad de G\u00e9nero 2024 (<a href=\"https:\/\/municipalidadpucon.cl\/oldweb\/web2010\/para%20descarga\/Concurso%20Publico\/MUNI\/2024\/programa_mujer\/Acta_Apertura_Sobres_Talleres_Laborales.pdf\"><span style=\"text-decoration: underline;\"><span style=\"color: #3366ff; text-decoration: underline;\">Descargar<\/span><\/span><\/a>)<\/span><\/li>\n<li style=\"list-style-type: none;\"><\/li>\n<\/ul>\n<\/div><\/div><\/div><\/div><\/div><div class=\"accordian fusion-accordian\" style=\"--awb-border-size:1px;--awb-icon-size:16px;--awb-content-font-size:16px;--awb-icon-alignment:left;--awb-hover-color:#ffffff;--awb-border-color:#e2e2e2;--awb-background-color:#ffffff;--awb-divider-color:#e2e2e2;--awb-divider-hover-color:#e2e2e2;--awb-icon-color:#ffffff;--awb-title-color:#212934;--awb-content-color:#4a4e57;--awb-icon-box-color:#212934;--awb-toggle-hover-accent-color:#1a80b6;--awb-title-font-family:&quot;Zilla Slab&quot;;--awb-title-font-weight:400;--awb-title-font-style:normal;--awb-content-font-family:&quot;Open Sans&quot;;--awb-content-font-style:normal;--awb-content-font-weight:400;\"><div class=\"panel-group fusion-toggle-icon-boxed\" id=\"accordion-89-38\"><div class=\"fusion-panel panel-default panel-9766b9e97084b306f fusion-toggle-no-divider fusion-toggle-boxed-mode\" style=\"--awb-title-color:#212934;\"><div class=\"panel-heading\"><h4 class=\"panel-title toggle\" id=\"toggle_9766b9e97084b306f\"><a aria-expanded=\"false\" aria-controls=\"9766b9e97084b306f\" role=\"button\" data-toggle=\"collapse\" data-parent=\"#accordion-89-38\" data-target=\"#9766b9e97084b306f\" href=\"#9766b9e97084b306f\"><span class=\"fusion-toggle-icon-wrapper\" aria-hidden=\"true\"><i class=\"fa-fusion-box active-icon awb-icon-minus\" aria-hidden=\"true\"><\/i><i class=\"fa-fusion-box inactive-icon awb-icon-plus\" aria-hidden=\"true\"><\/i><\/span><span class=\"fusion-toggle-heading\">Proceso de Selecci\u00f3n Especial Cargos del Programa VCM<\/span><\/a><\/h4><\/div><div id=\"9766b9e97084b306f\" class=\"panel-collapse collapse \" aria-labelledby=\"toggle_9766b9e97084b306f\"><div class=\"panel-body toggle-content fusion-clearfix\">\n<ul>\n<li><span style=\"font-size: 10pt;\">Proceso de Selecci\u00f3n Especial Cargo Psic\u00f3logo(a) del Programa VCM (<span style=\"text-decoration: underline;\"><span style=\"color: #3366ff; text-decoration: underline;\"><a style=\"color: #3366ff; text-decoration: underline;\" href=\"https:\/\/municipalidadpucon.cl\/oldweb\/web2010\/para%20descarga\/Concurso%20Publico\/VCM\/2024\/ProvisionCargoPsicologo(a)ProgramaVCM.pdf\">Descargar<\/a><\/span><\/span>)<\/span><\/li>\n<li><span style=\"font-size: 10pt;\">Proceso de Selecci\u00f3n Especial Cargo Trabajador(a) Social VCM (<a href=\"https:\/\/municipalidadpucon.cl\/oldweb\/web2010\/para%20descarga\/Concurso%20Publico\/VCM\/2024\/ProvisionCargoTrabajador(a)SocialVCM.pdf\"><span style=\"text-decoration: underline;\"><span style=\"color: #3366ff; text-decoration: underline;\">Descargar<\/span><\/span><\/a>)<\/span><\/li>\n<li style=\"list-style-type: none;\"><\/li>\n<\/ul>\n<\/div><\/div><\/div><\/div><\/div><div class=\"accordian fusion-accordian\" style=\"--awb-border-size:1px;--awb-icon-size:16px;--awb-content-font-size:16px;--awb-icon-alignment:left;--awb-hover-color:#ffffff;--awb-border-color:#e2e2e2;--awb-background-color:#ffffff;--awb-divider-color:#e2e2e2;--awb-divider-hover-color:#e2e2e2;--awb-icon-color:#ffffff;--awb-title-color:#212934;--awb-content-color:#4a4e57;--awb-icon-box-color:#212934;--awb-toggle-hover-accent-color:#1a80b6;--awb-title-font-family:&quot;Zilla Slab&quot;;--awb-title-font-weight:400;--awb-title-font-style:normal;--awb-content-font-family:&quot;Open Sans&quot;;--awb-content-font-style:normal;--awb-content-font-weight:400;\"><div class=\"panel-group fusion-toggle-icon-boxed\" id=\"accordion-89-39\"><div class=\"fusion-panel panel-default panel-5d4170c9d9dee0306 fusion-toggle-no-divider fusion-toggle-boxed-mode\" style=\"--awb-title-color:#212934;\"><div class=\"panel-heading\"><h4 class=\"panel-title toggle\" id=\"toggle_5d4170c9d9dee0306\"><a aria-expanded=\"false\" aria-controls=\"5d4170c9d9dee0306\" role=\"button\" data-toggle=\"collapse\" data-parent=\"#accordion-89-39\" data-target=\"#5d4170c9d9dee0306\" href=\"#5d4170c9d9dee0306\"><span class=\"fusion-toggle-icon-wrapper\" aria-hidden=\"true\"><i class=\"fa-fusion-box active-icon awb-icon-minus\" aria-hidden=\"true\"><\/i><i class=\"fa-fusion-box inactive-icon awb-icon-plus\" aria-hidden=\"true\"><\/i><\/span><span class=\"fusion-toggle-heading\">Proveer Cargos para la Implementaci\u00f3n de La Oficina Local de Ni\u00f1ez (OLN)<\/span><\/a><\/h4><\/div><div id=\"5d4170c9d9dee0306\" class=\"panel-collapse collapse \" aria-labelledby=\"toggle_5d4170c9d9dee0306\"><div class=\"panel-body toggle-content fusion-clearfix\">\n<ul>\n<li><span style=\"font-size: 10pt;\">Decreto N\u00b0 324 que modifica las bases (<span style=\"text-decoration: underline;\"><span style=\"color: #3366ff; text-decoration: underline;\">Descargar<\/span><\/span>)<\/span><\/li>\n<li><span style=\"font-size: 10pt;\">Bases <span style=\"color: #ff9900;\">Actualizada<\/span> Concurso Cargos Oficina Local de Ni\u00f1ez (OLN) (<span style=\"text-decoration: underline;\"><span style=\"color: #3366ff; text-decoration: underline;\"><a style=\"color: #3366ff; text-decoration: underline;\" href=\"https:\/\/municipalidadpucon.cl\/oldweb\/web2010\/para%20descarga\/Concurso%20Publico\/OLN\/Bases_Concurso_Cargos_OLN.pdf\">Descargar<\/a><\/span><\/span>)\u00a0<\/span><\/li>\n<li><span style=\"font-size: 10pt;\">Orientaciones T\u00e9cnicas para La Instalaci\u00f3n de las Oficinas Locales de La Ni\u00f1ez (<a href=\"https:\/\/municipalidadpucon.cl\/oldweb\/web2010\/para%20descarga\/Concurso%20Publico\/OLN\/OT_Instalacion_Oficinas_Locales_La_Ninez.pdf\"><span style=\"text-decoration: underline;\"><span style=\"color: #3366ff; text-decoration: underline;\">Descargar<\/span><\/span><\/a>)<\/span><\/li>\n<li style=\"list-style-type: none;\"><\/li>\n<\/ul>\n<\/div><\/div><\/div><\/div><\/div><div class=\"accordian fusion-accordian\" style=\"--awb-border-size:1px;--awb-icon-size:16px;--awb-content-font-size:16px;--awb-icon-alignment:left;--awb-hover-color:#ffffff;--awb-border-color:#e2e2e2;--awb-background-color:#ffffff;--awb-divider-color:#e2e2e2;--awb-divider-hover-color:#e2e2e2;--awb-icon-color:#ffffff;--awb-title-color:#212934;--awb-content-color:#4a4e57;--awb-icon-box-color:#212934;--awb-toggle-hover-accent-color:#1a80b6;--awb-title-font-family:&quot;Zilla Slab&quot;;--awb-title-font-weight:400;--awb-title-font-style:normal;--awb-content-font-family:&quot;Open Sans&quot;;--awb-content-font-style:normal;--awb-content-font-weight:400;\"><div class=\"panel-group fusion-toggle-icon-boxed\" id=\"accordion-89-40\"><div class=\"fusion-panel panel-default panel-3efeb552b86562713 fusion-toggle-no-divider fusion-toggle-boxed-mode\" style=\"--awb-title-color:#212934;\"><div class=\"panel-heading\"><h4 class=\"panel-title toggle\" id=\"toggle_3efeb552b86562713\"><a aria-expanded=\"false\" aria-controls=\"3efeb552b86562713\" role=\"button\" data-toggle=\"collapse\" data-parent=\"#accordion-89-40\" data-target=\"#3efeb552b86562713\" href=\"#3efeb552b86562713\"><span class=\"fusion-toggle-icon-wrapper\" aria-hidden=\"true\"><i class=\"fa-fusion-box active-icon awb-icon-minus\" aria-hidden=\"true\"><\/i><i class=\"fa-fusion-box inactive-icon awb-icon-plus\" aria-hidden=\"true\"><\/i><\/span><span class=\"fusion-toggle-heading\">Concurso Interno 2023 Departamento de Salud Municipal de Puc\u00f3n<\/span><\/a><\/h4><\/div><div id=\"3efeb552b86562713\" class=\"panel-collapse collapse \" aria-labelledby=\"toggle_3efeb552b86562713\"><div class=\"panel-body toggle-content fusion-clearfix\">\n<ul>\n<li><span style=\"font-size: 10pt;\">Decreto Aprueba Bases Ley 21.308 \u00a0(<span style=\"text-decoration: underline;\"><span style=\"color: #3366ff; text-decoration: underline;\"><a style=\"color: #3366ff; text-decoration: underline;\" href=\"https:\/\/municipalidadpucon.cl\/oldweb\/web2010\/para%20descarga\/Concurso%20Publico\/salud\/2023\/Decreto_Aprueba_Bases_Ley_21308.pdf\">Descargar<\/a><\/span><\/span>)<\/span><\/li>\n<li><span style=\"font-size: 10pt;\">Bases Concurso Interno 2023 Departamento de Salud Municipal de Puc\u00f3n (<span style=\"text-decoration: underline;\"><span style=\"color: #3366ff; text-decoration: underline;\"><a style=\"color: #3366ff; text-decoration: underline;\" href=\"https:\/\/municipalidadpucon.cl\/oldweb\/web2010\/para%20descarga\/Concurso%20Publico\/salud\/2023\/Bases_Ley_21308.pdf\">Descargar<\/a><\/span><\/span>)<\/span><\/li>\n<\/ul>\n<ul>\n<li style=\"list-style-type: none;\"><\/li>\n<\/ul>\n<\/div><\/div><\/div><\/div><\/div><div class=\"accordian fusion-accordian\" style=\"--awb-border-size:1px;--awb-icon-size:16px;--awb-content-font-size:16px;--awb-icon-alignment:left;--awb-hover-color:#ffffff;--awb-border-color:#e2e2e2;--awb-background-color:#ffffff;--awb-divider-color:#e2e2e2;--awb-divider-hover-color:#e2e2e2;--awb-icon-color:#ffffff;--awb-title-color:#212934;--awb-content-color:#4a4e57;--awb-icon-box-color:#212934;--awb-toggle-hover-accent-color:#1a80b6;--awb-title-font-family:&quot;Zilla Slab&quot;;--awb-title-font-weight:400;--awb-title-font-style:normal;--awb-content-font-family:&quot;Open Sans&quot;;--awb-content-font-style:normal;--awb-content-font-weight:400;\"><div class=\"panel-group fusion-toggle-icon-boxed\" id=\"accordion-89-41\"><div class=\"fusion-panel panel-default panel-cadc6c819bd5114f4 fusion-toggle-no-divider fusion-toggle-boxed-mode\" style=\"--awb-title-color:#212934;\"><div class=\"panel-heading\"><h4 class=\"panel-title toggle\" id=\"toggle_cadc6c819bd5114f4\"><a aria-expanded=\"false\" aria-controls=\"cadc6c819bd5114f4\" role=\"button\" data-toggle=\"collapse\" data-parent=\"#accordion-89-41\" data-target=\"#cadc6c819bd5114f4\" href=\"#cadc6c819bd5114f4\"><span class=\"fusion-toggle-icon-wrapper\" aria-hidden=\"true\"><i class=\"fa-fusion-box active-icon awb-icon-minus\" aria-hidden=\"true\"><\/i><i class=\"fa-fusion-box inactive-icon awb-icon-plus\" aria-hidden=\"true\"><\/i><\/span><span class=\"fusion-toggle-heading\">Concurso P\u00fablico Para Proveer Cargos Vacantes<\/span><\/a><\/h4><\/div><div id=\"cadc6c819bd5114f4\" class=\"panel-collapse collapse \" aria-labelledby=\"toggle_cadc6c819bd5114f4\"><div class=\"panel-body toggle-content fusion-clearfix\">\n<ul>\n<li><span style=\"font-size: 10pt;\">Reglamento Concurso P\u00fablico Planta Municipal\u00a0\u00a0\u00a0(<span style=\"text-decoration: underline;\"><span style=\"color: #3366ff; text-decoration: underline;\"><a style=\"color: #3366ff; text-decoration: underline;\" href=\"https:\/\/municipalidadpucon.cl\/oldweb\/web2010\/para%20descarga\/Concurso%20Publico\/MUNI\/2023\/plantamunicipal\/Decreto_1541_Reglamento_Concursos_Publicos.pdf\">Descargar<\/a><\/span><\/span>)<\/span><\/li>\n<li><span style=\"font-size: 10pt;\">Llamado Concurso P\u00fablico (<span style=\"text-decoration: underline;\"><span style=\"color: #3366ff; text-decoration: underline;\"><a style=\"color: #3366ff; text-decoration: underline;\" href=\"https:\/\/municipalidadpucon.cl\/oldweb\/web2010\/para%20descarga\/Concurso%20Publico\/MUNI\/2023\/plantamunicipal\/LlamadoConcurso.pdf\">Descargar<\/a><\/span><\/span>)<\/span><\/li>\n<li><span style=\"font-size: 10pt;\">Anexo 1 (<span style=\"text-decoration: underline;\"><span style=\"color: #3366ff; text-decoration: underline;\"><a style=\"color: #3366ff; text-decoration: underline;\" href=\"https:\/\/municipalidadpucon.cl\/oldweb\/web2010\/para%20descarga\/Concurso%20Publico\/MUNI\/2023\/plantamunicipal\/ANEXO_1.docx\">Descargar<\/a><\/span><\/span>)<\/span><\/li>\n<li><span style=\"font-size: 10pt;\">Anexo 2 (<a href=\"https:\/\/municipalidadpucon.cl\/oldweb\/web2010\/para%20descarga\/Concurso%20Publico\/MUNI\/2023\/plantamunicipal\/ANEXO_2.docx\"><span style=\"text-decoration: underline;\"><span style=\"color: #3366ff; text-decoration: underline;\">Descargar<\/span><\/span><\/a>)<\/span><\/li>\n<li><strong>Decreto N\u00b0 2463 Aclaratoria a las Bases de Concursos P\u00fablicos<\/strong> (<span style=\"text-decoration: underline;\"><span style=\"color: #3366ff; text-decoration: underline;\"><a style=\"color: #3366ff; text-decoration: underline;\" href=\"https:\/\/municipalidadpucon.cl\/oldweb\/web2010\/para%20descarga\/Concurso%20Publico\/MUNI\/2023\/plantamunicipal\/Decreto_2463_Aclaratoria_Bases.pdf\">Descargar<\/a><\/span><\/span>)<\/li>\n<li><strong>Decreto N\u00b0 2523 Aclaratoria Cambio Comit\u00e9 Evaluaci\u00f3n <\/strong>(<a href=\"https:\/\/municipalidadpucon.cl\/oldweb\/web2010\/para%20descarga\/Concurso%20Publico\/MUNI\/2023\/plantamunicipal\/old\/Decreto_2523_Aclaratoria_Cambio_Comite_Evaluacion.pdf\"><span style=\"text-decoration: underline;\"><span style=\"color: #3366ff; text-decoration: underline;\">Descargar<\/span><\/span><\/a>)<\/li>\n<li><strong>Decreto N\u00b0 2672 Suspende Concursos P\u00fablicos <\/strong>(<a href=\"https:\/\/municipalidadpucon.cl\/oldweb\/web2010\/para%20descarga\/Concurso%20Publico\/MUNI\/2023\/plantamunicipal\/Decreto_2672_Suspende_Concurso_Publicos.pdf\"><span style=\"text-decoration: underline;\"><span style=\"color: #3366ff; text-decoration: underline;\">Descargar<\/span><\/span><\/a>) 14-08-2023<\/li>\n<\/ul>\n<p><span style=\"color: #3366ff;\"><strong style=\"color: #3366ff;\">\u00a0 \u00a0 \u00a0 \u00a0 \u00a0 Bases Actualizadas\u00a0<\/strong><\/span><\/p>\n<ul>\n<li style=\"list-style-type: none;\">\n<ul>\n<li><span style=\"font-size: 10pt;\">Cargo Profesional Grado 11\u00b0 \u2013 Direcci\u00f3n de Desarrollo Comunitario. (<a href=\"https:\/\/municipalidadpucon.cl\/oldweb\/web2010\/para%20descarga\/Concurso%20Publico\/MUNI\/2023\/plantamunicipal\/Bases_Grado_11_DIDECO.pdf\"><span style=\"text-decoration: underline;\"><span style=\"color: #3366ff; text-decoration: underline;\">Descargar<\/span><\/span><\/a>) <span style=\"color: #ff9900;\">&#8211;Actualizada<\/span><\/span><\/li>\n<li><span style=\"font-size: 10pt;\">Cargo Profesional Grado 11\u00b0 \u2013 Direcci\u00f3n de Obras Municipales. (<a href=\"https:\/\/municipalidadpucon.cl\/oldweb\/web2010\/para%20descarga\/Concurso%20Publico\/MUNI\/2023\/plantamunicipal\/Bases_Grado_11_Direccion_de_Obras.pdf\"><span style=\"text-decoration: underline;\"><span style=\"color: #3366ff; text-decoration: underline;\">Descargar<\/span><\/span><\/a>) <span style=\"color: #ff9900;\">&#8211;Actualizada<\/span><\/span><\/li>\n<li><span style=\"font-size: 10pt;\">Cargo Profesional Grado 11\u00b0 \u2013 Departamento de Desarrollo Econ\u00f3mico, Fomento y Turismo. (<a href=\"https:\/\/municipalidadpucon.cl\/oldweb\/web2010\/para%20descarga\/Concurso%20Publico\/MUNI\/2023\/plantamunicipal\/Bases_Grado_11_Depto._Fomento.pdf\"><span style=\"text-decoration: underline;\"><span style=\"color: #3366ff; text-decoration: underline;\">Descargar<\/span><\/span><\/a>) <span style=\"color: #ff9900;\">&#8211;Actualizada 02-08-2023<\/span><\/span><\/li>\n<li><span style=\"font-size: 10pt;\">Cargo Profesional\u00a0Ley N\u00ba 15.076 \u2013 M\u00e9dico Gabinete Psicot\u00e9cnico, Direcci\u00f3n de Tr\u00e1nsito. (<a href=\"https:\/\/municipalidadpucon.cl\/oldweb\/web2010\/para%20descarga\/Concurso%20Publico\/MUNI\/2023\/plantamunicipal\/Bases_Medico_Transito.pdf\"><span style=\"text-decoration: underline;\"><span style=\"color: #3366ff; text-decoration: underline;\">Descargar<\/span><\/span><\/a>) <span style=\"color: #ff9900;\">&#8211;Actualizada<\/span><\/span><\/li>\n<li><span style=\"font-size: 10pt;\">Cargo T\u00e9cnico Grado 14\u00b0 \u2013 Direcci\u00f3n de Recursos Humanos (<a href=\"https:\/\/municipalidadpucon.cl\/oldweb\/web2010\/para%20descarga\/Concurso%20Publico\/MUNI\/2023\/plantamunicipal\/Bases_Grado_14_RRHH.pdf\"><span style=\"text-decoration: underline;\"><span style=\"color: #3366ff; text-decoration: underline;\">Descargar<\/span><\/span><\/a>) <span style=\"color: #ff9900;\">&#8211;Actualizada<\/span><\/span><\/li>\n<li><span style=\"font-size: 10pt;\">Cargo T\u00e9cnico Grado 15\u00b0 \u2013 Direcci\u00f3n de Obras Municipales. (<a href=\"https:\/\/municipalidadpucon.cl\/oldweb\/web2010\/para%20descarga\/Concurso%20Publico\/MUNI\/2023\/plantamunicipal\/Bases_Grado_15_Direccion_de_Obras.pdf\"><span style=\"text-decoration: underline;\"><span style=\"color: #3366ff; text-decoration: underline;\">Descargar<\/span><\/span><\/a>) <span style=\"color: #ff9900;\">&#8211;Actualizada<\/span><\/span><\/li>\n<li><span style=\"font-size: 10pt;\">Cargo T\u00e9cnico Grado 15\u00b0 \u2013 Direcci\u00f3n de Finanzas (<a href=\"https:\/\/municipalidadpucon.cl\/oldweb\/web2010\/para%20descarga\/Concurso%20Publico\/MUNI\/2023\/plantamunicipal\/Bases_Grado_15_Finanzas.pdf\"><span style=\"text-decoration: underline;\"><span style=\"color: #3366ff; text-decoration: underline;\">Descargar<\/span><\/span><\/a>) <span style=\"color: #ff9900;\">&#8211;Actualizada<\/span><\/span><\/li>\n<li><span style=\"font-size: 10pt;\">Cargo Administrativo Grado 13\u00b0 \u2013 Juzgado Polic\u00eda Local (<a href=\"https:\/\/municipalidadpucon.cl\/oldweb\/web2010\/para%20descarga\/Concurso%20Publico\/MUNI\/2023\/plantamunicipal\/Bases_Grado_13_JPL.pdf\"><span style=\"text-decoration: underline;\"><span style=\"color: #3366ff; text-decoration: underline;\">Descargar<\/span><\/span><\/a>) <span style=\"color: #ff9900;\">&#8211;Actualizada<\/span><\/span><\/li>\n<li><span style=\"font-size: 10pt;\">Cargo Auxiliar Grado 17\u00b0 \u2013 Conducci\u00f3n Municipal (<a href=\"https:\/\/municipalidadpucon.cl\/oldweb\/web2010\/para%20descarga\/Concurso%20Publico\/MUNI\/2023\/plantamunicipal\/Bases_Grado_17_Auxiliar_Conductor.pdf\"><span style=\"text-decoration: underline;\"><span style=\"color: #3366ff; text-decoration: underline;\">Descargar<\/span><\/span><\/a>)<\/span><\/li>\n<\/ul>\n<\/li>\n<\/ul>\n<\/div><\/div><\/div><\/div><\/div><div class=\"accordian fusion-accordian\" style=\"--awb-border-size:1px;--awb-icon-size:16px;--awb-content-font-size:16px;--awb-icon-alignment:left;--awb-hover-color:#ffffff;--awb-border-color:#e2e2e2;--awb-background-color:#ffffff;--awb-divider-color:#e2e2e2;--awb-divider-hover-color:#e2e2e2;--awb-icon-color:#ffffff;--awb-title-color:#212934;--awb-content-color:#4a4e57;--awb-icon-box-color:#212934;--awb-toggle-hover-accent-color:#1a80b6;--awb-title-font-family:&quot;Zilla Slab&quot;;--awb-title-font-weight:400;--awb-title-font-style:normal;--awb-content-font-family:&quot;Open Sans&quot;;--awb-content-font-style:normal;--awb-content-font-weight:400;\"><div class=\"panel-group fusion-toggle-icon-boxed\" id=\"accordion-89-42\"><div class=\"fusion-panel panel-default panel-a9191f96e61af40ac fusion-toggle-no-divider fusion-toggle-boxed-mode\" style=\"--awb-title-color:#212934;\"><div class=\"panel-heading\"><h4 class=\"panel-title toggle\" id=\"toggle_a9191f96e61af40ac\"><a aria-expanded=\"false\" aria-controls=\"a9191f96e61af40ac\" role=\"button\" data-toggle=\"collapse\" data-parent=\"#accordion-89-42\" data-target=\"#a9191f96e61af40ac\" href=\"#a9191f96e61af40ac\"><span class=\"fusion-toggle-icon-wrapper\" aria-hidden=\"true\"><i class=\"fa-fusion-box active-icon awb-icon-minus\" aria-hidden=\"true\"><\/i><i class=\"fa-fusion-box inactive-icon awb-icon-plus\" aria-hidden=\"true\"><\/i><\/span><span class=\"fusion-toggle-heading\">Coordinador del Programa de Desarrollo Local (PRODESAL)<\/span><\/a><\/h4><\/div><div id=\"a9191f96e61af40ac\" class=\"panel-collapse collapse \" aria-labelledby=\"toggle_a9191f96e61af40ac\"><div class=\"panel-body toggle-content fusion-clearfix\">\n<ul>\n<li><span style=\"font-size: 10pt;\">Llamado Concurso P\u00fablico Coordinador PRODESAL (<span style=\"text-decoration: underline;\"><span style=\"color: #3366ff; text-decoration: underline;\"><a style=\"color: #3366ff; text-decoration: underline;\" href=\"https:\/\/municipalidadpucon.cl\/oldweb\/web2010\/para%20descarga\/Concurso%20Publico\/Proder\/Coordinador_PRODESA.pdf\">Descargar<\/a><\/span><\/span>)<\/span><\/li>\n<li style=\"list-style-type: none;\"><\/li>\n<\/ul>\n<\/div><\/div><\/div><\/div><\/div><div class=\"accordian fusion-accordian\" style=\"--awb-border-size:1px;--awb-icon-size:16px;--awb-content-font-size:16px;--awb-icon-alignment:left;--awb-hover-color:#ffffff;--awb-border-color:#e2e2e2;--awb-background-color:#ffffff;--awb-divider-color:#e2e2e2;--awb-divider-hover-color:#e2e2e2;--awb-icon-color:#ffffff;--awb-title-color:#212934;--awb-content-color:#4a4e57;--awb-icon-box-color:#212934;--awb-toggle-hover-accent-color:#1a80b6;--awb-title-font-family:&quot;Zilla Slab&quot;;--awb-title-font-weight:400;--awb-title-font-style:normal;--awb-content-font-family:&quot;Open Sans&quot;;--awb-content-font-style:normal;--awb-content-font-weight:400;\"><div class=\"panel-group fusion-toggle-icon-boxed\" id=\"accordion-89-43\"><div class=\"fusion-panel panel-default panel-bf67edd7fc57a8c54 fusion-toggle-no-divider fusion-toggle-boxed-mode\" style=\"--awb-title-color:#212934;\"><div class=\"panel-heading\"><h4 class=\"panel-title toggle\" id=\"toggle_bf67edd7fc57a8c54\"><a aria-expanded=\"false\" aria-controls=\"bf67edd7fc57a8c54\" role=\"button\" data-toggle=\"collapse\" data-parent=\"#accordion-89-43\" data-target=\"#bf67edd7fc57a8c54\" href=\"#bf67edd7fc57a8c54\"><span class=\"fusion-toggle-icon-wrapper\" aria-hidden=\"true\"><i class=\"fa-fusion-box active-icon awb-icon-minus\" aria-hidden=\"true\"><\/i><i class=\"fa-fusion-box inactive-icon awb-icon-plus\" aria-hidden=\"true\"><\/i><\/span><span class=\"fusion-toggle-heading\">Concurso Programa Desarrollo Territorial Ind\u00edgena PDTI <\/span><\/a><\/h4><\/div><div id=\"bf67edd7fc57a8c54\" class=\"panel-collapse collapse \" aria-labelledby=\"toggle_bf67edd7fc57a8c54\"><div class=\"panel-body toggle-content fusion-clearfix\">\n<ul>\n<li><a href=\"https:\/\/municipalidadpucon.cl\/oldweb\/web2010\/para%20descarga\/Concurso%20Publico\/MUNI\/2023\/PDTI\/ProgramaDesarrolloTerritorialIndigenaPDTI.pdf\"><span style=\"font-size: 10pt;\">Bases Concurso Programa Desarrollo Territorial Ind\u00edgena PDTI <\/span><\/a><\/li>\n<\/ul>\n<\/div><\/div><\/div><\/div><\/div><div class=\"accordian fusion-accordian\" style=\"--awb-border-size:1px;--awb-icon-size:16px;--awb-content-font-size:16px;--awb-icon-alignment:left;--awb-hover-color:#ffffff;--awb-border-color:#e2e2e2;--awb-background-color:#ffffff;--awb-divider-color:#e2e2e2;--awb-divider-hover-color:#e2e2e2;--awb-icon-color:#ffffff;--awb-title-color:#212934;--awb-content-color:#4a4e57;--awb-icon-box-color:#212934;--awb-toggle-hover-accent-color:#1a80b6;--awb-title-font-family:&quot;Zilla Slab&quot;;--awb-title-font-weight:400;--awb-title-font-style:normal;--awb-content-font-family:&quot;Open Sans&quot;;--awb-content-font-style:normal;--awb-content-font-weight:400;\"><div class=\"panel-group fusion-toggle-icon-boxed\" id=\"accordion-89-44\"><div class=\"fusion-panel panel-default panel-632a630d634a4554a fusion-toggle-no-divider fusion-toggle-boxed-mode\" style=\"--awb-title-color:#212934;\"><div class=\"panel-heading\"><h4 class=\"panel-title toggle\" id=\"toggle_632a630d634a4554a\"><a aria-expanded=\"false\" aria-controls=\"632a630d634a4554a\" role=\"button\" data-toggle=\"collapse\" data-parent=\"#accordion-89-44\" data-target=\"#632a630d634a4554a\" href=\"#632a630d634a4554a\"><span class=\"fusion-toggle-icon-wrapper\" aria-hidden=\"true\"><i class=\"fa-fusion-box active-icon awb-icon-minus\" aria-hidden=\"true\"><\/i><i class=\"fa-fusion-box inactive-icon awb-icon-plus\" aria-hidden=\"true\"><\/i><\/span><span class=\"fusion-toggle-heading\">Decreto N\u00b0 1113, Aprueba Bases Concurso P\u00fablico Apoyo Familiar Integral<\/span><\/a><\/h4><\/div><div id=\"632a630d634a4554a\" class=\"panel-collapse collapse \" aria-labelledby=\"toggle_632a630d634a4554a\"><div class=\"panel-body toggle-content fusion-clearfix\">\n<ul>\n<li><a href=\"https:\/\/municipalidadpucon.cl\/oldweb\/web2010\/para%20descarga\/Concurso%20Publico\/MUNI\/2023\/programa%20familia\/Decreto_1113_Aprueba_Bases.pdf\"><span style=\"font-size: 13.3333px;\">Decreto N\u00b0 1113, Aprueba Bases Concurso P\u00fablico Apoyo Familiar Integral<\/span><\/a><\/li>\n<\/ul>\n<ul>\n<li style=\"list-style-type: none;\"><\/li>\n<\/ul>\n<\/div><\/div><\/div><div class=\"fusion-panel panel-default panel-7190123ca0cae276c fusion-toggle-no-divider fusion-toggle-boxed-mode\" style=\"--awb-title-color:#212934;\"><div class=\"panel-heading\"><h4 class=\"panel-title toggle\" id=\"toggle_7190123ca0cae276c\"><a aria-expanded=\"false\" aria-controls=\"7190123ca0cae276c\" role=\"button\" data-toggle=\"collapse\" data-parent=\"#accordion-89-44\" data-target=\"#7190123ca0cae276c\" href=\"#7190123ca0cae276c\"><span class=\"fusion-toggle-icon-wrapper\" aria-hidden=\"true\"><i class=\"fa-fusion-box active-icon awb-icon-minus\" aria-hidden=\"true\"><\/i><i class=\"fa-fusion-box inactive-icon awb-icon-plus\" aria-hidden=\"true\"><\/i><\/span><span class=\"fusion-toggle-heading\">Bases Llamados a Concurso Publico Apoyo Familiar Integral 44 Horas<\/span><\/a><\/h4><\/div><div id=\"7190123ca0cae276c\" class=\"panel-collapse collapse \" aria-labelledby=\"toggle_7190123ca0cae276c\"><div class=\"panel-body toggle-content fusion-clearfix\">\n<ul>\n<li><a href=\"https:\/\/municipalidadpucon.cl\/oldweb\/web2010\/para%20descarga\/Concurso%20Publico\/MUNI\/2023\/programa%20familia\/Bases_Concurso_Publico_44_Horas_Pucon.pdf\"><span style=\"font-size: 10pt;\">Bases Llamados a Concurso Publico Apoyo Familiar Integral 44 Horas<\/span><\/a><\/li>\n<\/ul>\n<ul>\n<li style=\"list-style-type: none;\"><\/li>\n<\/ul>\n<\/div><\/div><\/div><\/div><\/div><div class=\"accordian fusion-accordian\" style=\"--awb-border-size:1px;--awb-icon-size:16px;--awb-content-font-size:16px;--awb-icon-alignment:left;--awb-hover-color:#ffffff;--awb-border-color:#e2e2e2;--awb-background-color:#ffffff;--awb-divider-color:#e2e2e2;--awb-divider-hover-color:#e2e2e2;--awb-icon-color:#ffffff;--awb-title-color:#212934;--awb-content-color:#4a4e57;--awb-icon-box-color:#212934;--awb-toggle-hover-accent-color:#1a80b6;--awb-title-font-family:&quot;Zilla Slab&quot;;--awb-title-font-weight:400;--awb-title-font-style:normal;--awb-content-font-family:&quot;Open Sans&quot;;--awb-content-font-style:normal;--awb-content-font-weight:400;\"><div class=\"panel-group fusion-toggle-icon-boxed\" id=\"accordion-89-45\"><div class=\"fusion-panel panel-default panel-8aa6d586224869833 fusion-toggle-no-divider fusion-toggle-boxed-mode\" style=\"--awb-title-color:#212934;\"><div class=\"panel-heading\"><h4 class=\"panel-title toggle\" id=\"toggle_8aa6d586224869833\"><a aria-expanded=\"false\" aria-controls=\"8aa6d586224869833\" role=\"button\" data-toggle=\"collapse\" data-parent=\"#accordion-89-45\" data-target=\"#8aa6d586224869833\" href=\"#8aa6d586224869833\"><span class=\"fusion-toggle-icon-wrapper\" aria-hidden=\"true\"><i class=\"fa-fusion-box active-icon awb-icon-minus\" aria-hidden=\"true\"><\/i><i class=\"fa-fusion-box inactive-icon awb-icon-plus\" aria-hidden=\"true\"><\/i><\/span><span class=\"fusion-toggle-heading\">Llamado Concurso P\u00fablico, Coordinador\/a Programa 4 a 7<\/span><\/a><\/h4><\/div><div id=\"8aa6d586224869833\" class=\"panel-collapse collapse \" aria-labelledby=\"toggle_8aa6d586224869833\"><div class=\"panel-body toggle-content fusion-clearfix\">\n<ul>\n<li><a href=\"https:\/\/municipalidadpucon.cl\/oldweb\/web2010\/para%20descarga\/Concurso%20Publico\/MUNI\/2023\/programa_mujer\/BasesConcursoPublicoCoordinador_4a7_2023.pdf\"><span style=\"font-size: 10pt;\">Bases Llamados a Concursos P\u00fablico, Coordinador(a) Programa 4 a 7<\/span><\/a><\/li>\n<\/ul>\n<ul>\n<li style=\"list-style-type: none;\"><\/li>\n<\/ul>\n<\/div><\/div><\/div><div class=\"fusion-panel panel-default panel-b5fafc8de7e351996 fusion-toggle-no-divider fusion-toggle-boxed-mode\" style=\"--awb-title-color:#212934;\"><div class=\"panel-heading\"><h4 class=\"panel-title toggle\" id=\"toggle_b5fafc8de7e351996\"><a aria-expanded=\"false\" aria-controls=\"b5fafc8de7e351996\" role=\"button\" data-toggle=\"collapse\" data-parent=\"#accordion-89-45\" data-target=\"#b5fafc8de7e351996\" href=\"#b5fafc8de7e351996\"><span class=\"fusion-toggle-icon-wrapper\" aria-hidden=\"true\"><i class=\"fa-fusion-box active-icon awb-icon-minus\" aria-hidden=\"true\"><\/i><i class=\"fa-fusion-box inactive-icon awb-icon-plus\" aria-hidden=\"true\"><\/i><\/span><span class=\"fusion-toggle-heading\">Llamado Concurso P\u00fablico, Monitor\/a Programa 4 a 7<\/span><\/a><\/h4><\/div><div id=\"b5fafc8de7e351996\" class=\"panel-collapse collapse \" aria-labelledby=\"toggle_b5fafc8de7e351996\"><div class=\"panel-body toggle-content fusion-clearfix\">\n<ul>\n<li><a href=\"https:\/\/municipalidadpucon.cl\/oldweb\/web2010\/para%20descarga\/Concurso%20Publico\/MUNI\/2023\/programa_mujer\/BasesConcursoPublicoMonitor_4a7_2023.pdf\"><span style=\"font-size: 10pt;\">Bases Llamados a Concursos P\u00fablico, Monitor(a) Programa 4 a 7<\/span><\/a><\/li>\n<\/ul>\n<ul>\n<li style=\"list-style-type: none;\"><\/li>\n<\/ul>\n<\/div><\/div><\/div><\/div><\/div><div class=\"accordian fusion-accordian\" style=\"--awb-border-size:1px;--awb-icon-size:16px;--awb-content-font-size:16px;--awb-icon-alignment:left;--awb-hover-color:#ffffff;--awb-border-color:#e2e2e2;--awb-background-color:#ffffff;--awb-divider-color:#e2e2e2;--awb-divider-hover-color:#e2e2e2;--awb-icon-color:#ffffff;--awb-title-color:#212934;--awb-content-color:#4a4e57;--awb-icon-box-color:#212934;--awb-toggle-hover-accent-color:#1a80b6;--awb-title-font-family:&quot;Zilla Slab&quot;;--awb-title-font-weight:400;--awb-title-font-style:normal;--awb-title-line-height:1.36;--awb-content-font-family:&quot;Open Sans&quot;;--awb-content-font-style:normal;--awb-content-font-weight:400;\"><div class=\"panel-group fusion-toggle-icon-boxed\" id=\"accordion-89-46\"><div class=\"fusion-panel panel-default panel-a6b13330dd646adab fusion-toggle-no-divider fusion-toggle-boxed-mode\" style=\"--awb-title-color:#212934;\"><div class=\"panel-heading\"><h4 class=\"panel-title toggle\" id=\"toggle_a6b13330dd646adab\"><a aria-expanded=\"false\" aria-controls=\"a6b13330dd646adab\" role=\"button\" data-toggle=\"collapse\" data-parent=\"#accordion-89-46\" data-target=\"#a6b13330dd646adab\" href=\"#a6b13330dd646adab\"><span class=\"fusion-toggle-icon-wrapper\" aria-hidden=\"true\"><i class=\"fa-fusion-box active-icon awb-icon-minus\" aria-hidden=\"true\"><\/i><i class=\"fa-fusion-box inactive-icon awb-icon-plus\" aria-hidden=\"true\"><\/i><\/span><span class=\"fusion-toggle-heading\">Llamado Concurso Asistente T\u00e9cnico de funciones no habituales de Cultura<\/span><\/a><\/h4><\/div><div id=\"a6b13330dd646adab\" class=\"panel-collapse collapse \" aria-labelledby=\"toggle_a6b13330dd646adab\"><div class=\"panel-body toggle-content fusion-clearfix\">\n<ul>\n<li><a href=\"https:\/\/municipalidadpucon.cl\/oldweb\/web2010\/para%20descarga\/Concurso%20Publico\/CULTURA\/2023\/AsistenteTecnicoCultura.pdf\"><span style=\"font-size: 10pt;\">Bases Asistente T\u00e9cnico de funciones no habituales de Cultura (descargar)<\/span><\/a><\/li>\n<\/ul>\n<ul>\n<li style=\"list-style-type: none;\"><\/li>\n<\/ul>\n<\/div><\/div><\/div><\/div><\/div><div class=\"accordian fusion-accordian\" style=\"--awb-border-size:1px;--awb-icon-size:16px;--awb-content-font-size:16px;--awb-icon-alignment:left;--awb-hover-color:#ffffff;--awb-border-color:#e2e2e2;--awb-background-color:#ffffff;--awb-divider-color:#e2e2e2;--awb-divider-hover-color:#e2e2e2;--awb-icon-color:#ffffff;--awb-title-color:#212934;--awb-content-color:#4a4e57;--awb-icon-box-color:#212934;--awb-toggle-hover-accent-color:#1a80b6;--awb-title-font-family:&quot;Zilla Slab&quot;;--awb-title-font-weight:400;--awb-title-font-style:normal;--awb-title-line-height:1.36;--awb-content-font-family:&quot;Open Sans&quot;;--awb-content-font-style:normal;--awb-content-font-weight:400;\"><div class=\"panel-group fusion-toggle-icon-boxed\" id=\"accordion-89-47\"><div class=\"fusion-panel panel-default panel-f6930d5e9bf06c987 fusion-toggle-no-divider fusion-toggle-boxed-mode\" style=\"--awb-title-color:#212934;\"><div class=\"panel-heading\"><h4 class=\"panel-title toggle\" id=\"toggle_f6930d5e9bf06c987\"><a aria-expanded=\"false\" aria-controls=\"f6930d5e9bf06c987\" role=\"button\" data-toggle=\"collapse\" data-parent=\"#accordion-89-47\" data-target=\"#f6930d5e9bf06c987\" href=\"#f6930d5e9bf06c987\"><span class=\"fusion-toggle-icon-wrapper\" aria-hidden=\"true\"><i class=\"fa-fusion-box active-icon awb-icon-minus\" aria-hidden=\"true\"><\/i><i class=\"fa-fusion-box inactive-icon awb-icon-plus\" aria-hidden=\"true\"><\/i><\/span><span class=\"fusion-toggle-heading\">Llamado Concurso Programa Ni\u00f1ez y Adolescencia<\/span><\/a><\/h4><\/div><div id=\"f6930d5e9bf06c987\" class=\"panel-collapse collapse \" aria-labelledby=\"toggle_f6930d5e9bf06c987\"><div class=\"panel-body toggle-content fusion-clearfix\">\n<ul>\n<li><a href=\"https:\/\/municipalidadpucon.cl\/oldweb\/web2010\/para%20descarga\/Concurso%20Publico\/OPD\/2023\/PerogramaNinezAdolescencia.pdf\"><span style=\"font-size: 10pt;\">Bases Concurso Programa Ni\u00f1ez y Adolescencia (descargar)<\/span><\/a><\/li>\n<\/ul>\n<ul>\n<li style=\"list-style-type: none;\"><\/li>\n<\/ul>\n<\/div><\/div><\/div><\/div><\/div><div class=\"accordian fusion-accordian\" style=\"--awb-border-size:1px;--awb-icon-size:16px;--awb-content-font-size:16px;--awb-icon-alignment:left;--awb-hover-color:#ffffff;--awb-border-color:#e2e2e2;--awb-background-color:#ffffff;--awb-divider-color:#e2e2e2;--awb-divider-hover-color:#e2e2e2;--awb-icon-color:#ffffff;--awb-title-color:#212934;--awb-content-color:#4a4e57;--awb-icon-box-color:#212934;--awb-toggle-hover-accent-color:#1a80b6;--awb-title-font-family:&quot;Zilla Slab&quot;;--awb-title-font-weight:400;--awb-title-font-style:normal;--awb-title-line-height:1.36;--awb-content-font-family:&quot;Open Sans&quot;;--awb-content-font-style:normal;--awb-content-font-weight:400;\"><div class=\"panel-group fusion-toggle-icon-boxed\" id=\"accordion-89-48\"><div class=\"fusion-panel panel-default panel-000503b4e09a00cfd fusion-toggle-no-divider fusion-toggle-boxed-mode\" style=\"--awb-title-color:#212934;\"><div class=\"panel-heading\"><h4 class=\"panel-title toggle\" id=\"toggle_000503b4e09a00cfd\"><a aria-expanded=\"false\" aria-controls=\"000503b4e09a00cfd\" role=\"button\" data-toggle=\"collapse\" data-parent=\"#accordion-89-48\" data-target=\"#000503b4e09a00cfd\" href=\"#000503b4e09a00cfd\"><span class=\"fusion-toggle-icon-wrapper\" aria-hidden=\"true\"><i class=\"fa-fusion-box active-icon awb-icon-minus\" aria-hidden=\"true\"><\/i><i class=\"fa-fusion-box inactive-icon awb-icon-plus\" aria-hidden=\"true\"><\/i><\/span><span class=\"fusion-toggle-heading\">Llamado Concurso Interno Departamento de Salud<\/span><\/a><\/h4><\/div><div id=\"000503b4e09a00cfd\" class=\"panel-collapse collapse \" aria-labelledby=\"toggle_000503b4e09a00cfd\"><div class=\"panel-body toggle-content fusion-clearfix\">\n<ul>\n<li><span style=\"font-size: 10pt;\"><a href=\"https:\/\/municipalidadpucon.cl\/oldweb\/web2010\/para%20descarga\/Concurso%20Publico\/salud\/2022\/Decreto_2714_ApruebaBasesConcursoInternoLey_21.308.pdf\">Decreto N\u00b0 2714 \u2013 Aprueba Bases Llamados a Concursos Interno (descargar)<\/a><\/span><\/li>\n<\/ul>\n<ul>\n<li style=\"list-style-type: none;\">\n<ul>\n<li><span style=\"font-size: 10pt;\"><a href=\"https:\/\/municipalidadpucon.cl\/oldweb\/web2010\/para%20descarga\/Concurso%20Publico\/salud\/2022\/BesesConcursoInternoLey_21.308_LeyDeAlivio.pdf\">Bases concurso Interno Ley N\u00b0 21.308, Ley de Alivio. (descargar)<\/a><\/span><\/li>\n<\/ul>\n<\/li>\n<\/ul>\n<\/div><\/div><\/div><\/div><\/div><div class=\"accordian fusion-accordian\" style=\"--awb-border-size:1px;--awb-icon-size:16px;--awb-content-font-size:16px;--awb-icon-alignment:left;--awb-hover-color:#ffffff;--awb-border-color:#e2e2e2;--awb-background-color:#ffffff;--awb-divider-color:#e2e2e2;--awb-divider-hover-color:#e2e2e2;--awb-icon-color:#ffffff;--awb-title-color:#212934;--awb-content-color:#4a4e57;--awb-icon-box-color:#212934;--awb-toggle-hover-accent-color:#1a80b6;--awb-title-font-family:&quot;Zilla Slab&quot;;--awb-title-font-weight:400;--awb-title-font-style:normal;--awb-title-line-height:1.36;--awb-content-font-family:&quot;Open Sans&quot;;--awb-content-font-style:normal;--awb-content-font-weight:400;\"><div class=\"panel-group fusion-toggle-icon-boxed\" id=\"accordion-89-49\"><div class=\"fusion-panel panel-default panel-c6c8f8a2032d1389b fusion-toggle-no-divider fusion-toggle-boxed-mode\" style=\"--awb-title-color:#212934;\"><div class=\"panel-heading\"><h4 class=\"panel-title toggle\" id=\"toggle_c6c8f8a2032d1389b\"><a aria-expanded=\"false\" aria-controls=\"c6c8f8a2032d1389b\" role=\"button\" data-toggle=\"collapse\" data-parent=\"#accordion-89-49\" data-target=\"#c6c8f8a2032d1389b\" href=\"#c6c8f8a2032d1389b\"><span class=\"fusion-toggle-icon-wrapper\" aria-hidden=\"true\"><i class=\"fa-fusion-box active-icon awb-icon-minus\" aria-hidden=\"true\"><\/i><i class=\"fa-fusion-box inactive-icon awb-icon-plus\" aria-hidden=\"true\"><\/i><\/span><span class=\"fusion-toggle-heading\">Llamado Concurso Coordinador del Programa de Desarrollo Local (PRODESAL)<\/span><\/a><\/h4><\/div><div id=\"c6c8f8a2032d1389b\" class=\"panel-collapse collapse \" aria-labelledby=\"toggle_c6c8f8a2032d1389b\"><div class=\"panel-body toggle-content fusion-clearfix\">\n<ul>\n<li><a href=\"https:\/\/municipalidadpucon.cl\/oldweb\/web2010\/para%20descarga\/Concurso%20Publico\/MUNI\/2022\/PDTI\/Anexo_1_PerfilTecnicoProdesal.pdf\"><span style=\"font-size: 10pt;\">Definici\u00f3n de Perfil Integrante Equipo T\u00e9cnico Prodesal y del Proceso de Selecci\u00f3n Anexo N\u00b0 1\u00a0 (descargar)<\/span><\/a><\/li>\n<li><a href=\"https:\/\/municipalidadpucon.cl\/oldweb\/web2010\/para%20descarga\/Concurso%20Publico\/MUNI\/2022\/PDTI\/Anexo_2A_FormatollamadoConcurso.pdf\"><span style=\"font-size: 10pt;\">Llamado Concurso Anexo N\u00b0 2A (descargar)<\/span><\/a><\/li>\n<\/ul>\n<ul>\n<li style=\"list-style-type: none;\"><\/li>\n<\/ul>\n<\/div><\/div><\/div><\/div><\/div><div class=\"accordian fusion-accordian\" style=\"--awb-border-size:1px;--awb-icon-size:16px;--awb-content-font-size:16px;--awb-icon-alignment:left;--awb-hover-color:#ffffff;--awb-border-color:#e2e2e2;--awb-background-color:#ffffff;--awb-divider-color:#e2e2e2;--awb-divider-hover-color:#e2e2e2;--awb-icon-color:#ffffff;--awb-title-color:#212934;--awb-content-color:#4a4e57;--awb-icon-box-color:#212934;--awb-toggle-hover-accent-color:#1a80b6;--awb-title-font-family:&quot;Zilla Slab&quot;;--awb-title-font-weight:400;--awb-title-font-style:normal;--awb-title-line-height:1.36;--awb-content-font-family:&quot;Open Sans&quot;;--awb-content-font-style:normal;--awb-content-font-weight:400;\"><div class=\"panel-group fusion-toggle-icon-boxed\" id=\"accordion-89-50\"><div class=\"fusion-panel panel-default panel-c734b93c9f1820452 fusion-toggle-no-divider fusion-toggle-boxed-mode\" style=\"--awb-title-color:#212934;\"><div class=\"panel-heading\"><h4 class=\"panel-title toggle\" id=\"toggle_c734b93c9f1820452\"><a aria-expanded=\"false\" aria-controls=\"c734b93c9f1820452\" role=\"button\" data-toggle=\"collapse\" data-parent=\"#accordion-89-50\" data-target=\"#c734b93c9f1820452\" href=\"#c734b93c9f1820452\"><span class=\"fusion-toggle-icon-wrapper\" aria-hidden=\"true\"><i class=\"fa-fusion-box active-icon awb-icon-minus\" aria-hidden=\"true\"><\/i><i class=\"fa-fusion-box inactive-icon awb-icon-plus\" aria-hidden=\"true\"><\/i><\/span><span class=\"fusion-toggle-heading\">Llamado Concurso P\u00fablico Departamento de Salud (CESFAM)<\/span><\/a><\/h4><\/div><div id=\"c734b93c9f1820452\" class=\"panel-collapse collapse \" aria-labelledby=\"toggle_c734b93c9f1820452\"><div class=\"panel-body toggle-content fusion-clearfix\">\n<ul>\n<li><span style=\"font-size: 10pt;\"><a href=\"https:\/\/municipalidadpucon.cl\/oldweb\/web2010\/para%20descarga\/Concurso%20Publico\/salud\/2022\/DecretoApruebaBasesConcursoPublicoDirector%28a%29_CESFAM_Pucon.pdf\">Decreto N\u00b0 1901 \u2013 Aprueba Bases Llamados a Concursos P\u00fablicos<\/a><\/span><\/li>\n<li><span style=\"font-size: 10pt;\"><a href=\"https:\/\/municipalidadpucon.cl\/oldweb\/web2010\/para%20descarga\/Concurso%20Publico\/salud\/2022\/Anexos.docx\">Anexos<\/a><\/span><\/li>\n<\/ul>\n<ul>\n<li style=\"list-style-type: none;\">\n<ul>\n<li><a href=\"https:\/\/municipalidadpucon.cl\/oldweb\/web2010\/para%20descarga\/Concurso%20Publico\/salud\/2022\/BasesConcursoDirector(a)CESFAM_2022.pdf\"><span style=\"font-size: 10pt;\">Cargo Director(a)\u00a0 Centro de Salud Puc\u00f3n (CESFAM)<\/span><\/a><\/li>\n<\/ul>\n<\/li>\n<\/ul>\n<\/div><\/div><\/div><\/div><\/div><div class=\"accordian fusion-accordian\" style=\"--awb-border-size:1px;--awb-icon-size:16px;--awb-content-font-size:16px;--awb-icon-alignment:left;--awb-hover-color:#ffffff;--awb-border-color:#e2e2e2;--awb-background-color:#ffffff;--awb-divider-color:#e2e2e2;--awb-divider-hover-color:#e2e2e2;--awb-icon-color:#ffffff;--awb-title-color:#212934;--awb-content-color:#4a4e57;--awb-icon-box-color:#212934;--awb-toggle-hover-accent-color:#1a80b6;--awb-title-font-family:&quot;Zilla Slab&quot;;--awb-title-font-weight:400;--awb-title-font-style:normal;--awb-title-line-height:1.36;--awb-content-font-family:&quot;Open Sans&quot;;--awb-content-font-style:normal;--awb-content-font-weight:400;\"><div class=\"panel-group fusion-toggle-icon-boxed\" id=\"accordion-89-51\"><div class=\"fusion-panel panel-default panel-1cb6b1ad3b226f537 fusion-toggle-no-divider fusion-toggle-boxed-mode\" style=\"--awb-title-color:#212934;\"><div class=\"panel-heading\"><h4 class=\"panel-title toggle\" id=\"toggle_1cb6b1ad3b226f537\"><a aria-expanded=\"false\" aria-controls=\"1cb6b1ad3b226f537\" role=\"button\" data-toggle=\"collapse\" data-parent=\"#accordion-89-51\" data-target=\"#1cb6b1ad3b226f537\" href=\"#1cb6b1ad3b226f537\"><span class=\"fusion-toggle-icon-wrapper\" aria-hidden=\"true\"><i class=\"fa-fusion-box active-icon awb-icon-minus\" aria-hidden=\"true\"><\/i><i class=\"fa-fusion-box inactive-icon awb-icon-plus\" aria-hidden=\"true\"><\/i><\/span><span class=\"fusion-toggle-heading\">Concurso Provisi\u00f3n Cargo Psic\u00f3loga Apoyo Profesional-PSMEG<\/span><\/a><\/h4><\/div><div id=\"1cb6b1ad3b226f537\" class=\"panel-collapse collapse \" aria-labelledby=\"toggle_1cb6b1ad3b226f537\"><div class=\"panel-body toggle-content fusion-clearfix\">\n<ul>\n<li><a href=\"https:\/\/municipalidadpucon.cl\/oldweb\/web2010\/para%20descarga\/Concurso%20Publico\/MUNI\/2022\/programa_mujer\/ProvisionCargoPsicologaApoyoProfesional_PSMEG.pdf\"><span style=\"font-size: 10pt;\">Provisi\u00f3n Cargo Psic\u00f3loga Apoyo Profesional-PSMEG<\/span><\/a><\/li>\n<\/ul>\n<\/div><\/div><\/div><\/div><\/div><div class=\"accordian fusion-accordian\" style=\"--awb-border-size:1px;--awb-icon-size:16px;--awb-content-font-size:16px;--awb-icon-alignment:left;--awb-hover-color:#ffffff;--awb-border-color:#e2e2e2;--awb-background-color:#ffffff;--awb-divider-color:#e2e2e2;--awb-divider-hover-color:#e2e2e2;--awb-icon-color:#ffffff;--awb-title-color:#212934;--awb-content-color:#4a4e57;--awb-icon-box-color:#212934;--awb-toggle-hover-accent-color:#1a80b6;--awb-title-font-family:&quot;Zilla Slab&quot;;--awb-title-font-weight:400;--awb-title-font-style:normal;--awb-title-line-height:1.36;--awb-content-font-family:&quot;Open Sans&quot;;--awb-content-font-style:normal;--awb-content-font-weight:400;\"><div class=\"panel-group fusion-toggle-icon-boxed\" id=\"accordion-89-52\"><div class=\"fusion-panel panel-default panel-6bbcdffae4c8cb3a1 fusion-toggle-no-divider fusion-toggle-boxed-mode\" style=\"--awb-title-color:#212934;\"><div class=\"panel-heading\"><h4 class=\"panel-title toggle\" id=\"toggle_6bbcdffae4c8cb3a1\"><a aria-expanded=\"false\" aria-controls=\"6bbcdffae4c8cb3a1\" role=\"button\" data-toggle=\"collapse\" data-parent=\"#accordion-89-52\" data-target=\"#6bbcdffae4c8cb3a1\" href=\"#6bbcdffae4c8cb3a1\"><span class=\"fusion-toggle-icon-wrapper\" aria-hidden=\"true\"><i class=\"fa-fusion-box active-icon awb-icon-minus\" aria-hidden=\"true\"><\/i><i class=\"fa-fusion-box inactive-icon awb-icon-plus\" aria-hidden=\"true\"><\/i><\/span><span class=\"fusion-toggle-heading\">Llamado a concurso t\u00e9cnico PDTI media jornada Puc\u00f3n (Actualizado)<\/span><\/a><\/h4><\/div><div id=\"6bbcdffae4c8cb3a1\" class=\"panel-collapse collapse \" aria-labelledby=\"toggle_6bbcdffae4c8cb3a1\"><div class=\"panel-body toggle-content fusion-clearfix\">\n<ul>\n<li><a href=\"https:\/\/www.indap.gob.cl\/concursos\/concursos-de-equipos-tecnicos-prodesal-y-pdti\/llamado-concurso-1-tecnico-pdti-pucon\"><span style=\"font-size: 10pt;\">T\u00e9cnico media jornada PDTI Puc\u00f3n<\/span><\/a><\/li>\n<\/ul>\n<\/div><\/div><\/div><\/div><\/div><div class=\"accordian fusion-accordian\" style=\"--awb-border-size:1px;--awb-icon-size:16px;--awb-content-font-size:16px;--awb-icon-alignment:left;--awb-hover-color:#ffffff;--awb-border-color:#e2e2e2;--awb-background-color:#ffffff;--awb-divider-color:#e2e2e2;--awb-divider-hover-color:#e2e2e2;--awb-icon-color:#ffffff;--awb-title-color:#212934;--awb-content-color:#4a4e57;--awb-icon-box-color:#212934;--awb-toggle-hover-accent-color:#1a80b6;--awb-title-font-family:&quot;Zilla Slab&quot;;--awb-title-font-weight:400;--awb-title-font-style:normal;--awb-title-line-height:1.36;--awb-content-font-family:&quot;Open Sans&quot;;--awb-content-font-style:normal;--awb-content-font-weight:400;\"><div class=\"panel-group fusion-toggle-icon-boxed\" id=\"accordion-89-53\"><div class=\"fusion-panel panel-default panel-c6970c8adda214776 fusion-toggle-no-divider fusion-toggle-boxed-mode\"><div class=\"panel-heading\"><h4 class=\"panel-title toggle\" id=\"toggle_c6970c8adda214776\"><a aria-expanded=\"false\" aria-controls=\"c6970c8adda214776\" role=\"button\" data-toggle=\"collapse\" data-parent=\"#accordion-89-53\" data-target=\"#c6970c8adda214776\" href=\"#c6970c8adda214776\"><span class=\"fusion-toggle-icon-wrapper\" aria-hidden=\"true\"><i class=\"fa-fusion-box active-icon awb-icon-minus\" aria-hidden=\"true\"><\/i><i class=\"fa-fusion-box inactive-icon awb-icon-plus\" aria-hidden=\"true\"><\/i><\/span><span class=\"fusion-toggle-heading\">Ejecutivo(a) atenci\u00f3n de p\u00fablico, Programa Fortalecimiento OMIL, 2022<\/span><\/a><\/h4><\/div><div id=\"c6970c8adda214776\" class=\"panel-collapse collapse \" aria-labelledby=\"toggle_c6970c8adda214776\"><div class=\"panel-body toggle-content fusion-clearfix\">\n<ul>\n<li><a href=\"https:\/\/municipalidadpucon.cl\/oldweb\/web2010\/para%20descarga\/Concurso%20Publico\/OMIL\/2022\/DecEx1501_ApruebaBasesAdministrativas_2.pdf\"><span style=\"font-size: 10pt;\">Decreto Exento N\u00b01501, Aprueba Bases Administrativas<\/span><\/a><\/li>\n<li><a href=\"https:\/\/municipalidadpucon.cl\/oldweb\/web2010\/para%20descarga\/Concurso%20Publico\/OMIL\/2022\/BasesCargoProfesionalEjecutivo%28a%29AtencionUsuarios_2.pdf\"><span style=\"font-size: 10pt;\">Bases Cargo Profesional Ejecutivo (a) de Atenci\u00f3n a Usuarios<\/span><\/a><\/li>\n<li><span style=\"font-size: 10pt;\"><a href=\"https:\/\/municipalidadpucon.cl\/oldweb\/web2010\/para%20descarga\/Concurso%20Publico\/OMIL\/2022\/DecEx1776_Extenci%C3%B2nResolucionNotificaci%C3%B2nAdjudicacion%20.pdf\">Decreto N\u00ba 1776 de extensi\u00f3n de fechas de resoluci\u00f3n, notificaci\u00f3n, adjudicaci\u00f3n e inicio de labores del concursante al cargo<\/a><\/span><\/li>\n<li><span style=\"text-decoration: underline;\"><span style=\"font-size: 12pt;\"><strong><a href=\"https:\/\/municipalidadpucon.cl\/oldweb\/web2010\/para%20descarga\/Concurso%20Publico\/OMIL\/2022\/DecEX1835_Modifica_DecEx1776_Extenci%C3%B2nResolucionNotificaci%C3%B2nAdjudicacion%20.pdf\">Decreto N\u00b0 1835 Modificaca fechas de Decreto N\u00ba 1776 de extensi\u00f3n de fechas de resoluci\u00f3n, notificaci\u00f3n, adjudicaci\u00f3n e inicio de labores del concursante al cargo<\/a><\/strong><\/span><\/span><\/li>\n<\/ul>\n<\/div><\/div><\/div><\/div><\/div><div class=\"accordian fusion-accordian\" style=\"--awb-border-size:1px;--awb-icon-size:16px;--awb-content-font-size:16px;--awb-icon-alignment:left;--awb-hover-color:#ffffff;--awb-border-color:#e2e2e2;--awb-background-color:#ffffff;--awb-divider-color:#e2e2e2;--awb-divider-hover-color:#e2e2e2;--awb-icon-color:#ffffff;--awb-title-color:#212934;--awb-content-color:#4a4e57;--awb-icon-box-color:#212934;--awb-toggle-hover-accent-color:#1a80b6;--awb-title-font-family:&quot;Zilla Slab&quot;;--awb-title-font-weight:400;--awb-title-font-style:normal;--awb-title-line-height:1.36;--awb-content-font-family:&quot;Open Sans&quot;;--awb-content-font-style:normal;--awb-content-font-weight:400;\"><div class=\"panel-group fusion-toggle-icon-boxed\" id=\"accordion-89-54\"><div class=\"fusion-panel panel-default panel-6a3599b7a9cac9478 fusion-toggle-no-divider fusion-toggle-boxed-mode\" style=\"--awb-title-color:#212934;\"><div class=\"panel-heading\"><h4 class=\"panel-title toggle\" id=\"toggle_6a3599b7a9cac9478\"><a aria-expanded=\"false\" aria-controls=\"6a3599b7a9cac9478\" role=\"button\" data-toggle=\"collapse\" data-parent=\"#accordion-89-54\" data-target=\"#6a3599b7a9cac9478\" href=\"#6a3599b7a9cac9478\"><span class=\"fusion-toggle-icon-wrapper\" aria-hidden=\"true\"><i class=\"fa-fusion-box active-icon awb-icon-minus\" aria-hidden=\"true\"><\/i><i class=\"fa-fusion-box inactive-icon awb-icon-plus\" aria-hidden=\"true\"><\/i><\/span><span class=\"fusion-toggle-heading\">Llamado Concurso P\u00fablico Planta Municipal 2022<\/span><\/a><\/h4><\/div><div id=\"6a3599b7a9cac9478\" class=\"panel-collapse collapse \" aria-labelledby=\"toggle_6a3599b7a9cac9478\"><div class=\"panel-body toggle-content fusion-clearfix\">\n<ul>\n<li><strong><a href=\"https:\/\/municipalidadpucon.cl\/oldweb\/web2010\/para%20descarga\/Concurso%20Publico\/MUNI\/2022\/plantamunicipal\/Decreto_1541_Reglamento_Concursos_Publicos..pdf\"><span style=\"font-size: 10pt;\">Reglamento Concurso P\u00fablico Planta Municipal<\/span><\/a><\/strong><\/li>\n<li><span style=\"font-size: 10pt;\"><strong><a href=\"https:\/\/municipalidadpucon.cl\/oldweb\/web2010\/para%20descarga\/Concurso%20Publico\/MUNI\/2022\/plantamunicipal\/DecEx_1581_Aprueba_Llamado_Concurso_2022.pdf\">Decreto Exento N\u00b0 1581 \u2013 Aprueba Bases Llamados a Concursos P\u00fablicos<\/a><\/strong><\/span><\/li>\n<li><span style=\"font-size: 10pt;\"><strong><a href=\"https:\/\/municipalidadpucon.cl\/oldweb\/web2010\/para%20descarga\/Concurso%20Publico\/MUNI\/2022\/plantamunicipal\/Anexo_1_Declaracion_Inhabilidad.pdf\"><span style=\"text-decoration: underline;\">Anexo N\u00b01<\/span> (Declaraci\u00f3n Inhabilidad<\/a>)<\/strong><\/span><\/li>\n<li><span style=\"font-size: 10pt; color: #000000;\"><a style=\"color: #000000;\" href=\"https:\/\/municipalidadpucon.cl\/oldweb\/web2010\/para%20descarga\/Concurso%20Publico\/MUNI\/2022\/plantamunicipal\/DecEx_1665_Modifica_Fecha_Evaluacion.pdf\"><span style=\"text-decoration: underline;\"><strong>Decreto Exento N\u00b01665, Modifica Fecha Evaluaci\u00f3n<\/strong><\/span><\/a><\/span><\/li>\n<li><span style=\"color: #3366ff;\"><a style=\"color: #3366ff;\" href=\"https:\/\/municipalidadpucon.cl\/oldweb\/web2010\/para%20descarga\/Concurso%20Publico\/MUNI\/2022\/plantamunicipal\/Resolucion_Llamado_Concurso_20julio2022.pdf\"><strong><span style=\"font-size: 12pt;\">RESOLUCI\u00d3N DE CONCURSOS P\u00daBLICOS<\/span><\/strong><\/a><\/span><\/li>\n<\/ul>\n<ul>\n<li><span style=\"font-size: 10pt;\"><strong>Direcci\u00f3n de Administraci\u00f3n y Finanzas<\/strong><\/span>\n<ul>\n<li><a href=\"https:\/\/municipalidadpucon.cl\/oldweb\/web2010\/para%20descarga\/Concurso%20Publico\/MUNI\/2022\/plantamunicipal\/Bases_Concurso_Profesional_Grado_11_Contado_Auditor_Dir_Finanzas.pdf\"><span style=\"font-size: 10pt;\">Cargo Profesional Grado 11\u00b0 &#8211; Direcci\u00f3n de Administraci\u00f3n y Finanzas<\/span><\/a><\/li>\n<\/ul>\n<\/li>\n<li><span style=\"font-size: 10pt;\"><strong>Conducci\u00f3n<\/strong><\/span>\n<ul>\n<li><a href=\"https:\/\/municipalidadpucon.cl\/oldweb\/web2010\/para%20descarga\/Concurso%20Publico\/MUNI\/2022\/plantamunicipal\/Bases_Concurso_Auxiliar_Grado_16_Conductor_Municipal.pdf\"><span style=\"font-size: 10pt;\">Cargo Auxiliar Grado 16\u00b0 &#8211; Conducci\u00f3n<\/span><\/a><\/li>\n<li><a href=\"https:\/\/municipalidadpucon.cl\/oldweb\/web2010\/para%20descarga\/Concurso%20Publico\/MUNI\/2022\/plantamunicipal\/Bases_Concurso_Auxiliar_Grado_17_Conductor_Municipal.pdf\"><span style=\"font-size: 10pt;\">Cargo Auxiliar Grado 17\u00b0 &#8211; Conducci\u00f3n<\/span><\/a><\/li>\n<\/ul>\n<\/li>\n<li><span style=\"font-size: 10pt;\"><strong>Direcci\u00f3n de Desarrollo Econ\u00f3mico, Fomento y Turismo<\/strong><\/span>\n<ul>\n<li><a href=\"https:\/\/municipalidadpucon.cl\/oldweb\/web2010\/para%20descarga\/Concurso%20Publico\/MUNI\/2022\/plantamunicipal\/Bases_Concurso_Tecnico_Grado_15_Inspector_Turismo.pdf\"><span style=\"font-size: 10pt;\">Cargo T\u00e9cnico Grado 15\u00b0 &#8211; Direcci\u00f3n de Desarrollo Econ\u00f3mico, Fomento y Turismo<\/span><\/a><\/li>\n<\/ul>\n<\/li>\n<li><span style=\"font-size: 10pt;\"><strong>Direcci\u00f3n de Recursos Humanos<\/strong><\/span>\n<ul>\n<li><a href=\"https:\/\/municipalidadpucon.cl\/oldweb\/web2010\/para%20descarga\/Concurso%20Publico\/MUNI\/2022\/plantamunicipal\/Bases_Concurso_Jefatura_Grado_11_Psicologo(a)_Dir_RRHH..pdf\"><span style=\"font-size: 10pt;\">Cargo Jefatura Grado 11\u00b0 &#8211; Direcci\u00f3n de Recursos Humanos<\/span><\/a><\/li>\n<\/ul>\n<\/li>\n<li><span style=\"font-size: 10pt;\"><strong>Direcci\u00f3n de Tr\u00e1nsito y Transporte P\u00fabico<\/strong><\/span>\n<ul>\n<li><a href=\"https:\/\/municipalidadpucon.cl\/oldweb\/web2010\/para%20descarga\/Concurso%20Publico\/MUNI\/2022\/plantamunicipal\/Bases_Concurso_Medico_Psicotecnico_Dir_Transito.pdf\"><span style=\"font-size: 10pt;\">Cargo Profesional Ley N\u00b0 15.076 &#8211; M\u00e9dico Gabinete Psicot\u00e9cnico<\/span><\/a><\/li>\n<\/ul>\n<\/li>\n<\/ul>\n<\/div><\/div><\/div><\/div><\/div><div class=\"accordian fusion-accordian\" style=\"--awb-border-size:1px;--awb-icon-size:16px;--awb-content-font-size:16px;--awb-icon-alignment:left;--awb-hover-color:#ffffff;--awb-border-color:#e2e2e2;--awb-background-color:#ffffff;--awb-divider-color:#e2e2e2;--awb-divider-hover-color:#e2e2e2;--awb-icon-color:#ffffff;--awb-title-color:#212934;--awb-content-color:#4a4e57;--awb-icon-box-color:#212934;--awb-toggle-hover-accent-color:#1a80b6;--awb-title-font-family:&quot;Zilla Slab&quot;;--awb-title-font-weight:400;--awb-title-font-style:normal;--awb-title-line-height:1.36;--awb-content-font-family:&quot;Open Sans&quot;;--awb-content-font-style:normal;--awb-content-font-weight:400;\"><div class=\"panel-group fusion-toggle-icon-boxed\" id=\"accordion-89-55\"><div class=\"fusion-panel panel-default panel-b3a1072cf5f481f21 fusion-toggle-no-divider fusion-toggle-boxed-mode\"><div class=\"panel-heading\"><h4 class=\"panel-title toggle\" id=\"toggle_b3a1072cf5f481f21\"><a aria-expanded=\"false\" aria-controls=\"b3a1072cf5f481f21\" role=\"button\" data-toggle=\"collapse\" data-parent=\"#accordion-89-55\" data-target=\"#b3a1072cf5f481f21\" href=\"#b3a1072cf5f481f21\"><span class=\"fusion-toggle-icon-wrapper\" aria-hidden=\"true\"><i class=\"fa-fusion-box active-icon awb-icon-minus\" aria-hidden=\"true\"><\/i><i class=\"fa-fusion-box inactive-icon awb-icon-plus\" aria-hidden=\"true\"><\/i><\/span><span class=\"fusion-toggle-heading\">Ejecutivo atenci\u00f3n a empresas y ejecutiva atenci\u00f3n de p\u00fablico, Programa Fortalecimiento OMIL, 2022<\/span><\/a><\/h4><\/div><div id=\"b3a1072cf5f481f21\" class=\"panel-collapse collapse \" aria-labelledby=\"toggle_b3a1072cf5f481f21\"><div class=\"panel-body toggle-content fusion-clearfix\">\n<ul>\n<li><a href=\"https:\/\/municipalidadpucon.cl\/oldweb\/web2010\/para%20descarga\/Concurso%20Publico\/OMIL\/2022\/DecEx1065_ApruebaBasesAdministrativas.pdf\"><span style=\"font-size: 10pt;\">Decreto Exento N\u00b01065, Aprueba Bases Administrativas<\/span><\/a><\/li>\n<li><a href=\"https:\/\/municipalidadpucon.cl\/oldweb\/web2010\/para%20descarga\/Concurso%20Publico\/OMIL\/2022\/BasesCargoProfesionalEjecutivo%28a%29AtencionEmpresas.pdf\"><span style=\"font-size: 10pt;\">Bases Cargo Profesional Ejecutivo (a) de Atenci\u00f3n a Empresas<\/span><\/a><\/li>\n<li><a href=\"https:\/\/municipalidadpucon.cl\/oldweb\/web2010\/para%20descarga\/Concurso%20Publico\/OMIL\/2022\/BasesCargoProfesionalEjecutivo%28a%29AtencionUsuarios.pdf\"><span style=\"font-size: 10pt;\">Bases Cargo Profesional Ejecutivo (a) de Atenci\u00f3n a Usuarios<\/span><\/a><\/li>\n<\/ul>\n<\/div><\/div><\/div><\/div><\/div><div class=\"accordian fusion-accordian\" style=\"--awb-border-size:1px;--awb-icon-size:16px;--awb-content-font-size:16px;--awb-icon-alignment:left;--awb-hover-color:#ffffff;--awb-border-color:#e2e2e2;--awb-background-color:#ffffff;--awb-divider-color:#e2e2e2;--awb-divider-hover-color:#e2e2e2;--awb-icon-color:#ffffff;--awb-title-color:#212934;--awb-content-color:#4a4e57;--awb-icon-box-color:#212934;--awb-toggle-hover-accent-color:#1a80b6;--awb-title-font-family:&quot;Zilla Slab&quot;;--awb-title-font-weight:400;--awb-title-font-style:normal;--awb-content-font-family:&quot;Open Sans&quot;;--awb-content-font-style:normal;--awb-content-font-weight:400;\"><div class=\"panel-group fusion-toggle-icon-boxed\" id=\"accordion-89-56\"><div class=\"fusion-panel panel-default panel-8bca6f659391def41 fusion-toggle-no-divider fusion-toggle-boxed-mode\"><div class=\"panel-heading\"><h4 class=\"panel-title toggle\" id=\"toggle_8bca6f659391def41\"><a aria-expanded=\"false\" aria-controls=\"8bca6f659391def41\" role=\"button\" data-toggle=\"collapse\" data-parent=\"#accordion-89-56\" data-target=\"#8bca6f659391def41\" href=\"#8bca6f659391def41\"><span class=\"fusion-toggle-icon-wrapper\" aria-hidden=\"true\"><i class=\"fa-fusion-box active-icon awb-icon-minus\" aria-hidden=\"true\"><\/i><i class=\"fa-fusion-box inactive-icon awb-icon-plus\" aria-hidden=\"true\"><\/i><\/span><span class=\"fusion-toggle-heading\">Concurso para proveer el cargo Ejecutor Programa Habilidades para la Vida<\/span><\/a><\/h4><\/div><div id=\"8bca6f659391def41\" class=\"panel-collapse collapse \" aria-labelledby=\"toggle_8bca6f659391def41\"><div class=\"panel-body toggle-content fusion-clearfix\">\n<ul>\n<li><a href=\"https:\/\/municipalidadpucon.cl\/oldweb\/web2010\/para%20descarga\/Concurso%20Publico\/MUNI\/2022\/HPV\/ConcursoPublicoEjecutorHabilidadesParaLaVida.pdf\"><span style=\"font-size: 10pt;\">Bases Concurso Ejecutor Programa Habilidades para la Vida<\/span><\/a><\/li>\n<\/ul>\n<\/div><\/div><\/div><\/div><\/div><div class=\"accordian fusion-accordian\" style=\"--awb-border-size:1px;--awb-icon-size:16px;--awb-content-font-size:16px;--awb-icon-alignment:left;--awb-hover-color:#ffffff;--awb-border-color:#e2e2e2;--awb-background-color:#ffffff;--awb-divider-color:#e2e2e2;--awb-divider-hover-color:#e2e2e2;--awb-icon-color:#ffffff;--awb-title-color:#212934;--awb-content-color:#4a4e57;--awb-icon-box-color:#212934;--awb-toggle-hover-accent-color:#1a80b6;--awb-title-font-family:&quot;Zilla Slab&quot;;--awb-title-font-weight:400;--awb-title-font-style:normal;--awb-content-font-family:&quot;Open Sans&quot;;--awb-content-font-style:normal;--awb-content-font-weight:400;\"><div class=\"panel-group fusion-toggle-icon-boxed\" id=\"accordion-89-57\"><div class=\"fusion-panel panel-default panel-d8e65e5f52e7c1f29 fusion-toggle-no-divider fusion-toggle-boxed-mode\"><div class=\"panel-heading\"><h4 class=\"panel-title toggle\" id=\"toggle_d8e65e5f52e7c1f29\"><a aria-expanded=\"false\" aria-controls=\"d8e65e5f52e7c1f29\" role=\"button\" data-toggle=\"collapse\" data-parent=\"#accordion-89-57\" data-target=\"#d8e65e5f52e7c1f29\" href=\"#d8e65e5f52e7c1f29\"><span class=\"fusion-toggle-icon-wrapper\" aria-hidden=\"true\"><i class=\"fa-fusion-box active-icon awb-icon-minus\" aria-hidden=\"true\"><\/i><i class=\"fa-fusion-box inactive-icon awb-icon-plus\" aria-hidden=\"true\"><\/i><\/span><span class=\"fusion-toggle-heading\">Concurso para proveer el cargo de Psic\u00f3loga\/o Apoyo Profesional, Oficina de la Mujer Municipalidad de Puc\u00f3n<\/span><\/a><\/h4><\/div><div id=\"d8e65e5f52e7c1f29\" class=\"panel-collapse collapse \" aria-labelledby=\"toggle_d8e65e5f52e7c1f29\"><div class=\"panel-body toggle-content fusion-clearfix\">\n<ul>\n<li><a href=\"https:\/\/municipalidadpucon.cl\/oldweb\/web2010\/para%20descarga\/Concurso%20Publico\/MUNI\/2022\/programa_mujer\/ConcursoPublicoPsicolog_PSMM.pdf\"><span style=\"font-size: 10pt;\">Concurso para proveer el cargo de Psic\u00f3loga\/o Apoyo Profesional, Oficina de la Mujer Municipalidad de Puc\u00f3n<\/span><\/a><\/li>\n<\/ul>\n<ul>\n<li style=\"list-style-type: none;\"><\/li>\n<\/ul>\n<\/div><\/div><\/div><\/div><\/div><div class=\"accordian fusion-accordian\" style=\"--awb-border-size:1px;--awb-icon-size:16px;--awb-content-font-size:16px;--awb-icon-alignment:left;--awb-hover-color:#ffffff;--awb-border-color:#e2e2e2;--awb-background-color:#ffffff;--awb-divider-color:#e2e2e2;--awb-divider-hover-color:#e2e2e2;--awb-icon-color:#ffffff;--awb-title-color:#212934;--awb-content-color:#4a4e57;--awb-icon-box-color:#212934;--awb-toggle-hover-accent-color:#1a80b6;--awb-title-font-family:&quot;Zilla Slab&quot;;--awb-title-font-weight:400;--awb-title-font-style:normal;--awb-content-font-family:&quot;Open Sans&quot;;--awb-content-font-style:normal;--awb-content-font-weight:400;\"><div class=\"panel-group fusion-toggle-icon-boxed\" id=\"accordion-89-58\"><div class=\"fusion-panel panel-default panel-2aca2a7be77ee14cf fusion-toggle-no-divider fusion-toggle-boxed-mode\"><div class=\"panel-heading\"><h4 class=\"panel-title toggle\" id=\"toggle_2aca2a7be77ee14cf\"><a aria-expanded=\"false\" aria-controls=\"2aca2a7be77ee14cf\" role=\"button\" data-toggle=\"collapse\" data-parent=\"#accordion-89-58\" data-target=\"#2aca2a7be77ee14cf\" href=\"#2aca2a7be77ee14cf\"><span class=\"fusion-toggle-icon-wrapper\" aria-hidden=\"true\"><i class=\"fa-fusion-box active-icon awb-icon-minus\" aria-hidden=\"true\"><\/i><i class=\"fa-fusion-box inactive-icon awb-icon-plus\" aria-hidden=\"true\"><\/i><\/span><span class=\"fusion-toggle-heading\">Llamado Concurso P\u00fablico Monitor\/a Programa 4 a 7<\/span><\/a><\/h4><\/div><div id=\"2aca2a7be77ee14cf\" class=\"panel-collapse collapse \" aria-labelledby=\"toggle_2aca2a7be77ee14cf\"><div class=\"panel-body toggle-content fusion-clearfix\">\n<ul>\n<li><a href=\"https:\/\/municipalidadpucon.cl\/oldweb\/web2010\/para%20descarga\/Concurso%20Publico\/MUNI\/2022\/programa_mujer\/BasesConcursoPublicoMonitor_4a7_2022.pdf\"><span style=\"font-size: 10pt;\">Bases Llamados a Concursos P\u00fablico Monitor(a) Programa 4 a 7<\/span><\/a><\/li>\n<\/ul>\n<ul>\n<li style=\"list-style-type: none;\"><\/li>\n<\/ul>\n<\/div><\/div><\/div><\/div><\/div><div class=\"accordian fusion-accordian\" style=\"--awb-border-size:1px;--awb-icon-size:16px;--awb-content-font-size:16px;--awb-icon-alignment:left;--awb-hover-color:#ffffff;--awb-border-color:#e2e2e2;--awb-background-color:#ffffff;--awb-divider-color:#e2e2e2;--awb-divider-hover-color:#e2e2e2;--awb-icon-color:#ffffff;--awb-title-color:#212934;--awb-content-color:#4a4e57;--awb-icon-box-color:#212934;--awb-toggle-hover-accent-color:#1a80b6;--awb-title-font-family:&quot;Zilla Slab&quot;;--awb-title-font-weight:400;--awb-title-font-style:normal;--awb-content-font-family:&quot;Open Sans&quot;;--awb-content-font-style:normal;--awb-content-font-weight:400;\"><div class=\"panel-group fusion-toggle-icon-boxed\" id=\"accordion-89-59\"><div class=\"fusion-panel panel-default panel-dbe09cee1d7c4420e fusion-toggle-no-divider fusion-toggle-boxed-mode\"><div class=\"panel-heading\"><h4 class=\"panel-title toggle\" id=\"toggle_dbe09cee1d7c4420e\"><a aria-expanded=\"false\" aria-controls=\"dbe09cee1d7c4420e\" role=\"button\" data-toggle=\"collapse\" data-parent=\"#accordion-89-59\" data-target=\"#dbe09cee1d7c4420e\" href=\"#dbe09cee1d7c4420e\"><span class=\"fusion-toggle-icon-wrapper\" aria-hidden=\"true\"><i class=\"fa-fusion-box active-icon awb-icon-minus\" aria-hidden=\"true\"><\/i><i class=\"fa-fusion-box inactive-icon awb-icon-plus\" aria-hidden=\"true\"><\/i><\/span><span class=\"fusion-toggle-heading\">Llamado a Concurso Interno Departamento de Salud Municipalidad de Puc\u00f3n<\/span><\/a><\/h4><\/div><div id=\"dbe09cee1d7c4420e\" class=\"panel-collapse collapse \" aria-labelledby=\"toggle_dbe09cee1d7c4420e\"><div class=\"panel-body toggle-content fusion-clearfix\">\n<ul>\n<li><a href=\"https:\/\/municipalidadpucon.cl\/oldweb\/web2010\/para%20descarga\/Concurso%20Publico\/salud\/2021\/DecEx2712_%20ApruebaBasesConcursoInterno.pdf\"><span style=\"font-size: 10pt;\">Decreto que aprueba las Bases<\/span><\/a><\/li>\n<li><a href=\"https:\/\/municipalidadpucon.cl\/oldweb\/web2010\/para%20descarga\/Concurso%20Publico\/salud\/2021\/BasesConcusoInterno2021.pdf\"><span style=\"font-size: 10pt;\">Bases Concurso Interno Ley N\u00b0 21.308<\/span><\/a><\/li>\n<li><strong><span style=\"color: #3366ff;\"><a style=\"color: #3366ff;\" href=\"https:\/\/municipalidadpucon.cl\/oldweb\/web2010\/para%20descarga\/Concurso%20Publico\/salud\/2021\/ResumenPjeConcursoInterno_LEY_21308_2021.pdf\">R<span style=\"font-size: 10pt;\">esumen Puntaje Concurso Interno Ley N\u00ba21.308 A\u00f1o 2021<\/span><\/a><\/span><\/strong><\/li>\n<\/ul>\n<\/div><\/div><\/div><\/div><\/div><div class=\"accordian fusion-accordian\" style=\"--awb-border-size:1px;--awb-icon-size:16px;--awb-content-font-size:16px;--awb-icon-alignment:left;--awb-hover-color:#ffffff;--awb-border-color:#e2e2e2;--awb-background-color:#ffffff;--awb-divider-color:#e2e2e2;--awb-divider-hover-color:#e2e2e2;--awb-icon-color:#ffffff;--awb-title-color:#212934;--awb-content-color:#4a4e57;--awb-icon-box-color:#212934;--awb-toggle-hover-accent-color:#1a80b6;--awb-title-font-family:&quot;Zilla Slab&quot;;--awb-title-font-weight:400;--awb-title-font-style:normal;--awb-content-font-family:&quot;Open Sans&quot;;--awb-content-font-style:normal;--awb-content-font-weight:400;\"><div class=\"panel-group fusion-toggle-icon-boxed\" id=\"accordion-89-60\"><div class=\"fusion-panel panel-default panel-edd2e17f00576f56f fusion-toggle-no-divider fusion-toggle-boxed-mode\"><div class=\"panel-heading\"><h4 class=\"panel-title toggle\" id=\"toggle_edd2e17f00576f56f\"><a aria-expanded=\"false\" aria-controls=\"edd2e17f00576f56f\" role=\"button\" data-toggle=\"collapse\" data-parent=\"#accordion-89-60\" data-target=\"#edd2e17f00576f56f\" href=\"#edd2e17f00576f56f\"><span class=\"fusion-toggle-icon-wrapper\" aria-hidden=\"true\"><i class=\"fa-fusion-box active-icon awb-icon-minus\" aria-hidden=\"true\"><\/i><i class=\"fa-fusion-box inactive-icon awb-icon-plus\" aria-hidden=\"true\"><\/i><\/span><span class=\"fusion-toggle-heading\">Llamado Concurso P\u00fablico Planta Municipal 2021 - Segundo Llamado Concursos<\/span><\/a><\/h4><\/div><div id=\"edd2e17f00576f56f\" class=\"panel-collapse collapse \" aria-labelledby=\"toggle_edd2e17f00576f56f\"><div class=\"panel-body toggle-content fusion-clearfix\">\n<ul>\n<li><span style=\"font-size: 10pt;\"><a href=\"https:\/\/www.municipalidadpucon.cl\/oldweb\/web2010\/para%20descarga\/Concurso%20Publico\/MUNI\/2020\/plantamunicipal1\/Reglamento_Concursos_Publicos.pdf\">Reglamento Concurso P\u00fablico Planta Municipal<\/a><\/span><\/li>\n<li><a href=\"https:\/\/municipalidadpucon.cl\/oldweb\/web2010\/para%20descarga\/Concurso%20Publico\/MUNI\/2021\/plantamunicipal2\/DecEx1420_ApruebaBasesConcursosPublicos.pdf\"><span style=\"font-size: 10pt;\">Decreto Exento N\u00b0 1420\u00a0 \u2013 Aprueba Bases Llamados a Concursos P\u00fablicos<\/span><\/a><\/li>\n<li><a href=\"https:\/\/municipalidadpucon.cl\/oldweb\/web2010\/para%20descarga\/Concurso%20Publico\/MUNI\/2021\/plantamunicipal2\/LllamadoConcursoJunio2021.pdf\"><span style=\"font-size: 10pt;\">Resumen Llamado a Concursos P\u00fablicos y Cronograma<\/span><\/a><strong><span style=\"font-size: 12pt;\"><br \/>\n<\/span><\/strong><\/li>\n<li><span style=\"color: #3366ff;\"><a style=\"color: #3366ff;\" href=\"https:\/\/municipalidadpucon.cl\/oldweb\/web2010\/para%20descarga\/Concurso%20Publico\/MUNI\/2021\/plantamunicipal2\/DecEx1442AclaratoriaConcursosPublicos.pdf\"><strong><span style=\"font-size: 10pt;\">Decreto Exento N\u00b0 1442 Aclaratoria a las Bases de Concursos P\u00fablicos<\/span><\/strong><\/a><\/span><\/li>\n<li><a href=\"https:\/\/municipalidadpucon.cl\/oldweb\/web2010\/para%20descarga\/Concurso%20Publico\/MUNI\/2021\/plantamunicipal2\/DecEx1568ModificaFechas.pdf\"><strong><span style=\"font-size: 10pt; color: #3366ff;\">Decreto Exento N\u00b0 1568 Modifica Fechas Concursos P\u00fablicos<\/span><\/strong><\/a><\/li>\n<li><a href=\"https:\/\/municipalidadpucon.cl\/oldweb\/web2010\/para%20descarga\/Concurso%20Publico\/MUNI\/2021\/plantamunicipal2\/DecEx1789ModificaCronogramaConcursosPublicos.pdf\"><span style=\"color: #3366ff;\"><strong><span style=\"font-size: 10pt;\">Decreto Exento N\u00b0 1789 Modifica cronograma Concursos P\u00fablicos<\/span><\/strong><\/span><\/a><\/li>\n<li><span style=\"color: #3366ff;\"><a class=\"archive-documento\" style=\"color: #3366ff;\" href=\"https:\/\/municipalidadpucon.cl\/oldweb\/web2010\/para%20descarga\/Concurso%20Publico\/MUNI\/2021\/plantamunicipal2\/ResolucionConcursosPublicos2021.pdf\">RESOLUCI\u00d3N DE CONCURSOS P\u00daBLICOS<\/a><\/span><\/li>\n<\/ul>\n<ul>\n<li><span style=\"font-size: 10pt;\"><b style=\"font-size: 10pt;\">Secretar\u00eda de P<\/b><span style=\"font-size: 13.3333px;\"><b>lanificaci\u00f3n<\/b><\/span><b style=\"font-size: 10pt;\"> Comunal<\/b><\/span>\n<ul>\n<li><a href=\"https:\/\/municipalidadpucon.cl\/oldweb\/web2010\/para%20descarga\/Concurso%20Publico\/MUNI\/2021\/plantamunicipal2\/Directivo10SubdirecionOrdenamientoTerritorial-SECPLAC.pdf\"><span style=\"font-size: 10pt;\">Cargo Subdirector Grado 10\u00b0 &#8211; Secretar\u00eda de P<span style=\"font-size: 13.3333px;\">lanificaci\u00f3n<\/span> Comunal<\/span><\/a><\/li>\n<\/ul>\n<\/li>\n<li><span style=\"font-size: 10pt;\"><strong>Direcci\u00f3n de Administraci\u00f3n y Finanzas<\/strong><\/span>\n<ul>\n<li><a href=\"https:\/\/municipalidadpucon.cl\/oldweb\/web2010\/para%20descarga\/Concurso%20Publico\/MUNI\/2021\/plantamunicipal2\/Prof11ContadorAuditorFinanzas_2.pdf\"><span style=\"font-size: 10pt;\">Cargo Profesional Grado 11\u00b0 &#8211; Direcci\u00f3n de Administraci\u00f3n y Finanzas<\/span> <span style=\"font-size: 10pt; color: #3366ff;\">(Actualizada)<\/span><\/a><\/li>\n<li><a href=\"https:\/\/municipalidadpucon.cl\/oldweb\/web2010\/para%20descarga\/Concurso%20Publico\/MUNI\/2021\/plantamunicipal2\/Admin16Finanzas_2.pdf\"><span style=\"font-size: 10pt;\">Cargo Administrativo grado 16\u00b0 &#8211; Direcci\u00f3n de Administraci\u00f3n y Finanzas<\/span><span style=\"font-size: 10pt;\">\u00a0<span style=\"color: #3366ff;\">(Actualizada)<\/span><\/span><\/a><\/li>\n<\/ul>\n<\/li>\n<li><span style=\"font-size: 10pt;\"><strong>Direcci\u00f3n de Recursos Humanos<\/strong><\/span>\n<ul>\n<li><a href=\"https:\/\/municipalidadpucon.cl\/oldweb\/web2010\/para%20descarga\/Concurso%20Publico\/MUNI\/2021\/plantamunicipal2\/Tecnico14PrevencionistaRiesgo_2.pdf\"><span style=\"font-size: 10pt;\">Cargo T\u00e9cnico Grado 14\u00b0 &#8211; Prevenci\u00f3n de Riesgos<\/span><span style=\"font-size: 10pt;\">\u00a0<span style=\"color: #3366ff;\">(Actualizada)<\/span><\/span><\/a><\/li>\n<\/ul>\n<\/li>\n<li><span style=\"font-size: 10pt;\"><strong>Direcci\u00f3n de Tr\u00e1nsito y Transporte P\u00fabico<\/strong><\/span>\n<ul>\n<li><a href=\"https:\/\/municipalidadpucon.cl\/oldweb\/web2010\/para%20descarga\/Concurso%20Publico\/MUNI\/2021\/plantamunicipal2\/MedicoPsicotecnicoTransito_2.pdf\"><span style=\"font-size: 10pt;\">Cargo Profesional Ley N\u00b0 15.076 &#8211; M\u00e9dico Gabinete Psicot\u00e9cnico<\/span><span style=\"font-size: 10pt;\">\u00a0<span style=\"color: #3366ff;\">(Actualizada)<\/span><\/span><\/a><\/li>\n<\/ul>\n<\/li>\n<\/ul>\n<\/div><\/div><\/div><\/div><\/div><div class=\"accordian fusion-accordian\" style=\"--awb-border-size:1px;--awb-icon-size:16px;--awb-content-font-size:16px;--awb-icon-alignment:left;--awb-hover-color:#ffffff;--awb-border-color:#e2e2e2;--awb-background-color:#ffffff;--awb-divider-color:#e2e2e2;--awb-divider-hover-color:#e2e2e2;--awb-icon-color:#ffffff;--awb-title-color:#212934;--awb-content-color:#4a4e57;--awb-icon-box-color:#212934;--awb-toggle-hover-accent-color:#1a80b6;--awb-title-font-family:&quot;Zilla Slab&quot;;--awb-title-font-weight:400;--awb-title-font-style:normal;--awb-content-font-family:&quot;Open Sans&quot;;--awb-content-font-style:normal;--awb-content-font-weight:400;\"><div class=\"panel-group fusion-toggle-icon-boxed\" id=\"accordion-89-61\"><div class=\"fusion-panel panel-default panel-eefec48aa509a53a8 fusion-toggle-no-divider fusion-toggle-boxed-mode\"><div class=\"panel-heading\"><h4 class=\"panel-title toggle\" id=\"toggle_eefec48aa509a53a8\"><a aria-expanded=\"false\" aria-controls=\"eefec48aa509a53a8\" role=\"button\" data-toggle=\"collapse\" data-parent=\"#accordion-89-61\" data-target=\"#eefec48aa509a53a8\" href=\"#eefec48aa509a53a8\"><span class=\"fusion-toggle-icon-wrapper\" aria-hidden=\"true\"><i class=\"fa-fusion-box active-icon awb-icon-minus\" aria-hidden=\"true\"><\/i><i class=\"fa-fusion-box inactive-icon awb-icon-plus\" aria-hidden=\"true\"><\/i><\/span><span class=\"fusion-toggle-heading\">Llamado Concurso P\u00fablico Monitor\/a Programa 4 a 7<\/span><\/a><\/h4><\/div><div id=\"eefec48aa509a53a8\" class=\"panel-collapse collapse \" aria-labelledby=\"toggle_eefec48aa509a53a8\"><div class=\"panel-body toggle-content fusion-clearfix\">\n<ul>\n<li><a href=\"https:\/\/municipalidadpucon.cl\/oldweb\/web2010\/para%20descarga\/Concurso%20Publico\/MUNI\/2021\/programa_mujer\/BasesConcursoPublicoMonitor_4a7_2021_4.pdf\"><span style=\"font-size: 10pt;\">Bases Llamados a Concursos P\u00fablico Monitor(a) Programa 4 a 7<\/span><\/a><\/li>\n<\/ul>\n<ul>\n<li style=\"list-style-type: none;\"><\/li>\n<\/ul>\n<\/div><\/div><\/div><\/div><\/div><div class=\"accordian fusion-accordian\" style=\"--awb-border-size:1px;--awb-icon-size:16px;--awb-content-font-size:16px;--awb-icon-alignment:left;--awb-hover-color:#ffffff;--awb-border-color:#e2e2e2;--awb-background-color:#ffffff;--awb-divider-color:#e2e2e2;--awb-divider-hover-color:#e2e2e2;--awb-icon-color:#ffffff;--awb-title-color:#212934;--awb-content-color:#4a4e57;--awb-icon-box-color:#212934;--awb-toggle-hover-accent-color:#1a80b6;--awb-title-font-family:&quot;Zilla Slab&quot;;--awb-title-font-weight:400;--awb-title-font-style:normal;--awb-content-font-family:&quot;Open Sans&quot;;--awb-content-font-style:normal;--awb-content-font-weight:400;\"><div class=\"panel-group fusion-toggle-icon-boxed\" id=\"accordion-89-62\"><div class=\"fusion-panel panel-default panel-bb6ee803aa53765e9 fusion-toggle-no-divider fusion-toggle-boxed-mode\"><div class=\"panel-heading\"><h4 class=\"panel-title toggle\" id=\"toggle_bb6ee803aa53765e9\"><a aria-expanded=\"false\" aria-controls=\"bb6ee803aa53765e9\" role=\"button\" data-toggle=\"collapse\" data-parent=\"#accordion-89-62\" data-target=\"#bb6ee803aa53765e9\" href=\"#bb6ee803aa53765e9\"><span class=\"fusion-toggle-icon-wrapper\" aria-hidden=\"true\"><i class=\"fa-fusion-box active-icon awb-icon-minus\" aria-hidden=\"true\"><\/i><i class=\"fa-fusion-box inactive-icon awb-icon-plus\" aria-hidden=\"true\"><\/i><\/span><span class=\"fusion-toggle-heading\">Llamado Concurso P\u00fablico Coordinador(a) OPD<\/span><\/a><\/h4><\/div><div id=\"bb6ee803aa53765e9\" class=\"panel-collapse collapse \" aria-labelledby=\"toggle_bb6ee803aa53765e9\"><div class=\"panel-body toggle-content fusion-clearfix\">\n<ul>\n<li><a href=\"https:\/\/municipalidadpucon.cl\/oldweb\/web2010\/para%20descarga\/Concurso%20Publico\/OPD\/2021\/Coordinador%28a%29OficinaProteccionDerechosOPD.pdf\"><span style=\"font-size: 10pt;\">Bases Llamados a Concursos P\u00fablico Coordinador(a) OPD <\/span><\/a><\/li>\n<li><a href=\"https:\/\/municipalidadpucon.cl\/oldweb\/web2010\/para%20descarga\/Concurso%20Publico\/OPD\/2021\/NuevoCronogramaConcursoOPD.pdf\"><span style=\"font-size: 10pt;\">Cronograma Concursos P\u00fablico Coordinador(a) OPD\u00a0 (Actualizado)<\/span><\/a><\/li>\n<li><a href=\"https:\/\/municipalidadpucon.cl\/oldweb\/web2010\/para%20descarga\/Concurso%20Publico\/OPD\/2021\/AclaratoriaNuevaFechaCronogramaConcursoOPD.pdf\"><strong><span style=\"font-size: 10pt;\">Aclaratoria a las Bases del Concurso P\u00fablico Coordinador(a) OPD (Cronograma).<\/span><\/strong><\/a><\/li>\n<\/ul>\n<ul>\n<li style=\"list-style-type: none;\"><\/li>\n<\/ul>\n<\/div><\/div><\/div><\/div><\/div><div class=\"accordian fusion-accordian\" style=\"--awb-border-size:1px;--awb-icon-size:16px;--awb-content-font-size:16px;--awb-icon-alignment:left;--awb-hover-color:#ffffff;--awb-border-color:#e2e2e2;--awb-background-color:#ffffff;--awb-divider-color:#e2e2e2;--awb-divider-hover-color:#e2e2e2;--awb-icon-color:#ffffff;--awb-title-color:#212934;--awb-content-color:#4a4e57;--awb-icon-box-color:#212934;--awb-toggle-hover-accent-color:#1a80b6;--awb-title-font-family:&quot;Zilla Slab&quot;;--awb-title-font-weight:400;--awb-title-font-style:normal;--awb-content-font-family:&quot;Open Sans&quot;;--awb-content-font-style:normal;--awb-content-font-weight:400;\"><div class=\"panel-group fusion-toggle-icon-boxed\" id=\"accordion-89-63\"><div class=\"fusion-panel panel-default panel-04d8f1734a28ec879 fusion-toggle-no-divider fusion-toggle-boxed-mode\"><div class=\"panel-heading\"><h4 class=\"panel-title toggle\" id=\"toggle_04d8f1734a28ec879\"><a aria-expanded=\"false\" aria-controls=\"04d8f1734a28ec879\" role=\"button\" data-toggle=\"collapse\" data-parent=\"#accordion-89-63\" data-target=\"#04d8f1734a28ec879\" href=\"#04d8f1734a28ec879\"><span class=\"fusion-toggle-icon-wrapper\" aria-hidden=\"true\"><i class=\"fa-fusion-box active-icon awb-icon-minus\" aria-hidden=\"true\"><\/i><i class=\"fa-fusion-box inactive-icon awb-icon-plus\" aria-hidden=\"true\"><\/i><\/span><span class=\"fusion-toggle-heading\">Llamado Concurso P\u00fablico Departamento de Salud<\/span><\/a><\/h4><\/div><div id=\"04d8f1734a28ec879\" class=\"panel-collapse collapse \" aria-labelledby=\"toggle_04d8f1734a28ec879\"><div class=\"panel-body toggle-content fusion-clearfix\">\n<ul>\n<li><span style=\"font-size: 10pt;\"><a href=\"https:\/\/municipalidadpucon.cl\/oldweb\/web2010\/para%20descarga\/Concurso%20Publico\/salud\/2021\/DecEx642_ApruebaBasesConcursosPublico.pdf\">Decreto Exento N\u00b0 642 \u2013 Aprueba Bases Llamados a Concursos P\u00fablicos<\/a><\/span><\/li>\n<li><a href=\"https:\/\/municipalidadpucon.cl\/oldweb\/web2010\/para%20descarga\/Concurso%20Publico\/salud\/2021\/Cronograma.pdf\"><span style=\"font-size: 10pt;\">Cronograma<\/span><\/a><\/li>\n<li><span style=\"font-size: 10pt;\"><a href=\"https:\/\/municipalidadpucon.cl\/oldweb\/web2010\/para%20descarga\/Concurso%20Publico\/salud\/2021\/Anexos.docx\">Anexos (Ficha -Declaraciones &#8211; CV)<\/a><\/span><\/li>\n<li><span style=\"font-size: 10pt;\"><a href=\"https:\/\/municipalidadpucon.cl\/oldweb\/web2010\/para%20descarga\/Concurso%20Publico\/salud\/2021\/DecEx788_AclaratoriaConcursosPublicosSalud.pdf\">Decreto Exento N\u00b0 788 Aclaratoria a las Bases de Concursos P\u00fablicos<\/a><\/span><\/li>\n<li><span style=\"font-size: 10pt;\"><a href=\"https:\/\/municipalidadpucon.cl\/oldweb\/web2010\/para%20descarga\/Concurso%20Publico\/salud\/2021\/DecEx948_AclaratoriaN2ConcursosPublicoSalud.pdf\">Decreto Exento N\u00b0 948 Aclaratoria N\u00b0 2 a las Bases de Concursos P\u00fablicos<\/a><\/span><\/li>\n<li><a href=\"https:\/\/municipalidadpucon.cl\/oldweb\/web2010\/para%20descarga\/Concurso%20Publico\/salud\/2021\/ResolucionConcursoDirector%28a%29DeptoSualud.pdf\"><strong>RESOLUCI\u00d3N DE CONCURSO P\u00daBLICO DIRECTOR(A) DEPARTAMENTO DE SALUD\u00a0<\/strong><\/a><\/li>\n<\/ul>\n<ul>\n<li style=\"list-style-type: none;\">\n<ul>\n<li><a href=\"https:\/\/municipalidadpucon.cl\/oldweb\/web2010\/para%20descarga\/Concurso%20Publico\/salud\/2021\/BasesDirectorDeptoSalud.pdf\"><span style=\"font-size: 10pt;\">Cargo Director(a)\u00a0 Departamento de Salud<\/span><\/a><\/li>\n<li><a href=\"https:\/\/municipalidadpucon.cl\/oldweb\/web2010\/para%20descarga\/Concurso%20Publico\/salud\/2021\/BasesJefeAdministracionFinanzas.pdf\"><span style=\"font-size: 10pt;\">Cargo Jefe(a)\u00a0 de\u00a0 <span style=\"font-size: 13.3333px;\">Administraci\u00f3n<\/span> y Finanzas Departamento de Salud<\/span><\/a><\/li>\n<li><a href=\"https:\/\/municipalidadpucon.cl\/oldweb\/web2010\/para%20descarga\/Concurso%20Publico\/salud\/2021\/BasesEnfermeraDeptoSalud.pdf\"><span style=\"font-size: 10pt;\">Cargo Enfermero(a) Departamento de Salud<\/span><\/a><\/li>\n<\/ul>\n<\/li>\n<\/ul>\n<\/div><\/div><\/div><\/div><\/div><div class=\"accordian fusion-accordian\" style=\"--awb-border-size:1px;--awb-icon-size:16px;--awb-content-font-size:16px;--awb-icon-alignment:left;--awb-hover-color:#ffffff;--awb-border-color:#e2e2e2;--awb-background-color:#ffffff;--awb-divider-color:#e2e2e2;--awb-divider-hover-color:#e2e2e2;--awb-icon-color:#ffffff;--awb-title-color:#212934;--awb-content-color:#4a4e57;--awb-icon-box-color:#212934;--awb-toggle-hover-accent-color:#1a80b6;--awb-title-font-family:&quot;Zilla Slab&quot;;--awb-title-font-weight:400;--awb-title-font-style:normal;--awb-content-font-family:&quot;Open Sans&quot;;--awb-content-font-style:normal;--awb-content-font-weight:400;\"><div class=\"panel-group fusion-toggle-icon-boxed\" id=\"accordion-89-64\"><div class=\"fusion-panel panel-default panel-0e3b2bf0d4f748457 fusion-toggle-no-divider fusion-toggle-boxed-mode\"><div class=\"panel-heading\"><h4 class=\"panel-title toggle\" id=\"toggle_0e3b2bf0d4f748457\"><a aria-expanded=\"false\" aria-controls=\"0e3b2bf0d4f748457\" role=\"button\" data-toggle=\"collapse\" data-parent=\"#accordion-89-64\" data-target=\"#0e3b2bf0d4f748457\" href=\"#0e3b2bf0d4f748457\"><span class=\"fusion-toggle-icon-wrapper\" aria-hidden=\"true\"><i class=\"fa-fusion-box active-icon awb-icon-minus\" aria-hidden=\"true\"><\/i><i class=\"fa-fusion-box inactive-icon awb-icon-plus\" aria-hidden=\"true\"><\/i><\/span><span class=\"fusion-toggle-heading\">Llamado Concurso P\u00fablico Programa PDTI<\/span><\/a><\/h4><\/div><div id=\"0e3b2bf0d4f748457\" class=\"panel-collapse collapse \" aria-labelledby=\"toggle_0e3b2bf0d4f748457\"><div class=\"panel-body toggle-content fusion-clearfix\">\n<ul>\n<li><span style=\"font-size: 10pt;\"><a href=\"https:\/\/municipalidadpucon.cl\/oldweb\/web2010\/para%20descarga\/Concurso%20Publico\/MUNI\/2021\/PDTI\/Profesional_PDTI_Pucon.pdf\">Decreto Exento N\u00b0 1098 \u2013 Aprueba Bases Llamados a Concursos P\u00fablico Profesional PDTI<\/a><\/span><\/li>\n<li><a href=\"https:\/\/municipalidadpucon.cl\/oldweb\/web2010\/para%20descarga\/Concurso%20Publico\/MUNI\/2021\/PDTI\/Tecnico_PDTI_Pucon.pdf\"><span style=\"font-size: 10pt;\">Decreto Exento N\u00b0 1098 Aprueba Bases Llamados a Concursos P\u00fablico T\u00e9cnico PDTI<\/span><\/a><\/li>\n<li><a href=\"https:\/\/municipalidadpucon.cl\/oldweb\/web2010\/para%20descarga\/Concurso%20Publico\/MUNI\/2021\/PDTI\/DecEx1209_Aclaratoria_Profesional_PDTI.pdf\"><span style=\"font-size: 10pt;\">Decreto Exento N\u00b0 1209 Aclaratoria a las Bases de Concursos P\u00fablicos Profesional PDTI<\/span><\/a><\/li>\n<\/ul>\n<ul>\n<li style=\"list-style-type: none;\"><\/li>\n<\/ul>\n<\/div><\/div><\/div><\/div><\/div><div class=\"accordian fusion-accordian\" style=\"--awb-border-size:1px;--awb-icon-size:16px;--awb-content-font-size:16px;--awb-icon-alignment:left;--awb-hover-color:#ffffff;--awb-border-color:#e2e2e2;--awb-background-color:#ffffff;--awb-divider-color:#e2e2e2;--awb-divider-hover-color:#e2e2e2;--awb-icon-color:#ffffff;--awb-title-color:#212934;--awb-content-color:#4a4e57;--awb-icon-box-color:#212934;--awb-toggle-hover-accent-color:#1a80b6;--awb-title-font-family:&quot;Zilla Slab&quot;;--awb-title-font-weight:400;--awb-title-font-style:normal;--awb-content-font-family:&quot;Open Sans&quot;;--awb-content-font-style:normal;--awb-content-font-weight:400;\"><div class=\"panel-group fusion-toggle-icon-boxed\" id=\"accordion-89-65\"><div class=\"fusion-panel panel-default panel-9678b075cc318d06c fusion-toggle-no-divider fusion-toggle-boxed-mode\"><div class=\"panel-heading\"><h4 class=\"panel-title toggle\" id=\"toggle_9678b075cc318d06c\"><a aria-expanded=\"false\" aria-controls=\"9678b075cc318d06c\" role=\"button\" data-toggle=\"collapse\" data-parent=\"#accordion-89-65\" data-target=\"#9678b075cc318d06c\" href=\"#9678b075cc318d06c\"><span class=\"fusion-toggle-icon-wrapper\" aria-hidden=\"true\"><i class=\"fa-fusion-box active-icon awb-icon-minus\" aria-hidden=\"true\"><\/i><i class=\"fa-fusion-box inactive-icon awb-icon-plus\" aria-hidden=\"true\"><\/i><\/span><span class=\"fusion-toggle-heading\">Concurso Ejecutivo(a) de atenci\u00f3n a empresas del programa Fortalecimiento OMIL<\/span><\/a><\/h4><\/div><div id=\"9678b075cc318d06c\" class=\"panel-collapse collapse \" aria-labelledby=\"toggle_9678b075cc318d06c\"><div class=\"panel-body toggle-content fusion-clearfix\">\n<ul>\n<li><a href=\"https:\/\/municipalidadpucon.cl\/oldweb\/web2010\/para%20descarga\/Concurso%20Publico\/OMIL\/2021\/EjecutivoAtencionEmpresasOMIL.pdf\"><span style=\"font-size: 10pt;\">Bases Concurso Ejecutivo(a) atenci\u00f3n a empresas del programa Fortalecimiento OMIL<\/span><\/a><\/li>\n<\/ul>\n<\/div><\/div><\/div><\/div><\/div><div class=\"accordian fusion-accordian\" style=\"--awb-border-size:1px;--awb-icon-size:16px;--awb-content-font-size:16px;--awb-icon-alignment:left;--awb-hover-color:#ffffff;--awb-border-color:#e2e2e2;--awb-background-color:#ffffff;--awb-divider-color:#e2e2e2;--awb-divider-hover-color:#e2e2e2;--awb-icon-color:#ffffff;--awb-title-color:#212934;--awb-content-color:#4a4e57;--awb-icon-box-color:#212934;--awb-toggle-hover-accent-color:#1a80b6;--awb-title-font-family:&quot;Zilla Slab&quot;;--awb-title-font-weight:400;--awb-title-font-style:normal;--awb-content-font-family:&quot;Open Sans&quot;;--awb-content-font-style:normal;--awb-content-font-weight:400;\"><div class=\"panel-group fusion-toggle-icon-boxed\" id=\"accordion-89-66\"><div class=\"fusion-panel panel-default panel-adbf3d3daccf63cc0 fusion-toggle-no-divider fusion-toggle-boxed-mode\"><div class=\"panel-heading\"><h4 class=\"panel-title toggle\" id=\"toggle_adbf3d3daccf63cc0\"><a aria-expanded=\"false\" aria-controls=\"adbf3d3daccf63cc0\" role=\"button\" data-toggle=\"collapse\" data-parent=\"#accordion-89-66\" data-target=\"#adbf3d3daccf63cc0\" href=\"#adbf3d3daccf63cc0\"><span class=\"fusion-toggle-icon-wrapper\" aria-hidden=\"true\"><i class=\"fa-fusion-box active-icon awb-icon-minus\" aria-hidden=\"true\"><\/i><i class=\"fa-fusion-box inactive-icon awb-icon-plus\" aria-hidden=\"true\"><\/i><\/span><span class=\"fusion-toggle-heading\">Programa Familias Seguridades y Oportunidades<\/span><\/a><\/h4><\/div><div id=\"adbf3d3daccf63cc0\" class=\"panel-collapse collapse \" aria-labelledby=\"toggle_adbf3d3daccf63cc0\"><div class=\"panel-body toggle-content fusion-clearfix\">\n<ul>\n<li><a href=\"https:\/\/municipalidadpucon.cl\/oldweb\/web2010\/para%20descarga\/Concurso%20Publico\/MUNI\/2021\/IntervencionFamiliar\/PublicacionConcursoApoyoFamiliarIntegral.pdf\"><span style=\"font-size: 10pt;\">Concurso P\u00fablico Apoyo Familiar Integral<\/span><\/a>\n<ul>\n<li><a href=\"https:\/\/municipalidadpucon.cl\/oldweb\/web2010\/para%20descarga\/Concurso%20Publico\/MUNI\/2021\/IntervencionFamiliar\/BasesConcursoPublicoApoyoFamiliarIntegral%20.pdf\"><span style=\"font-size: 10pt;\">Bases Concurso P\u00fablico Apoyo Familiar Integral <\/span><\/a><\/li>\n<\/ul>\n<\/li>\n<\/ul>\n<\/div><\/div><\/div><\/div><\/div><div class=\"accordian fusion-accordian\" style=\"--awb-border-size:1px;--awb-icon-size:16px;--awb-content-font-size:16px;--awb-icon-alignment:left;--awb-hover-color:#ffffff;--awb-border-color:#e2e2e2;--awb-background-color:#ffffff;--awb-divider-color:#e2e2e2;--awb-divider-hover-color:#e2e2e2;--awb-icon-color:#ffffff;--awb-title-color:#212934;--awb-content-color:#4a4e57;--awb-icon-box-color:#212934;--awb-toggle-hover-accent-color:#1a80b6;--awb-title-font-family:&quot;Zilla Slab&quot;;--awb-title-font-weight:400;--awb-title-font-style:normal;--awb-content-font-family:&quot;Open Sans&quot;;--awb-content-font-style:normal;--awb-content-font-weight:400;\"><div class=\"panel-group fusion-toggle-icon-boxed\" id=\"accordion-89-67\"><div class=\"fusion-panel panel-default panel-00d6223dd4b899b8b fusion-toggle-no-divider fusion-toggle-boxed-mode\"><div class=\"panel-heading\"><h4 class=\"panel-title toggle\" id=\"toggle_00d6223dd4b899b8b\"><a aria-expanded=\"false\" aria-controls=\"00d6223dd4b899b8b\" role=\"button\" data-toggle=\"collapse\" data-parent=\"#accordion-89-67\" data-target=\"#00d6223dd4b899b8b\" href=\"#00d6223dd4b899b8b\"><span class=\"fusion-toggle-icon-wrapper\" aria-hidden=\"true\"><i class=\"fa-fusion-box active-icon awb-icon-minus\" aria-hidden=\"true\"><\/i><i class=\"fa-fusion-box inactive-icon awb-icon-plus\" aria-hidden=\"true\"><\/i><\/span><span class=\"fusion-toggle-heading\">Llamado Concurso P\u00fablico Planta Municipal 2021 - Primer Llamado Concursos<\/span><\/a><\/h4><\/div><div id=\"00d6223dd4b899b8b\" class=\"panel-collapse collapse \" aria-labelledby=\"toggle_00d6223dd4b899b8b\"><div class=\"panel-body toggle-content fusion-clearfix\">\n<ul>\n<li><span style=\"font-size: 10pt;\"><a href=\"https:\/\/www.municipalidadpucon.cl\/oldweb\/web2010\/para%20descarga\/Concurso%20Publico\/MUNI\/2020\/plantamunicipal1\/Reglamento_Concursos_Publicos.pdf\">Reglamento Concurso P\u00fablico Planta Municipal<\/a><\/span><\/li>\n<li><span style=\"font-size: 10pt;\"><a href=\"https:\/\/municipalidadpucon.cl\/oldweb\/web2010\/para%20descarga\/Concurso%20Publico\/MUNI\/2021\/plantamunicipal1\/DecEx153_ApruebaBasesConcursosPublico.pdf\">Decreto Exento N\u00b0 153 \u2013 Aprueba Bases Llamados a Concursos P\u00fablicos<\/a><\/span><\/li>\n<li><a href=\"https:\/\/municipalidadpucon.cl\/oldweb\/web2010\/para%20descarga\/Concurso%20Publico\/MUNI\/2021\/plantamunicipal1\/Primer_Llamado_Concurso_A%C3%B1o_2021.pdf\"><span style=\"font-size: 10pt;\">Resumen primer Llamado a Concursos P\u00fablicos y Cronograma<\/span><\/a><\/li>\n<li><a href=\"https:\/\/municipalidadpucon.cl\/oldweb\/web2010\/para%20descarga\/Concurso%20Publico\/MUNI\/2021\/plantamunicipal1\/Decreto201Aclaratoria.pdf\"><span style=\"font-size: 10pt;\">Decreto Exento N\u00b0 201 Aclaratoria a las Bases de Concursos P\u00fablicos<\/span><\/a><\/li>\n<li><a href=\"https:\/\/municipalidadpucon.cl\/oldweb\/web2010\/para%20descarga\/Concurso%20Publico\/MUNI\/2021\/plantamunicipal1\/Decreto240_2da_Aclaratoria.pdf\"><span style=\"font-size: 10pt;\">Decreto Exento N\u00b0 240 Segunda Aclaratoria a las Bases de Concursos P\u00fablicos<\/span><\/a><\/li>\n<li><span style=\"font-size: 10pt;\"><a href=\"https:\/\/municipalidadpucon.cl\/oldweb\/web2010\/para%20descarga\/Concurso%20Publico\/MUNI\/2021\/plantamunicipal1\/ConsideracionesConcursosPublicos.pdf\">Consideraciones Concursos P\u00fablicos<\/a><\/span><\/li>\n<li><strong><span style=\"font-size: 12pt;\"><a href=\"https:\/\/municipalidadpucon.cl\/oldweb\/web2010\/para%20descarga\/Concurso%20Publico\/MUNI\/2021\/plantamunicipal1\/ResolucionConcursosPublicosA%C3%B1o2021.pdf\">RESOLUCI\u00d3N DE CONCURSOS P\u00daBLICOS<\/a><\/span><\/strong><\/li>\n<\/ul>\n<ul>\n<li><span style=\"font-size: 10pt;\"><strong>Direcci\u00f3n de Administraci\u00f3n y Finanzas<\/strong><\/span>\n<ul>\n<li><a href=\"https:\/\/municipalidadpucon.cl\/oldweb\/web2010\/para%20descarga\/Concurso%20Publico\/MUNI\/2021\/plantamunicipal1\/Prof11Finanzas.pdf\"><span style=\"font-size: 10pt;\">Cargo Profesional Grado 11\u00b0 &#8211; Direcci\u00f3n de Administraci\u00f3n y Finanzas<\/span><\/a><\/li>\n<li><a href=\"https:\/\/municipalidadpucon.cl\/oldweb\/web2010\/para%20descarga\/Concurso%20Publico\/MUNI\/2021\/plantamunicipal1\/Tecnico15Finanzas.pdf\"><span style=\"font-size: 10pt;\">Cargo T\u00e9cnico grado 15\u00b0 &#8211; Secci\u00f3n Activo Fijo<\/span><\/a><\/li>\n<\/ul>\n<\/li>\n<li><span style=\"font-size: 10pt;\"><strong>Asesor Urbanista<\/strong><\/span>\n<ul>\n<li><a href=\"https:\/\/municipalidadpucon.cl\/oldweb\/web2010\/para%20descarga\/Concurso%20Publico\/MUNI\/2021\/plantamunicipal1\/Prof8Urbanista.pdf\"><span style=\"font-size: 10pt;\">Cargo Profesional Grado 8\u00b0 &#8211; Asesor Urbanista<\/span><\/a><\/li>\n<\/ul>\n<\/li>\n<li><span style=\"font-size: 10pt;\"><strong>Conducci\u00f3n<\/strong><\/span>\n<ul>\n<li><a href=\"https:\/\/municipalidadpucon.cl\/oldweb\/web2010\/para%20descarga\/Concurso%20Publico\/MUNI\/2021\/plantamunicipal1\/Aux16Conduccion.pdf\"><span style=\"font-size: 10pt;\">Cargo Auxiliar Grado 16\u00b0 &#8211; Conducci\u00f3n<\/span><\/a><\/li>\n<li><a href=\"https:\/\/municipalidadpucon.cl\/oldweb\/web2010\/para%20descarga\/Concurso%20Publico\/MUNI\/2021\/plantamunicipal1\/Aux17Conduccion.pdf\"><span style=\"font-size: 10pt;\">Cargo Auxiliar Grado 17\u00b0 &#8211; Conducci\u00f3n<\/span><\/a><\/li>\n<\/ul>\n<\/li>\n<li><span style=\"font-size: 10pt;\"><strong>Administraci\u00f3n Municipal<\/strong><\/span>\n<ul>\n<li><span style=\"font-size: 10pt;\">C<a href=\"https:\/\/municipalidadpucon.cl\/oldweb\/web2010\/para%20descarga\/Concurso%20Publico\/MUNI\/2021\/plantamunicipal1\/Tecnico11Informatica.pdf\">argo T\u00e9cnico Grado 11\u00b0 &#8211; Departamento de Inform\u00e1tica<\/a><\/span><\/li>\n<\/ul>\n<\/li>\n<li><span style=\"font-size: 10pt;\"><strong>Direcci\u00f3n de Aseo, Ornato y Medio Ambiente<\/strong><\/span>\n<ul>\n<li><a href=\"https:\/\/municipalidadpucon.cl\/oldweb\/web2010\/para%20descarga\/Concurso%20Publico\/MUNI\/2021\/plantamunicipal1\/Admin18DAOMA.pdf\"><span style=\"font-size: 10pt;\">Cargo Administrativo Grado 18\u00b0 &#8211; Direcci\u00f3n de Aseo, Ornato y Medio Ambiente<\/span><\/a><\/li>\n<\/ul>\n<\/li>\n<li><span style=\"font-size: 10pt;\"><strong>Direcci\u00f3n de Desarrollo Comunitario<\/strong><\/span>\n<ul>\n<li><a href=\"https:\/\/municipalidadpucon.cl\/oldweb\/web2010\/para%20descarga\/Concurso%20Publico\/MUNI\/2021\/plantamunicipal1\/Directivo9DIDECO.pdf\"><span style=\"font-size: 10pt;\">Cargo Directivo Grado 9\u00b0 &#8211; Direcci\u00f3n de Desarrollo Comunitario<\/span><\/a><\/li>\n<li><a href=\"https:\/\/municipalidadpucon.cl\/oldweb\/web2010\/para%20descarga\/Concurso%20Publico\/MUNI\/2021\/plantamunicipal1\/Jefatura11DIDECO.pdf\"><span style=\"font-size: 10pt;\">Cargo Jefatura Grado 11\u00b0 &#8211; Direcci\u00f3n de Desarrollo Comunitario<\/span><\/a><\/li>\n<li><a href=\"https:\/\/municipalidadpucon.cl\/oldweb\/web2010\/para%20descarga\/Concurso%20Publico\/MUNI\/2021\/plantamunicipal1\/Tecnico13DIDECO.pdf\"><span style=\"font-size: 10pt;\">Cargo T\u00e9cnico Grado 13\u00b0 &#8211; Direcci\u00f3n de Desarrollo Comunitario<\/span><\/a><\/li>\n<\/ul>\n<\/li>\n<li><span style=\"font-size: 10pt;\"><strong>Direcci\u00f3n de Desarrollo Econ\u00f3mico, Fomento y Turismo<\/strong><\/span>\n<ul>\n<li><a href=\"https:\/\/municipalidadpucon.cl\/oldweb\/web2010\/para%20descarga\/Concurso%20Publico\/MUNI\/2021\/plantamunicipal1\/Jefatura11FomentoTurismo.pdf\"><span style=\"font-size: 10pt;\">Cargo Jefatura Grado 11\u00b0 &#8211; Direcci\u00f3n de Desarrollo Econ\u00f3mico, Fomento y Turismo<\/span><\/a><\/li>\n<li><a href=\"https:\/\/municipalidadpucon.cl\/oldweb\/web2010\/para%20descarga\/Concurso%20Publico\/MUNI\/2021\/plantamunicipal1\/Prof11FomentoTurismo.pdf\"><span style=\"font-size: 10pt;\">Cargo Profesional Grado 11\u00b0 &#8211; Direcci\u00f3n de Desarrollo Econ\u00f3mico, Fomento y Turismo<\/span><\/a><\/li>\n<li><a href=\"https:\/\/municipalidadpucon.cl\/oldweb\/web2010\/para%20descarga\/Concurso%20Publico\/MUNI\/2021\/plantamunicipal1\/Tecnico13FomentoTurismo.pdf\"><span style=\"font-size: 10pt;\">Cargo T\u00e9cnico Grado 13\u00b0 &#8211; Direcci\u00f3n de Desarrollo Econ\u00f3mico, Fomento y Turismo<\/span><\/a><\/li>\n<li><a href=\"https:\/\/municipalidadpucon.cl\/oldweb\/web2010\/para%20descarga\/Concurso%20Publico\/MUNI\/2021\/plantamunicipal1\/Tecnico14FomentoTurismo.pdf\"><span style=\"font-size: 10pt;\">Cargo T\u00e9cnico Grado 14\u00b0 &#8211; Direcci\u00f3n de Desarrollo Econ\u00f3mico, Fomento y Turismo<\/span><\/a><\/li>\n<\/ul>\n<\/li>\n<li><span style=\"font-size: 10pt;\"><strong>Direcci\u00f3n de Recursos Humanos<\/strong><\/span>\n<ul>\n<li><a href=\"https:\/\/municipalidadpucon.cl\/oldweb\/web2010\/para%20descarga\/Concurso%20Publico\/MUNI\/2021\/plantamunicipal1\/Tecnico14RRHH.pdf\"><span style=\"font-size: 10pt;\">Cargo T\u00e9cnico Grado 14\u00b0 &#8211; Direcci\u00f3n de Recursos Humanos<\/span><\/a><\/li>\n<li><a href=\"https:\/\/municipalidadpucon.cl\/oldweb\/web2010\/para%20descarga\/Concurso%20Publico\/MUNI\/2021\/plantamunicipal1\/Tecnico14RRHHBienestar.pdf\"><span style=\"font-size: 10pt;\">Cargo T\u00e9cnico Grado 14\u00b0 &#8211; Direcci\u00f3n de Recursos Humanos<\/span><\/a><\/li>\n<\/ul>\n<\/li>\n<li><strong><span style=\"font-size: 10pt;\">Direcci\u00f3n de Seguridad P\u00fablica<\/span><\/strong>\n<ul>\n<li><a href=\"https:\/\/municipalidadpucon.cl\/oldweb\/web2010\/para%20descarga\/Concurso%20Publico\/MUNI\/2021\/plantamunicipal1\/Prof10SegPublica.pdf\"><span style=\"font-size: 10pt;\">Cargo Profesional Grado 10\u00b0 &#8211; Direcci\u00f3n de Seguridad P\u00fablica<\/span><\/a><\/li>\n<li><a href=\"https:\/\/municipalidadpucon.cl\/oldweb\/web2010\/para%20descarga\/Concurso%20Publico\/MUNI\/2021\/plantamunicipal1\/Tecnico15SegPublica.pdf\"><span style=\"font-size: 10pt;\">Cargo T\u00e9cnico Grado 15\u00b0 &#8211; Direcci\u00f3n de Seguridad P\u00fablica<\/span><\/a><\/li>\n<\/ul>\n<\/li>\n<li><span style=\"font-size: 10pt;\"><strong>Direcci\u00f3n de Tr\u00e1nsito y Transporte P\u00fabico<\/strong><\/span>\n<ul>\n<li><a href=\"https:\/\/municipalidadpucon.cl\/oldweb\/web2010\/para%20descarga\/Concurso%20Publico\/MUNI\/2021\/plantamunicipal1\/Prof9Transito.pdf\"><span style=\"font-size: 10pt;\">Cargo Profesional Grado 9\u00b0 &#8211;\u00a0 Direcci\u00f3n de Tr\u00e1nsito y Transporte P\u00fabico<\/span><\/a><\/li>\n<li><a href=\"https:\/\/municipalidadpucon.cl\/oldweb\/web2010\/para%20descarga\/Concurso%20Publico\/MUNI\/2021\/plantamunicipal1\/Admin13Transito.pdf\"><span style=\"font-size: 10pt;\">Cargo Administrativo Grado 13\u00b0 &#8211; Direcci\u00f3n de Tr\u00e1nsito y Transporte P\u00fabico<\/span><\/a><\/li>\n<li><a href=\"https:\/\/municipalidadpucon.cl\/oldweb\/web2010\/para%20descarga\/Concurso%20Publico\/MUNI\/2021\/plantamunicipal1\/Admin14transito.pdf\"><span style=\"font-size: 10pt;\">Cargo Administrativo Grado 14\u00b0 &#8211; Direcci\u00f3n de Tr\u00e1nsito y Transporte P\u00fabico<\/span><\/a><\/li>\n<\/ul>\n<\/li>\n<li><span style=\"font-size: 10pt;\"><strong>Secretar\u00eda Municipal<\/strong><\/span>\n<ul>\n<li><a href=\"https:\/\/municipalidadpucon.cl\/oldweb\/web2010\/para%20descarga\/Concurso%20Publico\/MUNI\/2021\/plantamunicipal1\/Tecnico14Secretaria.pdf\"><span style=\"font-size: 10pt;\">Cargo T\u00e9cnico Grado 14\u00b0 &#8211; Secretar\u00eda Municipal<\/span><\/a><\/li>\n<li><a href=\"https:\/\/municipalidadpucon.cl\/oldweb\/web2010\/para%20descarga\/Concurso%20Publico\/MUNI\/2021\/plantamunicipal1\/Tecnico15Secretaria.pdf\"><span style=\"font-size: 10pt;\">Cargo T\u00e9cnico Grado 15\u00b0 &#8211; Secretar\u00eda Municipal<\/span><\/a><\/li>\n<\/ul>\n<\/li>\n<\/ul>\n<\/div><\/div><\/div><\/div><\/div><div class=\"accordian fusion-accordian\" style=\"--awb-border-size:1px;--awb-icon-size:16px;--awb-content-font-size:16px;--awb-icon-alignment:left;--awb-hover-color:#ffffff;--awb-border-color:#e2e2e2;--awb-background-color:#ffffff;--awb-divider-color:#e2e2e2;--awb-divider-hover-color:#e2e2e2;--awb-icon-color:#ffffff;--awb-title-color:#212934;--awb-content-color:#4a4e57;--awb-icon-box-color:#212934;--awb-toggle-hover-accent-color:#1a80b6;--awb-title-font-family:&quot;Zilla Slab&quot;;--awb-title-font-weight:400;--awb-title-font-style:normal;--awb-content-font-family:&quot;Open Sans&quot;;--awb-content-font-style:normal;--awb-content-font-weight:400;\"><div class=\"panel-group fusion-toggle-icon-boxed\" id=\"accordion-89-68\"><div class=\"fusion-panel panel-default panel-6eef799ea12a9056e fusion-toggle-no-divider fusion-toggle-boxed-mode\"><div class=\"panel-heading\"><h4 class=\"panel-title toggle\" id=\"toggle_6eef799ea12a9056e\"><a aria-expanded=\"false\" aria-controls=\"6eef799ea12a9056e\" role=\"button\" data-toggle=\"collapse\" data-parent=\"#accordion-89-68\" data-target=\"#6eef799ea12a9056e\" href=\"#6eef799ea12a9056e\"><span class=\"fusion-toggle-icon-wrapper\" aria-hidden=\"true\"><i class=\"fa-fusion-box active-icon awb-icon-minus\" aria-hidden=\"true\"><\/i><i class=\"fa-fusion-box inactive-icon awb-icon-plus\" aria-hidden=\"true\"><\/i><\/span><span class=\"fusion-toggle-heading\">Llamado Concurso P\u00fablico Planta Municipal 2020 - Segundo Llamado Concursos<\/span><\/a><\/h4><\/div><div id=\"6eef799ea12a9056e\" class=\"panel-collapse collapse \" aria-labelledby=\"toggle_6eef799ea12a9056e\"><div class=\"panel-body toggle-content fusion-clearfix\">\n<div class=\"archivos-documentos\">\n<ul>\n<li><span style=\"font-size: 10pt;\"><a class=\"archive-documento\" href=\"https:\/\/www.municipalidadpucon.cl\/oldweb\/web2010\/para%20descarga\/Concurso%20Publico\/MUNI\/2020\/plantamunicipal1\/Reglamento_Concursos_Publicos.pdf\">Reglamento Concurso P\u00fablico Planta Municipal<\/a><\/span><\/li>\n<li><span style=\"font-size: 10pt;\"><a class=\"archive-documento\" href=\"https:\/\/www.municipalidadpucon.cl\/oldweb\/web2010\/para%20descarga\/Concurso%20Publico\/MUNI\/2020\/plantamunicipal2\/DecEx1814_ApruebaBasesConcursosPublico.pdf\">Decreto Exento N\u00b0 1814 &#8211; Aprueba Bases Llamados a Concursos P\u00fablicos<\/a><\/span><\/li>\n<li><span style=\"font-size: 10pt;\"><a class=\"archive-documento\" href=\"https:\/\/www.municipalidadpucon.cl\/oldweb\/web2010\/para%20descarga\/Concurso%20Publico\/MUNI\/2020\/plantamunicipal2\/Segundo_Llamado_Concurso_A%C3%B1o_2020.pdf\">Resumen Segundo Llamado a Concursos P\u00fablicos y Cronograma<\/a><\/span><\/li>\n<li><span style=\"font-size: 10pt;\"><a class=\"archive-documento\" href=\"https:\/\/www.municipalidadpucon.cl\/oldweb\/web2010\/para%20descarga\/Concurso%20Publico\/MUNI\/2020\/plantamunicipal2\/ResolicionSegundoLlamadoConcurso2020.pdf\">RESOLUCI\u00d3N DE CONCURSOS P\u00daBLICOS<\/a><\/span><\/li>\n<\/ul>\n<\/div>\n<ul>\n<li><strong><span style=\"font-size: 10pt;\">Direcci\u00f3n de Obras<\/span><\/strong>\n<ul>\n<li><span style=\"font-size: 10pt;\"><a class=\"archive-documento\" href=\"https:\/\/www.municipalidadpucon.cl\/oldweb\/web2010\/para%20descarga\/Concurso%20Publico\/MUNI\/2020\/plantamunicipal2\/Grado6DirectivoDOM.pdf\">Cargo Directivo grado 6\u00b0, Direcci\u00f3n de Obras<\/a><\/span><\/li>\n<\/ul>\n<\/li>\n<li><strong><span style=\"font-size: 10pt;\">Juzgado de Polic\u00eda Local<\/span><\/strong>\n<ul>\n<li><span style=\"font-size: 10pt;\"><a class=\"archive-documento\" href=\"https:\/\/www.municipalidadpucon.cl\/oldweb\/web2010\/para%20descarga\/Concurso%20Publico\/MUNI\/2020\/plantamunicipal2\/Grado10JPL.pdf\">Cargo Profesional grado 10\u00b0, Juzgado de Polic\u00eda Local<\/a><\/span><\/li>\n<li><span style=\"font-size: 10pt;\"><a class=\"archive-documento\" href=\"https:\/\/www.municipalidadpucon.cl\/oldweb\/web2010\/para%20descarga\/Concurso%20Publico\/MUNI\/2020\/plantamunicipal2\/Grado13AdministrativoJPL.pdf\">Cargo Administrativo grado 13\u00b0, Juzgado de Polic\u00eda Local<\/a><\/span><\/li>\n<\/ul>\n<\/li>\n<li><strong><span style=\"font-size: 10pt;\">Direcci\u00f3n de Tr\u00e1nsito y Transporte P\u00fablico<\/span><\/strong>\n<ul>\n<li><span style=\"font-size: 10pt;\"><a class=\"archive-documento\" href=\"https:\/\/www.municipalidadpucon.cl\/oldweb\/web2010\/para%20descarga\/Concurso%20Publico\/MUNI\/2020\/plantamunicipal2\/Grado13AdministrativoTransito.pdf\">Cargo Administrativo grado 13\u00b0, Direcci\u00f3n de Transito<\/a><\/span><\/li>\n<\/ul>\n<\/li>\n<\/ul>\n<\/div><\/div><\/div><div class=\"fusion-panel panel-default panel-be393061f15e9103b fusion-toggle-no-divider fusion-toggle-boxed-mode\"><div class=\"panel-heading\"><h4 class=\"panel-title toggle\" id=\"toggle_be393061f15e9103b\"><a aria-expanded=\"false\" aria-controls=\"be393061f15e9103b\" role=\"button\" data-toggle=\"collapse\" data-parent=\"#accordion-89-68\" data-target=\"#be393061f15e9103b\" href=\"#be393061f15e9103b\"><span class=\"fusion-toggle-icon-wrapper\" aria-hidden=\"true\"><i class=\"fa-fusion-box active-icon awb-icon-minus\" aria-hidden=\"true\"><\/i><i class=\"fa-fusion-box inactive-icon awb-icon-plus\" aria-hidden=\"true\"><\/i><\/span><span class=\"fusion-toggle-heading\">Llamado Concurso P\u00fablico Planta Municipal 2020 - Primer Llamado Concursos<\/span><\/a><\/h4><\/div><div id=\"be393061f15e9103b\" class=\"panel-collapse collapse \" aria-labelledby=\"toggle_be393061f15e9103b\"><div class=\"panel-body toggle-content fusion-clearfix\">\n<ul>\n<li><span style=\"font-size: 10pt;\"><a class=\"archive-documento\" href=\"https:\/\/www.municipalidadpucon.cl\/oldweb\/web2010\/para%20descarga\/Concurso%20Publico\/MUNI\/2020\/plantamunicipal1\/Dec1121ReanudacionConcursosP%C3%BAblicos.pdf\">Decreto N\u00b0 1121 Reanudaci\u00f3n Concursos P\u00fablicos<\/a><\/span><\/li>\n<li><span style=\"font-size: 10pt;\"><a class=\"archive-documento\" href=\"https:\/\/www.municipalidadpucon.cl\/oldweb\/web2010\/para%20descarga\/Concurso%20Publico\/MUNI\/2020\/plantamunicipal1\/DecEx289SuspensionTemporalPlanta289.pdf\">Decreto N\u00b0 289 Suspensi\u00f3n Temporal Concurso Publico<\/a><\/span><\/li>\n<li><a class=\"archive-documento\" href=\"https:\/\/www.municipalidadpucon.cl\/oldweb\/web2010\/para%20descarga\/Concurso%20Publico\/MUNI\/2020\/plantamunicipal1\/Resoluci%C3%B3nConcursosP%C3%BAblicosA%C3%B1o2020.pdf\">RESOLUCI\u00d3N DE CONCURSOS P\u00daBLICOS<\/a><\/li>\n<\/ul>\n<p style=\"padding-left: 40px;\"><span style=\"font-size: 10pt;\"><strong>Primer Llamado Concursos<\/strong><\/span><\/p>\n<ul>\n<li style=\"list-style-type: none;\">\n<ul>\n<li><span style=\"font-size: 10pt;\"><a href=\"https:\/\/www.municipalidadpucon.cl\/oldweb\/web2010\/para%20descarga\/Concurso%20Publico\/MUNI\/2020\/plantamunicipal1\/Reglamento_Concursos_Publicos.pdf\">Reglamento Concurso P\u00fablico Planta Municipal<\/a><\/span><\/li>\n<li><span style=\"font-size: 10pt;\"><a href=\"https:\/\/www.municipalidadpucon.cl\/oldweb\/web2010\/para%20descarga\/Concurso%20Publico\/MUNI\/2020\/plantamunicipal1\/Primer_Llamado_Concurso_A%C3%B1o_2020.pdf\">Resumen primer Llamado a Concursos P\u00fablicos y Cronograma<\/a><\/span><\/li>\n<li><span style=\"font-size: 10pt;\"><a href=\"https:\/\/www.municipalidadpucon.cl\/oldweb\/web2010\/para%20descarga\/Concurso%20Publico\/MUNI\/2020\/plantamunicipal1\/DecEx0398_ApruebaBasesConcursosPublico.pdf\">Decreto Exento N\u00b0 0398 &#8211; Aprueba Bases Llamados a Concursos P\u00fablicos<\/a><\/span><\/li>\n<li><span style=\"font-size: 10pt;\"><a href=\"https:\/\/www.municipalidadpucon.cl\/oldweb\/web2010\/para%20descarga\/Concurso%20Publico\/MUNI\/2020\/plantamunicipal1\/Primer_Llamado_Concurso_A%C3%B1o_2020_(aclaratoria%20fechas).pdf\">Resumen primer Llamado a Concursos P\u00fablicos y Cronograma (aclaratoria fechas)<\/a><\/span><\/li>\n<li><span style=\"font-size: 10pt;\"><a href=\"https:\/\/www.municipalidadpucon.cl\/oldweb\/web2010\/para%20descarga\/Concurso%20Publico\/MUNI\/2020\/plantamunicipal1\/DecEx289SuspensionTemporalPlanta289.pdf\">Decreto N\u00b0 289 Suspensi\u00f3n Temporal Concurso Publico<\/a><\/span><\/li>\n<\/ul>\n<\/li>\n<\/ul>\n<p style=\"padding-left: 80px;\"><span style=\"font-size: 10pt;\"><strong>Direcci\u00f3n Jur\u00eddica<\/strong><\/span><\/p>\n<ul>\n<li style=\"list-style-type: none;\">\n<ul>\n<li style=\"list-style-type: none;\">\n<ul>\n<li><span style=\"font-size: 10pt;\"><a class=\"archive-documento\" href=\"https:\/\/www.municipalidadpucon.cl\/oldweb\/web2010\/para%20descarga\/Concurso%20Publico\/MUNI\/2020\/plantamunicipal1\/Prof8Juridico.pdf\">Cargo Profesional grado 8\u00b0 &#8211; Direcci\u00f3n Jur\u00eddica<\/a><\/span><\/li>\n<\/ul>\n<\/li>\n<\/ul>\n<\/li>\n<\/ul>\n<p style=\"padding-left: 80px;\"><span style=\"font-size: 10pt;\"><strong>Juzgado de Polic\u00eda Local<\/strong><\/span><\/p>\n<ul>\n<li style=\"list-style-type: none;\">\n<ul>\n<li style=\"list-style-type: none;\">\n<ul>\n<li><span style=\"font-size: 10pt;\"><a class=\"archive-documento\" href=\"https:\/\/www.municipalidadpucon.cl\/oldweb\/web2010\/para%20descarga\/Concurso%20Publico\/MUNI\/2020\/plantamunicipal1\/Prof10JPL.pdf\">Cargo Profesional grado 10\u00b0 &#8211; Juzgado de Polic\u00eda Local<\/a><\/span><\/li>\n<\/ul>\n<\/li>\n<\/ul>\n<\/li>\n<\/ul>\n<p style=\"padding-left: 80px;\"><span style=\"font-size: 10pt;\"><strong>Direcci\u00f3n de Tr\u00e1nsito y Transporte P\u00fablico.<\/strong><\/span><\/p>\n<ul>\n<li style=\"list-style-type: none;\">\n<ul>\n<li style=\"list-style-type: none;\">\n<ul>\n<li><span style=\"font-size: 10pt;\"><a class=\"archive-documento\" href=\"https:\/\/www.municipalidadpucon.cl\/oldweb\/web2010\/para%20descarga\/Concurso%20Publico\/MUNI\/2020\/plantamunicipal1\/ProfM%C3%A9dicoTransito.pdf\">Cargo Profesional Ley N\u00b0 15.076 &#8211; Direcci\u00f3n de Transito. Medico Gabinete Psicot\u00e9cnico<\/a><\/span><\/li>\n<\/ul>\n<\/li>\n<\/ul>\n<\/li>\n<\/ul>\n<p style=\"padding-left: 80px;\"><span style=\"font-size: 10pt;\"><strong>Administraci\u00f3n Municipal<\/strong><\/span><\/p>\n<ul>\n<li style=\"list-style-type: none;\">\n<ul>\n<li style=\"list-style-type: none;\">\n<ul>\n<li><span style=\"font-size: 10pt;\"><a class=\"archive-documento\" href=\"https:\/\/www.municipalidadpucon.cl\/oldweb\/web2010\/para%20descarga\/Concurso%20Publico\/MUNI\/2020\/plantamunicipal1\/T%C3%A9cnicos11Inform%C3%A1tica.pdf\">Cargo T\u00e9cnico grado 11\u00b0 &#8211; Depto. de Inform\u00e1tica<\/a><\/span><\/li>\n<\/ul>\n<\/li>\n<\/ul>\n<\/li>\n<\/ul>\n<p style=\"padding-left: 80px;\"><span style=\"font-size: 10pt;\"><strong>Alcald\u00eda\/Administraci\u00f3n<\/strong><\/span><\/p>\n<ul>\n<li style=\"list-style-type: none;\">\n<ul>\n<li style=\"list-style-type: none;\">\n<ul>\n<li><span style=\"font-size: 10pt;\"><a class=\"archive-documento\" href=\"https:\/\/www.municipalidadpucon.cl\/oldweb\/web2010\/para%20descarga\/Concurso%20Publico\/MUNI\/2020\/plantamunicipal1\/Jefat10Gabinete.pdf\">Cargo Jefatura grado 10\u00b0 &#8211; Gabinete<\/a><\/span><\/li>\n<\/ul>\n<\/li>\n<\/ul>\n<\/li>\n<\/ul>\n<p style=\"padding-left: 80px;\"><span style=\"font-size: 10pt;\"><strong>Direcci\u00f3n de Recursos Humanos<\/strong><\/span><\/p>\n<ul>\n<li style=\"list-style-type: none;\">\n<ul>\n<li style=\"list-style-type: none;\">\n<ul>\n<li><span style=\"font-size: 10pt;\"><a class=\"archive-documento\" href=\"https:\/\/www.municipalidadpucon.cl\/oldweb\/web2010\/para%20descarga\/Concurso%20Publico\/MUNI\/2020\/plantamunicipal1\/T%C3%A9cnico12RRHH.pdf\">Cargo T\u00e9cnico grado 12\u00b0 &#8211; Direcci\u00f3n de Recursos Humanos<\/a><\/span><\/li>\n<li><span style=\"font-size: 10pt;\"><a class=\"archive-documento\" href=\"https:\/\/www.municipalidadpucon.cl\/oldweb\/web2010\/para%20descarga\/Concurso%20Publico\/MUNI\/2020\/plantamunicipal1\/T%C3%A9cnico13RRHH.pdf\">Cargo T\u00e9cnico grado 13\u00b0 &#8211; Direcci\u00f3n de Recursos Humanos<\/a><\/span><\/li>\n<\/ul>\n<\/li>\n<\/ul>\n<\/li>\n<\/ul>\n<p style=\"padding-left: 80px;\"><span style=\"font-size: 10pt;\"><strong>Direcci\u00f3n de Obras<\/strong><\/span><\/p>\n<ul>\n<li style=\"list-style-type: none;\">\n<ul>\n<li style=\"list-style-type: none;\">\n<ul>\n<li><span style=\"font-size: 10pt;\"><a class=\"archive-documento\" href=\"https:\/\/www.municipalidadpucon.cl\/oldweb\/web2010\/para%20descarga\/Concurso%20Publico\/MUNI\/2020\/plantamunicipal1\/Prof10DOM.pdf\">Cargo Profesional grado 10\u00b0 &#8211; Direcci\u00f3n de Obras<\/a><\/span><\/li>\n<\/ul>\n<\/li>\n<\/ul>\n<\/li>\n<\/ul>\n<p style=\"padding-left: 80px;\"><span style=\"font-size: 10pt;\"><strong>Direcci\u00f3n de Administraci\u00f3n y Finanzas<\/strong><\/span><\/p>\n<ul>\n<li style=\"list-style-type: none;\">\n<ul>\n<li style=\"list-style-type: none;\">\n<ul>\n<li><span style=\"font-size: 10pt;\"><a class=\"archive-documento\" href=\"https:\/\/www.municipalidadpucon.cl\/oldweb\/web2010\/para%20descarga\/Concurso%20Publico\/MUNI\/2020\/plantamunicipal1\/Prof11Finanzas.pdf\">Cargo Profesional grado 11\u00b0 &#8211; Secci\u00f3n Activo Fijo<\/a><\/span><\/li>\n<\/ul>\n<\/li>\n<\/ul>\n<\/li>\n<\/ul>\n<p style=\"padding-left: 80px;\"><span style=\"font-size: 10pt;\"><strong>Direcci\u00f3n Desarrollo Econ\u00f3mico, Fomento y Turismo<\/strong><\/span><\/p>\n<ul>\n<li style=\"list-style-type: none;\">\n<ul>\n<li style=\"list-style-type: none;\">\n<ul>\n<li><span style=\"font-size: 10pt;\"><a class=\"archive-documento\" href=\"https:\/\/www.municipalidadpucon.cl\/oldweb\/web2010\/para%20descarga\/Concurso%20Publico\/MUNI\/2020\/plantamunicipal1\/T%C3%A9cnico13UDR.pdf\">Cargo T\u00e9cnico grado 13\u00b0 &#8211; Depto. de Desarrollo Rural<\/a><\/span><\/li>\n<li><span style=\"font-size: 10pt;\"><a class=\"archive-documento\" href=\"https:\/\/www.municipalidadpucon.cl\/oldweb\/web2010\/para%20descarga\/Concurso%20Publico\/MUNI\/2020\/plantamunicipal1\/Prof11UDR.pdf\">Cargo Profesional grado 11\u00b0 &#8211; Depto. de Desarrollo Rural<\/a><\/span><\/li>\n<li><span style=\"font-size: 10pt;\"><a class=\"archive-documento\" href=\"https:\/\/www.municipalidadpucon.cl\/oldweb\/web2010\/para%20descarga\/Concurso%20Publico\/MUNI\/2020\/plantamunicipal1\/Prof11DEL.pdf\">Cargo Profesional grado 11\u00b0 &#8211; Depto. de Desarrollo Econ\u00f3mico Local<\/a><\/span><\/li>\n<li><span style=\"font-size: 10pt;\"><a class=\"archive-documento\" href=\"https:\/\/www.municipalidadpucon.cl\/oldweb\/web2010\/para%20descarga\/Concurso%20Publico\/MUNI\/2020\/plantamunicipal1\/T%C3%A9cnico15_Omil.pdf\">Cargo T\u00e9cnico grado 15\u00b0 &#8211; OMIL<\/a><\/span><\/li>\n<\/ul>\n<\/li>\n<\/ul>\n<\/li>\n<\/ul>\n<\/div><\/div><\/div><div class=\"fusion-panel panel-default panel-f9e1d84392f9918ec fusion-toggle-no-divider fusion-toggle-boxed-mode\"><div class=\"panel-heading\"><h4 class=\"panel-title toggle\" id=\"toggle_f9e1d84392f9918ec\"><a aria-expanded=\"false\" aria-controls=\"f9e1d84392f9918ec\" role=\"button\" data-toggle=\"collapse\" data-parent=\"#accordion-89-68\" data-target=\"#f9e1d84392f9918ec\" href=\"#f9e1d84392f9918ec\"><span class=\"fusion-toggle-icon-wrapper\" aria-hidden=\"true\"><i class=\"fa-fusion-box active-icon awb-icon-minus\" aria-hidden=\"true\"><\/i><i class=\"fa-fusion-box inactive-icon awb-icon-plus\" aria-hidden=\"true\"><\/i><\/span><span class=\"fusion-toggle-heading\">SENDA-Previene<\/span><\/a><\/h4><\/div><div id=\"f9e1d84392f9918ec\" class=\"panel-collapse collapse \" aria-labelledby=\"toggle_f9e1d84392f9918ec\"><div class=\"panel-body toggle-content fusion-clearfix\">\n<ul>\n<li><span style=\"font-size: 10pt;\"><a class=\"archive-documento\" href=\"https:\/\/www.municipalidadpucon.cl\/oldweb\/web2010\/para%20descarga\/Concurso%20Publico\/MUNI\/2020\/SENDA-Previene\/Profesional_de_Apoyo_SENDA_Previen_PUCON.pdf\">Profesional de Apoyo para SENDA-Previen de Puc\u00f3n<\/a><\/span><\/li>\n<\/ul>\n<\/div><\/div><\/div><div class=\"fusion-panel panel-default panel-0cf55726de4caffcb fusion-toggle-no-divider fusion-toggle-boxed-mode\"><div class=\"panel-heading\"><h4 class=\"panel-title toggle\" id=\"toggle_0cf55726de4caffcb\"><a aria-expanded=\"false\" aria-controls=\"0cf55726de4caffcb\" role=\"button\" data-toggle=\"collapse\" data-parent=\"#accordion-89-68\" data-target=\"#0cf55726de4caffcb\" href=\"#0cf55726de4caffcb\"><span class=\"fusion-toggle-icon-wrapper\" aria-hidden=\"true\"><i class=\"fa-fusion-box active-icon awb-icon-minus\" aria-hidden=\"true\"><\/i><i class=\"fa-fusion-box inactive-icon awb-icon-plus\" aria-hidden=\"true\"><\/i><\/span><span class=\"fusion-toggle-heading\">Llamado Concurso P\u00fablico Planta Municipal 2019 - Primer Llamado a Concursos<\/span><\/a><\/h4><\/div><div id=\"0cf55726de4caffcb\" class=\"panel-collapse collapse \" aria-labelledby=\"toggle_0cf55726de4caffcb\"><div class=\"panel-body toggle-content fusion-clearfix\">\n<p><span style=\"font-size: 10pt;\"><strong>Primer Llamado a Concursos<\/strong><\/span><\/p>\n<ul>\n<li><span style=\"font-size: 10pt;\"><a class=\"archive-documento\" href=\"https:\/\/www.municipalidadpucon.cl\/oldweb\/web2010\/para%20descarga\/Concurso%20Publico\/MUNI\/2019\/plantamunicipal1\/Aclaratoria\/Aclaratoria_a_las_Bases_de_Concursos_Publicos.pdf\">Aclaratoria a las Bases de Concursos P\u00fablicos<\/a><\/span><\/li>\n<li><span style=\"font-size: 10pt;\"><a class=\"archive-documento\" href=\"https:\/\/www.municipalidadpucon.cl\/oldweb\/web2010\/para%20descarga\/Concurso%20Publico\/MUNI\/2019\/plantamunicipal1\/Resoluci%C3%B3nConcursosP%C3%BAblicos.pdf\">RESOLUCI\u00d3N DE CONCURSOS P\u00daBLICOS<\/a><\/span><\/li>\n<\/ul>\n<p><span style=\"font-size: 10pt;\"><strong>Documentos y Antecedentes para el proceso de postulaci\u00f3n<\/strong><\/span><\/p>\n<ul>\n<li><span style=\"font-size: 10pt;\"><a class=\"archive-documento\" href=\"https:\/\/www.municipalidadpucon.cl\/oldweb\/web2010\/para%20descarga\/Concurso%20Publico\/MUNI\/2019\/plantamunicipal1\/decreto2990aprueba.pdf\">Decreto 2990 Aprueba Bases Concurso Planta Municipal<\/a><\/span><\/li>\n<li><span style=\"font-size: 10pt;\"><a class=\"archive-documento\" href=\"https:\/\/www.municipalidadpucon.cl\/oldweb\/web2010\/para%20descarga\/Concurso%20Publico\/MUNI\/2019\/plantamunicipal1\/decreto2963rectifica.pdf\">Decreto 2963 Rectifica Bases Concurso Planta Municipal<\/a><\/span><\/li>\n<li><span style=\"font-size: 10pt;\"><a class=\"archive-documento\" href=\"https:\/\/www.municipalidadpucon.cl\/oldweb\/web2010\/para%20descarga\/Concurso%20Publico\/MUNI\/2019\/plantamunicipal1\/Reglamento_Concursos_Publicos.pdf\">Reglamento Concurso P\u00fablico Planta Municipal<\/a><\/span><\/li>\n<li><span style=\"font-size: 10pt;\"><a class=\"archive-documento\" href=\"https:\/\/www.municipalidadpucon.cl\/oldweb\/web2010\/para%20descarga\/Concurso%20Publico\/MUNI\/2019\/plantamunicipal1\/Declaracion_Jurada_Simple_Concurso_Publico.pdf\">Declaraci\u00f3n Jurada Simple Planta Municipal<\/a><\/span><\/li>\n<li><span style=\"font-size: 10pt;\"><a class=\"archive-documento\" href=\"https:\/\/www.municipalidadpucon.cl\/oldweb\/web2010\/para%20descarga\/Concurso%20Publico\/MUNI\/2019\/plantamunicipal1\/Aclaratoria\/Aclaratoria_a_las_Bases_de_Concursos_Publicos.pdf\">Aclaratoria a las Bases de Concursos P\u00fablicos<\/a><\/span><\/li>\n<\/ul>\n<p><span style=\"font-size: 10pt;\"><strong>Direcci\u00f3n Recursos Humanos<\/strong><\/span><\/p>\n<ul>\n<li><span style=\"font-size: 10pt;\"><a class=\"cat-documento\" href=\"https:\/\/municipalidadpucon.cl\/?page_id=905&amp;cat=811\">Direcci\u00f3n Recursos Humanos<\/a><\/span><\/li>\n<li><span style=\"font-size: 10pt;\"><a class=\"archive-documento\" href=\"https:\/\/www.municipalidadpucon.cl\/oldweb\/web2010\/para%20descarga\/Concurso%20Publico\/MUNI\/2019\/plantamunicipal1\/tecnico_rrhh_12.pdf\">Cargo T\u00e9cnico Grado 12<\/a><\/span><\/li>\n<li><span style=\"font-size: 10pt;\"><a class=\"archive-documento\" href=\"https:\/\/www.municipalidadpucon.cl\/oldweb\/web2010\/para%20descarga\/Concurso%20Publico\/MUNI\/2019\/plantamunicipal1\/Aclaratoria\/Perfiles_1er_Llamado_Concurso\/RRHH\/Perfil_Jefatura_grado_9.pdf\">Perfil de cargo &#8211; Anexo2 &#8211; Perfil Jefatura grado 9<\/a><\/span><\/li>\n<li><span style=\"font-size: 10pt;\"><a class=\"archive-documento\" href=\"https:\/\/www.municipalidadpucon.cl\/oldweb\/web2010\/para%20descarga\/Concurso%20Publico\/MUNI\/2019\/plantamunicipal1\/Aclaratoria\/Perfiles_1er_Llamado_Concurso\/RRHH\/Perfil_tecnico_grado_12.pdf\">Perfil de cargo &#8211; Anexo2 \u2013 Perfil t\u00e9cnico grado 12<\/a><\/span><\/li>\n<\/ul>\n<p><span style=\"font-size: 10pt;\"><strong>Direcci\u00f3n Aseo y Ornato y Medio Ambiente<\/strong><\/span><\/p>\n<ul>\n<li><span style=\"font-size: 10pt;\"><a class=\"archive-documento\" href=\"https:\/\/www.municipalidadpucon.cl\/oldweb\/web2010\/para%20descarga\/Concurso%20Publico\/MUNI\/2019\/plantamunicipal1\/profesional_daoma_9.pdf\">Cargo Profesional Ambiental Grado 9<\/a><\/span><\/li>\n<li><span style=\"font-size: 10pt;\"><a class=\"archive-documento\" href=\"https:\/\/www.municipalidadpucon.cl\/oldweb\/web2010\/para%20descarga\/Concurso%20Publico\/MUNI\/2019\/plantamunicipal1\/jefatura_daoma_10.pdf\">Cargo Jefatura Unidad Ambiental Grado 10<\/a><\/span><\/li>\n<li><span style=\"font-size: 10pt;\"><a class=\"archive-documento\" href=\"https:\/\/www.municipalidadpucon.cl\/oldweb\/web2010\/para%20descarga\/Concurso%20Publico\/MUNI\/2019\/plantamunicipal1\/Aclaratoria\/Perfiles_1er_Llamado_Concurso\/Daoma\/Perfil_Profesional_Grado_9.pdf\">Perfil de cargo &#8211; Anexo2 \u2013 Perfil Profesional Grado 9<\/a><\/span><\/li>\n<li><span style=\"font-size: 10pt;\"><a class=\"archive-documento\" href=\"https:\/\/www.municipalidadpucon.cl\/oldweb\/web2010\/para%20descarga\/Concurso%20Publico\/MUNI\/2019\/plantamunicipal1\/Aclaratoria\/Perfiles_1er_Llamado_Concurso\/Daoma\/Perfil_Jefatura_Grado_10.pdf\">Perfil de cargo &#8211; Anexo2 \u2013 Perfil Jefatura Grado 10<\/a><\/span><\/li>\n<\/ul>\n<p><span style=\"font-size: 10pt;\"><strong>Direcci\u00f3n Desarrollo Econ\u00f3mico Fomento y Turismo<\/strong><\/span><\/p>\n<ul>\n<li><span style=\"font-size: 10pt;\"><a class=\"archive-documento\" href=\"https:\/\/www.municipalidadpucon.cl\/oldweb\/web2010\/para%20descarga\/Concurso%20Publico\/MUNI\/2019\/plantamunicipal1\/profesional_fomentoproductivo_fp_6.pdf\">Cargo Profesional Director Grado 6<\/a><\/span><\/li>\n<li><span style=\"font-size: 10pt;\"><a class=\"archive-documento\" href=\"https:\/\/www.municipalidadpucon.cl\/oldweb\/web2010\/para%20descarga\/Concurso%20Publico\/MUNI\/2019\/plantamunicipal1\/profesional_desarrolloeconomico_fp_10.pdf\">Cargo Profesional Desarrollo Econ\u00f3mico Grado 10<\/a><\/span><\/li>\n<li><span style=\"font-size: 10pt;\"><a class=\"archive-documento\" href=\"https:\/\/www.municipalidadpucon.cl\/oldweb\/web2010\/para%20descarga\/Concurso%20Publico\/MUNI\/2019\/plantamunicipal1\/tecnico_desarrollorural_fp_13.pdf\">Cargo T\u00e9cnico Desarrollo Rural Grado 13<\/a><\/span><\/li>\n<li><span style=\"font-size: 10pt;\"><a class=\"archive-documento\" href=\"https:\/\/www.municipalidadpucon.cl\/oldweb\/web2010\/para%20descarga\/Concurso%20Publico\/MUNI\/2019\/plantamunicipal1\/tecnico_turismo_fp_14.pdf\">Cargo T\u00e9cnico Turismo Grado 14<\/a><\/span><\/li>\n<li><span style=\"font-size: 10pt;\"><a class=\"archive-documento\" href=\"https:\/\/www.municipalidadpucon.cl\/oldweb\/web2010\/para%20descarga\/Concurso%20Publico\/MUNI\/2019\/plantamunicipal1\/tecnico_desarrolloeconomico_fp_15.pdf\">Cargo T\u00e9cnico Desarrollo Econ\u00f3mico Grado 15<\/a><\/span><\/li>\n<li><span style=\"font-size: 10pt;\"><a class=\"archive-documento\" href=\"https:\/\/www.municipalidadpucon.cl\/oldweb\/web2010\/para%20descarga\/Concurso%20Publico\/MUNI\/2019\/plantamunicipal1\/tecnico_inspeccion_fp_15.pdf\">Cargo T\u00e9cnico \u00c1rea de Inspecci\u00f3n Grado15<\/a><\/span><\/li>\n<li><span style=\"font-size: 10pt;\"><a class=\"archive-documento\" href=\"https:\/\/www.municipalidadpucon.cl\/oldweb\/web2010\/para%20descarga\/Concurso%20Publico\/MUNI\/2019\/plantamunicipal1\/tecnico_turismo_fp_15.pdf\">Cargo T\u00e9cnico Turismo Grado 15<\/a><\/span><\/li>\n<li><span style=\"font-size: 10pt;\"><a class=\"archive-documento\" href=\"https:\/\/www.municipalidadpucon.cl\/oldweb\/web2010\/para%20descarga\/Concurso%20Publico\/MUNI\/2019\/plantamunicipal1\/profesional_turismo_fp_10.pdf\">Cargo Profesional Turismo Grado 10<\/a><\/span><\/li>\n<li><span style=\"font-size: 10pt;\"><a class=\"archive-documento\" href=\"https:\/\/www.municipalidadpucon.cl\/oldweb\/web2010\/para%20descarga\/Concurso%20Publico\/MUNI\/2019\/plantamunicipal1\/tecnico_turismoaventura_fp_14.pdf\">Cargo T\u00e9cnico Turismo Aventura Grado 14<\/a><\/span><\/li>\n<li><span style=\"font-size: 10pt;\"><a class=\"archive-documento\" href=\"https:\/\/www.municipalidadpucon.cl\/oldweb\/web2010\/para%20descarga\/Concurso%20Publico\/MUNI\/2019\/plantamunicipal1\/Aclaratoria\/Perfiles_1er_Llamado_Concurso\/Turismo\/PERFIL_DE_CARGO_DIRECTOR_DEFT_grado_6.pdf\">Perfil de cargo &#8211; Anexo2 \u2013 Director Grado 6<\/a><\/span><\/li>\n<li><span style=\"font-size: 10pt;\"><a class=\"archive-documento\" href=\"https:\/\/www.municipalidadpucon.cl\/oldweb\/web2010\/para%20descarga\/Concurso%20Publico\/MUNI\/2019\/plantamunicipal1\/Aclaratoria\/Perfiles_1er_Llamado_Concurso\/Turismo\/PERFIL_PROFESIONAL_FOMENTO_GRADO_10.pdf\">Perfil de cargo &#8211; Anexo2 \u2013 Profesional Desarrollo Econ\u00f3mico Grado 10<\/a><\/span><\/li>\n<li><span style=\"font-size: 10pt;\"><a class=\"archive-documento\" href=\"https:\/\/www.municipalidadpucon.cl\/oldweb\/web2010\/para%20descarga\/Concurso%20Publico\/MUNI\/2019\/plantamunicipal1\/Aclaratoria\/Perfiles_1er_Llamado_Concurso\/Turismo\/Perfil_grado_13_T%C3%A9cnico_UDR.pdf\">Perfil de cargo &#8211; Anexo2 \u2013 T\u00e9cnico Desarrollo Rural Grado 13<\/a><\/span><\/li>\n<li><span style=\"font-size: 10pt;\"><a class=\"archive-documento\" href=\"https:\/\/www.municipalidadpucon.cl\/oldweb\/web2010\/para%20descarga\/Concurso%20Publico\/MUNI\/2019\/plantamunicipal1\/Aclaratoria\/Perfiles_1er_Llamado_Concurso\/Turismo\/PERFIL_DE_CARGO_T%C3%89CNICO_DE_TURISMO_14.pdf\">Perfil de cargo &#8211; Anexo2 \u2013 T\u00e9cnico Turismo Grado 14<\/a><\/span><\/li>\n<li><span style=\"font-size: 10pt;\"><a class=\"archive-documento\" href=\"https:\/\/www.municipalidadpucon.cl\/oldweb\/web2010\/para%20descarga\/Concurso%20Publico\/MUNI\/2019\/plantamunicipal1\/Aclaratoria\/Perfiles_1er_Llamado_Concurso\/Turismo\/PERFIL_DE_CARGO_T%C3%89CNICO_15_UNIDAD_DESARROLLO_ECON%C3%93MICO_LOCAL.pdf\">Perfil de cargo &#8211; Anexo2 \u2013 T\u00e9cnico Desarrollo Econ\u00f3mico Grado 15<\/a><\/span><\/li>\n<li><span style=\"font-size: 10pt;\"><a class=\"archive-documento\" href=\"https:\/\/www.municipalidadpucon.cl\/oldweb\/web2010\/para%20descarga\/Concurso%20Publico\/MUNI\/2019\/plantamunicipal1\/Aclaratoria\/Perfiles_1er_Llamado_Concurso\/Turismo\/PERFIL_DE_CARGO_T%C3%89CNICO_DE_INSPECTOR_DE_TURISMO_15.pdf\">Perfil de cargo &#8211; Anexo2 \u2013 T\u00e9cnico \u00c1rea de Inspecci\u00f3n Grado15<\/a><\/span><\/li>\n<li><span style=\"font-size: 10pt;\"><a class=\"archive-documento\" href=\"https:\/\/www.municipalidadpucon.cl\/oldweb\/web2010\/para%20descarga\/Concurso%20Publico\/MUNI\/2019\/plantamunicipal1\/Aclaratoria\/Perfiles_1er_Llamado_Concurso\/Turismo\/PERFIL_DE_CARGO_T%C3%89CNICO_DE_TURISMO_15.pdf\">Perfil de cargo &#8211; Anexo2 \u2013 T\u00e9cnico Turismo Grado 15<\/a><\/span><\/li>\n<li><span style=\"font-size: 10pt;\"><a class=\"archive-documento\" href=\"https:\/\/www.municipalidadpucon.cl\/oldweb\/web2010\/para%20descarga\/Concurso%20Publico\/MUNI\/2019\/plantamunicipal1\/Aclaratoria\/Perfiles_1er_Llamado_Concurso\/Turismo\/PERFIL_DE_CARGO_PROFESIONAL_DE_TURISMO_GRADO_10.pdf\">Perfil de cargo &#8211; Anexo2 \u2013 Profesional Turismo Grado 10<\/a><\/span><\/li>\n<li><span style=\"font-size: 10pt;\"><a class=\"archive-documento\" href=\"https:\/\/www.municipalidadpucon.cl\/oldweb\/web2010\/para%20descarga\/Concurso%20Publico\/MUNI\/2019\/plantamunicipal1\/Aclaratoria\/Perfiles_1er_Llamado_Concurso\/Turismo\/PERFIL_DE_CARGO_T%C3%89CNICO_DE_TURISMO_14_T_Aventura.pdf\">Perfil de cargo &#8211; Anexo2 \u2013 T\u00e9cnico Turismo Aventura Grado 14<\/a><\/span><\/li>\n<\/ul>\n<\/div><\/div><\/div><div class=\"fusion-panel panel-default panel-58e543b6d42b28e53 fusion-toggle-no-divider fusion-toggle-boxed-mode\"><div class=\"panel-heading\"><h4 class=\"panel-title toggle\" id=\"toggle_58e543b6d42b28e53\"><a aria-expanded=\"false\" aria-controls=\"58e543b6d42b28e53\" role=\"button\" data-toggle=\"collapse\" data-parent=\"#accordion-89-68\" data-target=\"#58e543b6d42b28e53\" href=\"#58e543b6d42b28e53\"><span class=\"fusion-toggle-icon-wrapper\" aria-hidden=\"true\"><i class=\"fa-fusion-box active-icon awb-icon-minus\" aria-hidden=\"true\"><\/i><i class=\"fa-fusion-box inactive-icon awb-icon-plus\" aria-hidden=\"true\"><\/i><\/span><span class=\"fusion-toggle-heading\">Llamado Concurso P\u00fablico Planta Municipal 2019 - Segundo Llamado a Concursos<\/span><\/a><\/h4><\/div><div id=\"58e543b6d42b28e53\" class=\"panel-collapse collapse \" aria-labelledby=\"toggle_58e543b6d42b28e53\"><div class=\"panel-body toggle-content fusion-clearfix\">\n<p><span style=\"font-size: 10pt;\">Segundo Llamado a Concursos<\/span><\/p>\n<ul>\n<li><span style=\"font-size: 10pt;\"><a class=\"archive-documento\" href=\"https:\/\/www.municipalidadpucon.cl\/oldweb\/web2010\/para%20descarga\/Concurso%20Publico\/MUNI\/2019\/plantamunicipal1\/Reglamento_Concursos_Publicos.pdf\">Reglamento Concurso P\u00fablico Planta Municipal<\/a><\/span><\/li>\n<li><span style=\"font-size: 10pt;\"><a class=\"archive-documento\" href=\"https:\/\/www.municipalidadpucon.cl\/oldweb\/web2010\/para%20descarga\/Concurso%20Publico\/MUNI\/2019\/plantamunicipal2\/2do._Llamado_Concurso_A%C3%B1o_2019.pdf\">Resumen segundo Llamado a Concursos P\u00fablicos y Cronograma<\/a><\/span><\/li>\n<li><span style=\"font-size: 10pt;\"><a class=\"archive-documento\" href=\"https:\/\/www.municipalidadpucon.cl\/oldweb\/web2010\/para%20descarga\/Concurso%20Publico\/MUNI\/2019\/plantamunicipal2\/DecEx3135-ApruebaBasesConcursosPublico.pdf\">Decreto Exento N\u00b0 3135 &#8211; Aprueba Bases Llamados a Concursos P\u00fablicos<\/a><\/span><\/li>\n<li><span style=\"font-size: 10pt;\"><a class=\"archive-documento\" href=\"https:\/\/www.municipalidadpucon.cl\/oldweb\/web2010\/para%20descarga\/Concurso%20Publico\/MUNI\/2019\/plantamunicipal2\/Resoluci%C3%B3nConcursosP%C3%BAblicos.pdf\">RESOLUCI\u00d3N DE CONCURSOS P\u00daBLICOS<\/a><\/span><\/li>\n<\/ul>\n<p><span style=\"font-size: 10pt;\">Administraci\u00f3n Municipal<\/span><\/p>\n<ul>\n<li><span style=\"font-size: 10pt;\"><a class=\"archive-documento\" href=\"https:\/\/www.municipalidadpucon.cl\/oldweb\/web2010\/para%20descarga\/Concurso%20Publico\/MUNI\/2019\/plantamunicipal2\/Prof9Informatica.pdf\">Cargo Profesional grado 9\u00b0 &#8211; Depto. de Inform\u00e1tica<\/a><\/span><\/li>\n<li><span style=\"font-size: 10pt;\"><a class=\"archive-documento\" href=\"https:\/\/www.municipalidadpucon.cl\/oldweb\/web2010\/para%20descarga\/Concurso%20Publico\/MUNI\/2019\/plantamunicipal2\/Prof10Informatica.pdf\">Cargo Profesional grado 10\u00b0 &#8211; Depto. de Inform\u00e1tica<\/a><\/span><\/li>\n<li><span style=\"font-size: 10pt;\"><a class=\"archive-documento\" href=\"https:\/\/www.municipalidadpucon.cl\/oldweb\/web2010\/para%20descarga\/Concurso%20Publico\/MUNI\/2019\/plantamunicipal2\/Prof11Informatica.pdf\">Cargo Profesional grado 11\u00b0 &#8211; Depto. Inform\u00e1tica<\/a><\/span><\/li>\n<li><span style=\"font-size: 10pt;\"><a class=\"archive-documento\" href=\"https:\/\/www.municipalidadpucon.cl\/oldweb\/web2010\/para%20descarga\/Concurso%20Publico\/MUNI\/2019\/plantamunicipal2\/Jefat9Operaciones.pdf\">Cargo Jefatura grado 9\u00b0 &#8211; Depto. de Operaciones<\/a><\/span><\/li>\n<li><span style=\"font-size: 10pt;\"><a class=\"archive-documento\" href=\"https:\/\/www.municipalidadpucon.cl\/oldweb\/web2010\/para%20descarga\/Concurso%20Publico\/MUNI\/2019\/plantamunicipal2\/Jefat10Operaciones.pdf\">Cargo Jefatura grado 10\u00b0 &#8211; Depto. de Operaciones<\/a><\/span><\/li>\n<li><span style=\"font-size: 10pt;\"><a class=\"archive-documento\" href=\"https:\/\/www.municipalidadpucon.cl\/oldweb\/web2010\/para%20descarga\/Concurso%20Publico\/MUNI\/2019\/plantamunicipal2\/Tecnico12Operaciones.pdf\">Cargo T\u00e9cnico grado 12\u00b0 &#8211; Depto. de Operaciones<\/a><\/span><\/li>\n<li><span style=\"font-size: 10pt;\"><a class=\"archive-documento\" href=\"https:\/\/www.municipalidadpucon.cl\/oldweb\/web2010\/para%20descarga\/Concurso%20Publico\/MUNI\/2019\/plantamunicipal2\/Tecnico14Operaciones.pdf\">Cargo T\u00e9cnico grado 14\u00b0 &#8211; Administraci\u00f3n Municipal<\/a><\/span><\/li>\n<\/ul>\n<p><span style=\"font-size: 10pt;\">Secretar\u00eda Municipal<\/span><\/p>\n<ul>\n<li><span style=\"font-size: 10pt;\"><a class=\"archive-documento\" href=\"https:\/\/www.municipalidadpucon.cl\/oldweb\/web2010\/para%20descarga\/Concurso%20Publico\/MUNI\/2019\/plantamunicipal2\/Jefat10Transpasrencia.pdf\">Cargo Jefatura grado 10\u00b0 &#8211; Depto. de Transparencia<\/a><\/span><\/li>\n<\/ul>\n<p><span style=\"font-size: 10pt;\">Direcci\u00f3n de Finanzas<\/span><\/p>\n<ul>\n<li><span style=\"font-size: 10pt;\"><a class=\"archive-documento\" href=\"https:\/\/www.municipalidadpucon.cl\/oldweb\/web2010\/para%20descarga\/Concurso%20Publico\/MUNI\/2019\/plantamunicipal2\/Prof8Finanzas.pdf\">Cargo Profesional grado 8\u00b0 &#8211; Depto. Contabilidad y Presupuesto<\/a><\/span><\/li>\n<li><span style=\"font-size: 10pt;\"><a class=\"archive-documento\" href=\"https:\/\/www.municipalidadpucon.cl\/oldweb\/web2010\/para%20descarga\/Concurso%20Publico\/MUNI\/2019\/plantamunicipal2\/Prof11Finanzas.pdf\">Cargo Profesional grado 11\u00b0 &#8211; Secci\u00f3n Activo Fijo<\/a><\/span><\/li>\n<li><span style=\"font-size: 10pt;\"><a class=\"archive-documento\" href=\"https:\/\/www.municipalidadpucon.cl\/oldweb\/web2010\/para%20descarga\/Concurso%20Publico\/MUNI\/2019\/plantamunicipal2\/Jefat10Adquisiciones.pdf\">Cargo Jefatura grado 10\u00b0 &#8211; Depto. de Adquisiciones<\/a><\/span><\/li>\n<\/ul>\n<p><span style=\"font-size: 10pt;\">Direcci\u00f3n de Recursos Humanos<\/span><\/p>\n<ul>\n<li><span style=\"font-size: 10pt;\"><a class=\"archive-documento\" href=\"https:\/\/www.municipalidadpucon.cl\/oldweb\/web2010\/para%20descarga\/Concurso%20Publico\/MUNI\/2019\/plantamunicipal2\/Directivo6RRHH.pdf\">Cargo Directivo grado 6\u00b0 &#8211; Direcci\u00f3n de Recursos Humanos<\/a><\/span><\/li>\n<li><span style=\"font-size: 10pt;\"><a class=\"archive-documento\" href=\"https:\/\/www.municipalidadpucon.cl\/oldweb\/web2010\/para%20descarga\/Concurso%20Publico\/MUNI\/2019\/plantamunicipal2\/Tecnico11RRHH.pdf\">Cargo T\u00e9cnico grado 11\u00b0 &#8211; Depto. Personal y Remuneraciones<\/a><\/span><\/li>\n<li><span style=\"font-size: 10pt;\"><a class=\"archive-documento\" href=\"https:\/\/www.municipalidadpucon.cl\/oldweb\/web2010\/para%20descarga\/Concurso%20Publico\/MUNI\/2019\/plantamunicipal2\/Tecnico14RRHH.pdf\">Cargo T\u00e9cnico grado 14\u00b0 &#8211; Depto. Prevenci\u00f3n de Riesgos<\/a><\/span><\/li>\n<\/ul>\n<p><span style=\"font-size: 10pt;\">Direcci\u00f3n de Tr\u00e1nsito y Transporte P\u00fablico<\/span><\/p>\n<ul>\n<li><span style=\"font-size: 10pt;\"><a class=\"archive-documento\" href=\"https:\/\/www.municipalidadpucon.cl\/oldweb\/web2010\/para%20descarga\/Concurso%20Publico\/MUNI\/2019\/plantamunicipal2\/Administrativo11Transito.pdf\">Cargo Administrativo grado 11\u00b0 &#8211; Examinador pr\u00e1ctico<\/a><\/span><\/li>\n<li><span style=\"font-size: 10pt;\"><a class=\"archive-documento\" href=\"https:\/\/www.municipalidadpucon.cl\/oldweb\/web2010\/para%20descarga\/Concurso%20Publico\/MUNI\/2019\/plantamunicipal2\/Administrativo12Transito.pdf\">Cargo Administrativo grado 12\u00b0 &#8211; Examinador pr\u00e1ctico<\/a><\/span><\/li>\n<\/ul>\n<\/div><\/div><\/div><div class=\"fusion-panel panel-default panel-d8d8248e1f07d6884 fusion-toggle-no-divider fusion-toggle-boxed-mode\"><div class=\"panel-heading\"><h4 class=\"panel-title toggle\" id=\"toggle_d8d8248e1f07d6884\"><a aria-expanded=\"false\" aria-controls=\"d8d8248e1f07d6884\" role=\"button\" data-toggle=\"collapse\" data-parent=\"#accordion-89-68\" data-target=\"#d8d8248e1f07d6884\" href=\"#d8d8248e1f07d6884\"><span class=\"fusion-toggle-icon-wrapper\" aria-hidden=\"true\"><i class=\"fa-fusion-box active-icon awb-icon-minus\" aria-hidden=\"true\"><\/i><i class=\"fa-fusion-box inactive-icon awb-icon-plus\" aria-hidden=\"true\"><\/i><\/span><span class=\"fusion-toggle-heading\">Concurso Director Departamento de Salud Puc\u00f3n<\/span><\/a><\/h4><\/div><div id=\"d8d8248e1f07d6884\" class=\"panel-collapse collapse \" aria-labelledby=\"toggle_d8d8248e1f07d6884\"><div class=\"panel-body toggle-content fusion-clearfix\">\n<ul>\n<li><span style=\"font-size: 10pt;\"><a class=\"archive-documento\" href=\"https:\/\/www.municipalidadpucon.cl\/oldweb\/web2010\/para%20descarga\/Concurso%20Publico\/salud\/2019\/Bases_Concurso_publico_director_cesfam.pdf\">Bases Concurso Director Centro de Salud Puc\u00f3n<\/a><\/span><\/li>\n<li><span style=\"font-size: 10pt;\"><a class=\"archive-documento\" href=\"https:\/\/www.municipalidadpucon.cl\/oldweb\/web2010\/para%20descarga\/Concurso%20Publico\/salud\/2019\/Decreto_director_cesfam.pdf\">Decreto Bases Concurso Director Centro de Salud Puc\u00f3n<\/a><\/span><\/li>\n<\/ul>\n<\/div><\/div><\/div><div class=\"fusion-panel panel-default panel-41ab43c6d96832168 fusion-toggle-no-divider fusion-toggle-boxed-mode\"><div class=\"panel-heading\"><h4 class=\"panel-title toggle\" id=\"toggle_41ab43c6d96832168\"><a aria-expanded=\"false\" aria-controls=\"41ab43c6d96832168\" role=\"button\" data-toggle=\"collapse\" data-parent=\"#accordion-89-68\" data-target=\"#41ab43c6d96832168\" href=\"#41ab43c6d96832168\"><span class=\"fusion-toggle-icon-wrapper\" aria-hidden=\"true\"><i class=\"fa-fusion-box active-icon awb-icon-minus\" aria-hidden=\"true\"><\/i><i class=\"fa-fusion-box inactive-icon awb-icon-plus\" aria-hidden=\"true\"><\/i><\/span><span class=\"fusion-toggle-heading\">Llamados a Concurso para Programa de la Mujer<\/span><\/a><\/h4><\/div><div id=\"41ab43c6d96832168\" class=\"panel-collapse collapse \" aria-labelledby=\"toggle_41ab43c6d96832168\"><div class=\"panel-body toggle-content fusion-clearfix\">\n<ul>\n<li><span style=\"font-size: 10pt;\"><a class=\"archive-documento\" href=\"https:\/\/www.municipalidadpucon.cl\/oldweb\/web2010\/para%20descarga\/Concurso%20Publico\/MUNI\/2019\/Bases_concurso_Profesional_Apoyo_ProgMujer.pdf\">Bases Concurso Profesional de Apoyo<\/a><\/span><\/li>\n<li><span style=\"font-size: 10pt;\"><a class=\"archive-documento\" href=\"https:\/\/www.municipalidadpucon.cl\/oldweb\/web2010\/para%20descarga\/Concurso%20Publico\/MUNI\/2019\/Bases_concurso_Coordinador_ProgMujer.pdf\">Bases Concurso Coordinador de Programa<\/a><\/span><\/li>\n<li><span style=\"font-size: 10pt;\"><a class=\"archive-documento\" href=\"https:\/\/www.municipalidadpucon.cl\/oldweb\/web2010\/para%20descarga\/Concurso%20Publico\/MUNI\/2019\/Bases_concurso_programa_Mujer_4A7.pdf\">Bases Concurso publico Programa Mujer 4 a 7<\/a><\/span><\/li>\n<li><span style=\"font-size: 10pt;\"><a class=\"archive-documento\" href=\"https:\/\/www.municipalidadpucon.cl\/oldweb\/web2010\/para%20descarga\/Concurso%20Publico\/MUNI\/2020\/Programa_Mujer\/Bases_Concurso_Monitor_Programa_Mujer.pdf\">Bases Concurso Monitor\/a Programa 4 a 7 (2020)<\/a><\/span><\/li>\n<li><span style=\"font-size: 10pt;\"><a class=\"archive-documento\" href=\"https:\/\/www.municipalidadpucon.cl\/oldweb\/web2010\/para%20descarga\/Concurso%20Publico\/MUNI\/2020\/Programa_Mujer\/1_BasesApoyoProfesionalMSMPucon2020.pdf\">Profesional de Apoyo Programa Mujer, Sexualidad y Maternidad<\/a><\/span><\/li>\n<li><span style=\"font-size: 10pt;\"><a class=\"archive-documento\" href=\"https:\/\/www.municipalidadpucon.cl\/oldweb\/web2010\/para%20descarga\/Concurso%20Publico\/MUNI\/2020\/Programa_Mujer\/2_BasesApoyoProfesionalMSMPucon2020.pdf\">2do. Llamado Profesional de Apoyo Programa Mujer, Sexualidad y Maternidad<\/a><\/span><\/li>\n<li><span style=\"font-size: 10pt;\"><a href=\"https:\/\/municipalidadpucon.cl\/oldweb\/web2010\/para%20descarga\/Concurso%20Publico\/MUNI\/2020\/Programa_Mujer\/ProgramaGuarderiaSERNAMEG.pdf\" target=\"_blank\" rel=\"noopener noreferrer\">Bases Concurso Monitor\/a Programa guarder\u00eda SERNAMEG<\/a><\/span><\/li>\n<\/ul>\n<\/div><\/div><\/div><div class=\"fusion-panel panel-default panel-978a6e375aceba7f2 fusion-toggle-no-divider fusion-toggle-boxed-mode\"><div class=\"panel-heading\"><h4 class=\"panel-title toggle\" id=\"toggle_978a6e375aceba7f2\"><a aria-expanded=\"false\" aria-controls=\"978a6e375aceba7f2\" role=\"button\" data-toggle=\"collapse\" data-parent=\"#accordion-89-68\" data-target=\"#978a6e375aceba7f2\" href=\"#978a6e375aceba7f2\"><span class=\"fusion-toggle-icon-wrapper\" aria-hidden=\"true\"><i class=\"fa-fusion-box active-icon awb-icon-minus\" aria-hidden=\"true\"><\/i><i class=\"fa-fusion-box inactive-icon awb-icon-plus\" aria-hidden=\"true\"><\/i><\/span><span class=\"fusion-toggle-heading\">Llamado a Concurso P\u00fablico Administrativo grado 16\u00b0<\/span><\/a><\/h4><\/div><div id=\"978a6e375aceba7f2\" class=\"panel-collapse collapse \" aria-labelledby=\"toggle_978a6e375aceba7f2\"><div class=\"panel-body toggle-content fusion-clearfix\">\n<ul>\n<li><span style=\"font-size: 10pt;\"><a class=\"archive-documento\" href=\"https:\/\/www.municipalidadpucon.cl\/oldweb\/web2010\/para%20descarga\/Concurso%20Publico\/MUNI\/2018\/Reglamento_Concursos_Publicos.pdf\">Reglamento de Concursos P\u00fablicos<\/a><\/span><\/li>\n<li><span style=\"font-size: 10pt;\"><a class=\"archive-documento\" href=\"https:\/\/www.municipalidadpucon.cl\/oldweb\/web2010\/para%20descarga\/Concurso%20Publico\/MUNI\/2018\/DEx2770-Llama_concurso_publico_grado13y16.pdf\">Decreto Exento N\u00b0 2770 \u2013 Aprueba Llamado a Concursos P\u00fablicos<\/a><\/span><\/li>\n<li><span style=\"font-size: 10pt;\"><a class=\"archive-documento\" href=\"https:\/\/www.municipalidadpucon.cl\/oldweb\/web2010\/para%20descarga\/Concurso%20Publico\/MUNI\/2018\/Publicaci%C3%B3n_Llamado_concurso_p%C3%BAblico_grado13y16.pdf\">Publicaci\u00f3n de Llamado a Concursos P\u00fablicos<\/a><\/span><\/li>\n<li><span style=\"font-size: 10pt;\"><a class=\"archive-documento\" href=\"https:\/\/www.municipalidadpucon.cl\/oldweb\/web2010\/para%20descarga\/Concurso%20Publico\/MUNI\/2018\/Publicaci%C3%B3n_Llamado_concurso_p%C3%BAblico_grado13y16.pdf\">Publicaci\u00f3n de Llamado a Concursos P\u00fablicos<\/a><\/span><\/li>\n<li><span style=\"font-size: 10pt;\"><a class=\"archive-documento\" href=\"https:\/\/www.municipalidadpucon.cl\/oldweb\/web2010\/para%20descarga\/Concurso%20Publico\/MUNI\/2018\/Bases_concurso_Administrativo_grado16.pdf\">Bases Llamado a Concurso P\u00fablico Administrativo grado 16\u00b0<\/a><\/span><\/li>\n<li><span style=\"font-size: 10pt;\"><a class=\"archive-documento\" href=\"https:\/\/www.municipalidadpucon.cl\/oldweb\/web2010\/para%20descarga\/Concurso%20Publico\/MUNI\/2018\/Resultado_concurso_Administrativo_grado16.pdf\">Resultado Concurso P\u00fablico &#8211; Administrativo grado 16<\/a><\/span><\/li>\n<\/ul>\n<\/div><\/div><\/div><div class=\"fusion-panel panel-default panel-d85ede008c08daf58 fusion-toggle-no-divider fusion-toggle-boxed-mode\"><div class=\"panel-heading\"><h4 class=\"panel-title toggle\" id=\"toggle_d85ede008c08daf58\"><a aria-expanded=\"false\" aria-controls=\"d85ede008c08daf58\" role=\"button\" data-toggle=\"collapse\" data-parent=\"#accordion-89-68\" data-target=\"#d85ede008c08daf58\" href=\"#d85ede008c08daf58\"><span class=\"fusion-toggle-icon-wrapper\" aria-hidden=\"true\"><i class=\"fa-fusion-box active-icon awb-icon-minus\" aria-hidden=\"true\"><\/i><i class=\"fa-fusion-box inactive-icon awb-icon-plus\" aria-hidden=\"true\"><\/i><\/span><span class=\"fusion-toggle-heading\">Llamado a Concurso P\u00fablico T\u00e9cnico grado 13\u00b0<\/span><\/a><\/h4><\/div><div id=\"d85ede008c08daf58\" class=\"panel-collapse collapse \" aria-labelledby=\"toggle_d85ede008c08daf58\"><div class=\"panel-body toggle-content fusion-clearfix\">\n<ul>\n<li><span style=\"font-size: 10pt;\"><a class=\"archive-documento\" href=\"https:\/\/www.municipalidadpucon.cl\/oldweb\/web2010\/para%20descarga\/Concurso%20Publico\/MUNI\/2018\/Reglamento_Concursos_Publicos.pdf\">Reglamento de Concursos P\u00fablicos<\/a><\/span><\/li>\n<li><span style=\"font-size: 10pt;\"><a class=\"archive-documento\" href=\"https:\/\/www.municipalidadpucon.cl\/oldweb\/web2010\/para%20descarga\/Concurso%20Publico\/MUNI\/2018\/Bases_concurso_Tecnico_grado13.pdf\">Bases Llamado a Concurso P\u00fablico T\u00e9cnico grado 13\u00b0<\/a><\/span><\/li>\n<li><span style=\"font-size: 10pt;\"><a class=\"archive-documento\" href=\"https:\/\/www.municipalidadpucon.cl\/oldweb\/web2010\/para%20descarga\/Concurso%20Publico\/MUNI\/2018\/DEx2770-Llama_concurso_publico_grado13y16.pdf\">Decreto Exento N\u00b0 2770 \u2013 Aprueba Llamado a Concursos P\u00fablicos<\/a><\/span><\/li>\n<li><span style=\"font-size: 10pt;\"><a class=\"archive-documento\" href=\"https:\/\/www.municipalidadpucon.cl\/oldweb\/web2010\/para%20descarga\/Concurso%20Publico\/MUNI\/2018\/Publicaci%C3%B3n_Llamado_concurso_p%C3%BAblico_grado13y16.pdf\">Publicaci\u00f3n de Llamado a Concursos P\u00fablicos<\/a><\/span><\/li>\n<li><span style=\"font-size: 10pt;\"><a class=\"archive-documento\" href=\"https:\/\/www.municipalidadpucon.cl\/oldweb\/web2010\/para%20descarga\/Concurso%20Publico\/MUNI\/2018\/Declaracion_jurada_grado13y16.pdf\">Declaraci\u00f3n Jurada<\/a><\/span><\/li>\n<li><span style=\"font-size: 10pt;\"><a class=\"archive-documento\" href=\"https:\/\/www.municipalidadpucon.cl\/oldweb\/web2010\/para%20descarga\/Concurso%20Publico\/MUNI\/2018\/Resultado_concurso_Tecnico_grado13.pdf\">Resultado Concurso P\u00fablico &#8211; T\u00e9cnico grado 13<\/a><\/span><\/li>\n<\/ul>\n<\/div><\/div><\/div><div class=\"fusion-panel panel-default panel-54eeb8f8c5b3f1f35 fusion-toggle-no-divider fusion-toggle-boxed-mode\"><div class=\"panel-heading\"><h4 class=\"panel-title toggle\" id=\"toggle_54eeb8f8c5b3f1f35\"><a aria-expanded=\"false\" aria-controls=\"54eeb8f8c5b3f1f35\" role=\"button\" data-toggle=\"collapse\" data-parent=\"#accordion-89-68\" data-target=\"#54eeb8f8c5b3f1f35\" href=\"#54eeb8f8c5b3f1f35\"><span class=\"fusion-toggle-icon-wrapper\" aria-hidden=\"true\"><i class=\"fa-fusion-box active-icon awb-icon-minus\" aria-hidden=\"true\"><\/i><i class=\"fa-fusion-box inactive-icon awb-icon-plus\" aria-hidden=\"true\"><\/i><\/span><span class=\"fusion-toggle-heading\">Llamado a Concursos P\u00fablicos Auxiliares grado 15\u00b0 y 17\u00b0<\/span><\/a><\/h4><\/div><div id=\"54eeb8f8c5b3f1f35\" class=\"panel-collapse collapse \" aria-labelledby=\"toggle_54eeb8f8c5b3f1f35\"><div class=\"panel-body toggle-content fusion-clearfix\">\n<ul>\n<li><span style=\"font-size: 10pt;\"><a class=\"archive-documento\" href=\"https:\/\/www.municipalidadpucon.cl\/oldweb\/web2010\/para%20descarga\/Concurso%20Publico\/MUNI\/2018\/DEx2311-Llama_concurso_publico.pdf\">Decreto Exento N\u00b0 2311 &#8211; Aprueba Llamado a Concursos P\u00fablicos<\/a><\/span><\/li>\n<li><span style=\"font-size: 10pt;\"><a class=\"archive-documento\" href=\"https:\/\/www.municipalidadpucon.cl\/oldweb\/web2010\/para%20descarga\/Concurso%20Publico\/MUNI\/2018\/Publicaci%C3%B3n_Llamado_concurso_p%C3%BAblico.pdf\">Publicaci\u00f3n de Llamado a Concursos P\u00fablicos<\/a><\/span><\/li>\n<li><span style=\"font-size: 10pt;\"><a class=\"archive-documento\" href=\"https:\/\/www.municipalidadpucon.cl\/oldweb\/web2010\/para%20descarga\/Concurso%20Publico\/MUNI\/2018\/Bases_concurso_Auxiliares_grado15y17.pdf\">Bases Llamado a Concurso P\u00fablico Auxiliares grado 15\u00b0 y 17\u00b0<\/a><\/span><\/li>\n<li><span style=\"font-size: 10pt;\"><a class=\"archive-documento\" href=\"https:\/\/www.municipalidadpucon.cl\/oldweb\/web2010\/para%20descarga\/Concurso%20Publico\/MUNI\/2018\/Reglamento_Concursos_Publicos.pdf\">Reglamento de Concursos P\u00fablicos<\/a><\/span><\/li>\n<li><span style=\"font-size: 10pt;\"><a class=\"archive-documento\" href=\"https:\/\/www.municipalidadpucon.cl\/oldweb\/web2010\/para%20descarga\/Concurso%20Publico\/MUNI\/2018\/Anexo_1_Declaracion_jurada.pdf\">Anexo 1 &#8211; Declaraci\u00f3n Jurada<\/a><\/span><\/li>\n<li><span style=\"font-size: 10pt;\"><a class=\"archive-documento\" href=\"https:\/\/www.municipalidadpucon.cl\/oldweb\/web2010\/para%20descarga\/Concurso%20Publico\/MUNI\/2018\/Resultado_concurso_Auxiliar_grado15.pdf\">Resultado Concurso P\u00fablico &#8211; Auxiliar grado 15<\/a><\/span><\/li>\n<li><span style=\"font-size: 10pt;\"><a class=\"archive-documento\" href=\"https:\/\/www.municipalidadpucon.cl\/oldweb\/web2010\/para%20descarga\/Concurso%20Publico\/MUNI\/2018\/Resultado_concurso_Auxiliar_grado17.pdf\">Resultado Concurso P\u00fablico &#8211; Auxiliar grado 17<\/a><\/span><\/li>\n<\/ul>\n<\/div><\/div><\/div><div class=\"fusion-panel panel-default panel-1d800340184664abd fusion-toggle-no-divider fusion-toggle-boxed-mode\"><div class=\"panel-heading\"><h4 class=\"panel-title toggle\" id=\"toggle_1d800340184664abd\"><a aria-expanded=\"false\" aria-controls=\"1d800340184664abd\" role=\"button\" data-toggle=\"collapse\" data-parent=\"#accordion-89-68\" data-target=\"#1d800340184664abd\" href=\"#1d800340184664abd\"><span class=\"fusion-toggle-icon-wrapper\" aria-hidden=\"true\"><i class=\"fa-fusion-box active-icon awb-icon-minus\" aria-hidden=\"true\"><\/i><i class=\"fa-fusion-box inactive-icon awb-icon-plus\" aria-hidden=\"true\"><\/i><\/span><span class=\"fusion-toggle-heading\">Llamado a Concurso P\u00fablico Administrativo grado 18\u00b0<\/span><\/a><\/h4><\/div><div id=\"1d800340184664abd\" class=\"panel-collapse collapse \" aria-labelledby=\"toggle_1d800340184664abd\"><div class=\"panel-body toggle-content fusion-clearfix\">\n<ul>\n<li><span style=\"font-size: 10pt;\"><a class=\"archive-documento\" href=\"https:\/\/www.municipalidadpucon.cl\/oldweb\/web2010\/para%20descarga\/Concurso%20Publico\/MUNI\/2018\/DEx2311-Llama_concurso_publico.pdf\">Decreto Exento N\u00b0 2311 &#8211; Aprueba Llamado a Concursos P\u00fablicos<\/a><\/span><\/li>\n<li><span style=\"font-size: 10pt;\"><a class=\"archive-documento\" href=\"https:\/\/www.municipalidadpucon.cl\/oldweb\/web2010\/para%20descarga\/Concurso%20Publico\/MUNI\/2018\/Publicaci%C3%B3n_Llamado_concurso_p%C3%BAblico.pdf\">Publicaci\u00f3n de Llamado a Concursos P\u00fablicos<\/a><\/span><\/li>\n<li><span style=\"font-size: 10pt;\"><a class=\"archive-documento\" href=\"https:\/\/www.municipalidadpucon.cl\/oldweb\/web2010\/para%20descarga\/Concurso%20Publico\/MUNI\/2018\/Bases_concurso_Administrativo_grado18.pdf\">Bases Llamado a Concurso P\u00fablico Administrativo grado 18\u00b0<\/a><\/span><\/li>\n<li><span style=\"font-size: 10pt;\"><a class=\"archive-documento\" href=\"https:\/\/www.municipalidadpucon.cl\/oldweb\/web2010\/para%20descarga\/Concurso%20Publico\/MUNI\/2018\/Reglamento_Concursos_Publicos.pdf\">Reglamento de Concursos P\u00fablicos<\/a><\/span><\/li>\n<li><span style=\"font-size: 10pt;\"><a class=\"archive-documento\" href=\"https:\/\/www.municipalidadpucon.cl\/oldweb\/web2010\/para%20descarga\/Concurso%20Publico\/MUNI\/2018\/Anexo_1_Declaracion_jurada.pdf\">Anexo 1 &#8211; Declaraci\u00f3n Jurada<\/a><\/span><\/li>\n<li><span style=\"font-size: 10pt;\"><a class=\"archive-documento\" href=\"https:\/\/www.municipalidadpucon.cl\/oldweb\/web2010\/para%20descarga\/Concurso%20Publico\/MUNI\/2018\/Resultado_concurso_Administrativo_grado18.pdf\">Resultado Concurso P\u00fablico &#8211; Administrativo grado 18<\/a><\/span><\/li>\n<\/ul>\n<\/div><\/div><\/div><div class=\"fusion-panel panel-default panel-6247450765e8ec1f8 fusion-toggle-no-divider fusion-toggle-boxed-mode\"><div class=\"panel-heading\"><h4 class=\"panel-title toggle\" id=\"toggle_6247450765e8ec1f8\"><a aria-expanded=\"false\" aria-controls=\"6247450765e8ec1f8\" role=\"button\" data-toggle=\"collapse\" data-parent=\"#accordion-89-68\" data-target=\"#6247450765e8ec1f8\" href=\"#6247450765e8ec1f8\"><span class=\"fusion-toggle-icon-wrapper\" aria-hidden=\"true\"><i class=\"fa-fusion-box active-icon awb-icon-minus\" aria-hidden=\"true\"><\/i><i class=\"fa-fusion-box inactive-icon awb-icon-plus\" aria-hidden=\"true\"><\/i><\/span><span class=\"fusion-toggle-heading\">Llamado a Concurso P\u00fablico T\u00e9cnico grado 15\u00b0<\/span><\/a><\/h4><\/div><div id=\"6247450765e8ec1f8\" class=\"panel-collapse collapse \" aria-labelledby=\"toggle_6247450765e8ec1f8\"><div class=\"panel-body toggle-content fusion-clearfix\">\n<ul>\n<li><span style=\"font-size: 10pt;\"><a class=\"archive-documento\" href=\"https:\/\/www.municipalidadpucon.cl\/oldweb\/web2010\/para%20descarga\/Concurso%20Publico\/MUNI\/2018\/DEx2311-Llama_concurso_publico.pdf\">Decreto Exento N\u00b0 2311 &#8211; Aprueba Llamado a Concursos P\u00fablicos<\/a><\/span><\/li>\n<li><span style=\"font-size: 10pt;\"><a class=\"archive-documento\" href=\"https:\/\/www.municipalidadpucon.cl\/oldweb\/web2010\/para%20descarga\/Concurso%20Publico\/MUNI\/2018\/Publicaci%C3%B3n_Llamado_concurso_p%C3%BAblico.pdf\">Publicaci\u00f3n de Llamado a Concursos P\u00fablicos<\/a><\/span><\/li>\n<li><span style=\"font-size: 10pt;\"><a class=\"archive-documento\" href=\"https:\/\/www.municipalidadpucon.cl\/oldweb\/web2010\/para%20descarga\/Concurso%20Publico\/MUNI\/2018\/Bases_concurso_Tecnico_grado15.pdf\">Bases Llamado a Concurso P\u00fablico T\u00e9cnico grado 15\u00b0<\/a><\/span><\/li>\n<li><span style=\"font-size: 10pt;\"><a class=\"archive-documento\" href=\"https:\/\/www.municipalidadpucon.cl\/oldweb\/web2010\/para%20descarga\/Concurso%20Publico\/MUNI\/2018\/Reglamento_Concursos_Publicos.pdf\">Reglamento de Concursos P\u00fablicos<\/a><\/span><\/li>\n<li><span style=\"font-size: 10pt;\"><a class=\"archive-documento\" href=\"https:\/\/www.municipalidadpucon.cl\/oldweb\/web2010\/para%20descarga\/Concurso%20Publico\/MUNI\/2018\/Anexo_1_Declaracion_jurada.pdf\">Anexo 1 &#8211; Declaraci\u00f3n Jurada<\/a><\/span><\/li>\n<li><span style=\"font-size: 10pt;\"><a class=\"archive-documento\" href=\"https:\/\/www.municipalidadpucon.cl\/oldweb\/web2010\/para%20descarga\/Concurso%20Publico\/MUNI\/2018\/Resultado_concurso_Tecnico_grado15.pdf\">Resultado Concurso P\u00fablico &#8211; T\u00e9cnico grado 15<\/a><\/span><\/li>\n<\/ul>\n<\/div><\/div><\/div><div class=\"fusion-panel panel-default panel-ebcbd57706901d95a fusion-toggle-no-divider fusion-toggle-boxed-mode\"><div class=\"panel-heading\"><h4 class=\"panel-title toggle\" id=\"toggle_ebcbd57706901d95a\"><a aria-expanded=\"false\" aria-controls=\"ebcbd57706901d95a\" role=\"button\" data-toggle=\"collapse\" data-parent=\"#accordion-89-68\" data-target=\"#ebcbd57706901d95a\" href=\"#ebcbd57706901d95a\"><span class=\"fusion-toggle-icon-wrapper\" aria-hidden=\"true\"><i class=\"fa-fusion-box active-icon awb-icon-minus\" aria-hidden=\"true\"><\/i><i class=\"fa-fusion-box inactive-icon awb-icon-plus\" aria-hidden=\"true\"><\/i><\/span><span class=\"fusion-toggle-heading\">Llamado a Concurso P\u00fablico Profesional grado 10\u00b0<\/span><\/a><\/h4><\/div><div id=\"ebcbd57706901d95a\" class=\"panel-collapse collapse \" aria-labelledby=\"toggle_ebcbd57706901d95a\"><div class=\"panel-body toggle-content fusion-clearfix\">\n<ul>\n<li><span style=\"font-size: 10pt;\"><a class=\"archive-documento\" href=\"https:\/\/www.municipalidadpucon.cl\/oldweb\/web2010\/para%20descarga\/Concurso%20Publico\/MUNI\/2018\/DEx2311-Llama_concurso_publico.pdf\">Decreto Exento N\u00b0 2311 &#8211; Aprueba Llamado a Concursos P\u00fablicos<\/a><\/span><\/li>\n<li><span style=\"font-size: 10pt;\"><a class=\"archive-documento\" href=\"https:\/\/www.municipalidadpucon.cl\/oldweb\/web2010\/para%20descarga\/Concurso%20Publico\/MUNI\/2018\/Publicaci%C3%B3n_Llamado_concurso_p%C3%BAblico.pdf\">Publicaci\u00f3n de Llamado a Concursos P\u00fablicos<\/a><\/span><\/li>\n<li><span style=\"font-size: 10pt;\"><a class=\"archive-documento\" href=\"https:\/\/www.municipalidadpucon.cl\/oldweb\/web2010\/para%20descarga\/Concurso%20Publico\/MUNI\/2018\/Bases_concurso_Profesional_grado10.pdf\">Bases Llamado a Concurso P\u00fablico Profesional grado 10\u00b0<\/a><\/span><\/li>\n<li><span style=\"font-size: 10pt;\"><a class=\"archive-documento\" href=\"https:\/\/www.municipalidadpucon.cl\/oldweb\/web2010\/para%20descarga\/Concurso%20Publico\/MUNI\/2018\/Reglamento_Concursos_Publicos.pdf\">Reglamento de Concursos P\u00fablicos<\/a><\/span><\/li>\n<li><span style=\"font-size: 10pt;\"><a class=\"archive-documento\" href=\"https:\/\/www.municipalidadpucon.cl\/oldweb\/web2010\/para%20descarga\/Concurso%20Publico\/MUNI\/2018\/Anexo_1_Declaracion_jurada.pdf\">Anexo 1 &#8211; Declaraci\u00f3n Jurada<\/a><\/span><\/li>\n<li><span style=\"font-size: 10pt;\"><a class=\"archive-documento\" href=\"https:\/\/www.municipalidadpucon.cl\/oldweb\/web2010\/para%20descarga\/Concurso%20Publico\/MUNI\/2018\/Resultado_concurso_Profesional_grado10.pdf\">Resultado Concurso P\u00fablico &#8211; Profesional grado 10<\/a><\/span><\/li>\n<\/ul>\n<\/div><\/div><\/div><div class=\"fusion-panel panel-default panel-fd7b76ec2111f0e0e fusion-toggle-no-divider fusion-toggle-boxed-mode\"><div class=\"panel-heading\"><h4 class=\"panel-title toggle\" id=\"toggle_fd7b76ec2111f0e0e\"><a aria-expanded=\"false\" aria-controls=\"fd7b76ec2111f0e0e\" role=\"button\" data-toggle=\"collapse\" data-parent=\"#accordion-89-68\" data-target=\"#fd7b76ec2111f0e0e\" href=\"#fd7b76ec2111f0e0e\"><span class=\"fusion-toggle-icon-wrapper\" aria-hidden=\"true\"><i class=\"fa-fusion-box active-icon awb-icon-minus\" aria-hidden=\"true\"><\/i><i class=\"fa-fusion-box inactive-icon awb-icon-plus\" aria-hidden=\"true\"><\/i><\/span><span class=\"fusion-toggle-heading\">Bases Concurso P\u00fablico Apoyo Familiar Integral<\/span><\/a><\/h4><\/div><div id=\"fd7b76ec2111f0e0e\" class=\"panel-collapse collapse \" aria-labelledby=\"toggle_fd7b76ec2111f0e0e\"><div class=\"panel-body toggle-content fusion-clearfix\">\n<ul>\n<li><span style=\"font-size: 10pt;\"><a class=\"archive-documento\" href=\"https:\/\/municipalidadpucon.cl\/oldweb\/web2010\/para%20descarga\/Concurso%20Publico\/Bases_concurso_apoyo_familiar_integral.pdf\">Bases Concurso P\u00fablico Apoyo Familiar Integral<\/a><\/span><\/li>\n<\/ul>\n<\/div><\/div><\/div><div class=\"fusion-panel panel-default panel-d57ee4559bed6813c fusion-toggle-no-divider fusion-toggle-boxed-mode\"><div class=\"panel-heading\"><h4 class=\"panel-title toggle\" id=\"toggle_d57ee4559bed6813c\"><a aria-expanded=\"false\" aria-controls=\"d57ee4559bed6813c\" role=\"button\" data-toggle=\"collapse\" data-parent=\"#accordion-89-68\" data-target=\"#d57ee4559bed6813c\" href=\"#d57ee4559bed6813c\"><span class=\"fusion-toggle-icon-wrapper\" aria-hidden=\"true\"><i class=\"fa-fusion-box active-icon awb-icon-minus\" aria-hidden=\"true\"><\/i><i class=\"fa-fusion-box inactive-icon awb-icon-plus\" aria-hidden=\"true\"><\/i><\/span><span class=\"fusion-toggle-heading\">Concurso P\u00fablico para Direcci\u00f3n de Obras<\/span><\/a><\/h4><\/div><div id=\"d57ee4559bed6813c\" class=\"panel-collapse collapse \" aria-labelledby=\"toggle_d57ee4559bed6813c\"><div class=\"panel-body toggle-content fusion-clearfix\">\n<ul>\n<li><span style=\"font-size: 10pt;\"><a class=\"archive-documento\" href=\"https:\/\/municipalidadpucon.cl\/oldweb\/web2010\/para%20descarga\/Concurso%20Publico\/DOM\/bases_Llamado_concurso_DOM.pdf\">Bases Llamado a Concurso Publico<\/a><\/span><\/li>\n<li><span style=\"font-size: 10pt;\"><a class=\"archive-documento\" href=\"https:\/\/municipalidadpucon.cl\/oldweb\/web2010\/para%20descarga\/Concurso%20Publico\/DOM\/Decreto2241_Llamado_concurso_DOM.pdf\">Decreto N\u00b0 2241 &#8211; Aprueba Llamado a Concurso P\u00fablico<\/a><\/span><\/li>\n<li><span style=\"font-size: 10pt;\"><a class=\"archive-documento\" href=\"https:\/\/municipalidadpucon.cl\/oldweb\/web2010\/para%20descarga\/Concurso%20Publico\/DOM\/publicacion_diario_concurso_DOM.pdf\">Publicaci\u00f3n Concurso P\u00fablico en Diario<\/a><\/span><\/li>\n<li><span style=\"font-size: 10pt;\"><a class=\"archive-documento\" href=\"https:\/\/municipalidadpucon.cl\/oldweb\/web2010\/para%20descarga\/Concurso%20Publico\/DOM\/Decreto1521_Aprueba_Reglamento_concursos_publicos.pdf\">Decreto N\u00b01521 &#8211; Aprueba Reglamento de Concursos P\u00fablicos<\/a><\/span><\/li>\n<\/ul>\n<\/div><\/div><\/div><div class=\"fusion-panel panel-default panel-2fa1ca6f8a380eca9 fusion-toggle-no-divider fusion-toggle-boxed-mode\"><div class=\"panel-heading\"><h4 class=\"panel-title toggle\" id=\"toggle_2fa1ca6f8a380eca9\"><a aria-expanded=\"false\" aria-controls=\"2fa1ca6f8a380eca9\" role=\"button\" data-toggle=\"collapse\" data-parent=\"#accordion-89-68\" data-target=\"#2fa1ca6f8a380eca9\" href=\"#2fa1ca6f8a380eca9\"><span class=\"fusion-toggle-icon-wrapper\" aria-hidden=\"true\"><i class=\"fa-fusion-box active-icon awb-icon-minus\" aria-hidden=\"true\"><\/i><i class=\"fa-fusion-box inactive-icon awb-icon-plus\" aria-hidden=\"true\"><\/i><\/span><span class=\"fusion-toggle-heading\">Llamado a Concurso Interno Salud 2016<\/span><\/a><\/h4><\/div><div id=\"2fa1ca6f8a380eca9\" class=\"panel-collapse collapse \" aria-labelledby=\"toggle_2fa1ca6f8a380eca9\"><div class=\"panel-body toggle-content fusion-clearfix\">\n<ul>\n<li><span style=\"font-size: 10pt;\"><a class=\"archive-documento\" href=\"https:\/\/www.municipalidadpucon.cl\/wp-content\/uploads\/2016\/05\/INVALIDA-DECRETO1274.pdf\">Decreto N\u00b0 &#8211; Invalida Concurso interno DSM<\/a><\/span><\/li>\n<\/ul>\n<\/div><\/div><\/div><div class=\"fusion-panel panel-default panel-73a752dd8b6752171 fusion-toggle-no-divider fusion-toggle-boxed-mode\"><div class=\"panel-heading\"><h4 class=\"panel-title toggle\" id=\"toggle_73a752dd8b6752171\"><a aria-expanded=\"false\" aria-controls=\"73a752dd8b6752171\" role=\"button\" data-toggle=\"collapse\" data-parent=\"#accordion-89-68\" data-target=\"#73a752dd8b6752171\" href=\"#73a752dd8b6752171\"><span class=\"fusion-toggle-icon-wrapper\" aria-hidden=\"true\"><i class=\"fa-fusion-box active-icon awb-icon-minus\" aria-hidden=\"true\"><\/i><i class=\"fa-fusion-box inactive-icon awb-icon-plus\" aria-hidden=\"true\"><\/i><\/span><span class=\"fusion-toggle-heading\">Concurso Director CESFAM Salud 2016<\/span><\/a><\/h4><\/div><div id=\"73a752dd8b6752171\" class=\"panel-collapse collapse \" aria-labelledby=\"toggle_73a752dd8b6752171\"><div class=\"panel-body toggle-content fusion-clearfix\">\n<ul>\n<li><span style=\"font-size: 10pt;\"><a class=\"archive-documento\" href=\"https:\/\/www.municipalidadpucon.cl\/wp-content\/uploads\/2016\/05\/BASES-CONCURSO-INTERNO-DECRETO1276.pdf\">Bases Concurso para ingresar a Dotaci\u00f3n de Salud<\/a><\/span><\/li>\n<li><span style=\"font-size: 10pt;\"><a class=\"archive-documento\" href=\"https:\/\/www.municipalidadpucon.cl\/wp-content\/uploads\/2016\/05\/CONCURSO-DIRECTOR-CESFAM-DECRETO1275.pdf\">Bases concurso para Director de Centro<\/a><\/span><\/li>\n<\/ul>\n<\/div><\/div><\/div><div class=\"fusion-panel panel-default panel-4ee6c4deb780df830 fusion-toggle-no-divider fusion-toggle-boxed-mode\"><div class=\"panel-heading\"><h4 class=\"panel-title toggle\" id=\"toggle_4ee6c4deb780df830\"><a aria-expanded=\"false\" aria-controls=\"4ee6c4deb780df830\" role=\"button\" data-toggle=\"collapse\" data-parent=\"#accordion-89-68\" data-target=\"#4ee6c4deb780df830\" href=\"#4ee6c4deb780df830\"><span class=\"fusion-toggle-icon-wrapper\" aria-hidden=\"true\"><i class=\"fa-fusion-box active-icon awb-icon-minus\" aria-hidden=\"true\"><\/i><i class=\"fa-fusion-box inactive-icon awb-icon-plus\" aria-hidden=\"true\"><\/i><\/span><span class=\"fusion-toggle-heading\">Decreto Invalida Concurso Interno 2015 Ley 20.858<\/span><\/a><\/h4><\/div><div id=\"4ee6c4deb780df830\" class=\"panel-collapse collapse \" aria-labelledby=\"toggle_4ee6c4deb780df830\"><div class=\"panel-body toggle-content fusion-clearfix\">\n<ul>\n<li><span style=\"font-size: 10pt;\"><a class=\"archive-documento\" href=\"https:\/\/municipalidadpucon.cl\/oldweb\/web2010\/para%20descarga\/Concurso%20Publico\/salud\/INVALIDA-DECRETO1274.pdf\">Decreto Invalida Concurso Interno 2015 Ley 20.858<\/a><\/span><\/li>\n<\/ul>\n<\/div><\/div><\/div><\/div><\/div><div class=\"fusion-clearfix\"><\/div><\/div><\/div><\/div><\/div><\/p>\n","protected":false},"excerpt":{"rendered":"","protected":false},"author":1,"featured_media":0,"parent":0,"menu_order":0,"comment_status":"closed","ping_status":"closed","template":"","meta":[],"_links":{"self":[{"href":"https:\/\/municipalidadpucon.cl\/index.php?rest_route=\/wp\/v2\/pages\/89"}],"collection":[{"href":"https:\/\/municipalidadpucon.cl\/index.php?rest_route=\/wp\/v2\/pages"}],"about":[{"href":"https:\/\/municipalidadpucon.cl\/index.php?rest_route=\/wp\/v2\/types\/page"}],"author":[{"embeddable":true,"href":"https:\/\/municipalidadpucon.cl\/index.php?rest_route=\/wp\/v2\/users\/1"}],"replies":[{"embeddable":true,"href":"https:\/\/municipalidadpucon.cl\/index.php?rest_route=%2Fwp%2Fv2%2Fcomments&post=89"}],"version-history":[{"count":119,"href":"https:\/\/municipalidadpucon.cl\/index.php?rest_route=\/wp\/v2\/pages\/89\/revisions"}],"predecessor-version":[{"id":59717,"href":"https:\/\/municipalidadpucon.cl\/index.php?rest_route=\/wp\/v2\/pages\/89\/revisions\/59717"}],"wp:attachment":[{"href":"https:\/\/municipalidadpucon.cl\/index.php?rest_route=%2Fwp%2Fv2%2Fmedia&parent=89"}],"curies":[{"name":"wp","href":"https:\/\/api.w.org\/{rel}","templated":true}]}}